{"id":25102,"date":"2019-05-16T16:09:48","date_gmt":"2019-05-16T14:09:48","guid":{"rendered":"https:\/\/www.carmelitaniscalzi.com\/pt-br\/?page_id=25102"},"modified":"2020-09-14T00:12:54","modified_gmt":"2020-09-13T22:12:54","slug":"doacoes","status":"publish","type":"page","link":"https:\/\/www.carmelitaniscalzi.com\/pt-br\/doacoes\/","title":{"rendered":"Doa\u00e7\u00f5es"},"content":{"rendered":"<p><img loading=\"lazy\" decoding=\"async\" class=\"alignnone wp-image-25680 size-full\" src=\"https:\/\/www.carmelitaniscalzi.com\/wp-content\/uploads\/2019\/05\/Missione_PT.jpg\" width=\"1903\" height=\"550\" srcset=\"https:\/\/www.carmelitaniscalzi.com\/wp-content\/uploads\/2019\/05\/Missione_PT.jpg 1903w, https:\/\/www.carmelitaniscalzi.com\/wp-content\/uploads\/2019\/05\/Missione_PT-300x87.jpg 300w, https:\/\/www.carmelitaniscalzi.com\/wp-content\/uploads\/2019\/05\/Missione_PT-768x222.jpg 768w, https:\/\/www.carmelitaniscalzi.com\/wp-content\/uploads\/2019\/05\/Missione_PT-1024x296.jpg 1024w, https:\/\/www.carmelitaniscalzi.com\/wp-content\/uploads\/2019\/05\/Missione_PT-190x55.jpg 190w, https:\/\/www.carmelitaniscalzi.com\/wp-content\/uploads\/2019\/05\/Missione_PT-1600x462.jpg 1600w, https:\/\/www.carmelitaniscalzi.com\/wp-content\/uploads\/2019\/05\/Missione_PT-800x231.jpg 800w, https:\/\/www.carmelitaniscalzi.com\/wp-content\/uploads\/2019\/05\/Missione_PT-580x168.jpg 580w\" sizes=\"auto, (max-width: 1903px) 100vw, 1903px\" \/><\/p>\n<p>A Ordem dos Carmelitas Descal\u00e7os (OCD) \u00e9 uma fam\u00edlia religiosa contemplativa. A sua miss\u00e3o une a contempla\u00e7\u00e3o e a a\u00e7\u00e3o (a ora\u00e7\u00e3o e o servi\u00e7o). Esta uni\u00e3o expressa-se de formas diferentes nos tr\u00eas ramos da Ordem dos Carmelitas Descal\u00e7os. Enquanto que para as irm\u00e3s Carmelitas Descal\u00e7as o apostolado \u00e9 puramente contemplativo, os frades Carmelitas Descal\u00e7os e os membros do Carmelo Secular (OCDS) participam do apostolado da Igreja de formas diferentes. Um carmelita \u00e9 um homem ou mulher que reza e trabalha pela transforma\u00e7\u00e3o do mundo.<br \/>\nMuitos irm\u00e3os e irm\u00e3s Carmelitas Descal\u00e7os est\u00e3o implicados ativamente no servi\u00e7o ao Povo de Deus nas par\u00f3quias e em outras institui\u00e7\u00f5es da Igreja, longe dos seus pa\u00edses de origem e frequentemente em condi\u00e7\u00f5es muito dif\u00edceis.<br \/>\nO objetivo do Secretariado para a Coopera\u00e7\u00e3o Mission\u00e1ria da Ordem \u00e9 ajud\u00e1-los na sua vida quotidiana e nos seus projetos socioecon\u00f3micos espec\u00edficos, que procuram melhorar e consolidar as condi\u00e7\u00f5es de vida das pessoas a quem servem nas suas respetivas miss\u00f5es.<br \/>\nNumerosas pessoas de boa-vontade permitiram-nos assistir e manter diversos projetos em favor de pessoas menos afortunadas que n\u00f3s desde o ponto de vista material: na Europa do Leste, na \u00c1sia, na Am\u00e9rica Central e do Sul, na \u00c1frica. Valorizamos muito a vossa ajuda e por isso um profundo: \u201cObrigado!\u201d. Estais presentes nas nossas ora\u00e7\u00f5es. Que a Virgem do Carmo vos aben\u00e7oe e vos recompense pela vossa generosidade.<\/p>\n<h2><span style=\"color: #993366;\">FAZER UMA DOA\u00c7\u00c3O<\/span><\/h2>\n<p>A generosidade de pessoas de boa-vontade como v\u00f3s tem um impacto consider\u00e1vel sobre a vida de milh\u00f5es de seres humanos. N\u00f3s acreditamos na Provid\u00eancia que atua atrav\u00e9s da vossa generosidade. As vossas contribui\u00e7\u00f5es ou doa\u00e7\u00f5es podem enviar-se para a seguinte conta banc\u00e1ria:<\/p>\n<table id=\"iban\" width=\"100%\">\n<tbody>\n<tr>\n<td id=\"iban_row_0col_0\" colspan=\"1\">IBAN<\/td>\n<td id=\"iban_row_0col_1\" colspan=\"1\"><strong>IT07P0569603237000009000X37<\/strong><\/td>\n<\/tr>\n<tr>\n<td id=\"iban_row_1col_0\" colspan=\"1\">BIC\/SWIFT CODE<\/td>\n<td id=\"iban_row_1col_1\" colspan=\"1\"><strong>POSOIT22XXX<\/strong><\/td>\n<\/tr>\n<tr>\n<td id=\"iban_row_2col_0\" colspan=\"1\">BANCO<\/td>\n<td id=\"iban_row_2col_1\" colspan=\"1\"><strong>Banca Popolare di Sondrio<\/strong><\/td>\n<\/tr>\n<tr>\n<td id=\"iban_row_3col_0\" colspan=\"1\">BENEFICI\u00c1RIO<\/td>\n<td id=\"iban_row_3col_1\" colspan=\"1\"><strong>MISSIONI CASA GENERALIZIA PADRI CARMELITANI SCALZI<\/strong><\/td>\n<\/tr>\n<\/tbody>\n<\/table>\n<hr \/>\n<p style=\"margin: 0cm 0cm 0.0001pt; background: white; text-align: center;\">Ou, por favor, clique no link abaixo para contribuir.<\/p>\n<div style=\"text-align: center;\">\n<form action=\"https:\/\/www.paypal.com\/cgi-bin\/webscr\" method=\"post\" target=\"_top\"><input name=\"cmd\" type=\"hidden\" value=\"_s-xclick\" \/><br \/>\n<input name=\"hosted_button_id\" type=\"hidden\" value=\"Y6X29M9X99L84\" \/><br \/>\n<input title=\"PayPal - The safer, easier way to pay online!\" alt=\"Donate with PayPal button\" name=\"submit\" src=\"https:\/\/www.paypalobjects.com\/en_US\/IT\/i\/btn\/btn_donateCC_LG.gif\" type=\"image\" \/><br \/>\n<img loading=\"lazy\" decoding=\"async\" src=\"https:\/\/www.paypal.com\/en_IT\/i\/scr\/pixel.gif\" alt=\"\" width=\"1\" height=\"1\" border=\"0\" \/><\/form>\n<\/div>\n<hr \/>\n<p><a href=\"https:\/\/www.carmelitaniscalzi.com\/wp-content\/uploads\/2020\/09\/paypal_PT.png\"><img loading=\"lazy\" decoding=\"async\" class=\"alignnone size-full wp-image-42441\" src=\"https:\/\/www.carmelitaniscalzi.com\/wp-content\/uploads\/2020\/09\/paypal_PT.png\" alt=\"\" width=\"3776\" height=\"557\" srcset=\"https:\/\/www.carmelitaniscalzi.com\/wp-content\/uploads\/2020\/09\/paypal_PT.png 3776w, https:\/\/www.carmelitaniscalzi.com\/wp-content\/uploads\/2020\/09\/paypal_PT-300x44.png 300w, https:\/\/www.carmelitaniscalzi.com\/wp-content\/uploads\/2020\/09\/paypal_PT-1024x151.png 1024w, https:\/\/www.carmelitaniscalzi.com\/wp-content\/uploads\/2020\/09\/paypal_PT-768x113.png 768w, https:\/\/www.carmelitaniscalzi.com\/wp-content\/uploads\/2020\/09\/paypal_PT-1536x227.png 1536w, https:\/\/www.carmelitaniscalzi.com\/wp-content\/uploads\/2020\/09\/paypal_PT-2048x302.png 2048w, https:\/\/www.carmelitaniscalzi.com\/wp-content\/uploads\/2020\/09\/paypal_PT-373x55.png 373w, https:\/\/www.carmelitaniscalzi.com\/wp-content\/uploads\/2020\/09\/paypal_PT-1600x236.png 1600w, https:\/\/www.carmelitaniscalzi.com\/wp-content\/uploads\/2020\/09\/paypal_PT-800x118.png 800w, https:\/\/www.carmelitaniscalzi.com\/wp-content\/uploads\/2020\/09\/paypal_PT-580x86.png 580w\" sizes=\"auto, (max-width: 3776px) 100vw, 3776px\" \/><\/a>Se houver preguntas ou necessidade de mais informa\u00e7\u00e3o, n\u00e3o duvidem em contatar o Secretariado para a Coopera\u00e7\u00e3o Mission\u00e1ria da Ordem nesta dire\u00e7\u00e3o:<\/p>\n<p><strong>CASA GENERALIZIA CARMELITANI SCALZI<\/strong><\/p>\n<p><strong>Segretariato per la Cooperazione Missionaria\u00a0\u00a0\u00a0\u00a0\u00a0\u00a0\u00a0\u00a0\u00a0\u00a0\u00a0\u00a0\u00a0 <\/strong><\/p>\n<p>Corso d\u2019Italia 38<\/p>\n<p>00198 Roma<\/p>\n<p><em>Tel.: + 39 06 85442313<\/em><\/p>\n<p>E-mail: <a href=\"mailto:ocdmis@gmail.com\">ocdmis@gmail.com<\/a><\/p>\n<hr \/>\n<h3><span style=\"color: #99ccff;\"><em><strong>1. Para os projetos de desenvolvimento<\/strong><\/em><\/span><\/h3>\n<p>Com as miss\u00f5es OCD, podeis colaborar, concretamente, financiando projetos sociais. Fazer uma doa\u00e7\u00e3o a favor dos projetos de desenvolvimento social promovidos pelos mission\u00e1rios Carmelitas, significa contribuir para melhorar as condi\u00e7\u00f5es de vida das comunidades pobres e vulner\u00e1veis. Os mission\u00e1rios Carmelitas desenvolvem estrat\u00e9gias e implicam-se em a\u00e7\u00f5es dirigidas \u00e0 transforma\u00e7\u00e3o das comunidades locais, levando a cabo projetos de desenvolvimento estruturados de forma colaborativa e realizados pelas pr\u00f3prias comunidades. As necessidades s\u00e3o enormes e clamam pela vossa ajuda.<\/p>\n<h3><span style=\"color: #99ccff;\"><strong><em>2. Para os mission\u00e1rios OCD<\/em><\/strong><\/span><\/h3>\n<p>A vida do mission\u00e1rio \u00e9 extremamente exigente, muito dif\u00edcil e cheia de sacr\u00edficos. Os mission\u00e1rios trabalham incansavelmente, muitas vezes n\u00e3o t\u00eam teto sob o qual refugiar-se, nem meios de transporte ou comida\u2026 Necessitam de ajuda para poder viver e cumprir a sua miss\u00e3o.<\/p>\n<p><span style=\"color: #99ccff;\"><strong><em>3. Para as inten\u00e7\u00f5es de missas<\/em><\/strong><\/span><\/p>\n<p style=\"text-align: left;\">As inten\u00e7\u00f5es de missas s\u00e3o um meio para estar em comunh\u00e3o e ajudar as comunidades de mission\u00e1rios Carmelitas ao servi\u00e7o de inumer\u00e1veis crist\u00e3os nas miss\u00f5es. De facto, s\u00e3o numerosos os mission\u00e1rios Carmelitas no mundo que celebram cada dia a Eucaristia nas situa\u00e7\u00f5es mais diversas. Necessitam da vossa ajuda.<br \/>\nSabemos muito bem que cada ajuda econ\u00f3mica \u00e9 uma oferenda do cora\u00e7\u00e3o daquele que d\u00e1. Ficamos imensamente agradecidos pelas vossas ora\u00e7\u00f5es e pela vossa ajuda e estareis presentes na nossa ora\u00e7\u00e3o.<\/p>\n<p style=\"text-align: center;\">O Secretariado para a Coopera\u00e7\u00e3o Mission\u00e1rio<\/p>\n","protected":false},"excerpt":{"rendered":"<p>A Ordem dos Carmelitas Descal\u00e7os (OCD) \u00e9 uma fam\u00edlia religiosa contemplativa. A sua miss\u00e3o une a contempla\u00e7\u00e3o e a a\u00e7\u00e3o (a ora\u00e7\u00e3o e o servi\u00e7o). Esta uni\u00e3o expressa-se de formas diferentes nos tr\u00eas ramos da Ordem dos Carmelitas Descal\u00e7os. Enquanto que para as irm\u00e3s Carmelitas Descal\u00e7as o apostolado \u00e9 puramente contemplativo, os frades Carmelitas Descal\u00e7os [&hellip;]<\/p>\n","protected":false},"author":7,"featured_media":0,"parent":0,"menu_order":0,"comment_status":"closed","ping_status":"closed","template":"fullwidth.php","meta":{"_acf_changed":false,"_mc_calendar":[],"footnotes":""},"class_list":["post-25102","page","type-page","status-publish","hentry"],"acf":[],"yoast_head":"<!-- This site is optimized with the Yoast SEO plugin v26.3 - https:\/\/yoast.com\/wordpress\/plugins\/seo\/ -->\n<title>Doa\u00e7\u00f5es - CARMELITAS DESCAL\u00c7OS<\/title>\n<meta name=\"robots\" content=\"index, follow, max-snippet:-1, max-image-preview:large, max-video-preview:-1\" \/>\n<link rel=\"canonical\" href=\"https:\/\/www.carmelitaniscalzi.com\/pt-br\/doacoes\/\" \/>\n<meta property=\"og:locale\" content=\"pt_BR\" \/>\n<meta property=\"og:type\" content=\"article\" \/>\n<meta property=\"og:title\" content=\"Doa\u00e7\u00f5es - CARMELITAS DESCAL\u00c7OS\" \/>\n<meta property=\"og:description\" content=\"A Ordem dos Carmelitas Descal\u00e7os (OCD) \u00e9 uma fam\u00edlia religiosa contemplativa. A sua miss\u00e3o une a contempla\u00e7\u00e3o e a a\u00e7\u00e3o (a ora\u00e7\u00e3o e o servi\u00e7o). Esta uni\u00e3o expressa-se de formas diferentes nos tr\u00eas ramos da Ordem dos Carmelitas Descal\u00e7os. Enquanto que para as irm\u00e3s Carmelitas Descal\u00e7as o apostolado \u00e9 puramente contemplativo, os frades Carmelitas Descal\u00e7os [&hellip;]\" \/>\n<meta property=\"og:url\" content=\"https:\/\/www.carmelitaniscalzi.com\/pt-br\/doacoes\/\" \/>\n<meta property=\"og:site_name\" content=\"CARMELITAS DESCAL\u00c7OS\" \/>\n<meta property=\"article:publisher\" content=\"https:\/\/www.facebook.com\/Curia-Generalizia-Carmelitani-Scalzi-658766940887784\/\" \/>\n<meta property=\"article:modified_time\" content=\"2020-09-13T22:12:54+00:00\" \/>\n<meta property=\"og:image\" content=\"https:\/\/www.carmelitaniscalzi.com\/wp-content\/uploads\/2019\/05\/Missione_PT.jpg\" \/>\n\t<meta property=\"og:image:width\" content=\"1903\" \/>\n\t<meta property=\"og:image:height\" content=\"550\" \/>\n\t<meta property=\"og:image:type\" content=\"image\/jpeg\" \/>\n<meta name=\"twitter:card\" content=\"summary_large_image\" \/>\n<meta name=\"twitter:site\" content=\"@ocdcuria\" \/>\n<meta name=\"twitter:label1\" content=\"Est. tempo de leitura\" \/>\n\t<meta name=\"twitter:data1\" content=\"3 minutos\" \/>\n<script type=\"application\/ld+json\" class=\"yoast-schema-graph\">{\"@context\":\"https:\/\/schema.org\",\"@graph\":[{\"@type\":\"WebPage\",\"@id\":\"https:\/\/www.carmelitaniscalzi.com\/pt-br\/doacoes\/\",\"url\":\"https:\/\/www.carmelitaniscalzi.com\/pt-br\/doacoes\/\",\"name\":\"Doa\u00e7\u00f5es - CARMELITAS DESCAL\u00c7OS\",\"isPartOf\":{\"@id\":\"https:\/\/www.carmelitaniscalzi.com\/#website\"},\"primaryImageOfPage\":{\"@id\":\"https:\/\/www.carmelitaniscalzi.com\/pt-br\/doacoes\/#primaryimage\"},\"image\":{\"@id\":\"https:\/\/www.carmelitaniscalzi.com\/pt-br\/doacoes\/#primaryimage\"},\"thumbnailUrl\":\"https:\/\/www.carmelitaniscalzi.com\/wp-content\/uploads\/2019\/05\/Missione_PT.jpg\",\"datePublished\":\"2019-05-16T14:09:48+00:00\",\"dateModified\":\"2020-09-13T22:12:54+00:00\",\"breadcrumb\":{\"@id\":\"https:\/\/www.carmelitaniscalzi.com\/pt-br\/doacoes\/#breadcrumb\"},\"inLanguage\":\"pt-BR\",\"potentialAction\":[{\"@type\":\"ReadAction\",\"target\":[\"https:\/\/www.carmelitaniscalzi.com\/pt-br\/doacoes\/\"]}]},{\"@type\":\"ImageObject\",\"inLanguage\":\"pt-BR\",\"@id\":\"https:\/\/www.carmelitaniscalzi.com\/pt-br\/doacoes\/#primaryimage\",\"url\":\"https:\/\/www.carmelitaniscalzi.com\/wp-content\/uploads\/2019\/05\/Missione_PT.jpg\",\"contentUrl\":\"https:\/\/www.carmelitaniscalzi.com\/wp-content\/uploads\/2019\/05\/Missione_PT.jpg\"},{\"@type\":\"BreadcrumbList\",\"@id\":\"https:\/\/www.carmelitaniscalzi.com\/pt-br\/doacoes\/#breadcrumb\",\"itemListElement\":[{\"@type\":\"ListItem\",\"position\":1,\"name\":\"Home\",\"item\":\"https:\/\/www.carmelitaniscalzi.com\/pt-br\/\"},{\"@type\":\"ListItem\",\"position\":2,\"name\":\"Doa\u00e7\u00f5es\"}]},{\"@type\":\"WebSite\",\"@id\":\"https:\/\/www.carmelitaniscalzi.com\/#website\",\"url\":\"https:\/\/www.carmelitaniscalzi.com\/\",\"name\":\"CARMELITANI SCALZI - Curia Generale del Carmelo Teresiano\",\"description\":\"C\u00faria General\u00edcia do Carmelo Teresiano\",\"publisher\":{\"@id\":\"https:\/\/www.carmelitaniscalzi.com\/#organization\"},\"alternateName\":\"CARMELITANI SCALZI\",\"potentialAction\":[{\"@type\":\"SearchAction\",\"target\":{\"@type\":\"EntryPoint\",\"urlTemplate\":\"https:\/\/www.carmelitaniscalzi.com\/?s={search_term_string}\"},\"query-input\":{\"@type\":\"PropertyValueSpecification\",\"valueRequired\":true,\"valueName\":\"search_term_string\"}}],\"inLanguage\":\"pt-BR\"},{\"@type\":\"Organization\",\"@id\":\"https:\/\/www.carmelitaniscalzi.com\/#organization\",\"name\":\"CARMELITANI SCALZI - Curia Generale del Carmelo Teresiano\",\"url\":\"https:\/\/www.carmelitaniscalzi.com\/\",\"logo\":{\"@type\":\"ImageObject\",\"inLanguage\":\"pt-BR\",\"@id\":\"https:\/\/www.carmelitaniscalzi.com\/#\/schema\/logo\/image\/\",\"url\":\"https:\/\/www.carmelitaniscalzi.com\/wp-content\/uploads\/2025\/11\/login-logo.png\",\"contentUrl\":\"https:\/\/www.carmelitaniscalzi.com\/wp-content\/uploads\/2025\/11\/login-logo.png\",\"width\":256,\"height\":256,\"caption\":\"CARMELITANI SCALZI - Curia Generale del Carmelo Teresiano\"},\"image\":{\"@id\":\"https:\/\/www.carmelitaniscalzi.com\/#\/schema\/logo\/image\/\"},\"sameAs\":[\"https:\/\/www.facebook.com\/Curia-Generalizia-Carmelitani-Scalzi-658766940887784\/\",\"https:\/\/x.com\/ocdcuria\",\"https:\/\/www.youtube.com\/channel\/UC2J5ZL0ycOY0qBSTCLX_NGQ\/videos\",\"https:\/\/www.instagram.com\/ocdinform\/\"]}]}<\/script>\n<!-- \/ Yoast SEO plugin. -->","yoast_head_json":{"title":"Doa\u00e7\u00f5es - CARMELITAS DESCAL\u00c7OS","robots":{"index":"index","follow":"follow","max-snippet":"max-snippet:-1","max-image-preview":"max-image-preview:large","max-video-preview":"max-video-preview:-1"},"canonical":"https:\/\/www.carmelitaniscalzi.com\/pt-br\/doacoes\/","og_locale":"pt_BR","og_type":"article","og_title":"Doa\u00e7\u00f5es - CARMELITAS DESCAL\u00c7OS","og_description":"A Ordem dos Carmelitas Descal\u00e7os (OCD) \u00e9 uma fam\u00edlia religiosa contemplativa. A sua miss\u00e3o une a contempla\u00e7\u00e3o e a a\u00e7\u00e3o (a ora\u00e7\u00e3o e o servi\u00e7o). Esta uni\u00e3o expressa-se de formas diferentes nos tr\u00eas ramos da Ordem dos Carmelitas Descal\u00e7os. Enquanto que para as irm\u00e3s Carmelitas Descal\u00e7as o apostolado \u00e9 puramente contemplativo, os frades Carmelitas Descal\u00e7os [&hellip;]","og_url":"https:\/\/www.carmelitaniscalzi.com\/pt-br\/doacoes\/","og_site_name":"CARMELITAS DESCAL\u00c7OS","article_publisher":"https:\/\/www.facebook.com\/Curia-Generalizia-Carmelitani-Scalzi-658766940887784\/","article_modified_time":"2020-09-13T22:12:54+00:00","og_image":[{"width":1903,"height":550,"url":"https:\/\/www.carmelitaniscalzi.com\/wp-content\/uploads\/2019\/05\/Missione_PT.jpg","type":"image\/jpeg"}],"twitter_card":"summary_large_image","twitter_site":"@ocdcuria","twitter_misc":{"Est. tempo de leitura":"3 minutos"},"schema":{"@context":"https:\/\/schema.org","@graph":[{"@type":"WebPage","@id":"https:\/\/www.carmelitaniscalzi.com\/pt-br\/doacoes\/","url":"https:\/\/www.carmelitaniscalzi.com\/pt-br\/doacoes\/","name":"Doa\u00e7\u00f5es - CARMELITAS DESCAL\u00c7OS","isPartOf":{"@id":"https:\/\/www.carmelitaniscalzi.com\/#website"},"primaryImageOfPage":{"@id":"https:\/\/www.carmelitaniscalzi.com\/pt-br\/doacoes\/#primaryimage"},"image":{"@id":"https:\/\/www.carmelitaniscalzi.com\/pt-br\/doacoes\/#primaryimage"},"thumbnailUrl":"https:\/\/www.carmelitaniscalzi.com\/wp-content\/uploads\/2019\/05\/Missione_PT.jpg","datePublished":"2019-05-16T14:09:48+00:00","dateModified":"2020-09-13T22:12:54+00:00","breadcrumb":{"@id":"https:\/\/www.carmelitaniscalzi.com\/pt-br\/doacoes\/#breadcrumb"},"inLanguage":"pt-BR","potentialAction":[{"@type":"ReadAction","target":["https:\/\/www.carmelitaniscalzi.com\/pt-br\/doacoes\/"]}]},{"@type":"ImageObject","inLanguage":"pt-BR","@id":"https:\/\/www.carmelitaniscalzi.com\/pt-br\/doacoes\/#primaryimage","url":"https:\/\/www.carmelitaniscalzi.com\/wp-content\/uploads\/2019\/05\/Missione_PT.jpg","contentUrl":"https:\/\/www.carmelitaniscalzi.com\/wp-content\/uploads\/2019\/05\/Missione_PT.jpg"},{"@type":"BreadcrumbList","@id":"https:\/\/www.carmelitaniscalzi.com\/pt-br\/doacoes\/#breadcrumb","itemListElement":[{"@type":"ListItem","position":1,"name":"Home","item":"https:\/\/www.carmelitaniscalzi.com\/pt-br\/"},{"@type":"ListItem","position":2,"name":"Doa\u00e7\u00f5es"}]},{"@type":"WebSite","@id":"https:\/\/www.carmelitaniscalzi.com\/#website","url":"https:\/\/www.carmelitaniscalzi.com\/","name":"CARMELITANI SCALZI - Curia Generale del Carmelo Teresiano","description":"C\u00faria General\u00edcia do Carmelo Teresiano","publisher":{"@id":"https:\/\/www.carmelitaniscalzi.com\/#organization"},"alternateName":"CARMELITANI SCALZI","potentialAction":[{"@type":"SearchAction","target":{"@type":"EntryPoint","urlTemplate":"https:\/\/www.carmelitaniscalzi.com\/?s={search_term_string}"},"query-input":{"@type":"PropertyValueSpecification","valueRequired":true,"valueName":"search_term_string"}}],"inLanguage":"pt-BR"},{"@type":"Organization","@id":"https:\/\/www.carmelitaniscalzi.com\/#organization","name":"CARMELITANI SCALZI - Curia Generale del Carmelo Teresiano","url":"https:\/\/www.carmelitaniscalzi.com\/","logo":{"@type":"ImageObject","inLanguage":"pt-BR","@id":"https:\/\/www.carmelitaniscalzi.com\/#\/schema\/logo\/image\/","url":"https:\/\/www.carmelitaniscalzi.com\/wp-content\/uploads\/2025\/11\/login-logo.png","contentUrl":"https:\/\/www.carmelitaniscalzi.com\/wp-content\/uploads\/2025\/11\/login-logo.png","width":256,"height":256,"caption":"CARMELITANI SCALZI - Curia Generale del Carmelo Teresiano"},"image":{"@id":"https:\/\/www.carmelitaniscalzi.com\/#\/schema\/logo\/image\/"},"sameAs":["https:\/\/www.facebook.com\/Curia-Generalizia-Carmelitani-Scalzi-658766940887784\/","https:\/\/x.com\/ocdcuria","https:\/\/www.youtube.com\/channel\/UC2J5ZL0ycOY0qBSTCLX_NGQ\/videos","https:\/\/www.instagram.com\/ocdinform\/"]}]}},"_links":{"self":[{"href":"https:\/\/www.carmelitaniscalzi.com\/pt-br\/wp-json\/wp\/v2\/pages\/25102","targetHints":{"allow":["GET"]}}],"collection":[{"href":"https:\/\/www.carmelitaniscalzi.com\/pt-br\/wp-json\/wp\/v2\/pages"}],"about":[{"href":"https:\/\/www.carmelitaniscalzi.com\/pt-br\/wp-json\/wp\/v2\/types\/page"}],"author":[{"embeddable":true,"href":"https:\/\/www.carmelitaniscalzi.com\/pt-br\/wp-json\/wp\/v2\/users\/7"}],"replies":[{"embeddable":true,"href":"https:\/\/www.carmelitaniscalzi.com\/pt-br\/wp-json\/wp\/v2\/comments?post=25102"}],"version-history":[{"count":0,"href":"https:\/\/www.carmelitaniscalzi.com\/pt-br\/wp-json\/wp\/v2\/pages\/25102\/revisions"}],"wp:attachment":[{"href":"https:\/\/www.carmelitaniscalzi.com\/pt-br\/wp-json\/wp\/v2\/media?parent=25102"}],"curies":[{"name":"wp","href":"https:\/\/api.w.org\/{rel}","templated":true}]}}