{"id":27627,"date":"2020-02-07T03:34:50","date_gmt":"2020-02-07T02:34:50","guid":{"rendered":"https:\/\/www.carmelitaniscalzi.com\/?page_id=27627\/"},"modified":"2022-02-15T01:13:44","modified_gmt":"2022-02-15T00:13:44","slug":"declaracao-sobre-o-carisma-carmelita-teresiano","status":"publish","type":"documenti_ocd","link":"https:\/\/www.carmelitaniscalzi.com\/pt-br\/documentos-pt\/declaracao-sobre-o-carisma-carmelita-teresiano\/","title":{"rendered":"Declara\u00e7\u00e3o sobre o carisma carmelita-teresiano"},"content":{"rendered":"<h1><strong>Presentaci\u00f3n de la propuesta de lectura de la declaraci\u00f3n sobre el carisma en las comunidades<\/strong><\/h1>\n<p>&nbsp;<\/p>\n<p><iframe loading=\"lazy\" title=\"YouTube video player\" src=\"https:\/\/www.youtube.com\/embed\/LsiDAO5KFtw\" width=\"1000\" height=\"562\" frameborder=\"0\" allowfullscreen=\"allowfullscreen\"><\/iframe><\/p>\n<p>&nbsp;<\/p>\n<p>&nbsp;<\/p>\n<a href=\"https:\/\/www.carmelitaniscalzi.com\/wp-content\/uploads\/2022\/02\/2022-01-22-SP-Propuesta-de-lectura-Declaracion.pdf\" class=\"pdfemb-viewer\" style=\"\" data-width=\"max\" data-height=\"max\" data-toolbar=\"both\" data-toolbar-fixed=\"on\">2022 01 22 SP Propuesta de lectura Declaracion<\/a>\n<h2><a href=\"https:\/\/www.carmelitaniscalzi.com\/wp-content\/uploads\/2022\/02\/2022-01-22-SP-Propuesta-de-lectura-Declaracion.pdf\" target=\"_blank\" rel=\"noopener\">DECARGAR &#8211; PROPUESTA DE LECTURA Y REFLEXION EN LAS COMUNIDADES<\/a><\/h2>\n<h1><\/h1>\n<h1><\/h1>\n<h1>Documento PDF<\/h1>\n<a href=\"https:\/\/www.carmelitaniscalzi.com\/wp-content\/uploads\/2021\/11\/2021_ES_-Declaracio\u0301n-sobre-el-carisma-carmelitano-teresiano.pdf\" class=\"pdfemb-viewer\" style=\"\" data-width=\"max\" data-height=\"max\" data-toolbar=\"both\" data-toolbar-fixed=\"on\">2021_ES_ Declaracio\u0301n sobre el carisma carmelitano teresiano<\/a>\n<h2 class=\"p1\"><a href=\"https:\/\/www.carmelitaniscalzi.com\/wp-content\/uploads\/2021\/11\/2021_ES_-Declaracio\u0301n-sobre-el-carisma-carmelitano-teresiano.pdf\" target=\"_blank\" rel=\"noopener\">DESCARREGAR PDF<\/a><\/h2>\n","protected":false},"featured_media":103273,"parent":5702,"menu_order":0,"template":"","format":"standard","meta":{"_acf_changed":false,"footnotes":""},"categoria_documenti":[959],"class_list":["post-27627","documenti_ocd","type-documenti_ocd","status-publish","format-standard","has-post-thumbnail","hentry","categoria_documenti-declaracao-sobre-o-carisma-carmelita-teresiano"],"acf":[],"yoast_head":"<!-- This site is optimized with the Yoast SEO plugin v26.3 - https:\/\/yoast.com\/wordpress\/plugins\/seo\/ -->\n<title>Declara\u00e7\u00e3o sobre o carisma carmelita-teresiano - CARMELITAS DESCAL\u00c7OS<\/title>\n<meta name=\"robots\" content=\"index, follow, max-snippet:-1, max-image-preview:large, max-video-preview:-1\" \/>\n<link rel=\"canonical\" href=\"https:\/\/www.carmelitaniscalzi.com\/pt-br\/documentos-pt\/declaracao-sobre-o-carisma-carmelita-teresiano\/\" \/>\n<meta property=\"og:locale\" content=\"pt_BR\" \/>\n<meta property=\"og:type\" content=\"article\" \/>\n<meta property=\"og:title\" content=\"Declara\u00e7\u00e3o sobre o carisma carmelita-teresiano - CARMELITAS DESCAL\u00c7OS\" \/>\n<meta property=\"og:description\" content=\"Presentaci\u00f3n de la propuesta de lectura de la declaraci\u00f3n sobre el carisma en las comunidades &nbsp; &nbsp; &nbsp; DECARGAR &#8211; PROPUESTA DE LECTURA Y REFLEXION EN LAS COMUNIDADES Documento PDF DESCARREGAR PDF\" \/>\n<meta property=\"og:url\" content=\"https:\/\/www.carmelitaniscalzi.com\/pt-br\/documentos-pt\/declaracao-sobre-o-carisma-carmelita-teresiano\/\" \/>\n<meta property=\"og:site_name\" content=\"CARMELITAS DESCAL\u00c7OS\" \/>\n<meta property=\"article:publisher\" content=\"https:\/\/www.facebook.com\/Curia-Generalizia-Carmelitani-Scalzi-658766940887784\/\" \/>\n<meta property=\"article:modified_time\" content=\"2022-02-15T00:13:44+00:00\" \/>\n<meta property=\"og:image\" content=\"https:\/\/www.carmelitaniscalzi.com\/wp-content\/uploads\/2020\/02\/PT_Cover_declaration_Tavola-disegno-1.jpg\" \/>\n\t<meta property=\"og:image:width\" content=\"1920\" \/>\n\t<meta property=\"og:image:height\" content=\"994\" \/>\n\t<meta property=\"og:image:type\" content=\"image\/jpeg\" \/>\n<meta name=\"twitter:card\" content=\"summary_large_image\" \/>\n<meta name=\"twitter:site\" content=\"@ocdcuria\" \/>\n<meta name=\"twitter:label1\" content=\"Est. tempo de leitura\" \/>\n\t<meta name=\"twitter:data1\" content=\"1 minuto\" \/>\n<script type=\"application\/ld+json\" class=\"yoast-schema-graph\">{\"@context\":\"https:\/\/schema.org\",\"@graph\":[{\"@type\":\"WebPage\",\"@id\":\"https:\/\/www.carmelitaniscalzi.com\/pt-br\/documentos-pt\/declaracao-sobre-o-carisma-carmelita-teresiano\/\",\"url\":\"https:\/\/www.carmelitaniscalzi.com\/pt-br\/documentos-pt\/declaracao-sobre-o-carisma-carmelita-teresiano\/\",\"name\":\"Declara\u00e7\u00e3o sobre o carisma carmelita-teresiano - CARMELITAS DESCAL\u00c7OS\",\"isPartOf\":{\"@id\":\"https:\/\/www.carmelitaniscalzi.com\/#website\"},\"primaryImageOfPage\":{\"@id\":\"https:\/\/www.carmelitaniscalzi.com\/pt-br\/documentos-pt\/declaracao-sobre-o-carisma-carmelita-teresiano\/#primaryimage\"},\"image\":{\"@id\":\"https:\/\/www.carmelitaniscalzi.com\/pt-br\/documentos-pt\/declaracao-sobre-o-carisma-carmelita-teresiano\/#primaryimage\"},\"thumbnailUrl\":\"https:\/\/www.carmelitaniscalzi.com\/wp-content\/uploads\/2020\/02\/PT_Cover_declaration_Tavola-disegno-1.jpg\",\"datePublished\":\"2020-02-07T02:34:50+00:00\",\"dateModified\":\"2022-02-15T00:13:44+00:00\",\"breadcrumb\":{\"@id\":\"https:\/\/www.carmelitaniscalzi.com\/pt-br\/documentos-pt\/declaracao-sobre-o-carisma-carmelita-teresiano\/#breadcrumb\"},\"inLanguage\":\"pt-BR\",\"potentialAction\":[{\"@type\":\"ReadAction\",\"target\":[\"https:\/\/www.carmelitaniscalzi.com\/pt-br\/documentos-pt\/declaracao-sobre-o-carisma-carmelita-teresiano\/\"]}]},{\"@type\":\"ImageObject\",\"inLanguage\":\"pt-BR\",\"@id\":\"https:\/\/www.carmelitaniscalzi.com\/pt-br\/documentos-pt\/declaracao-sobre-o-carisma-carmelita-teresiano\/#primaryimage\",\"url\":\"https:\/\/www.carmelitaniscalzi.com\/wp-content\/uploads\/2020\/02\/PT_Cover_declaration_Tavola-disegno-1.jpg\",\"contentUrl\":\"https:\/\/www.carmelitaniscalzi.com\/wp-content\/uploads\/2020\/02\/PT_Cover_declaration_Tavola-disegno-1.jpg\",\"width\":1920,\"height\":994},{\"@type\":\"BreadcrumbList\",\"@id\":\"https:\/\/www.carmelitaniscalzi.com\/pt-br\/documentos-pt\/declaracao-sobre-o-carisma-carmelita-teresiano\/#breadcrumb\",\"itemListElement\":[{\"@type\":\"ListItem\",\"position\":1,\"name\":\"Home\",\"item\":\"https:\/\/www.carmelitaniscalzi.com\/pt-br\/\"},{\"@type\":\"ListItem\",\"position\":2,\"name\":\"Documentos\",\"item\":\"https:\/\/www.carmelitaniscalzi.com\/pt-br\/documentos-pt\/\"},{\"@type\":\"ListItem\",\"position\":3,\"name\":\"Declara\u00e7\u00e3o sobre o carisma carmelita-teresiano\"}]},{\"@type\":\"WebSite\",\"@id\":\"https:\/\/www.carmelitaniscalzi.com\/#website\",\"url\":\"https:\/\/www.carmelitaniscalzi.com\/\",\"name\":\"CARMELITANI SCALZI - Curia Generale del Carmelo Teresiano\",\"description\":\"C\u00faria General\u00edcia do Carmelo Teresiano\",\"publisher\":{\"@id\":\"https:\/\/www.carmelitaniscalzi.com\/#organization\"},\"alternateName\":\"CARMELITANI SCALZI\",\"potentialAction\":[{\"@type\":\"SearchAction\",\"target\":{\"@type\":\"EntryPoint\",\"urlTemplate\":\"https:\/\/www.carmelitaniscalzi.com\/?s={search_term_string}\"},\"query-input\":{\"@type\":\"PropertyValueSpecification\",\"valueRequired\":true,\"valueName\":\"search_term_string\"}}],\"inLanguage\":\"pt-BR\"},{\"@type\":\"Organization\",\"@id\":\"https:\/\/www.carmelitaniscalzi.com\/#organization\",\"name\":\"CARMELITANI SCALZI - Curia Generale del Carmelo Teresiano\",\"url\":\"https:\/\/www.carmelitaniscalzi.com\/\",\"logo\":{\"@type\":\"ImageObject\",\"inLanguage\":\"pt-BR\",\"@id\":\"https:\/\/www.carmelitaniscalzi.com\/#\/schema\/logo\/image\/\",\"url\":\"https:\/\/www.carmelitaniscalzi.com\/wp-content\/uploads\/2025\/11\/login-logo.png\",\"contentUrl\":\"https:\/\/www.carmelitaniscalzi.com\/wp-content\/uploads\/2025\/11\/login-logo.png\",\"width\":256,\"height\":256,\"caption\":\"CARMELITANI SCALZI - Curia Generale del Carmelo Teresiano\"},\"image\":{\"@id\":\"https:\/\/www.carmelitaniscalzi.com\/#\/schema\/logo\/image\/\"},\"sameAs\":[\"https:\/\/www.facebook.com\/Curia-Generalizia-Carmelitani-Scalzi-658766940887784\/\",\"https:\/\/x.com\/ocdcuria\",\"https:\/\/www.youtube.com\/channel\/UC2J5ZL0ycOY0qBSTCLX_NGQ\/videos\",\"https:\/\/www.instagram.com\/ocdinform\/\"]}]}<\/script>\n<!-- \/ Yoast SEO plugin. -->","yoast_head_json":{"title":"Declara\u00e7\u00e3o sobre o carisma carmelita-teresiano - CARMELITAS DESCAL\u00c7OS","robots":{"index":"index","follow":"follow","max-snippet":"max-snippet:-1","max-image-preview":"max-image-preview:large","max-video-preview":"max-video-preview:-1"},"canonical":"https:\/\/www.carmelitaniscalzi.com\/pt-br\/documentos-pt\/declaracao-sobre-o-carisma-carmelita-teresiano\/","og_locale":"pt_BR","og_type":"article","og_title":"Declara\u00e7\u00e3o sobre o carisma carmelita-teresiano - CARMELITAS DESCAL\u00c7OS","og_description":"Presentaci\u00f3n de la propuesta de lectura de la declaraci\u00f3n sobre el carisma en las comunidades &nbsp; &nbsp; &nbsp; DECARGAR &#8211; PROPUESTA DE LECTURA Y REFLEXION EN LAS COMUNIDADES Documento PDF DESCARREGAR PDF","og_url":"https:\/\/www.carmelitaniscalzi.com\/pt-br\/documentos-pt\/declaracao-sobre-o-carisma-carmelita-teresiano\/","og_site_name":"CARMELITAS DESCAL\u00c7OS","article_publisher":"https:\/\/www.facebook.com\/Curia-Generalizia-Carmelitani-Scalzi-658766940887784\/","article_modified_time":"2022-02-15T00:13:44+00:00","og_image":[{"width":1920,"height":994,"url":"https:\/\/www.carmelitaniscalzi.com\/wp-content\/uploads\/2020\/02\/PT_Cover_declaration_Tavola-disegno-1.jpg","type":"image\/jpeg"}],"twitter_card":"summary_large_image","twitter_site":"@ocdcuria","twitter_misc":{"Est. tempo de leitura":"1 minuto"},"schema":{"@context":"https:\/\/schema.org","@graph":[{"@type":"WebPage","@id":"https:\/\/www.carmelitaniscalzi.com\/pt-br\/documentos-pt\/declaracao-sobre-o-carisma-carmelita-teresiano\/","url":"https:\/\/www.carmelitaniscalzi.com\/pt-br\/documentos-pt\/declaracao-sobre-o-carisma-carmelita-teresiano\/","name":"Declara\u00e7\u00e3o sobre o carisma carmelita-teresiano - CARMELITAS DESCAL\u00c7OS","isPartOf":{"@id":"https:\/\/www.carmelitaniscalzi.com\/#website"},"primaryImageOfPage":{"@id":"https:\/\/www.carmelitaniscalzi.com\/pt-br\/documentos-pt\/declaracao-sobre-o-carisma-carmelita-teresiano\/#primaryimage"},"image":{"@id":"https:\/\/www.carmelitaniscalzi.com\/pt-br\/documentos-pt\/declaracao-sobre-o-carisma-carmelita-teresiano\/#primaryimage"},"thumbnailUrl":"https:\/\/www.carmelitaniscalzi.com\/wp-content\/uploads\/2020\/02\/PT_Cover_declaration_Tavola-disegno-1.jpg","datePublished":"2020-02-07T02:34:50+00:00","dateModified":"2022-02-15T00:13:44+00:00","breadcrumb":{"@id":"https:\/\/www.carmelitaniscalzi.com\/pt-br\/documentos-pt\/declaracao-sobre-o-carisma-carmelita-teresiano\/#breadcrumb"},"inLanguage":"pt-BR","potentialAction":[{"@type":"ReadAction","target":["https:\/\/www.carmelitaniscalzi.com\/pt-br\/documentos-pt\/declaracao-sobre-o-carisma-carmelita-teresiano\/"]}]},{"@type":"ImageObject","inLanguage":"pt-BR","@id":"https:\/\/www.carmelitaniscalzi.com\/pt-br\/documentos-pt\/declaracao-sobre-o-carisma-carmelita-teresiano\/#primaryimage","url":"https:\/\/www.carmelitaniscalzi.com\/wp-content\/uploads\/2020\/02\/PT_Cover_declaration_Tavola-disegno-1.jpg","contentUrl":"https:\/\/www.carmelitaniscalzi.com\/wp-content\/uploads\/2020\/02\/PT_Cover_declaration_Tavola-disegno-1.jpg","width":1920,"height":994},{"@type":"BreadcrumbList","@id":"https:\/\/www.carmelitaniscalzi.com\/pt-br\/documentos-pt\/declaracao-sobre-o-carisma-carmelita-teresiano\/#breadcrumb","itemListElement":[{"@type":"ListItem","position":1,"name":"Home","item":"https:\/\/www.carmelitaniscalzi.com\/pt-br\/"},{"@type":"ListItem","position":2,"name":"Documentos","item":"https:\/\/www.carmelitaniscalzi.com\/pt-br\/documentos-pt\/"},{"@type":"ListItem","position":3,"name":"Declara\u00e7\u00e3o sobre o carisma carmelita-teresiano"}]},{"@type":"WebSite","@id":"https:\/\/www.carmelitaniscalzi.com\/#website","url":"https:\/\/www.carmelitaniscalzi.com\/","name":"CARMELITANI SCALZI - Curia Generale del Carmelo Teresiano","description":"C\u00faria General\u00edcia do Carmelo Teresiano","publisher":{"@id":"https:\/\/www.carmelitaniscalzi.com\/#organization"},"alternateName":"CARMELITANI SCALZI","potentialAction":[{"@type":"SearchAction","target":{"@type":"EntryPoint","urlTemplate":"https:\/\/www.carmelitaniscalzi.com\/?s={search_term_string}"},"query-input":{"@type":"PropertyValueSpecification","valueRequired":true,"valueName":"search_term_string"}}],"inLanguage":"pt-BR"},{"@type":"Organization","@id":"https:\/\/www.carmelitaniscalzi.com\/#organization","name":"CARMELITANI SCALZI - Curia Generale del Carmelo Teresiano","url":"https:\/\/www.carmelitaniscalzi.com\/","logo":{"@type":"ImageObject","inLanguage":"pt-BR","@id":"https:\/\/www.carmelitaniscalzi.com\/#\/schema\/logo\/image\/","url":"https:\/\/www.carmelitaniscalzi.com\/wp-content\/uploads\/2025\/11\/login-logo.png","contentUrl":"https:\/\/www.carmelitaniscalzi.com\/wp-content\/uploads\/2025\/11\/login-logo.png","width":256,"height":256,"caption":"CARMELITANI SCALZI - Curia Generale del Carmelo Teresiano"},"image":{"@id":"https:\/\/www.carmelitaniscalzi.com\/#\/schema\/logo\/image\/"},"sameAs":["https:\/\/www.facebook.com\/Curia-Generalizia-Carmelitani-Scalzi-658766940887784\/","https:\/\/x.com\/ocdcuria","https:\/\/www.youtube.com\/channel\/UC2J5ZL0ycOY0qBSTCLX_NGQ\/videos","https:\/\/www.instagram.com\/ocdinform\/"]}]}},"_links":{"self":[{"href":"https:\/\/www.carmelitaniscalzi.com\/pt-br\/wp-json\/wp\/v2\/documenti_ocd\/27627","targetHints":{"allow":["GET"]}}],"collection":[{"href":"https:\/\/www.carmelitaniscalzi.com\/pt-br\/wp-json\/wp\/v2\/documenti_ocd"}],"about":[{"href":"https:\/\/www.carmelitaniscalzi.com\/pt-br\/wp-json\/wp\/v2\/types\/documenti_ocd"}],"version-history":[{"count":7,"href":"https:\/\/www.carmelitaniscalzi.com\/pt-br\/wp-json\/wp\/v2\/documenti_ocd\/27627\/revisions"}],"predecessor-version":[{"id":119761,"href":"https:\/\/www.carmelitaniscalzi.com\/pt-br\/wp-json\/wp\/v2\/documenti_ocd\/27627\/revisions\/119761"}],"up":[{"embeddable":true,"href":"https:\/\/www.carmelitaniscalzi.com\/pt-br\/wp-json\/wp\/v2\/documenti_ocd\/5702"}],"wp:featuredmedia":[{"embeddable":true,"href":"https:\/\/www.carmelitaniscalzi.com\/pt-br\/wp-json\/wp\/v2\/media\/103273"}],"wp:attachment":[{"href":"https:\/\/www.carmelitaniscalzi.com\/pt-br\/wp-json\/wp\/v2\/media?parent=27627"}],"wp:term":[{"taxonomy":"categoria_documenti","embeddable":true,"href":"https:\/\/www.carmelitaniscalzi.com\/pt-br\/wp-json\/wp\/v2\/categoria_documenti?post=27627"}],"curies":[{"name":"wp","href":"https:\/\/api.w.org\/{rel}","templated":true}]}}