{"id":5869,"date":"2016-07-03T12:49:14","date_gmt":"2016-07-03T10:49:14","guid":{"rendered":"https:\/\/www.carmelitaniscalzi.com\/pt-br\/?page_id=5869"},"modified":"2025-06-24T19:57:43","modified_gmt":"2025-06-24T17:57:43","slug":"delegado-geral-para-a-ocds","status":"publish","type":"curia","link":"https:\/\/www.carmelitaniscalzi.com\/pt-br\/curia-generalicia\/delegado-geral-para-a-ocds\/","title":{"rendered":"Delegado Geral para a  OCDS"},"content":{"rendered":"<h3>Biografia<\/h3>\n<p>Nasce na cidade de Zacatecas (M\u00e9xico), em 28 de junho de 1971. Estuda administra\u00e7\u00e3o de empresas na mesma cidade e trabalha nas \u00e1reas de administra\u00e7\u00e3o e finan\u00e7as. Entra na Ordem dos Carmelitas Descal\u00e7os em 15 de julho de 2001, na Prov\u00edncia de Calif\u00f3rnia-Arizona, nos Estados Unidos. Faz sua profiss\u00e3o religiosa em 2 de fevereiro de 2003.<\/p>\n<p>Estuda em <em>Mount Angel Seminary<\/em>, no estado do Oregon, onde obt\u00e9m uma licenciatura em filosofia e letras e um mestrado em Teologia e Divindade. Estuda teologia na faculdade teol\u00f3gica do <em>Teresianum<\/em>, em Roma, e obt\u00e9m um doutorado em Psicologia na Universidade Pontif\u00edcia Salesiana, na mesma cidade.<\/p>\n<p>Faz sua profiss\u00e3o solene em 14 de dezembro de 2007, em Roma, e \u00e9 ordenado sacerdote em 20 de junho de 2009, em Alhambra (Calif\u00f3rnia). Foi diretor do <em>Instituto de Espiritualidad Carmelitana<\/em> na cidade de Stanwood (Washington) e mestre de postulantes, novi\u00e7os e estudantes. Em outubro de 2021 \u00e9 nomeado delegado geral para a Ordem Secular dos Carmelitas Descal\u00e7os.<\/p>\n<h3>Atividade<\/h3>\n<p>A responsabilidade do Delegado Geral est\u00e1 descrita nas Constitui\u00e7\u00f5es da Ordem Secular (<sub>\u00a7 41: \u201cO Superior Geral \u00e9 assistido por um Delegado Geral. Sua responsabilidade \u00e9 a de favorecer as rela\u00e7\u00f5es rec\u00edprocas entre os religiosos e os seculares e a de manter contato com os Delegados Provinciais e os Assistentes de cada comunidade, de tal modo que sejam assegurados a finalidade e o bom andamento da Ordem Secular\u201d).<\/sub><\/p>\n","protected":false},"featured_media":111303,"parent":5834,"menu_order":9,"template":"","format":"standard","meta":{"_acf_changed":false,"footnotes":""},"carica_cauria":[827],"class_list":["post-5869","curia","type-curia","status-publish","format-standard","has-post-thumbnail","hentry","carica_cauria-outros"],"acf":[],"yoast_head":"<!-- This site is optimized with the Yoast SEO plugin v26.3 - https:\/\/yoast.com\/wordpress\/plugins\/seo\/ -->\n<title>Delegado Geral para a OCDS - CARMELITAS DESCAL\u00c7OS<\/title>\n<meta name=\"robots\" content=\"index, follow, max-snippet:-1, max-image-preview:large, max-video-preview:-1\" \/>\n<link rel=\"canonical\" href=\"https:\/\/www.carmelitaniscalzi.com\/pt-br\/curia-generalicia\/delegado-geral-para-a-ocds\/\" \/>\n<meta property=\"og:locale\" content=\"pt_BR\" \/>\n<meta property=\"og:type\" content=\"article\" \/>\n<meta property=\"og:title\" content=\"Delegado Geral para a OCDS - CARMELITAS DESCAL\u00c7OS\" \/>\n<meta property=\"og:description\" content=\"Biografia Nasce na cidade de Zacatecas (M\u00e9xico), em 28 de junho de 1971. Estuda administra\u00e7\u00e3o de empresas na mesma cidade e trabalha nas \u00e1reas de administra\u00e7\u00e3o e finan\u00e7as. Entra na Ordem dos Carmelitas Descal\u00e7os em 15 de julho de 2001, na Prov\u00edncia de Calif\u00f3rnia-Arizona, nos Estados Unidos. Faz sua profiss\u00e3o religiosa em 2 de fevereiro [&hellip;]\" \/>\n<meta property=\"og:url\" content=\"https:\/\/www.carmelitaniscalzi.com\/pt-br\/curia-generalicia\/delegado-geral-para-a-ocds\/\" \/>\n<meta property=\"og:site_name\" content=\"CARMELITAS DESCAL\u00c7OS\" \/>\n<meta property=\"article:publisher\" content=\"https:\/\/www.facebook.com\/Curia-Generalizia-Carmelitani-Scalzi-658766940887784\/\" \/>\n<meta property=\"article:modified_time\" content=\"2025-06-24T17:57:43+00:00\" \/>\n<meta property=\"og:image\" content=\"https:\/\/www.carmelitaniscalzi.com\/wp-content\/uploads\/2022\/01\/Delegato-OCDS-2021.jpg\" \/>\n\t<meta property=\"og:image:width\" content=\"600\" \/>\n\t<meta property=\"og:image:height\" content=\"600\" \/>\n\t<meta property=\"og:image:type\" content=\"image\/jpeg\" \/>\n<meta name=\"twitter:card\" content=\"summary_large_image\" \/>\n<meta name=\"twitter:site\" content=\"@ocdcuria\" \/>\n<meta name=\"twitter:label1\" content=\"Est. tempo de leitura\" \/>\n\t<meta name=\"twitter:data1\" content=\"1 minuto\" \/>\n<script type=\"application\/ld+json\" class=\"yoast-schema-graph\">{\"@context\":\"https:\/\/schema.org\",\"@graph\":[{\"@type\":\"WebPage\",\"@id\":\"https:\/\/www.carmelitaniscalzi.com\/pt-br\/curia-generalicia\/delegado-geral-para-a-ocds\/\",\"url\":\"https:\/\/www.carmelitaniscalzi.com\/pt-br\/curia-generalicia\/delegado-geral-para-a-ocds\/\",\"name\":\"Delegado Geral para a OCDS - CARMELITAS DESCAL\u00c7OS\",\"isPartOf\":{\"@id\":\"https:\/\/www.carmelitaniscalzi.com\/#website\"},\"primaryImageOfPage\":{\"@id\":\"https:\/\/www.carmelitaniscalzi.com\/pt-br\/curia-generalicia\/delegado-geral-para-a-ocds\/#primaryimage\"},\"image\":{\"@id\":\"https:\/\/www.carmelitaniscalzi.com\/pt-br\/curia-generalicia\/delegado-geral-para-a-ocds\/#primaryimage\"},\"thumbnailUrl\":\"https:\/\/www.carmelitaniscalzi.com\/wp-content\/uploads\/2022\/01\/Delegato-OCDS-2021.jpg\",\"datePublished\":\"2016-07-03T10:49:14+00:00\",\"dateModified\":\"2025-06-24T17:57:43+00:00\",\"breadcrumb\":{\"@id\":\"https:\/\/www.carmelitaniscalzi.com\/pt-br\/curia-generalicia\/delegado-geral-para-a-ocds\/#breadcrumb\"},\"inLanguage\":\"pt-BR\",\"potentialAction\":[{\"@type\":\"ReadAction\",\"target\":[\"https:\/\/www.carmelitaniscalzi.com\/pt-br\/curia-generalicia\/delegado-geral-para-a-ocds\/\"]}]},{\"@type\":\"ImageObject\",\"inLanguage\":\"pt-BR\",\"@id\":\"https:\/\/www.carmelitaniscalzi.com\/pt-br\/curia-generalicia\/delegado-geral-para-a-ocds\/#primaryimage\",\"url\":\"https:\/\/www.carmelitaniscalzi.com\/wp-content\/uploads\/2022\/01\/Delegato-OCDS-2021.jpg\",\"contentUrl\":\"https:\/\/www.carmelitaniscalzi.com\/wp-content\/uploads\/2022\/01\/Delegato-OCDS-2021.jpg\",\"width\":600,\"height\":600},{\"@type\":\"BreadcrumbList\",\"@id\":\"https:\/\/www.carmelitaniscalzi.com\/pt-br\/curia-generalicia\/delegado-geral-para-a-ocds\/#breadcrumb\",\"itemListElement\":[{\"@type\":\"ListItem\",\"position\":1,\"name\":\"Home\",\"item\":\"https:\/\/www.carmelitaniscalzi.com\/pt-br\/\"},{\"@type\":\"ListItem\",\"position\":2,\"name\":\"C\u00faria General\u00edcia\",\"item\":\"https:\/\/www.carmelitaniscalzi.com\/pt-br\/curia-generalicia\/\"},{\"@type\":\"ListItem\",\"position\":3,\"name\":\"Delegado Geral para a OCDS\"}]},{\"@type\":\"WebSite\",\"@id\":\"https:\/\/www.carmelitaniscalzi.com\/#website\",\"url\":\"https:\/\/www.carmelitaniscalzi.com\/\",\"name\":\"CARMELITANI SCALZI - Curia Generale del Carmelo Teresiano\",\"description\":\"C\u00faria General\u00edcia do Carmelo Teresiano\",\"publisher\":{\"@id\":\"https:\/\/www.carmelitaniscalzi.com\/#organization\"},\"alternateName\":\"CARMELITANI SCALZI\",\"potentialAction\":[{\"@type\":\"SearchAction\",\"target\":{\"@type\":\"EntryPoint\",\"urlTemplate\":\"https:\/\/www.carmelitaniscalzi.com\/?s={search_term_string}\"},\"query-input\":{\"@type\":\"PropertyValueSpecification\",\"valueRequired\":true,\"valueName\":\"search_term_string\"}}],\"inLanguage\":\"pt-BR\"},{\"@type\":\"Organization\",\"@id\":\"https:\/\/www.carmelitaniscalzi.com\/#organization\",\"name\":\"CARMELITANI SCALZI - Curia Generale del Carmelo Teresiano\",\"url\":\"https:\/\/www.carmelitaniscalzi.com\/\",\"logo\":{\"@type\":\"ImageObject\",\"inLanguage\":\"pt-BR\",\"@id\":\"https:\/\/www.carmelitaniscalzi.com\/#\/schema\/logo\/image\/\",\"url\":\"https:\/\/www.carmelitaniscalzi.com\/wp-content\/uploads\/2025\/11\/login-logo.png\",\"contentUrl\":\"https:\/\/www.carmelitaniscalzi.com\/wp-content\/uploads\/2025\/11\/login-logo.png\",\"width\":256,\"height\":256,\"caption\":\"CARMELITANI SCALZI - Curia Generale del Carmelo Teresiano\"},\"image\":{\"@id\":\"https:\/\/www.carmelitaniscalzi.com\/#\/schema\/logo\/image\/\"},\"sameAs\":[\"https:\/\/www.facebook.com\/Curia-Generalizia-Carmelitani-Scalzi-658766940887784\/\",\"https:\/\/x.com\/ocdcuria\",\"https:\/\/www.youtube.com\/channel\/UC2J5ZL0ycOY0qBSTCLX_NGQ\/videos\",\"https:\/\/www.instagram.com\/ocdinform\/\"]}]}<\/script>\n<!-- \/ Yoast SEO plugin. -->","yoast_head_json":{"title":"Delegado Geral para a OCDS - CARMELITAS DESCAL\u00c7OS","robots":{"index":"index","follow":"follow","max-snippet":"max-snippet:-1","max-image-preview":"max-image-preview:large","max-video-preview":"max-video-preview:-1"},"canonical":"https:\/\/www.carmelitaniscalzi.com\/pt-br\/curia-generalicia\/delegado-geral-para-a-ocds\/","og_locale":"pt_BR","og_type":"article","og_title":"Delegado Geral para a OCDS - CARMELITAS DESCAL\u00c7OS","og_description":"Biografia Nasce na cidade de Zacatecas (M\u00e9xico), em 28 de junho de 1971. Estuda administra\u00e7\u00e3o de empresas na mesma cidade e trabalha nas \u00e1reas de administra\u00e7\u00e3o e finan\u00e7as. Entra na Ordem dos Carmelitas Descal\u00e7os em 15 de julho de 2001, na Prov\u00edncia de Calif\u00f3rnia-Arizona, nos Estados Unidos. Faz sua profiss\u00e3o religiosa em 2 de fevereiro [&hellip;]","og_url":"https:\/\/www.carmelitaniscalzi.com\/pt-br\/curia-generalicia\/delegado-geral-para-a-ocds\/","og_site_name":"CARMELITAS DESCAL\u00c7OS","article_publisher":"https:\/\/www.facebook.com\/Curia-Generalizia-Carmelitani-Scalzi-658766940887784\/","article_modified_time":"2025-06-24T17:57:43+00:00","og_image":[{"width":600,"height":600,"url":"https:\/\/www.carmelitaniscalzi.com\/wp-content\/uploads\/2022\/01\/Delegato-OCDS-2021.jpg","type":"image\/jpeg"}],"twitter_card":"summary_large_image","twitter_site":"@ocdcuria","twitter_misc":{"Est. tempo de leitura":"1 minuto"},"schema":{"@context":"https:\/\/schema.org","@graph":[{"@type":"WebPage","@id":"https:\/\/www.carmelitaniscalzi.com\/pt-br\/curia-generalicia\/delegado-geral-para-a-ocds\/","url":"https:\/\/www.carmelitaniscalzi.com\/pt-br\/curia-generalicia\/delegado-geral-para-a-ocds\/","name":"Delegado Geral para a OCDS - CARMELITAS DESCAL\u00c7OS","isPartOf":{"@id":"https:\/\/www.carmelitaniscalzi.com\/#website"},"primaryImageOfPage":{"@id":"https:\/\/www.carmelitaniscalzi.com\/pt-br\/curia-generalicia\/delegado-geral-para-a-ocds\/#primaryimage"},"image":{"@id":"https:\/\/www.carmelitaniscalzi.com\/pt-br\/curia-generalicia\/delegado-geral-para-a-ocds\/#primaryimage"},"thumbnailUrl":"https:\/\/www.carmelitaniscalzi.com\/wp-content\/uploads\/2022\/01\/Delegato-OCDS-2021.jpg","datePublished":"2016-07-03T10:49:14+00:00","dateModified":"2025-06-24T17:57:43+00:00","breadcrumb":{"@id":"https:\/\/www.carmelitaniscalzi.com\/pt-br\/curia-generalicia\/delegado-geral-para-a-ocds\/#breadcrumb"},"inLanguage":"pt-BR","potentialAction":[{"@type":"ReadAction","target":["https:\/\/www.carmelitaniscalzi.com\/pt-br\/curia-generalicia\/delegado-geral-para-a-ocds\/"]}]},{"@type":"ImageObject","inLanguage":"pt-BR","@id":"https:\/\/www.carmelitaniscalzi.com\/pt-br\/curia-generalicia\/delegado-geral-para-a-ocds\/#primaryimage","url":"https:\/\/www.carmelitaniscalzi.com\/wp-content\/uploads\/2022\/01\/Delegato-OCDS-2021.jpg","contentUrl":"https:\/\/www.carmelitaniscalzi.com\/wp-content\/uploads\/2022\/01\/Delegato-OCDS-2021.jpg","width":600,"height":600},{"@type":"BreadcrumbList","@id":"https:\/\/www.carmelitaniscalzi.com\/pt-br\/curia-generalicia\/delegado-geral-para-a-ocds\/#breadcrumb","itemListElement":[{"@type":"ListItem","position":1,"name":"Home","item":"https:\/\/www.carmelitaniscalzi.com\/pt-br\/"},{"@type":"ListItem","position":2,"name":"C\u00faria General\u00edcia","item":"https:\/\/www.carmelitaniscalzi.com\/pt-br\/curia-generalicia\/"},{"@type":"ListItem","position":3,"name":"Delegado Geral para a OCDS"}]},{"@type":"WebSite","@id":"https:\/\/www.carmelitaniscalzi.com\/#website","url":"https:\/\/www.carmelitaniscalzi.com\/","name":"CARMELITANI SCALZI - Curia Generale del Carmelo Teresiano","description":"C\u00faria General\u00edcia do Carmelo Teresiano","publisher":{"@id":"https:\/\/www.carmelitaniscalzi.com\/#organization"},"alternateName":"CARMELITANI SCALZI","potentialAction":[{"@type":"SearchAction","target":{"@type":"EntryPoint","urlTemplate":"https:\/\/www.carmelitaniscalzi.com\/?s={search_term_string}"},"query-input":{"@type":"PropertyValueSpecification","valueRequired":true,"valueName":"search_term_string"}}],"inLanguage":"pt-BR"},{"@type":"Organization","@id":"https:\/\/www.carmelitaniscalzi.com\/#organization","name":"CARMELITANI SCALZI - Curia Generale del Carmelo Teresiano","url":"https:\/\/www.carmelitaniscalzi.com\/","logo":{"@type":"ImageObject","inLanguage":"pt-BR","@id":"https:\/\/www.carmelitaniscalzi.com\/#\/schema\/logo\/image\/","url":"https:\/\/www.carmelitaniscalzi.com\/wp-content\/uploads\/2025\/11\/login-logo.png","contentUrl":"https:\/\/www.carmelitaniscalzi.com\/wp-content\/uploads\/2025\/11\/login-logo.png","width":256,"height":256,"caption":"CARMELITANI SCALZI - Curia Generale del Carmelo Teresiano"},"image":{"@id":"https:\/\/www.carmelitaniscalzi.com\/#\/schema\/logo\/image\/"},"sameAs":["https:\/\/www.facebook.com\/Curia-Generalizia-Carmelitani-Scalzi-658766940887784\/","https:\/\/x.com\/ocdcuria","https:\/\/www.youtube.com\/channel\/UC2J5ZL0ycOY0qBSTCLX_NGQ\/videos","https:\/\/www.instagram.com\/ocdinform\/"]}]}},"_links":{"self":[{"href":"https:\/\/www.carmelitaniscalzi.com\/pt-br\/wp-json\/wp\/v2\/curia\/5869","targetHints":{"allow":["GET"]}}],"collection":[{"href":"https:\/\/www.carmelitaniscalzi.com\/pt-br\/wp-json\/wp\/v2\/curia"}],"about":[{"href":"https:\/\/www.carmelitaniscalzi.com\/pt-br\/wp-json\/wp\/v2\/types\/curia"}],"version-history":[{"count":7,"href":"https:\/\/www.carmelitaniscalzi.com\/pt-br\/wp-json\/wp\/v2\/curia\/5869\/revisions"}],"predecessor-version":[{"id":482082,"href":"https:\/\/www.carmelitaniscalzi.com\/pt-br\/wp-json\/wp\/v2\/curia\/5869\/revisions\/482082"}],"up":[{"embeddable":true,"href":"https:\/\/www.carmelitaniscalzi.com\/pt-br\/wp-json\/wp\/v2\/curia\/5834"}],"wp:featuredmedia":[{"embeddable":true,"href":"https:\/\/www.carmelitaniscalzi.com\/pt-br\/wp-json\/wp\/v2\/media\/111303"}],"wp:attachment":[{"href":"https:\/\/www.carmelitaniscalzi.com\/pt-br\/wp-json\/wp\/v2\/media?parent=5869"}],"wp:term":[{"taxonomy":"carica_cauria","embeddable":true,"href":"https:\/\/www.carmelitaniscalzi.com\/pt-br\/wp-json\/wp\/v2\/carica_cauria?post=5869"}],"curies":[{"name":"wp","href":"https:\/\/api.w.org\/{rel}","templated":true}]}}