{"id":5865,"date":"2016-07-03T12:43:32","date_gmt":"2016-07-03T10:43:32","guid":{"rendered":"https:\/\/www.carmelitaniscalzi.com\/pt-br\/?page_id=5865"},"modified":"2022-10-15T00:29:44","modified_gmt":"2022-10-14T22:29:44","slug":"arquivista-geral","status":"publish","type":"curia","link":"https:\/\/www.carmelitaniscalzi.com\/pt-br\/curia-generalicia\/arquivista-geral\/","title":{"rendered":"Arquivista Geral"},"content":{"rendered":"<h3>Atividade<\/h3>\n<p>Santa Teresa dava uma grande import\u00e2ncia aos documentos e recomendava que em cada mosteiro houvesse um lugar digno e seguro para conservar as cartas de maior valor administrativo. Seus filhos e filhas levaram em considera\u00e7\u00e3o os s\u00e1bios conselhos da Fundadora. O primeiro n\u00facleo do Arquivo Geral foi constitu\u00eddo ao final do s\u00e9culo XVI em <em>Santa Maria della Scala<\/em>, na Casa Geral da Congrega\u00e7\u00e3o italiana. Nele foram conservados os documentos que chegavam a dita Casa Geral de todas as circunscri\u00e7\u00f5es da Ordem, assim como os que ela mesma produzia. De particular valor e riqueza documental \u00e9 a se\u00e7\u00e3o \u201chist\u00f3rica\u201d, relativa \u00e0s nossas primeiras miss\u00f5es na P\u00e9rsia e \u00cdndia (s\u00e9culos XVII e XVIII). O Arquivista \u00e9 cust\u00f3dio desse patrim\u00f4nio comum, assegurando sua cataloga\u00e7\u00e3o e ajudando os numerosos investigadores que todos os anos solicitam consulta aos documentos do Arquivo para realizar pesquisas de diferentes tipos.<\/p>\n<hr \/>\n<p><a href=\"http:\/\/agocd.com\" target=\"_blank\" rel=\"noopener\"><img loading=\"lazy\" decoding=\"async\" class=\"wp-image-6314 size-medium aligncenter\" src=\"https:\/\/www.carmelitaniscalzi.com\/wp-content\/uploads\/2016\/02\/archivio-300x42.jpg\" alt=\"archivio\" width=\"300\" height=\"42\" srcset=\"https:\/\/www.carmelitaniscalzi.com\/wp-content\/uploads\/2016\/02\/archivio-300x42.jpg 300w, https:\/\/www.carmelitaniscalzi.com\/wp-content\/uploads\/2016\/02\/archivio-395x55.jpg 395w, https:\/\/www.carmelitaniscalzi.com\/wp-content\/uploads\/2016\/02\/archivio.jpg 460w\" sizes=\"auto, (max-width: 300px) 100vw, 300px\" \/><\/a><\/p>\n","protected":false},"featured_media":51457,"parent":5834,"menu_order":7,"template":"","format":"standard","meta":{"_acf_changed":false,"footnotes":""},"carica_cauria":[827],"class_list":["post-5865","curia","type-curia","status-publish","format-standard","has-post-thumbnail","hentry","carica_cauria-outros"],"acf":[],"yoast_head":"<!-- This site is optimized with the Yoast SEO plugin v26.3 - https:\/\/yoast.com\/wordpress\/plugins\/seo\/ -->\n<title>Arquivista Geral - CARMELITAS DESCAL\u00c7OS<\/title>\n<meta name=\"robots\" content=\"index, follow, max-snippet:-1, max-image-preview:large, max-video-preview:-1\" \/>\n<link rel=\"canonical\" href=\"https:\/\/www.carmelitaniscalzi.com\/pt-br\/curia-generalicia\/arquivista-geral\/\" \/>\n<meta property=\"og:locale\" content=\"pt_BR\" \/>\n<meta property=\"og:type\" content=\"article\" \/>\n<meta property=\"og:title\" content=\"Arquivista Geral - CARMELITAS DESCAL\u00c7OS\" \/>\n<meta property=\"og:description\" content=\"Atividade Santa Teresa dava uma grande import\u00e2ncia aos documentos e recomendava que em cada mosteiro houvesse um lugar digno e seguro para conservar as cartas de maior valor administrativo. Seus filhos e filhas levaram em considera\u00e7\u00e3o os s\u00e1bios conselhos da Fundadora. O primeiro n\u00facleo do Arquivo Geral foi constitu\u00eddo ao final do s\u00e9culo XVI em [&hellip;]\" \/>\n<meta property=\"og:url\" content=\"https:\/\/www.carmelitaniscalzi.com\/pt-br\/curia-generalicia\/arquivista-geral\/\" \/>\n<meta property=\"og:site_name\" content=\"CARMELITAS DESCAL\u00c7OS\" \/>\n<meta property=\"article:publisher\" content=\"https:\/\/www.facebook.com\/Curia-Generalizia-Carmelitani-Scalzi-658766940887784\/\" \/>\n<meta property=\"article:modified_time\" content=\"2022-10-14T22:29:44+00:00\" \/>\n<meta property=\"og:image\" content=\"https:\/\/www.carmelitaniscalzi.com\/wp-content\/uploads\/2016\/02\/placeholder_profile.jpg\" \/>\n\t<meta property=\"og:image:width\" content=\"600\" \/>\n\t<meta property=\"og:image:height\" content=\"600\" \/>\n\t<meta property=\"og:image:type\" content=\"image\/jpeg\" \/>\n<meta name=\"twitter:card\" content=\"summary_large_image\" \/>\n<meta name=\"twitter:site\" content=\"@ocdcuria\" \/>\n<meta name=\"twitter:label1\" content=\"Est. tempo de leitura\" \/>\n\t<meta name=\"twitter:data1\" content=\"1 minuto\" \/>\n<script type=\"application\/ld+json\" class=\"yoast-schema-graph\">{\"@context\":\"https:\/\/schema.org\",\"@graph\":[{\"@type\":\"WebPage\",\"@id\":\"https:\/\/www.carmelitaniscalzi.com\/pt-br\/curia-generalicia\/arquivista-geral\/\",\"url\":\"https:\/\/www.carmelitaniscalzi.com\/pt-br\/curia-generalicia\/arquivista-geral\/\",\"name\":\"Arquivista Geral - CARMELITAS DESCAL\u00c7OS\",\"isPartOf\":{\"@id\":\"https:\/\/www.carmelitaniscalzi.com\/#website\"},\"primaryImageOfPage\":{\"@id\":\"https:\/\/www.carmelitaniscalzi.com\/pt-br\/curia-generalicia\/arquivista-geral\/#primaryimage\"},\"image\":{\"@id\":\"https:\/\/www.carmelitaniscalzi.com\/pt-br\/curia-generalicia\/arquivista-geral\/#primaryimage\"},\"thumbnailUrl\":\"https:\/\/www.carmelitaniscalzi.com\/wp-content\/uploads\/2016\/02\/placeholder_profile.jpg\",\"datePublished\":\"2016-07-03T10:43:32+00:00\",\"dateModified\":\"2022-10-14T22:29:44+00:00\",\"breadcrumb\":{\"@id\":\"https:\/\/www.carmelitaniscalzi.com\/pt-br\/curia-generalicia\/arquivista-geral\/#breadcrumb\"},\"inLanguage\":\"pt-BR\",\"potentialAction\":[{\"@type\":\"ReadAction\",\"target\":[\"https:\/\/www.carmelitaniscalzi.com\/pt-br\/curia-generalicia\/arquivista-geral\/\"]}]},{\"@type\":\"ImageObject\",\"inLanguage\":\"pt-BR\",\"@id\":\"https:\/\/www.carmelitaniscalzi.com\/pt-br\/curia-generalicia\/arquivista-geral\/#primaryimage\",\"url\":\"https:\/\/www.carmelitaniscalzi.com\/wp-content\/uploads\/2016\/02\/placeholder_profile.jpg\",\"contentUrl\":\"https:\/\/www.carmelitaniscalzi.com\/wp-content\/uploads\/2016\/02\/placeholder_profile.jpg\",\"width\":600,\"height\":600},{\"@type\":\"BreadcrumbList\",\"@id\":\"https:\/\/www.carmelitaniscalzi.com\/pt-br\/curia-generalicia\/arquivista-geral\/#breadcrumb\",\"itemListElement\":[{\"@type\":\"ListItem\",\"position\":1,\"name\":\"Home\",\"item\":\"https:\/\/www.carmelitaniscalzi.com\/pt-br\/\"},{\"@type\":\"ListItem\",\"position\":2,\"name\":\"C\u00faria General\u00edcia\",\"item\":\"https:\/\/www.carmelitaniscalzi.com\/pt-br\/curia-generalicia\/\"},{\"@type\":\"ListItem\",\"position\":3,\"name\":\"Arquivista Geral\"}]},{\"@type\":\"WebSite\",\"@id\":\"https:\/\/www.carmelitaniscalzi.com\/#website\",\"url\":\"https:\/\/www.carmelitaniscalzi.com\/\",\"name\":\"CARMELITANI SCALZI - Curia Generale del Carmelo Teresiano\",\"description\":\"C\u00faria General\u00edcia do Carmelo Teresiano\",\"publisher\":{\"@id\":\"https:\/\/www.carmelitaniscalzi.com\/#organization\"},\"alternateName\":\"CARMELITANI SCALZI\",\"potentialAction\":[{\"@type\":\"SearchAction\",\"target\":{\"@type\":\"EntryPoint\",\"urlTemplate\":\"https:\/\/www.carmelitaniscalzi.com\/?s={search_term_string}\"},\"query-input\":{\"@type\":\"PropertyValueSpecification\",\"valueRequired\":true,\"valueName\":\"search_term_string\"}}],\"inLanguage\":\"pt-BR\"},{\"@type\":\"Organization\",\"@id\":\"https:\/\/www.carmelitaniscalzi.com\/#organization\",\"name\":\"CARMELITANI SCALZI - Curia Generale del Carmelo Teresiano\",\"url\":\"https:\/\/www.carmelitaniscalzi.com\/\",\"logo\":{\"@type\":\"ImageObject\",\"inLanguage\":\"pt-BR\",\"@id\":\"https:\/\/www.carmelitaniscalzi.com\/#\/schema\/logo\/image\/\",\"url\":\"https:\/\/www.carmelitaniscalzi.com\/wp-content\/uploads\/2025\/11\/login-logo.png\",\"contentUrl\":\"https:\/\/www.carmelitaniscalzi.com\/wp-content\/uploads\/2025\/11\/login-logo.png\",\"width\":256,\"height\":256,\"caption\":\"CARMELITANI SCALZI - Curia Generale del Carmelo Teresiano\"},\"image\":{\"@id\":\"https:\/\/www.carmelitaniscalzi.com\/#\/schema\/logo\/image\/\"},\"sameAs\":[\"https:\/\/www.facebook.com\/Curia-Generalizia-Carmelitani-Scalzi-658766940887784\/\",\"https:\/\/x.com\/ocdcuria\",\"https:\/\/www.youtube.com\/channel\/UC2J5ZL0ycOY0qBSTCLX_NGQ\/videos\",\"https:\/\/www.instagram.com\/ocdinform\/\"]}]}<\/script>\n<!-- \/ Yoast SEO plugin. -->","yoast_head_json":{"title":"Arquivista Geral - CARMELITAS DESCAL\u00c7OS","robots":{"index":"index","follow":"follow","max-snippet":"max-snippet:-1","max-image-preview":"max-image-preview:large","max-video-preview":"max-video-preview:-1"},"canonical":"https:\/\/www.carmelitaniscalzi.com\/pt-br\/curia-generalicia\/arquivista-geral\/","og_locale":"pt_BR","og_type":"article","og_title":"Arquivista Geral - CARMELITAS DESCAL\u00c7OS","og_description":"Atividade Santa Teresa dava uma grande import\u00e2ncia aos documentos e recomendava que em cada mosteiro houvesse um lugar digno e seguro para conservar as cartas de maior valor administrativo. Seus filhos e filhas levaram em considera\u00e7\u00e3o os s\u00e1bios conselhos da Fundadora. O primeiro n\u00facleo do Arquivo Geral foi constitu\u00eddo ao final do s\u00e9culo XVI em [&hellip;]","og_url":"https:\/\/www.carmelitaniscalzi.com\/pt-br\/curia-generalicia\/arquivista-geral\/","og_site_name":"CARMELITAS DESCAL\u00c7OS","article_publisher":"https:\/\/www.facebook.com\/Curia-Generalizia-Carmelitani-Scalzi-658766940887784\/","article_modified_time":"2022-10-14T22:29:44+00:00","og_image":[{"width":600,"height":600,"url":"https:\/\/www.carmelitaniscalzi.com\/wp-content\/uploads\/2016\/02\/placeholder_profile.jpg","type":"image\/jpeg"}],"twitter_card":"summary_large_image","twitter_site":"@ocdcuria","twitter_misc":{"Est. tempo de leitura":"1 minuto"},"schema":{"@context":"https:\/\/schema.org","@graph":[{"@type":"WebPage","@id":"https:\/\/www.carmelitaniscalzi.com\/pt-br\/curia-generalicia\/arquivista-geral\/","url":"https:\/\/www.carmelitaniscalzi.com\/pt-br\/curia-generalicia\/arquivista-geral\/","name":"Arquivista Geral - CARMELITAS DESCAL\u00c7OS","isPartOf":{"@id":"https:\/\/www.carmelitaniscalzi.com\/#website"},"primaryImageOfPage":{"@id":"https:\/\/www.carmelitaniscalzi.com\/pt-br\/curia-generalicia\/arquivista-geral\/#primaryimage"},"image":{"@id":"https:\/\/www.carmelitaniscalzi.com\/pt-br\/curia-generalicia\/arquivista-geral\/#primaryimage"},"thumbnailUrl":"https:\/\/www.carmelitaniscalzi.com\/wp-content\/uploads\/2016\/02\/placeholder_profile.jpg","datePublished":"2016-07-03T10:43:32+00:00","dateModified":"2022-10-14T22:29:44+00:00","breadcrumb":{"@id":"https:\/\/www.carmelitaniscalzi.com\/pt-br\/curia-generalicia\/arquivista-geral\/#breadcrumb"},"inLanguage":"pt-BR","potentialAction":[{"@type":"ReadAction","target":["https:\/\/www.carmelitaniscalzi.com\/pt-br\/curia-generalicia\/arquivista-geral\/"]}]},{"@type":"ImageObject","inLanguage":"pt-BR","@id":"https:\/\/www.carmelitaniscalzi.com\/pt-br\/curia-generalicia\/arquivista-geral\/#primaryimage","url":"https:\/\/www.carmelitaniscalzi.com\/wp-content\/uploads\/2016\/02\/placeholder_profile.jpg","contentUrl":"https:\/\/www.carmelitaniscalzi.com\/wp-content\/uploads\/2016\/02\/placeholder_profile.jpg","width":600,"height":600},{"@type":"BreadcrumbList","@id":"https:\/\/www.carmelitaniscalzi.com\/pt-br\/curia-generalicia\/arquivista-geral\/#breadcrumb","itemListElement":[{"@type":"ListItem","position":1,"name":"Home","item":"https:\/\/www.carmelitaniscalzi.com\/pt-br\/"},{"@type":"ListItem","position":2,"name":"C\u00faria General\u00edcia","item":"https:\/\/www.carmelitaniscalzi.com\/pt-br\/curia-generalicia\/"},{"@type":"ListItem","position":3,"name":"Arquivista Geral"}]},{"@type":"WebSite","@id":"https:\/\/www.carmelitaniscalzi.com\/#website","url":"https:\/\/www.carmelitaniscalzi.com\/","name":"CARMELITANI SCALZI - Curia Generale del Carmelo Teresiano","description":"C\u00faria General\u00edcia do Carmelo Teresiano","publisher":{"@id":"https:\/\/www.carmelitaniscalzi.com\/#organization"},"alternateName":"CARMELITANI SCALZI","potentialAction":[{"@type":"SearchAction","target":{"@type":"EntryPoint","urlTemplate":"https:\/\/www.carmelitaniscalzi.com\/?s={search_term_string}"},"query-input":{"@type":"PropertyValueSpecification","valueRequired":true,"valueName":"search_term_string"}}],"inLanguage":"pt-BR"},{"@type":"Organization","@id":"https:\/\/www.carmelitaniscalzi.com\/#organization","name":"CARMELITANI SCALZI - Curia Generale del Carmelo Teresiano","url":"https:\/\/www.carmelitaniscalzi.com\/","logo":{"@type":"ImageObject","inLanguage":"pt-BR","@id":"https:\/\/www.carmelitaniscalzi.com\/#\/schema\/logo\/image\/","url":"https:\/\/www.carmelitaniscalzi.com\/wp-content\/uploads\/2025\/11\/login-logo.png","contentUrl":"https:\/\/www.carmelitaniscalzi.com\/wp-content\/uploads\/2025\/11\/login-logo.png","width":256,"height":256,"caption":"CARMELITANI SCALZI - Curia Generale del Carmelo Teresiano"},"image":{"@id":"https:\/\/www.carmelitaniscalzi.com\/#\/schema\/logo\/image\/"},"sameAs":["https:\/\/www.facebook.com\/Curia-Generalizia-Carmelitani-Scalzi-658766940887784\/","https:\/\/x.com\/ocdcuria","https:\/\/www.youtube.com\/channel\/UC2J5ZL0ycOY0qBSTCLX_NGQ\/videos","https:\/\/www.instagram.com\/ocdinform\/"]}]}},"_links":{"self":[{"href":"https:\/\/www.carmelitaniscalzi.com\/pt-br\/wp-json\/wp\/v2\/curia\/5865","targetHints":{"allow":["GET"]}}],"collection":[{"href":"https:\/\/www.carmelitaniscalzi.com\/pt-br\/wp-json\/wp\/v2\/curia"}],"about":[{"href":"https:\/\/www.carmelitaniscalzi.com\/pt-br\/wp-json\/wp\/v2\/types\/curia"}],"version-history":[{"count":1,"href":"https:\/\/www.carmelitaniscalzi.com\/pt-br\/wp-json\/wp\/v2\/curia\/5865\/revisions"}],"predecessor-version":[{"id":178551,"href":"https:\/\/www.carmelitaniscalzi.com\/pt-br\/wp-json\/wp\/v2\/curia\/5865\/revisions\/178551"}],"up":[{"embeddable":true,"href":"https:\/\/www.carmelitaniscalzi.com\/pt-br\/wp-json\/wp\/v2\/curia\/5834"}],"wp:featuredmedia":[{"embeddable":true,"href":"https:\/\/www.carmelitaniscalzi.com\/pt-br\/wp-json\/wp\/v2\/media\/51457"}],"wp:attachment":[{"href":"https:\/\/www.carmelitaniscalzi.com\/pt-br\/wp-json\/wp\/v2\/media?parent=5865"}],"wp:term":[{"taxonomy":"carica_cauria","embeddable":true,"href":"https:\/\/www.carmelitaniscalzi.com\/pt-br\/wp-json\/wp\/v2\/carica_cauria?post=5865"}],"curies":[{"name":"wp","href":"https:\/\/api.w.org\/{rel}","templated":true}]}}