{"id":5855,"date":"2016-07-03T12:24:01","date_gmt":"2016-07-03T10:24:01","guid":{"rendered":"https:\/\/www.carmelitaniscalzi.com\/pt-br\/?page_id=5855"},"modified":"2021-06-06T12:40:48","modified_gmt":"2021-06-06T10:40:48","slug":"secretario-geral","status":"publish","type":"curia","link":"https:\/\/www.carmelitaniscalzi.com\/pt-br\/curia-generalicia\/secretario-geral\/","title":{"rendered":"Secretario Geral"},"content":{"rendered":"<h3><u><\/u>Biografia<\/h3>\n<p>Nasceu em Mairano (Br\u00e9scia \u2013 It\u00e1lia) em 20 de agosto de 1961. Pertence \u00e0 Prov\u00edncia de Veneza, na qual emitiu sua primeira profiss\u00e3o em 12 de setembro de 1981 e a solene em 2 de mar\u00e7o de 1986. Foi ordenado sacerdote em 21 de setembro de 1986. Depois de licenciar-se em Ci\u00eancias B\u00edblicas no Pontif\u00edcio Instituto B\u00edblico de Roma (1986-1989), foi professor de Sagrada Escritura no Teologado S\u00e3o Jo\u00e3o da Cruz, de Br\u00e9scia (1989-2000). Foi prior do convento de Bruxelas (1999-2005 e 2008-2011), prior e mestre de estudantes em Brescia (2005-2008). Antes de ser incorporado a seu of\u00edcio na C\u00faria General\u00edcia, foi conventual de Adro, prestando servi\u00e7o no col\u00e9gio e no Santu\u00e1rio de Nossa Senhora das Neves.<\/p>\n<p>Participou como tradutor em diversos encontros internacionais da Ordem e tamb\u00e9m nos dois \u00faltimos Cap\u00edtulos Gerais.<\/p>\n<p>Trabalha no \u00e2mbito art\u00edstico e cultural e \u00e9 redator editorial da Associa\u00e7\u00e3o Cultural<em> Arca<\/em>. Acompanha uma comunidade laical carmelitana na Let\u00f4nia, na qual vivencia a voca\u00e7\u00e3o ecum\u00eanica e mission\u00e1ria cultivada desde a forma\u00e7\u00e3o inicial.<\/p>\n<h3>Atividade<\/h3>\n<p>O Secret\u00e1rio Geral desempenha of\u00edcios de secretariado para o Definit\u00f3rio, al\u00e9m de custodiar, bem ordenados em um arquivo especial, os dados estat\u00edsticos e os documentos relativos ao governo da Ordem, tendo-os sempre dispon\u00edveis. Tamb\u00e9m colabora com o Prep\u00f3sito Geral e os Definidores seguindo as instru\u00e7\u00f5es espec\u00edficas deles recebidas (cf. Constitui\u00e7\u00f5es, 191).<\/p>\n","protected":false},"featured_media":52023,"parent":5834,"menu_order":3,"template":"","format":"standard","meta":{"_acf_changed":false,"footnotes":""},"carica_cauria":[827],"class_list":["post-5855","curia","type-curia","status-publish","format-standard","has-post-thumbnail","hentry","carica_cauria-outros"],"acf":[],"yoast_head":"<!-- This site is optimized with the Yoast SEO plugin v26.3 - https:\/\/yoast.com\/wordpress\/plugins\/seo\/ -->\n<title>Secretario Geral - CARMELITAS DESCAL\u00c7OS<\/title>\n<meta name=\"robots\" content=\"index, follow, max-snippet:-1, max-image-preview:large, max-video-preview:-1\" \/>\n<link rel=\"canonical\" href=\"https:\/\/www.carmelitaniscalzi.com\/pt-br\/curia-generalicia\/secretario-geral\/\" \/>\n<meta property=\"og:locale\" content=\"pt_BR\" \/>\n<meta property=\"og:type\" content=\"article\" \/>\n<meta property=\"og:title\" content=\"Secretario Geral - CARMELITAS DESCAL\u00c7OS\" \/>\n<meta property=\"og:description\" content=\"Biografia Nasceu em Mairano (Br\u00e9scia \u2013 It\u00e1lia) em 20 de agosto de 1961. Pertence \u00e0 Prov\u00edncia de Veneza, na qual emitiu sua primeira profiss\u00e3o em 12 de setembro de 1981 e a solene em 2 de mar\u00e7o de 1986. Foi ordenado sacerdote em 21 de setembro de 1986. Depois de licenciar-se em Ci\u00eancias B\u00edblicas no [&hellip;]\" \/>\n<meta property=\"og:url\" content=\"https:\/\/www.carmelitaniscalzi.com\/pt-br\/curia-generalicia\/secretario-geral\/\" \/>\n<meta property=\"og:site_name\" content=\"CARMELITAS DESCAL\u00c7OS\" \/>\n<meta property=\"article:publisher\" content=\"https:\/\/www.facebook.com\/Curia-Generalizia-Carmelitani-Scalzi-658766940887784\/\" \/>\n<meta property=\"article:modified_time\" content=\"2021-06-06T10:40:48+00:00\" \/>\n<meta property=\"og:image\" content=\"https:\/\/www.carmelitaniscalzi.com\/wp-content\/uploads\/2016\/02\/Segretario-Generale.jpeg\" \/>\n\t<meta property=\"og:image:width\" content=\"600\" \/>\n\t<meta property=\"og:image:height\" content=\"600\" \/>\n\t<meta property=\"og:image:type\" content=\"image\/jpeg\" \/>\n<meta name=\"twitter:card\" content=\"summary_large_image\" \/>\n<meta name=\"twitter:site\" content=\"@ocdcuria\" \/>\n<meta name=\"twitter:label1\" content=\"Est. tempo de leitura\" \/>\n\t<meta name=\"twitter:data1\" content=\"1 minuto\" \/>\n<script type=\"application\/ld+json\" class=\"yoast-schema-graph\">{\"@context\":\"https:\/\/schema.org\",\"@graph\":[{\"@type\":\"WebPage\",\"@id\":\"https:\/\/www.carmelitaniscalzi.com\/pt-br\/curia-generalicia\/secretario-geral\/\",\"url\":\"https:\/\/www.carmelitaniscalzi.com\/pt-br\/curia-generalicia\/secretario-geral\/\",\"name\":\"Secretario Geral - CARMELITAS DESCAL\u00c7OS\",\"isPartOf\":{\"@id\":\"https:\/\/www.carmelitaniscalzi.com\/#website\"},\"primaryImageOfPage\":{\"@id\":\"https:\/\/www.carmelitaniscalzi.com\/pt-br\/curia-generalicia\/secretario-geral\/#primaryimage\"},\"image\":{\"@id\":\"https:\/\/www.carmelitaniscalzi.com\/pt-br\/curia-generalicia\/secretario-geral\/#primaryimage\"},\"thumbnailUrl\":\"https:\/\/www.carmelitaniscalzi.com\/wp-content\/uploads\/2016\/02\/Segretario-Generale.jpeg\",\"datePublished\":\"2016-07-03T10:24:01+00:00\",\"dateModified\":\"2021-06-06T10:40:48+00:00\",\"breadcrumb\":{\"@id\":\"https:\/\/www.carmelitaniscalzi.com\/pt-br\/curia-generalicia\/secretario-geral\/#breadcrumb\"},\"inLanguage\":\"pt-BR\",\"potentialAction\":[{\"@type\":\"ReadAction\",\"target\":[\"https:\/\/www.carmelitaniscalzi.com\/pt-br\/curia-generalicia\/secretario-geral\/\"]}]},{\"@type\":\"ImageObject\",\"inLanguage\":\"pt-BR\",\"@id\":\"https:\/\/www.carmelitaniscalzi.com\/pt-br\/curia-generalicia\/secretario-geral\/#primaryimage\",\"url\":\"https:\/\/www.carmelitaniscalzi.com\/wp-content\/uploads\/2016\/02\/Segretario-Generale.jpeg\",\"contentUrl\":\"https:\/\/www.carmelitaniscalzi.com\/wp-content\/uploads\/2016\/02\/Segretario-Generale.jpeg\",\"width\":600,\"height\":600},{\"@type\":\"BreadcrumbList\",\"@id\":\"https:\/\/www.carmelitaniscalzi.com\/pt-br\/curia-generalicia\/secretario-geral\/#breadcrumb\",\"itemListElement\":[{\"@type\":\"ListItem\",\"position\":1,\"name\":\"Home\",\"item\":\"https:\/\/www.carmelitaniscalzi.com\/pt-br\/\"},{\"@type\":\"ListItem\",\"position\":2,\"name\":\"C\u00faria General\u00edcia\",\"item\":\"https:\/\/www.carmelitaniscalzi.com\/pt-br\/curia-generalicia\/\"},{\"@type\":\"ListItem\",\"position\":3,\"name\":\"Secretario Geral\"}]},{\"@type\":\"WebSite\",\"@id\":\"https:\/\/www.carmelitaniscalzi.com\/#website\",\"url\":\"https:\/\/www.carmelitaniscalzi.com\/\",\"name\":\"CARMELITANI SCALZI - Curia Generale del Carmelo Teresiano\",\"description\":\"C\u00faria General\u00edcia do Carmelo Teresiano\",\"publisher\":{\"@id\":\"https:\/\/www.carmelitaniscalzi.com\/#organization\"},\"alternateName\":\"CARMELITANI SCALZI\",\"potentialAction\":[{\"@type\":\"SearchAction\",\"target\":{\"@type\":\"EntryPoint\",\"urlTemplate\":\"https:\/\/www.carmelitaniscalzi.com\/?s={search_term_string}\"},\"query-input\":{\"@type\":\"PropertyValueSpecification\",\"valueRequired\":true,\"valueName\":\"search_term_string\"}}],\"inLanguage\":\"pt-BR\"},{\"@type\":\"Organization\",\"@id\":\"https:\/\/www.carmelitaniscalzi.com\/#organization\",\"name\":\"CARMELITANI SCALZI - Curia Generale del Carmelo Teresiano\",\"url\":\"https:\/\/www.carmelitaniscalzi.com\/\",\"logo\":{\"@type\":\"ImageObject\",\"inLanguage\":\"pt-BR\",\"@id\":\"https:\/\/www.carmelitaniscalzi.com\/#\/schema\/logo\/image\/\",\"url\":\"https:\/\/www.carmelitaniscalzi.com\/wp-content\/uploads\/2025\/11\/login-logo.png\",\"contentUrl\":\"https:\/\/www.carmelitaniscalzi.com\/wp-content\/uploads\/2025\/11\/login-logo.png\",\"width\":256,\"height\":256,\"caption\":\"CARMELITANI SCALZI - Curia Generale del Carmelo Teresiano\"},\"image\":{\"@id\":\"https:\/\/www.carmelitaniscalzi.com\/#\/schema\/logo\/image\/\"},\"sameAs\":[\"https:\/\/www.facebook.com\/Curia-Generalizia-Carmelitani-Scalzi-658766940887784\/\",\"https:\/\/x.com\/ocdcuria\",\"https:\/\/www.youtube.com\/channel\/UC2J5ZL0ycOY0qBSTCLX_NGQ\/videos\",\"https:\/\/www.instagram.com\/ocdinform\/\"]}]}<\/script>\n<!-- \/ Yoast SEO plugin. -->","yoast_head_json":{"title":"Secretario Geral - CARMELITAS DESCAL\u00c7OS","robots":{"index":"index","follow":"follow","max-snippet":"max-snippet:-1","max-image-preview":"max-image-preview:large","max-video-preview":"max-video-preview:-1"},"canonical":"https:\/\/www.carmelitaniscalzi.com\/pt-br\/curia-generalicia\/secretario-geral\/","og_locale":"pt_BR","og_type":"article","og_title":"Secretario Geral - CARMELITAS DESCAL\u00c7OS","og_description":"Biografia Nasceu em Mairano (Br\u00e9scia \u2013 It\u00e1lia) em 20 de agosto de 1961. Pertence \u00e0 Prov\u00edncia de Veneza, na qual emitiu sua primeira profiss\u00e3o em 12 de setembro de 1981 e a solene em 2 de mar\u00e7o de 1986. Foi ordenado sacerdote em 21 de setembro de 1986. Depois de licenciar-se em Ci\u00eancias B\u00edblicas no [&hellip;]","og_url":"https:\/\/www.carmelitaniscalzi.com\/pt-br\/curia-generalicia\/secretario-geral\/","og_site_name":"CARMELITAS DESCAL\u00c7OS","article_publisher":"https:\/\/www.facebook.com\/Curia-Generalizia-Carmelitani-Scalzi-658766940887784\/","article_modified_time":"2021-06-06T10:40:48+00:00","og_image":[{"width":600,"height":600,"url":"https:\/\/www.carmelitaniscalzi.com\/wp-content\/uploads\/2016\/02\/Segretario-Generale.jpeg","type":"image\/jpeg"}],"twitter_card":"summary_large_image","twitter_site":"@ocdcuria","twitter_misc":{"Est. tempo de leitura":"1 minuto"},"schema":{"@context":"https:\/\/schema.org","@graph":[{"@type":"WebPage","@id":"https:\/\/www.carmelitaniscalzi.com\/pt-br\/curia-generalicia\/secretario-geral\/","url":"https:\/\/www.carmelitaniscalzi.com\/pt-br\/curia-generalicia\/secretario-geral\/","name":"Secretario Geral - CARMELITAS DESCAL\u00c7OS","isPartOf":{"@id":"https:\/\/www.carmelitaniscalzi.com\/#website"},"primaryImageOfPage":{"@id":"https:\/\/www.carmelitaniscalzi.com\/pt-br\/curia-generalicia\/secretario-geral\/#primaryimage"},"image":{"@id":"https:\/\/www.carmelitaniscalzi.com\/pt-br\/curia-generalicia\/secretario-geral\/#primaryimage"},"thumbnailUrl":"https:\/\/www.carmelitaniscalzi.com\/wp-content\/uploads\/2016\/02\/Segretario-Generale.jpeg","datePublished":"2016-07-03T10:24:01+00:00","dateModified":"2021-06-06T10:40:48+00:00","breadcrumb":{"@id":"https:\/\/www.carmelitaniscalzi.com\/pt-br\/curia-generalicia\/secretario-geral\/#breadcrumb"},"inLanguage":"pt-BR","potentialAction":[{"@type":"ReadAction","target":["https:\/\/www.carmelitaniscalzi.com\/pt-br\/curia-generalicia\/secretario-geral\/"]}]},{"@type":"ImageObject","inLanguage":"pt-BR","@id":"https:\/\/www.carmelitaniscalzi.com\/pt-br\/curia-generalicia\/secretario-geral\/#primaryimage","url":"https:\/\/www.carmelitaniscalzi.com\/wp-content\/uploads\/2016\/02\/Segretario-Generale.jpeg","contentUrl":"https:\/\/www.carmelitaniscalzi.com\/wp-content\/uploads\/2016\/02\/Segretario-Generale.jpeg","width":600,"height":600},{"@type":"BreadcrumbList","@id":"https:\/\/www.carmelitaniscalzi.com\/pt-br\/curia-generalicia\/secretario-geral\/#breadcrumb","itemListElement":[{"@type":"ListItem","position":1,"name":"Home","item":"https:\/\/www.carmelitaniscalzi.com\/pt-br\/"},{"@type":"ListItem","position":2,"name":"C\u00faria General\u00edcia","item":"https:\/\/www.carmelitaniscalzi.com\/pt-br\/curia-generalicia\/"},{"@type":"ListItem","position":3,"name":"Secretario Geral"}]},{"@type":"WebSite","@id":"https:\/\/www.carmelitaniscalzi.com\/#website","url":"https:\/\/www.carmelitaniscalzi.com\/","name":"CARMELITANI SCALZI - Curia Generale del Carmelo Teresiano","description":"C\u00faria General\u00edcia do Carmelo Teresiano","publisher":{"@id":"https:\/\/www.carmelitaniscalzi.com\/#organization"},"alternateName":"CARMELITANI SCALZI","potentialAction":[{"@type":"SearchAction","target":{"@type":"EntryPoint","urlTemplate":"https:\/\/www.carmelitaniscalzi.com\/?s={search_term_string}"},"query-input":{"@type":"PropertyValueSpecification","valueRequired":true,"valueName":"search_term_string"}}],"inLanguage":"pt-BR"},{"@type":"Organization","@id":"https:\/\/www.carmelitaniscalzi.com\/#organization","name":"CARMELITANI SCALZI - Curia Generale del Carmelo Teresiano","url":"https:\/\/www.carmelitaniscalzi.com\/","logo":{"@type":"ImageObject","inLanguage":"pt-BR","@id":"https:\/\/www.carmelitaniscalzi.com\/#\/schema\/logo\/image\/","url":"https:\/\/www.carmelitaniscalzi.com\/wp-content\/uploads\/2025\/11\/login-logo.png","contentUrl":"https:\/\/www.carmelitaniscalzi.com\/wp-content\/uploads\/2025\/11\/login-logo.png","width":256,"height":256,"caption":"CARMELITANI SCALZI - Curia Generale del Carmelo Teresiano"},"image":{"@id":"https:\/\/www.carmelitaniscalzi.com\/#\/schema\/logo\/image\/"},"sameAs":["https:\/\/www.facebook.com\/Curia-Generalizia-Carmelitani-Scalzi-658766940887784\/","https:\/\/x.com\/ocdcuria","https:\/\/www.youtube.com\/channel\/UC2J5ZL0ycOY0qBSTCLX_NGQ\/videos","https:\/\/www.instagram.com\/ocdinform\/"]}]}},"_links":{"self":[{"href":"https:\/\/www.carmelitaniscalzi.com\/pt-br\/wp-json\/wp\/v2\/curia\/5855","targetHints":{"allow":["GET"]}}],"collection":[{"href":"https:\/\/www.carmelitaniscalzi.com\/pt-br\/wp-json\/wp\/v2\/curia"}],"about":[{"href":"https:\/\/www.carmelitaniscalzi.com\/pt-br\/wp-json\/wp\/v2\/types\/curia"}],"version-history":[{"count":0,"href":"https:\/\/www.carmelitaniscalzi.com\/pt-br\/wp-json\/wp\/v2\/curia\/5855\/revisions"}],"up":[{"embeddable":true,"href":"https:\/\/www.carmelitaniscalzi.com\/pt-br\/wp-json\/wp\/v2\/curia\/5834"}],"wp:featuredmedia":[{"embeddable":true,"href":"https:\/\/www.carmelitaniscalzi.com\/pt-br\/wp-json\/wp\/v2\/media\/52023"}],"wp:attachment":[{"href":"https:\/\/www.carmelitaniscalzi.com\/pt-br\/wp-json\/wp\/v2\/media?parent=5855"}],"wp:term":[{"taxonomy":"carica_cauria","embeddable":true,"href":"https:\/\/www.carmelitaniscalzi.com\/pt-br\/wp-json\/wp\/v2\/carica_cauria?post=5855"}],"curies":[{"name":"wp","href":"https:\/\/api.w.org\/{rel}","templated":true}]}}