{"id":5851,"date":"2016-07-03T12:16:38","date_gmt":"2016-07-03T10:16:38","guid":{"rendered":"https:\/\/www.carmelitaniscalzi.com\/pt-br\/?page_id=5851"},"modified":"2022-01-15T03:17:12","modified_gmt":"2022-01-15T02:17:12","slug":"vi-definidor","status":"publish","type":"curia","link":"https:\/\/www.carmelitaniscalzi.com\/pt-br\/curia-generalicia\/definidores\/vi-definidor\/","title":{"rendered":"VI Definidor \u2022 Da Prov\u00edncia do M\u00e9xico"},"content":{"rendered":"<h3><\/h3>\n<h3>Biografia<\/h3>\n<p>Nascido em Apatzing\u00e1n Michoac\u00e1n, no M\u00e9xico, a 29 de julho de 1966, entrou na Ordem dos Carmelitas a 1 de setembro de 1984 e fez os seus primeiros votos a 7 de agosto de 1986. Em 1988, obteve o seu bacharelato em filosofia no Semin\u00e1rio <em>Palafoxian<\/em> de Puebla. Em junho de 1992, obteve a Licenciatura em Teologia no <em>Colegio M\u00e1ximo de Cristo Rey<\/em> S.J. na Cidade do M\u00e9xico. A 7 de Agosto de 1991, fez a sua profiss\u00e3o solene na Igreja da Sabatina, na Cidade do M\u00e9xico. Foi ordenado di\u00e1cono em 1993 na igreja de San Torpe em Pisa, It\u00e1lia, e sacerdote em 20 de julho de 1994 em Guadalajara-Jalisco, M\u00e9xico. Continuou os seus estudos de outubro de 1993 a junho de 1996 no <em>Pontif\u00edcio Instituto B\u00edblico<\/em> em Roma, onde obteve uma licenciatura em Sagrada Escritura. Em junho de 2008, obteve o Mestrado em Misticismo no <em>CITeS<\/em> de \u00c1vila, e em dezembro de 2015 doutorou-se em Teologia na <em>Pontif\u00edcia Universidade de Comillas<\/em> (Espanha) com uma tese sobre \u201cAs ra\u00edzes b\u00edblicas do misticismo teresiano\u201d.<\/p>\n<p>&nbsp;<\/p>\n<h4>Servi\u00e7os exercidos na Ordem:<\/h4>\n<p>Forma\u00e7\u00e3o: Mestre de estudantes de teologia, 1997-1998; Mestre de novi\u00e7os, 1999-2001; Mestre de postulantes, 2003-2004.<\/p>\n<p>Governo: Conselheiro para a Forma\u00e7\u00e3o, 1999-2001 e 2001-2004; Prior do Convento de San Joaquin na Cidade do M\u00e9xico (M\u00e9xico), 2005-2007; Prior em Alba de Tormes (Espanha) 2009-2012; Prior do Convento de San Angel, 2015.<\/p>\n<p>Ensino: Curso de Introdu\u00e7\u00e3o \u00e0s Sagradas Escrituras; escritos paulinos no <em>Col\u00e9gio M\u00e1ximo de Cristo Rey<\/em> S.J. (CMCR); <em>Centro de Estudo dos Valores Humanos OCD<\/em> (CEVHAC); no <em>Instituto de Forma\u00e7\u00e3o Teol\u00f3gica Intercongregacional<\/em> do M\u00e9xico (IFTIM) e no <em>Instituto de Teologia OFM<\/em> (OFM). Foi vice-diretor do <em>CEVHAC<\/em>: 1996-1999, e depois diretor do <em>CEVHAC<\/em>: 2005-2007 e 2016-2021.<\/p>\n<p>&nbsp;<\/p>\n<h4>Escritos:<\/h4>\n<p>Escreveu v\u00e1rios livros para a Editorial Santa Teresa, no M\u00e9xico: &#8220;El\u00edas el que est\u00e1 de pie ante el rostro de Dios&#8221;, em 2004; &#8220;Sor Isabel disc\u00edpula de san Pablo&#8221;, em 2007. \u00c9 tamb\u00e9m autor de v\u00e1rios artigos: &#8220;La contemplaci\u00f3n en El\u00edas&#8221;, em <em>La Biblia libro de contemplaci\u00f3n<\/em>, Cites, \u00c1vila, 2010; e &#8220;Mar\u00eda en la Biblia&#8221;, na revista <em>Myriam<\/em> 2013.<\/p>\n<h3><\/h3>\n<p>&nbsp;<\/p>\n","protected":false},"featured_media":111573,"parent":5836,"menu_order":6,"template":"","format":"standard","meta":{"_acf_changed":false,"footnotes":""},"carica_cauria":[825],"class_list":["post-5851","curia","type-curia","status-publish","format-standard","has-post-thumbnail","hentry","carica_cauria-definidores"],"acf":[],"yoast_head":"<!-- This site is optimized with the Yoast SEO plugin v26.3 - https:\/\/yoast.com\/wordpress\/plugins\/seo\/ -->\n<title>VI Definidor \u2022 Da Prov\u00edncia do M\u00e9xico - CARMELITAS DESCAL\u00c7OS<\/title>\n<meta name=\"robots\" content=\"index, follow, max-snippet:-1, max-image-preview:large, max-video-preview:-1\" \/>\n<link rel=\"canonical\" href=\"https:\/\/www.carmelitaniscalzi.com\/pt-br\/curia-generalicia\/definidores\/vi-definidor\/\" \/>\n<meta property=\"og:locale\" content=\"pt_BR\" \/>\n<meta property=\"og:type\" content=\"article\" \/>\n<meta property=\"og:title\" content=\"VI Definidor \u2022 Da Prov\u00edncia do M\u00e9xico - CARMELITAS DESCAL\u00c7OS\" \/>\n<meta property=\"og:description\" content=\"Biografia Nascido em Apatzing\u00e1n Michoac\u00e1n, no M\u00e9xico, a 29 de julho de 1966, entrou na Ordem dos Carmelitas a 1 de setembro de 1984 e fez os seus primeiros votos a 7 de agosto de 1986. Em 1988, obteve o seu bacharelato em filosofia no Semin\u00e1rio Palafoxian de Puebla. Em junho de 1992, obteve a [&hellip;]\" \/>\n<meta property=\"og:url\" content=\"https:\/\/www.carmelitaniscalzi.com\/pt-br\/curia-generalicia\/definidores\/vi-definidor\/\" \/>\n<meta property=\"og:site_name\" content=\"CARMELITAS DESCAL\u00c7OS\" \/>\n<meta property=\"article:publisher\" content=\"https:\/\/www.facebook.com\/Curia-Generalizia-Carmelitani-Scalzi-658766940887784\/\" \/>\n<meta property=\"article:modified_time\" content=\"2022-01-15T02:17:12+00:00\" \/>\n<meta property=\"og:image\" content=\"https:\/\/www.carmelitaniscalzi.com\/wp-content\/uploads\/2022\/01\/martin_profile.jpg\" \/>\n\t<meta property=\"og:image:width\" content=\"600\" \/>\n\t<meta property=\"og:image:height\" content=\"600\" \/>\n\t<meta property=\"og:image:type\" content=\"image\/jpeg\" \/>\n<meta name=\"twitter:card\" content=\"summary_large_image\" \/>\n<meta name=\"twitter:site\" content=\"@ocdcuria\" \/>\n<meta name=\"twitter:label1\" content=\"Est. tempo de leitura\" \/>\n\t<meta name=\"twitter:data1\" content=\"1 minuto\" \/>\n<script type=\"application\/ld+json\" class=\"yoast-schema-graph\">{\"@context\":\"https:\/\/schema.org\",\"@graph\":[{\"@type\":\"WebPage\",\"@id\":\"https:\/\/www.carmelitaniscalzi.com\/pt-br\/curia-generalicia\/definidores\/vi-definidor\/\",\"url\":\"https:\/\/www.carmelitaniscalzi.com\/pt-br\/curia-generalicia\/definidores\/vi-definidor\/\",\"name\":\"VI Definidor \u2022 Da Prov\u00edncia do M\u00e9xico - CARMELITAS DESCAL\u00c7OS\",\"isPartOf\":{\"@id\":\"https:\/\/www.carmelitaniscalzi.com\/#website\"},\"primaryImageOfPage\":{\"@id\":\"https:\/\/www.carmelitaniscalzi.com\/pt-br\/curia-generalicia\/definidores\/vi-definidor\/#primaryimage\"},\"image\":{\"@id\":\"https:\/\/www.carmelitaniscalzi.com\/pt-br\/curia-generalicia\/definidores\/vi-definidor\/#primaryimage\"},\"thumbnailUrl\":\"https:\/\/www.carmelitaniscalzi.com\/wp-content\/uploads\/2022\/01\/martin_profile.jpg\",\"datePublished\":\"2016-07-03T10:16:38+00:00\",\"dateModified\":\"2022-01-15T02:17:12+00:00\",\"breadcrumb\":{\"@id\":\"https:\/\/www.carmelitaniscalzi.com\/pt-br\/curia-generalicia\/definidores\/vi-definidor\/#breadcrumb\"},\"inLanguage\":\"pt-BR\",\"potentialAction\":[{\"@type\":\"ReadAction\",\"target\":[\"https:\/\/www.carmelitaniscalzi.com\/pt-br\/curia-generalicia\/definidores\/vi-definidor\/\"]}]},{\"@type\":\"ImageObject\",\"inLanguage\":\"pt-BR\",\"@id\":\"https:\/\/www.carmelitaniscalzi.com\/pt-br\/curia-generalicia\/definidores\/vi-definidor\/#primaryimage\",\"url\":\"https:\/\/www.carmelitaniscalzi.com\/wp-content\/uploads\/2022\/01\/martin_profile.jpg\",\"contentUrl\":\"https:\/\/www.carmelitaniscalzi.com\/wp-content\/uploads\/2022\/01\/martin_profile.jpg\",\"width\":600,\"height\":600},{\"@type\":\"BreadcrumbList\",\"@id\":\"https:\/\/www.carmelitaniscalzi.com\/pt-br\/curia-generalicia\/definidores\/vi-definidor\/#breadcrumb\",\"itemListElement\":[{\"@type\":\"ListItem\",\"position\":1,\"name\":\"Home\",\"item\":\"https:\/\/www.carmelitaniscalzi.com\/pt-br\/\"},{\"@type\":\"ListItem\",\"position\":2,\"name\":\"C\u00faria General\u00edcia\",\"item\":\"https:\/\/www.carmelitaniscalzi.com\/pt-br\/curia-generalicia\/\"},{\"@type\":\"ListItem\",\"position\":3,\"name\":\"Definidores\",\"item\":\"https:\/\/www.carmelitaniscalzi.com\/pt-br\/curia-generalicia\/definidores\/\"},{\"@type\":\"ListItem\",\"position\":4,\"name\":\"VI Definidor \u2022 Da Prov\u00edncia do M\u00e9xico\"}]},{\"@type\":\"WebSite\",\"@id\":\"https:\/\/www.carmelitaniscalzi.com\/#website\",\"url\":\"https:\/\/www.carmelitaniscalzi.com\/\",\"name\":\"CARMELITANI SCALZI - Curia Generale del Carmelo Teresiano\",\"description\":\"C\u00faria General\u00edcia do Carmelo Teresiano\",\"publisher\":{\"@id\":\"https:\/\/www.carmelitaniscalzi.com\/#organization\"},\"alternateName\":\"CARMELITANI SCALZI\",\"potentialAction\":[{\"@type\":\"SearchAction\",\"target\":{\"@type\":\"EntryPoint\",\"urlTemplate\":\"https:\/\/www.carmelitaniscalzi.com\/?s={search_term_string}\"},\"query-input\":{\"@type\":\"PropertyValueSpecification\",\"valueRequired\":true,\"valueName\":\"search_term_string\"}}],\"inLanguage\":\"pt-BR\"},{\"@type\":\"Organization\",\"@id\":\"https:\/\/www.carmelitaniscalzi.com\/#organization\",\"name\":\"CARMELITANI SCALZI - Curia Generale del Carmelo Teresiano\",\"url\":\"https:\/\/www.carmelitaniscalzi.com\/\",\"logo\":{\"@type\":\"ImageObject\",\"inLanguage\":\"pt-BR\",\"@id\":\"https:\/\/www.carmelitaniscalzi.com\/#\/schema\/logo\/image\/\",\"url\":\"https:\/\/www.carmelitaniscalzi.com\/wp-content\/uploads\/2025\/11\/login-logo.png\",\"contentUrl\":\"https:\/\/www.carmelitaniscalzi.com\/wp-content\/uploads\/2025\/11\/login-logo.png\",\"width\":256,\"height\":256,\"caption\":\"CARMELITANI SCALZI - Curia Generale del Carmelo Teresiano\"},\"image\":{\"@id\":\"https:\/\/www.carmelitaniscalzi.com\/#\/schema\/logo\/image\/\"},\"sameAs\":[\"https:\/\/www.facebook.com\/Curia-Generalizia-Carmelitani-Scalzi-658766940887784\/\",\"https:\/\/x.com\/ocdcuria\",\"https:\/\/www.youtube.com\/channel\/UC2J5ZL0ycOY0qBSTCLX_NGQ\/videos\",\"https:\/\/www.instagram.com\/ocdinform\/\"]}]}<\/script>\n<!-- \/ Yoast SEO plugin. -->","yoast_head_json":{"title":"VI Definidor \u2022 Da Prov\u00edncia do M\u00e9xico - CARMELITAS DESCAL\u00c7OS","robots":{"index":"index","follow":"follow","max-snippet":"max-snippet:-1","max-image-preview":"max-image-preview:large","max-video-preview":"max-video-preview:-1"},"canonical":"https:\/\/www.carmelitaniscalzi.com\/pt-br\/curia-generalicia\/definidores\/vi-definidor\/","og_locale":"pt_BR","og_type":"article","og_title":"VI Definidor \u2022 Da Prov\u00edncia do M\u00e9xico - CARMELITAS DESCAL\u00c7OS","og_description":"Biografia Nascido em Apatzing\u00e1n Michoac\u00e1n, no M\u00e9xico, a 29 de julho de 1966, entrou na Ordem dos Carmelitas a 1 de setembro de 1984 e fez os seus primeiros votos a 7 de agosto de 1986. Em 1988, obteve o seu bacharelato em filosofia no Semin\u00e1rio Palafoxian de Puebla. Em junho de 1992, obteve a [&hellip;]","og_url":"https:\/\/www.carmelitaniscalzi.com\/pt-br\/curia-generalicia\/definidores\/vi-definidor\/","og_site_name":"CARMELITAS DESCAL\u00c7OS","article_publisher":"https:\/\/www.facebook.com\/Curia-Generalizia-Carmelitani-Scalzi-658766940887784\/","article_modified_time":"2022-01-15T02:17:12+00:00","og_image":[{"width":600,"height":600,"url":"https:\/\/www.carmelitaniscalzi.com\/wp-content\/uploads\/2022\/01\/martin_profile.jpg","type":"image\/jpeg"}],"twitter_card":"summary_large_image","twitter_site":"@ocdcuria","twitter_misc":{"Est. tempo de leitura":"1 minuto"},"schema":{"@context":"https:\/\/schema.org","@graph":[{"@type":"WebPage","@id":"https:\/\/www.carmelitaniscalzi.com\/pt-br\/curia-generalicia\/definidores\/vi-definidor\/","url":"https:\/\/www.carmelitaniscalzi.com\/pt-br\/curia-generalicia\/definidores\/vi-definidor\/","name":"VI Definidor \u2022 Da Prov\u00edncia do M\u00e9xico - CARMELITAS DESCAL\u00c7OS","isPartOf":{"@id":"https:\/\/www.carmelitaniscalzi.com\/#website"},"primaryImageOfPage":{"@id":"https:\/\/www.carmelitaniscalzi.com\/pt-br\/curia-generalicia\/definidores\/vi-definidor\/#primaryimage"},"image":{"@id":"https:\/\/www.carmelitaniscalzi.com\/pt-br\/curia-generalicia\/definidores\/vi-definidor\/#primaryimage"},"thumbnailUrl":"https:\/\/www.carmelitaniscalzi.com\/wp-content\/uploads\/2022\/01\/martin_profile.jpg","datePublished":"2016-07-03T10:16:38+00:00","dateModified":"2022-01-15T02:17:12+00:00","breadcrumb":{"@id":"https:\/\/www.carmelitaniscalzi.com\/pt-br\/curia-generalicia\/definidores\/vi-definidor\/#breadcrumb"},"inLanguage":"pt-BR","potentialAction":[{"@type":"ReadAction","target":["https:\/\/www.carmelitaniscalzi.com\/pt-br\/curia-generalicia\/definidores\/vi-definidor\/"]}]},{"@type":"ImageObject","inLanguage":"pt-BR","@id":"https:\/\/www.carmelitaniscalzi.com\/pt-br\/curia-generalicia\/definidores\/vi-definidor\/#primaryimage","url":"https:\/\/www.carmelitaniscalzi.com\/wp-content\/uploads\/2022\/01\/martin_profile.jpg","contentUrl":"https:\/\/www.carmelitaniscalzi.com\/wp-content\/uploads\/2022\/01\/martin_profile.jpg","width":600,"height":600},{"@type":"BreadcrumbList","@id":"https:\/\/www.carmelitaniscalzi.com\/pt-br\/curia-generalicia\/definidores\/vi-definidor\/#breadcrumb","itemListElement":[{"@type":"ListItem","position":1,"name":"Home","item":"https:\/\/www.carmelitaniscalzi.com\/pt-br\/"},{"@type":"ListItem","position":2,"name":"C\u00faria General\u00edcia","item":"https:\/\/www.carmelitaniscalzi.com\/pt-br\/curia-generalicia\/"},{"@type":"ListItem","position":3,"name":"Definidores","item":"https:\/\/www.carmelitaniscalzi.com\/pt-br\/curia-generalicia\/definidores\/"},{"@type":"ListItem","position":4,"name":"VI Definidor \u2022 Da Prov\u00edncia do M\u00e9xico"}]},{"@type":"WebSite","@id":"https:\/\/www.carmelitaniscalzi.com\/#website","url":"https:\/\/www.carmelitaniscalzi.com\/","name":"CARMELITANI SCALZI - Curia Generale del Carmelo Teresiano","description":"C\u00faria General\u00edcia do Carmelo Teresiano","publisher":{"@id":"https:\/\/www.carmelitaniscalzi.com\/#organization"},"alternateName":"CARMELITANI SCALZI","potentialAction":[{"@type":"SearchAction","target":{"@type":"EntryPoint","urlTemplate":"https:\/\/www.carmelitaniscalzi.com\/?s={search_term_string}"},"query-input":{"@type":"PropertyValueSpecification","valueRequired":true,"valueName":"search_term_string"}}],"inLanguage":"pt-BR"},{"@type":"Organization","@id":"https:\/\/www.carmelitaniscalzi.com\/#organization","name":"CARMELITANI SCALZI - Curia Generale del Carmelo Teresiano","url":"https:\/\/www.carmelitaniscalzi.com\/","logo":{"@type":"ImageObject","inLanguage":"pt-BR","@id":"https:\/\/www.carmelitaniscalzi.com\/#\/schema\/logo\/image\/","url":"https:\/\/www.carmelitaniscalzi.com\/wp-content\/uploads\/2025\/11\/login-logo.png","contentUrl":"https:\/\/www.carmelitaniscalzi.com\/wp-content\/uploads\/2025\/11\/login-logo.png","width":256,"height":256,"caption":"CARMELITANI SCALZI - Curia Generale del Carmelo Teresiano"},"image":{"@id":"https:\/\/www.carmelitaniscalzi.com\/#\/schema\/logo\/image\/"},"sameAs":["https:\/\/www.facebook.com\/Curia-Generalizia-Carmelitani-Scalzi-658766940887784\/","https:\/\/x.com\/ocdcuria","https:\/\/www.youtube.com\/channel\/UC2J5ZL0ycOY0qBSTCLX_NGQ\/videos","https:\/\/www.instagram.com\/ocdinform\/"]}]}},"_links":{"self":[{"href":"https:\/\/www.carmelitaniscalzi.com\/pt-br\/wp-json\/wp\/v2\/curia\/5851","targetHints":{"allow":["GET"]}}],"collection":[{"href":"https:\/\/www.carmelitaniscalzi.com\/pt-br\/wp-json\/wp\/v2\/curia"}],"about":[{"href":"https:\/\/www.carmelitaniscalzi.com\/pt-br\/wp-json\/wp\/v2\/types\/curia"}],"version-history":[{"count":4,"href":"https:\/\/www.carmelitaniscalzi.com\/pt-br\/wp-json\/wp\/v2\/curia\/5851\/revisions"}],"predecessor-version":[{"id":111668,"href":"https:\/\/www.carmelitaniscalzi.com\/pt-br\/wp-json\/wp\/v2\/curia\/5851\/revisions\/111668"}],"up":[{"embeddable":true,"href":"https:\/\/www.carmelitaniscalzi.com\/pt-br\/wp-json\/wp\/v2\/curia\/5836"}],"wp:featuredmedia":[{"embeddable":true,"href":"https:\/\/www.carmelitaniscalzi.com\/pt-br\/wp-json\/wp\/v2\/media\/111573"}],"wp:attachment":[{"href":"https:\/\/www.carmelitaniscalzi.com\/pt-br\/wp-json\/wp\/v2\/media?parent=5851"}],"wp:term":[{"taxonomy":"carica_cauria","embeddable":true,"href":"https:\/\/www.carmelitaniscalzi.com\/pt-br\/wp-json\/wp\/v2\/carica_cauria?post=5851"}],"curies":[{"name":"wp","href":"https:\/\/api.w.org\/{rel}","templated":true}]}}