{"id":5849,"date":"2016-07-03T12:11:20","date_gmt":"2016-07-03T10:11:20","guid":{"rendered":"https:\/\/www.carmelitaniscalzi.com\/pt-br\/?page_id=5849"},"modified":"2022-01-15T03:03:22","modified_gmt":"2022-01-15T02:03:22","slug":"v-definidor","status":"publish","type":"curia","link":"https:\/\/www.carmelitaniscalzi.com\/pt-br\/curia-generalicia\/definidores\/v-definidor\/","title":{"rendered":"V Definidor \u2022 Do Comissariado da Indon\u00e9sia."},"content":{"rendered":"<h3><\/h3>\n<h3>Biografia<\/h3>\n<p>Nasceu em Flores, na Indon\u00e9sia, a 27 de mar\u00e7o de 1968. Depois de frequentar o Semin\u00e1rio Menor de S. Jo\u00e3o Berchmans em Flores (1985-1989), entrou no noviciado do Comissariado da Indon\u00e9sia a 13 de novembro de 1991. Fez a sua profiss\u00e3o simples em Bjawa-Flores a 14 de novembro de 1992 e a sua profiss\u00e3o solene a 14 de novembro de 1997 em Kupang-Timor. Foi ordenado sacerdote a 5 de Setembro de 1999 em Bajawa.<\/p>\n<p>&nbsp;<\/p>\n<h3>Forma\u00e7\u00e3o<\/h3>\n<p>Estudou de 1985 a 1989 no Semin\u00e1rio Menor de S\u00e3o Jo\u00e3o Berchmans, em Bajawa-Flores, Indon\u00e9sia. Estudou Filosofia e Teologia (1993-1999) na Universidade Cat\u00f3lica de Kupang, Indon\u00e9sia, e depois frequentou o curso de Espiritualidade (2003-2004) no CITeS (\u00c1vila). Licenciou-se em Espiritualidade (2005) na Facultad de Teologia del Norte de Espa\u00f1a, em Vitoria-Gasteiz, e doutorou-se em Espiritualidade (2019) na Facultad de Teologia del Norte de Espa\u00f1a, em Burgos.<\/p>\n<p>&nbsp;<\/p>\n<h3>Experi\u00eancia Pastoral<\/h3>\n<p>Assistente do Mestre de Estudantes de Filosofia em Kupang (1999-2002); Professor na Faculdade de Filosofia e Teologia da Universidade Cat\u00f3lica de Kupang, Indon\u00e9sia, (2006-2014) onde ensinou Filosofia Oriental, Hist\u00f3ria da Igreja e Hist\u00f3ria da Igreja na Indon\u00e9sia; Superior da casa de forma\u00e7\u00e3o para estudantes de filosofia, em Kupang, Indon\u00e9sia (2006-2008); Delegado Provincial da Indon\u00e9sia (2008-2011); Conselheiro do Conselho e Superior da casa de forma\u00e7\u00e3o para estudantes de teologia, em Yogyakarta, Indon\u00e9sia (2011-2014). Era conventual da Casa do Noviciado em Bajawa, Flores, de 2020 at\u00e9 \u00e0 sua elei\u00e7\u00e3o como Definidor em Setembro de 2021.<\/p>\n","protected":false},"featured_media":111561,"parent":5836,"menu_order":5,"template":"","format":"standard","meta":{"_acf_changed":false,"footnotes":""},"carica_cauria":[825],"class_list":["post-5849","curia","type-curia","status-publish","format-standard","has-post-thumbnail","hentry","carica_cauria-definidores"],"acf":[],"yoast_head":"<!-- This site is optimized with the Yoast SEO plugin v26.3 - https:\/\/yoast.com\/wordpress\/plugins\/seo\/ -->\n<title>V Definidor \u2022 Do Comissariado da Indon\u00e9sia. - CARMELITAS DESCAL\u00c7OS<\/title>\n<meta name=\"robots\" content=\"index, follow, max-snippet:-1, max-image-preview:large, max-video-preview:-1\" \/>\n<link rel=\"canonical\" href=\"https:\/\/www.carmelitaniscalzi.com\/pt-br\/curia-generalicia\/definidores\/v-definidor\/\" \/>\n<meta property=\"og:locale\" content=\"pt_BR\" \/>\n<meta property=\"og:type\" content=\"article\" \/>\n<meta property=\"og:title\" content=\"V Definidor \u2022 Do Comissariado da Indon\u00e9sia. - CARMELITAS DESCAL\u00c7OS\" \/>\n<meta property=\"og:description\" content=\"Biografia Nasceu em Flores, na Indon\u00e9sia, a 27 de mar\u00e7o de 1968. Depois de frequentar o Semin\u00e1rio Menor de S. Jo\u00e3o Berchmans em Flores (1985-1989), entrou no noviciado do Comissariado da Indon\u00e9sia a 13 de novembro de 1991. Fez a sua profiss\u00e3o simples em Bjawa-Flores a 14 de novembro de 1992 e a sua profiss\u00e3o [&hellip;]\" \/>\n<meta property=\"og:url\" content=\"https:\/\/www.carmelitaniscalzi.com\/pt-br\/curia-generalicia\/definidores\/v-definidor\/\" \/>\n<meta property=\"og:site_name\" content=\"CARMELITAS DESCAL\u00c7OS\" \/>\n<meta property=\"article:publisher\" content=\"https:\/\/www.facebook.com\/Curia-Generalizia-Carmelitani-Scalzi-658766940887784\/\" \/>\n<meta property=\"article:modified_time\" content=\"2022-01-15T02:03:22+00:00\" \/>\n<meta property=\"og:image\" content=\"https:\/\/www.carmelitaniscalzi.com\/wp-content\/uploads\/2022\/01\/christianus_profile.jpg\" \/>\n\t<meta property=\"og:image:width\" content=\"600\" \/>\n\t<meta property=\"og:image:height\" content=\"600\" \/>\n\t<meta property=\"og:image:type\" content=\"image\/jpeg\" \/>\n<meta name=\"twitter:card\" content=\"summary_large_image\" \/>\n<meta name=\"twitter:site\" content=\"@ocdcuria\" \/>\n<meta name=\"twitter:label1\" content=\"Est. tempo de leitura\" \/>\n\t<meta name=\"twitter:data1\" content=\"1 minuto\" \/>\n<script type=\"application\/ld+json\" class=\"yoast-schema-graph\">{\"@context\":\"https:\/\/schema.org\",\"@graph\":[{\"@type\":\"WebPage\",\"@id\":\"https:\/\/www.carmelitaniscalzi.com\/pt-br\/curia-generalicia\/definidores\/v-definidor\/\",\"url\":\"https:\/\/www.carmelitaniscalzi.com\/pt-br\/curia-generalicia\/definidores\/v-definidor\/\",\"name\":\"V Definidor \u2022 Do Comissariado da Indon\u00e9sia. - CARMELITAS DESCAL\u00c7OS\",\"isPartOf\":{\"@id\":\"https:\/\/www.carmelitaniscalzi.com\/#website\"},\"primaryImageOfPage\":{\"@id\":\"https:\/\/www.carmelitaniscalzi.com\/pt-br\/curia-generalicia\/definidores\/v-definidor\/#primaryimage\"},\"image\":{\"@id\":\"https:\/\/www.carmelitaniscalzi.com\/pt-br\/curia-generalicia\/definidores\/v-definidor\/#primaryimage\"},\"thumbnailUrl\":\"https:\/\/www.carmelitaniscalzi.com\/wp-content\/uploads\/2022\/01\/christianus_profile.jpg\",\"datePublished\":\"2016-07-03T10:11:20+00:00\",\"dateModified\":\"2022-01-15T02:03:22+00:00\",\"breadcrumb\":{\"@id\":\"https:\/\/www.carmelitaniscalzi.com\/pt-br\/curia-generalicia\/definidores\/v-definidor\/#breadcrumb\"},\"inLanguage\":\"pt-BR\",\"potentialAction\":[{\"@type\":\"ReadAction\",\"target\":[\"https:\/\/www.carmelitaniscalzi.com\/pt-br\/curia-generalicia\/definidores\/v-definidor\/\"]}]},{\"@type\":\"ImageObject\",\"inLanguage\":\"pt-BR\",\"@id\":\"https:\/\/www.carmelitaniscalzi.com\/pt-br\/curia-generalicia\/definidores\/v-definidor\/#primaryimage\",\"url\":\"https:\/\/www.carmelitaniscalzi.com\/wp-content\/uploads\/2022\/01\/christianus_profile.jpg\",\"contentUrl\":\"https:\/\/www.carmelitaniscalzi.com\/wp-content\/uploads\/2022\/01\/christianus_profile.jpg\",\"width\":600,\"height\":600},{\"@type\":\"BreadcrumbList\",\"@id\":\"https:\/\/www.carmelitaniscalzi.com\/pt-br\/curia-generalicia\/definidores\/v-definidor\/#breadcrumb\",\"itemListElement\":[{\"@type\":\"ListItem\",\"position\":1,\"name\":\"Home\",\"item\":\"https:\/\/www.carmelitaniscalzi.com\/pt-br\/\"},{\"@type\":\"ListItem\",\"position\":2,\"name\":\"C\u00faria General\u00edcia\",\"item\":\"https:\/\/www.carmelitaniscalzi.com\/pt-br\/curia-generalicia\/\"},{\"@type\":\"ListItem\",\"position\":3,\"name\":\"Definidores\",\"item\":\"https:\/\/www.carmelitaniscalzi.com\/pt-br\/curia-generalicia\/definidores\/\"},{\"@type\":\"ListItem\",\"position\":4,\"name\":\"V Definidor \u2022 Do Comissariado da Indon\u00e9sia.\"}]},{\"@type\":\"WebSite\",\"@id\":\"https:\/\/www.carmelitaniscalzi.com\/#website\",\"url\":\"https:\/\/www.carmelitaniscalzi.com\/\",\"name\":\"CARMELITANI SCALZI - Curia Generale del Carmelo Teresiano\",\"description\":\"C\u00faria General\u00edcia do Carmelo Teresiano\",\"publisher\":{\"@id\":\"https:\/\/www.carmelitaniscalzi.com\/#organization\"},\"alternateName\":\"CARMELITANI SCALZI\",\"potentialAction\":[{\"@type\":\"SearchAction\",\"target\":{\"@type\":\"EntryPoint\",\"urlTemplate\":\"https:\/\/www.carmelitaniscalzi.com\/?s={search_term_string}\"},\"query-input\":{\"@type\":\"PropertyValueSpecification\",\"valueRequired\":true,\"valueName\":\"search_term_string\"}}],\"inLanguage\":\"pt-BR\"},{\"@type\":\"Organization\",\"@id\":\"https:\/\/www.carmelitaniscalzi.com\/#organization\",\"name\":\"CARMELITANI SCALZI - Curia Generale del Carmelo Teresiano\",\"url\":\"https:\/\/www.carmelitaniscalzi.com\/\",\"logo\":{\"@type\":\"ImageObject\",\"inLanguage\":\"pt-BR\",\"@id\":\"https:\/\/www.carmelitaniscalzi.com\/#\/schema\/logo\/image\/\",\"url\":\"https:\/\/www.carmelitaniscalzi.com\/wp-content\/uploads\/2025\/11\/login-logo.png\",\"contentUrl\":\"https:\/\/www.carmelitaniscalzi.com\/wp-content\/uploads\/2025\/11\/login-logo.png\",\"width\":256,\"height\":256,\"caption\":\"CARMELITANI SCALZI - Curia Generale del Carmelo Teresiano\"},\"image\":{\"@id\":\"https:\/\/www.carmelitaniscalzi.com\/#\/schema\/logo\/image\/\"},\"sameAs\":[\"https:\/\/www.facebook.com\/Curia-Generalizia-Carmelitani-Scalzi-658766940887784\/\",\"https:\/\/x.com\/ocdcuria\",\"https:\/\/www.youtube.com\/channel\/UC2J5ZL0ycOY0qBSTCLX_NGQ\/videos\",\"https:\/\/www.instagram.com\/ocdinform\/\"]}]}<\/script>\n<!-- \/ Yoast SEO plugin. -->","yoast_head_json":{"title":"V Definidor \u2022 Do Comissariado da Indon\u00e9sia. - CARMELITAS DESCAL\u00c7OS","robots":{"index":"index","follow":"follow","max-snippet":"max-snippet:-1","max-image-preview":"max-image-preview:large","max-video-preview":"max-video-preview:-1"},"canonical":"https:\/\/www.carmelitaniscalzi.com\/pt-br\/curia-generalicia\/definidores\/v-definidor\/","og_locale":"pt_BR","og_type":"article","og_title":"V Definidor \u2022 Do Comissariado da Indon\u00e9sia. - CARMELITAS DESCAL\u00c7OS","og_description":"Biografia Nasceu em Flores, na Indon\u00e9sia, a 27 de mar\u00e7o de 1968. Depois de frequentar o Semin\u00e1rio Menor de S. Jo\u00e3o Berchmans em Flores (1985-1989), entrou no noviciado do Comissariado da Indon\u00e9sia a 13 de novembro de 1991. Fez a sua profiss\u00e3o simples em Bjawa-Flores a 14 de novembro de 1992 e a sua profiss\u00e3o [&hellip;]","og_url":"https:\/\/www.carmelitaniscalzi.com\/pt-br\/curia-generalicia\/definidores\/v-definidor\/","og_site_name":"CARMELITAS DESCAL\u00c7OS","article_publisher":"https:\/\/www.facebook.com\/Curia-Generalizia-Carmelitani-Scalzi-658766940887784\/","article_modified_time":"2022-01-15T02:03:22+00:00","og_image":[{"width":600,"height":600,"url":"https:\/\/www.carmelitaniscalzi.com\/wp-content\/uploads\/2022\/01\/christianus_profile.jpg","type":"image\/jpeg"}],"twitter_card":"summary_large_image","twitter_site":"@ocdcuria","twitter_misc":{"Est. tempo de leitura":"1 minuto"},"schema":{"@context":"https:\/\/schema.org","@graph":[{"@type":"WebPage","@id":"https:\/\/www.carmelitaniscalzi.com\/pt-br\/curia-generalicia\/definidores\/v-definidor\/","url":"https:\/\/www.carmelitaniscalzi.com\/pt-br\/curia-generalicia\/definidores\/v-definidor\/","name":"V Definidor \u2022 Do Comissariado da Indon\u00e9sia. - CARMELITAS DESCAL\u00c7OS","isPartOf":{"@id":"https:\/\/www.carmelitaniscalzi.com\/#website"},"primaryImageOfPage":{"@id":"https:\/\/www.carmelitaniscalzi.com\/pt-br\/curia-generalicia\/definidores\/v-definidor\/#primaryimage"},"image":{"@id":"https:\/\/www.carmelitaniscalzi.com\/pt-br\/curia-generalicia\/definidores\/v-definidor\/#primaryimage"},"thumbnailUrl":"https:\/\/www.carmelitaniscalzi.com\/wp-content\/uploads\/2022\/01\/christianus_profile.jpg","datePublished":"2016-07-03T10:11:20+00:00","dateModified":"2022-01-15T02:03:22+00:00","breadcrumb":{"@id":"https:\/\/www.carmelitaniscalzi.com\/pt-br\/curia-generalicia\/definidores\/v-definidor\/#breadcrumb"},"inLanguage":"pt-BR","potentialAction":[{"@type":"ReadAction","target":["https:\/\/www.carmelitaniscalzi.com\/pt-br\/curia-generalicia\/definidores\/v-definidor\/"]}]},{"@type":"ImageObject","inLanguage":"pt-BR","@id":"https:\/\/www.carmelitaniscalzi.com\/pt-br\/curia-generalicia\/definidores\/v-definidor\/#primaryimage","url":"https:\/\/www.carmelitaniscalzi.com\/wp-content\/uploads\/2022\/01\/christianus_profile.jpg","contentUrl":"https:\/\/www.carmelitaniscalzi.com\/wp-content\/uploads\/2022\/01\/christianus_profile.jpg","width":600,"height":600},{"@type":"BreadcrumbList","@id":"https:\/\/www.carmelitaniscalzi.com\/pt-br\/curia-generalicia\/definidores\/v-definidor\/#breadcrumb","itemListElement":[{"@type":"ListItem","position":1,"name":"Home","item":"https:\/\/www.carmelitaniscalzi.com\/pt-br\/"},{"@type":"ListItem","position":2,"name":"C\u00faria General\u00edcia","item":"https:\/\/www.carmelitaniscalzi.com\/pt-br\/curia-generalicia\/"},{"@type":"ListItem","position":3,"name":"Definidores","item":"https:\/\/www.carmelitaniscalzi.com\/pt-br\/curia-generalicia\/definidores\/"},{"@type":"ListItem","position":4,"name":"V Definidor \u2022 Do Comissariado da Indon\u00e9sia."}]},{"@type":"WebSite","@id":"https:\/\/www.carmelitaniscalzi.com\/#website","url":"https:\/\/www.carmelitaniscalzi.com\/","name":"CARMELITANI SCALZI - Curia Generale del Carmelo Teresiano","description":"C\u00faria General\u00edcia do Carmelo Teresiano","publisher":{"@id":"https:\/\/www.carmelitaniscalzi.com\/#organization"},"alternateName":"CARMELITANI SCALZI","potentialAction":[{"@type":"SearchAction","target":{"@type":"EntryPoint","urlTemplate":"https:\/\/www.carmelitaniscalzi.com\/?s={search_term_string}"},"query-input":{"@type":"PropertyValueSpecification","valueRequired":true,"valueName":"search_term_string"}}],"inLanguage":"pt-BR"},{"@type":"Organization","@id":"https:\/\/www.carmelitaniscalzi.com\/#organization","name":"CARMELITANI SCALZI - Curia Generale del Carmelo Teresiano","url":"https:\/\/www.carmelitaniscalzi.com\/","logo":{"@type":"ImageObject","inLanguage":"pt-BR","@id":"https:\/\/www.carmelitaniscalzi.com\/#\/schema\/logo\/image\/","url":"https:\/\/www.carmelitaniscalzi.com\/wp-content\/uploads\/2025\/11\/login-logo.png","contentUrl":"https:\/\/www.carmelitaniscalzi.com\/wp-content\/uploads\/2025\/11\/login-logo.png","width":256,"height":256,"caption":"CARMELITANI SCALZI - Curia Generale del Carmelo Teresiano"},"image":{"@id":"https:\/\/www.carmelitaniscalzi.com\/#\/schema\/logo\/image\/"},"sameAs":["https:\/\/www.facebook.com\/Curia-Generalizia-Carmelitani-Scalzi-658766940887784\/","https:\/\/x.com\/ocdcuria","https:\/\/www.youtube.com\/channel\/UC2J5ZL0ycOY0qBSTCLX_NGQ\/videos","https:\/\/www.instagram.com\/ocdinform\/"]}]}},"_links":{"self":[{"href":"https:\/\/www.carmelitaniscalzi.com\/pt-br\/wp-json\/wp\/v2\/curia\/5849","targetHints":{"allow":["GET"]}}],"collection":[{"href":"https:\/\/www.carmelitaniscalzi.com\/pt-br\/wp-json\/wp\/v2\/curia"}],"about":[{"href":"https:\/\/www.carmelitaniscalzi.com\/pt-br\/wp-json\/wp\/v2\/types\/curia"}],"version-history":[{"count":4,"href":"https:\/\/www.carmelitaniscalzi.com\/pt-br\/wp-json\/wp\/v2\/curia\/5849\/revisions"}],"predecessor-version":[{"id":111659,"href":"https:\/\/www.carmelitaniscalzi.com\/pt-br\/wp-json\/wp\/v2\/curia\/5849\/revisions\/111659"}],"up":[{"embeddable":true,"href":"https:\/\/www.carmelitaniscalzi.com\/pt-br\/wp-json\/wp\/v2\/curia\/5836"}],"wp:featuredmedia":[{"embeddable":true,"href":"https:\/\/www.carmelitaniscalzi.com\/pt-br\/wp-json\/wp\/v2\/media\/111561"}],"wp:attachment":[{"href":"https:\/\/www.carmelitaniscalzi.com\/pt-br\/wp-json\/wp\/v2\/media?parent=5849"}],"wp:term":[{"taxonomy":"carica_cauria","embeddable":true,"href":"https:\/\/www.carmelitaniscalzi.com\/pt-br\/wp-json\/wp\/v2\/carica_cauria?post=5849"}],"curies":[{"name":"wp","href":"https:\/\/api.w.org\/{rel}","templated":true}]}}