{"id":5693,"date":"2016-07-01T15:43:49","date_gmt":"2016-07-01T13:43:49","guid":{"rendered":"https:\/\/www.carmelitaniscalzi.com\/pt-br\/?page_id=5693"},"modified":"2021-06-03T21:34:56","modified_gmt":"2021-06-03T19:34:56","slug":"beato-francisco-palau","status":"publish","type":"chi_siamo","link":"https:\/\/www.carmelitaniscalzi.com\/pt-br\/quem-somos\/nossos-santos\/beato-francisco-palau\/","title":{"rendered":"Beato Francisco Palau"},"content":{"rendered":"<p><a href=\"https:\/\/www.carmelitaniscalzi.com\/wp-content\/uploads\/2016\/02\/beato_francisco_palau.jpg\"><img loading=\"lazy\" decoding=\"async\" class=\"alignleft size-medium wp-image-3484\" src=\"https:\/\/www.carmelitaniscalzi.com\/wp-content\/uploads\/2016\/02\/beato_francisco_palau-125x300.jpg\" alt=\"beato_francisco_palau\" width=\"125\" height=\"300\" srcset=\"https:\/\/www.carmelitaniscalzi.com\/wp-content\/uploads\/2016\/02\/beato_francisco_palau-125x300.jpg 125w, https:\/\/www.carmelitaniscalzi.com\/wp-content\/uploads\/2016\/02\/beato_francisco_palau-23x55.jpg 23w, https:\/\/www.carmelitaniscalzi.com\/wp-content\/uploads\/2016\/02\/beato_francisco_palau.jpg 237w\" sizes=\"auto, (max-width: 125px) 100vw, 125px\" \/><\/a><\/p>\n<p>O Beato Francisco Palau \u00e9 um carmelita espanhol nascido em Aytona em 1810 e falecido em Taragona em 1871. \u00c9 uma personagem t\u00edpica do s\u00e9culo XIX. O P. Alejo da Virgem do Carmo afirma que, entre as grandes figuras do s\u00e9culo XIX, sobretudo na Catalunha, e entre os ap\u00f3stolos da palavra crist\u00e3, ao lado do Vener\u00e1vel Claret, o P. Coll e o P. Planas, haveria de colocar-se o P. Palau, \u201cmais afligido, mais caluniado e menos conhecido hoje que todos eles\u201d.<\/p>\n<p>&nbsp;<\/p>\n<p>\u00c9 um homem insatisfeito com o esp\u00edrito da \u00e9poca, saudoso do mundo que tinha ca\u00eddo sucumbido aos processos revolucion\u00e1rios, e sempre esperando o surgir de uma nova sociedade na qual poder ver realizadas as suas esperan\u00e7as.<\/p>\n<p>&nbsp;<\/p>\n<p>Descobre a sua voca\u00e7\u00e3o paulatinamente. Reconhece que o seu lugar est\u00e1 no claustro e, quando as circunst\u00e2ncias o expulsem dele, reafirmar\u00e1 a sua voca\u00e7\u00e3o de religioso e carmelita, \u00e0 qual permanece fiel diante de press\u00f5es, proibi\u00e7\u00f5es, pris\u00f5es e desterros, e j\u00e1 que nele a \u201cchama do amor\u201d era mais forte que todas as dificuldades que surgiam resolveu &#8220;viver solit\u00e1rio nos desertos, dentro do seio dos montes\u201d.<\/p>\n<p>&nbsp;<\/p>\n<p>O amor \u00e0 Igreja \u00e9 a sua grande paix\u00e3o. A Igreja revelou-se como uma realidade que supera a estrutura. Francisco compreendeu-a como comunh\u00e3o de amor entre Deus e o pr\u00f3ximo. Com a descoberta deste mist\u00e9rio, pelo ano de 1860, encontrou o sentido definitivo da sua vida, uma vida gasta ao servi\u00e7o da Igreja.<\/p>\n<p>&nbsp;<\/p>\n<p>Francisco Palau, solit\u00e1rio por voca\u00e7\u00e3o, sente-se um ap\u00f3stolo, um evangelizador, disposto a defender esta causa contra todos aqueles que tentam encaixilhar e silenciar Deus. Evangelizar, para ele, inclui toda a atividade, a prega\u00e7\u00e3o, o ensino, a catequese, a benefic\u00eancia, o exerc\u00edcio do jornalismo, a propaganda e a den\u00fancia, enfim, tudo o que ajudasse a cristianizar o ambiente cada vez mais afastado dos princ\u00edpios religiosos que, para ele, s\u00e3o a base sobre a qual se deve levantar o edif\u00edcio social.<\/p>\n<p>&nbsp;<\/p>\n<p>Esta paix\u00e3o manifesta-se no ensino da doutrina crist\u00e3 mas inclui tamb\u00e9m a aten\u00e7\u00e3o aos necessitados, aos doentes, e entre eles aos \u201cloucos\u201d, aos dementes, que \u00e0s vezes apareciam como afastados da m\u00e3o de Deus. Francisco, que desde jovem sentiu que a solid\u00e3o e a contempla\u00e7\u00e3o \u2013 a voca\u00e7\u00e3o de Maria &#8211; era o \u00e2mbito natural para o desenvolvimento da sua voca\u00e7\u00e3o, recomenda \u00e0s suas filhas a voca\u00e7\u00e3o de Marta.<\/p>\n<p>&nbsp;<\/p>\n<p>&nbsp;<\/p>\n<p>Este \u00e9 o P. Palau, um carmelita descal\u00e7o que ao ser expulso do convento descobriu a sua voca\u00e7\u00e3o de eremita solit\u00e1rio que, encontrando-se satisfeito nas covas e solid\u00f5es das montanhas, soube estar entre as pessoas como pregador, reformador dos costumes, catequista, animador de grupos e comunidades que se formavam \u00e0 sua volta.<\/p>\n<p>&nbsp;<\/p>\n<p>Foi um mission\u00e1rio apost\u00f3lico. Fundou duas congrega\u00e7\u00f5es: as Carmelitas Mission\u00e1rias Teresianas e as Carmelitas Mission\u00e1rias.<\/p>\n<p>&nbsp;<\/p>\n<p>Escreveu obras de car\u00e1cter devocional e apolog\u00e9tico. Sobretudo e antes de tudo foi um buscador: andou sempre \u201cem busca do bom e do belo\u201d.<\/p>\n","protected":false},"featured_media":51457,"parent":5673,"menu_order":8,"template":"","format":"standard","meta":{"_acf_changed":false,"footnotes":""},"elemento_chi_siamo":[844],"class_list":["post-5693","chi_siamo","type-chi_siamo","status-publish","format-standard","has-post-thumbnail","hentry","elemento_chi_siamo-nossos-santos"],"acf":[],"yoast_head":"<!-- This site is optimized with the Yoast SEO plugin v26.3 - https:\/\/yoast.com\/wordpress\/plugins\/seo\/ -->\n<title>Beato Francisco Palau - CARMELITAS DESCAL\u00c7OS<\/title>\n<meta name=\"robots\" content=\"index, follow, max-snippet:-1, max-image-preview:large, max-video-preview:-1\" \/>\n<link rel=\"canonical\" href=\"https:\/\/www.carmelitaniscalzi.com\/pt-br\/quem-somos\/nossos-santos\/beato-francisco-palau\/\" \/>\n<meta property=\"og:locale\" content=\"pt_BR\" \/>\n<meta property=\"og:type\" content=\"article\" \/>\n<meta property=\"og:title\" content=\"Beato Francisco Palau - CARMELITAS DESCAL\u00c7OS\" \/>\n<meta property=\"og:description\" content=\"O Beato Francisco Palau \u00e9 um carmelita espanhol nascido em Aytona em 1810 e falecido em Taragona em 1871. \u00c9 uma personagem t\u00edpica do s\u00e9culo XIX. O P. Alejo da Virgem do Carmo afirma que, entre as grandes figuras do s\u00e9culo XIX, sobretudo na Catalunha, e entre os ap\u00f3stolos da palavra crist\u00e3, ao lado do [&hellip;]\" \/>\n<meta property=\"og:url\" content=\"https:\/\/www.carmelitaniscalzi.com\/pt-br\/quem-somos\/nossos-santos\/beato-francisco-palau\/\" \/>\n<meta property=\"og:site_name\" content=\"CARMELITAS DESCAL\u00c7OS\" \/>\n<meta property=\"article:publisher\" content=\"https:\/\/www.facebook.com\/Curia-Generalizia-Carmelitani-Scalzi-658766940887784\/\" \/>\n<meta property=\"article:modified_time\" content=\"2021-06-03T19:34:56+00:00\" \/>\n<meta property=\"og:image\" content=\"https:\/\/www.carmelitaniscalzi.com\/wp-content\/uploads\/2016\/02\/placeholder_profile.jpg\" \/>\n\t<meta property=\"og:image:width\" content=\"600\" \/>\n\t<meta property=\"og:image:height\" content=\"600\" \/>\n\t<meta property=\"og:image:type\" content=\"image\/jpeg\" \/>\n<meta name=\"twitter:card\" content=\"summary_large_image\" \/>\n<meta name=\"twitter:site\" content=\"@ocdcuria\" \/>\n<meta name=\"twitter:label1\" content=\"Est. tempo de leitura\" \/>\n\t<meta name=\"twitter:data1\" content=\"3 minutos\" \/>\n<script type=\"application\/ld+json\" class=\"yoast-schema-graph\">{\"@context\":\"https:\/\/schema.org\",\"@graph\":[{\"@type\":\"WebPage\",\"@id\":\"https:\/\/www.carmelitaniscalzi.com\/pt-br\/quem-somos\/nossos-santos\/beato-francisco-palau\/\",\"url\":\"https:\/\/www.carmelitaniscalzi.com\/pt-br\/quem-somos\/nossos-santos\/beato-francisco-palau\/\",\"name\":\"Beato Francisco Palau - CARMELITAS DESCAL\u00c7OS\",\"isPartOf\":{\"@id\":\"https:\/\/www.carmelitaniscalzi.com\/#website\"},\"primaryImageOfPage\":{\"@id\":\"https:\/\/www.carmelitaniscalzi.com\/pt-br\/quem-somos\/nossos-santos\/beato-francisco-palau\/#primaryimage\"},\"image\":{\"@id\":\"https:\/\/www.carmelitaniscalzi.com\/pt-br\/quem-somos\/nossos-santos\/beato-francisco-palau\/#primaryimage\"},\"thumbnailUrl\":\"https:\/\/www.carmelitaniscalzi.com\/wp-content\/uploads\/2016\/02\/placeholder_profile.jpg\",\"datePublished\":\"2016-07-01T13:43:49+00:00\",\"dateModified\":\"2021-06-03T19:34:56+00:00\",\"breadcrumb\":{\"@id\":\"https:\/\/www.carmelitaniscalzi.com\/pt-br\/quem-somos\/nossos-santos\/beato-francisco-palau\/#breadcrumb\"},\"inLanguage\":\"pt-BR\",\"potentialAction\":[{\"@type\":\"ReadAction\",\"target\":[\"https:\/\/www.carmelitaniscalzi.com\/pt-br\/quem-somos\/nossos-santos\/beato-francisco-palau\/\"]}]},{\"@type\":\"ImageObject\",\"inLanguage\":\"pt-BR\",\"@id\":\"https:\/\/www.carmelitaniscalzi.com\/pt-br\/quem-somos\/nossos-santos\/beato-francisco-palau\/#primaryimage\",\"url\":\"https:\/\/www.carmelitaniscalzi.com\/wp-content\/uploads\/2016\/02\/placeholder_profile.jpg\",\"contentUrl\":\"https:\/\/www.carmelitaniscalzi.com\/wp-content\/uploads\/2016\/02\/placeholder_profile.jpg\",\"width\":600,\"height\":600},{\"@type\":\"BreadcrumbList\",\"@id\":\"https:\/\/www.carmelitaniscalzi.com\/pt-br\/quem-somos\/nossos-santos\/beato-francisco-palau\/#breadcrumb\",\"itemListElement\":[{\"@type\":\"ListItem\",\"position\":1,\"name\":\"Home\",\"item\":\"https:\/\/www.carmelitaniscalzi.com\/pt-br\/\"},{\"@type\":\"ListItem\",\"position\":2,\"name\":\"Quem Somos\",\"item\":\"https:\/\/www.carmelitaniscalzi.com\/pt-br\/quem-somos\/\"},{\"@type\":\"ListItem\",\"position\":3,\"name\":\"Nossos Santos\",\"item\":\"https:\/\/www.carmelitaniscalzi.com\/pt-br\/quem-somos\/nossos-santos\/\"},{\"@type\":\"ListItem\",\"position\":4,\"name\":\"Beato Francisco Palau\"}]},{\"@type\":\"WebSite\",\"@id\":\"https:\/\/www.carmelitaniscalzi.com\/#website\",\"url\":\"https:\/\/www.carmelitaniscalzi.com\/\",\"name\":\"CARMELITANI SCALZI - Curia Generale del Carmelo Teresiano\",\"description\":\"C\u00faria General\u00edcia do Carmelo Teresiano\",\"publisher\":{\"@id\":\"https:\/\/www.carmelitaniscalzi.com\/#organization\"},\"alternateName\":\"CARMELITANI SCALZI\",\"potentialAction\":[{\"@type\":\"SearchAction\",\"target\":{\"@type\":\"EntryPoint\",\"urlTemplate\":\"https:\/\/www.carmelitaniscalzi.com\/?s={search_term_string}\"},\"query-input\":{\"@type\":\"PropertyValueSpecification\",\"valueRequired\":true,\"valueName\":\"search_term_string\"}}],\"inLanguage\":\"pt-BR\"},{\"@type\":\"Organization\",\"@id\":\"https:\/\/www.carmelitaniscalzi.com\/#organization\",\"name\":\"CARMELITANI SCALZI - Curia Generale del Carmelo Teresiano\",\"url\":\"https:\/\/www.carmelitaniscalzi.com\/\",\"logo\":{\"@type\":\"ImageObject\",\"inLanguage\":\"pt-BR\",\"@id\":\"https:\/\/www.carmelitaniscalzi.com\/#\/schema\/logo\/image\/\",\"url\":\"https:\/\/www.carmelitaniscalzi.com\/wp-content\/uploads\/2025\/11\/login-logo.png\",\"contentUrl\":\"https:\/\/www.carmelitaniscalzi.com\/wp-content\/uploads\/2025\/11\/login-logo.png\",\"width\":256,\"height\":256,\"caption\":\"CARMELITANI SCALZI - Curia Generale del Carmelo Teresiano\"},\"image\":{\"@id\":\"https:\/\/www.carmelitaniscalzi.com\/#\/schema\/logo\/image\/\"},\"sameAs\":[\"https:\/\/www.facebook.com\/Curia-Generalizia-Carmelitani-Scalzi-658766940887784\/\",\"https:\/\/x.com\/ocdcuria\",\"https:\/\/www.youtube.com\/channel\/UC2J5ZL0ycOY0qBSTCLX_NGQ\/videos\",\"https:\/\/www.instagram.com\/ocdinform\/\"]}]}<\/script>\n<!-- \/ Yoast SEO plugin. -->","yoast_head_json":{"title":"Beato Francisco Palau - CARMELITAS DESCAL\u00c7OS","robots":{"index":"index","follow":"follow","max-snippet":"max-snippet:-1","max-image-preview":"max-image-preview:large","max-video-preview":"max-video-preview:-1"},"canonical":"https:\/\/www.carmelitaniscalzi.com\/pt-br\/quem-somos\/nossos-santos\/beato-francisco-palau\/","og_locale":"pt_BR","og_type":"article","og_title":"Beato Francisco Palau - CARMELITAS DESCAL\u00c7OS","og_description":"O Beato Francisco Palau \u00e9 um carmelita espanhol nascido em Aytona em 1810 e falecido em Taragona em 1871. \u00c9 uma personagem t\u00edpica do s\u00e9culo XIX. O P. Alejo da Virgem do Carmo afirma que, entre as grandes figuras do s\u00e9culo XIX, sobretudo na Catalunha, e entre os ap\u00f3stolos da palavra crist\u00e3, ao lado do [&hellip;]","og_url":"https:\/\/www.carmelitaniscalzi.com\/pt-br\/quem-somos\/nossos-santos\/beato-francisco-palau\/","og_site_name":"CARMELITAS DESCAL\u00c7OS","article_publisher":"https:\/\/www.facebook.com\/Curia-Generalizia-Carmelitani-Scalzi-658766940887784\/","article_modified_time":"2021-06-03T19:34:56+00:00","og_image":[{"width":600,"height":600,"url":"https:\/\/www.carmelitaniscalzi.com\/wp-content\/uploads\/2016\/02\/placeholder_profile.jpg","type":"image\/jpeg"}],"twitter_card":"summary_large_image","twitter_site":"@ocdcuria","twitter_misc":{"Est. tempo de leitura":"3 minutos"},"schema":{"@context":"https:\/\/schema.org","@graph":[{"@type":"WebPage","@id":"https:\/\/www.carmelitaniscalzi.com\/pt-br\/quem-somos\/nossos-santos\/beato-francisco-palau\/","url":"https:\/\/www.carmelitaniscalzi.com\/pt-br\/quem-somos\/nossos-santos\/beato-francisco-palau\/","name":"Beato Francisco Palau - CARMELITAS DESCAL\u00c7OS","isPartOf":{"@id":"https:\/\/www.carmelitaniscalzi.com\/#website"},"primaryImageOfPage":{"@id":"https:\/\/www.carmelitaniscalzi.com\/pt-br\/quem-somos\/nossos-santos\/beato-francisco-palau\/#primaryimage"},"image":{"@id":"https:\/\/www.carmelitaniscalzi.com\/pt-br\/quem-somos\/nossos-santos\/beato-francisco-palau\/#primaryimage"},"thumbnailUrl":"https:\/\/www.carmelitaniscalzi.com\/wp-content\/uploads\/2016\/02\/placeholder_profile.jpg","datePublished":"2016-07-01T13:43:49+00:00","dateModified":"2021-06-03T19:34:56+00:00","breadcrumb":{"@id":"https:\/\/www.carmelitaniscalzi.com\/pt-br\/quem-somos\/nossos-santos\/beato-francisco-palau\/#breadcrumb"},"inLanguage":"pt-BR","potentialAction":[{"@type":"ReadAction","target":["https:\/\/www.carmelitaniscalzi.com\/pt-br\/quem-somos\/nossos-santos\/beato-francisco-palau\/"]}]},{"@type":"ImageObject","inLanguage":"pt-BR","@id":"https:\/\/www.carmelitaniscalzi.com\/pt-br\/quem-somos\/nossos-santos\/beato-francisco-palau\/#primaryimage","url":"https:\/\/www.carmelitaniscalzi.com\/wp-content\/uploads\/2016\/02\/placeholder_profile.jpg","contentUrl":"https:\/\/www.carmelitaniscalzi.com\/wp-content\/uploads\/2016\/02\/placeholder_profile.jpg","width":600,"height":600},{"@type":"BreadcrumbList","@id":"https:\/\/www.carmelitaniscalzi.com\/pt-br\/quem-somos\/nossos-santos\/beato-francisco-palau\/#breadcrumb","itemListElement":[{"@type":"ListItem","position":1,"name":"Home","item":"https:\/\/www.carmelitaniscalzi.com\/pt-br\/"},{"@type":"ListItem","position":2,"name":"Quem Somos","item":"https:\/\/www.carmelitaniscalzi.com\/pt-br\/quem-somos\/"},{"@type":"ListItem","position":3,"name":"Nossos Santos","item":"https:\/\/www.carmelitaniscalzi.com\/pt-br\/quem-somos\/nossos-santos\/"},{"@type":"ListItem","position":4,"name":"Beato Francisco Palau"}]},{"@type":"WebSite","@id":"https:\/\/www.carmelitaniscalzi.com\/#website","url":"https:\/\/www.carmelitaniscalzi.com\/","name":"CARMELITANI SCALZI - Curia Generale del Carmelo Teresiano","description":"C\u00faria General\u00edcia do Carmelo Teresiano","publisher":{"@id":"https:\/\/www.carmelitaniscalzi.com\/#organization"},"alternateName":"CARMELITANI SCALZI","potentialAction":[{"@type":"SearchAction","target":{"@type":"EntryPoint","urlTemplate":"https:\/\/www.carmelitaniscalzi.com\/?s={search_term_string}"},"query-input":{"@type":"PropertyValueSpecification","valueRequired":true,"valueName":"search_term_string"}}],"inLanguage":"pt-BR"},{"@type":"Organization","@id":"https:\/\/www.carmelitaniscalzi.com\/#organization","name":"CARMELITANI SCALZI - Curia Generale del Carmelo Teresiano","url":"https:\/\/www.carmelitaniscalzi.com\/","logo":{"@type":"ImageObject","inLanguage":"pt-BR","@id":"https:\/\/www.carmelitaniscalzi.com\/#\/schema\/logo\/image\/","url":"https:\/\/www.carmelitaniscalzi.com\/wp-content\/uploads\/2025\/11\/login-logo.png","contentUrl":"https:\/\/www.carmelitaniscalzi.com\/wp-content\/uploads\/2025\/11\/login-logo.png","width":256,"height":256,"caption":"CARMELITANI SCALZI - Curia Generale del Carmelo Teresiano"},"image":{"@id":"https:\/\/www.carmelitaniscalzi.com\/#\/schema\/logo\/image\/"},"sameAs":["https:\/\/www.facebook.com\/Curia-Generalizia-Carmelitani-Scalzi-658766940887784\/","https:\/\/x.com\/ocdcuria","https:\/\/www.youtube.com\/channel\/UC2J5ZL0ycOY0qBSTCLX_NGQ\/videos","https:\/\/www.instagram.com\/ocdinform\/"]}]}},"_links":{"self":[{"href":"https:\/\/www.carmelitaniscalzi.com\/pt-br\/wp-json\/wp\/v2\/chi_siamo\/5693","targetHints":{"allow":["GET"]}}],"collection":[{"href":"https:\/\/www.carmelitaniscalzi.com\/pt-br\/wp-json\/wp\/v2\/chi_siamo"}],"about":[{"href":"https:\/\/www.carmelitaniscalzi.com\/pt-br\/wp-json\/wp\/v2\/types\/chi_siamo"}],"version-history":[{"count":0,"href":"https:\/\/www.carmelitaniscalzi.com\/pt-br\/wp-json\/wp\/v2\/chi_siamo\/5693\/revisions"}],"up":[{"embeddable":true,"href":"https:\/\/www.carmelitaniscalzi.com\/pt-br\/wp-json\/wp\/v2\/chi_siamo\/5673"}],"wp:featuredmedia":[{"embeddable":true,"href":"https:\/\/www.carmelitaniscalzi.com\/pt-br\/wp-json\/wp\/v2\/media\/51457"}],"wp:attachment":[{"href":"https:\/\/www.carmelitaniscalzi.com\/pt-br\/wp-json\/wp\/v2\/media?parent=5693"}],"wp:term":[{"taxonomy":"elemento_chi_siamo","embeddable":true,"href":"https:\/\/www.carmelitaniscalzi.com\/pt-br\/wp-json\/wp\/v2\/elemento_chi_siamo?post=5693"}],"curies":[{"name":"wp","href":"https:\/\/api.w.org\/{rel}","templated":true}]}}