{"id":5683,"date":"2016-07-01T15:23:00","date_gmt":"2016-07-01T13:23:00","guid":{"rendered":"https:\/\/www.carmelitaniscalzi.com\/pt-br\/?page_id=5683"},"modified":"2021-09-20T00:59:01","modified_gmt":"2021-09-19T22:59:01","slug":"sao-rafael-kalinowski","status":"publish","type":"chi_siamo","link":"https:\/\/www.carmelitaniscalzi.com\/pt-br\/quem-somos\/nossos-santos\/sao-rafael-kalinowski\/","title":{"rendered":"S\u00e3o Rafael Kalinowski"},"content":{"rendered":"<p><a href=\"https:\/\/www.carmelitaniscalzi.com\/wp-content\/uploads\/2016\/02\/san_rafael_kalinowski.jpg\"><img loading=\"lazy\" decoding=\"async\" class=\"alignleft size-full wp-image-3485\" src=\"https:\/\/www.carmelitaniscalzi.com\/wp-content\/uploads\/2016\/02\/san_rafael_kalinowski.jpg\" alt=\"san_rafael_kalinowski\" width=\"150\" height=\"200\" srcset=\"https:\/\/www.carmelitaniscalzi.com\/wp-content\/uploads\/2016\/02\/san_rafael_kalinowski.jpg 150w, https:\/\/www.carmelitaniscalzi.com\/wp-content\/uploads\/2016\/02\/san_rafael_kalinowski-41x55.jpg 41w\" sizes=\"auto, (max-width: 150px) 100vw, 150px\" \/><\/a><\/p>\n<p>Jos\u00e9 Kalinowski, nasce em Vilna (Litu\u00e2nia) a 1 de setembro de 1835, filho de Andr\u00e9 Kalinowski e Josefina Polonska, nobres cat\u00f3licos.<\/p>\n<p>Estuda na academia militar de S\u00e3o Petersburgo, com bons resultados, mas devido \u00e0 insurrei\u00e7\u00e3o do seu pa\u00eds diante da ocupa\u00e7\u00e3o russa, decide deixar o ex\u00e9rcito e apesar de saber que o \u00eaxito da insurrei\u00e7\u00e3o \u00e9 imposs\u00edvel, decide ajudar os seus compatriotas, aceita o cargo de ministro de guerra e evita no poss\u00edvel o maior derramamento de sangue.<\/p>\n<p>Em mar\u00e7o de 1864 \u00e9 preso e condenado \u00e0 pena capital, que \u00e9 comutada por 10 anos de trabalhos for\u00e7ados na Sib\u00e9ria. Com um crucifixo e a <em>Imita\u00e7\u00e3o de Cristo<\/em>, vai para a Sib\u00e9ria e ap\u00f3s 9 meses de uma dura viagem, chega com os sobreviventes ao lago Bajkal.<\/p>\n<p>Naquelas circunst\u00e2ncias especialmente duras, demonstrou uma grande caridade, suportando os sofrimentos, partilhando com os outros o que tinha, e o que recebia dos seus familiares: \u00abEscrevo-o claramente, a mi\u00ads\u00e9ria aqui \u00e9 grande; encontrar dinheiro na p\u00e1tria \u00e9 sempre mais f\u00e1cil que na Sib\u00e9ria. \u00c9-me inconceb\u00edvel ser indiferente\u00bb.<\/p>\n<p>A 2 de fevereiro de 1874 concedem-lhe a liberdade, mas n\u00e3o pode voltar a viver na Litu\u00e2nia. Aceitou ent\u00e3o o cargo de tutor de Augusto Czartoryski, de 16 anos, que vivia a maior parte do tempo em Paris.<\/p>\n<p>A 15 de julho de 1877, entra no convento carmelita de Grantz, com o nome de\u00a0Rafael de S\u00e3o Jos\u00e9. Pronuncia os seus primeiros votos a 26 de novembro de 1878 e parte para a Hungria para estudar filosofia e teologia no convento de Raab. A 27 de novembro de 1881, pronuncia os seus votos perp\u00e9tuos e \u00e9 enviado a Pol\u00f3nia ao convento de Czerna onde \u00e9 ordenado sacerdote a 15 de janeiro de 1882. Um ano depois deram-lhe responsabilidades de governo.<\/p>\n<p>Reorganiza a Ordem na Pol\u00f3nia e a ordem secular. Publica algumas biografias. Em 1906, toma a dire\u00e7\u00e3o do col\u00e9gio de teologia em Wadowice. \u00c9 apreciado por todos como diretor espiritual e confessor. Dedica-se com especial interesse ao cuidado das suas irm\u00e3s carmelitas descal\u00e7as.<\/p>\n<p>Morre a 15 de novembro de 1907 em Wadowice. Foi beatificado em Crac\u00f3via a 22 de junho de 1983 pelo Papa\u00a0Jo\u00e3o Paulo II e canonizado em Roma a 17 de novembro de 1991. A sua festa foi institu\u00edda a 19 de novembro.<\/p>\n<p>Na sua vida, destacam de forma especial o esp\u00edrito de caridade e o esp\u00edrito de reconcilia\u00e7\u00e3o, bem como a dedica\u00e7\u00e3o \u00e0 forma\u00e7\u00e3o, especialmente dos jovens.<\/p>\n<p>Ensina a ter coragem de perseverar na f\u00e9 e de confiar nas dificuldades; tamb\u00e9m ensina que somente \u00e0 luz da reconcilia\u00e7\u00e3o proveniente de Deus se pode avan\u00e7ar para o encontro com o homem e para o perd\u00e3o. Ensina ainda que para poder perdoar, \u00e9 preciso saber-se perdoado.<\/p>\n<p>Tinha um car\u00e1cter aberto, cheio de cordialidade. Da sua perman\u00eancia na Sib\u00e9ria, regressou convencido da necessidade de dedicar-se \u00e0 juventude, porque nesta etapa da vida, a aprendizagem configura a pessoa e se decide o futuro. Procurava uma forma\u00e7\u00e3o integral do ser humano; motivava-o um interesse espiritual e intelectual.<\/p>\n<p>A sua vida foi iluminada pelo evangelho e pela pessoa de Jesus.<\/p>\n<p>\u00c9 invocado como patrono de siberianos, educadores, ferrovi\u00e1rios, engenheiros e jovens.<\/p>\n","protected":false},"featured_media":80526,"parent":5673,"menu_order":3,"template":"","format":"standard","meta":{"_acf_changed":false,"footnotes":""},"elemento_chi_siamo":[844],"class_list":["post-5683","chi_siamo","type-chi_siamo","status-publish","format-standard","has-post-thumbnail","hentry","elemento_chi_siamo-nossos-santos"],"acf":[],"yoast_head":"<!-- This site is optimized with the Yoast SEO plugin v26.3 - https:\/\/yoast.com\/wordpress\/plugins\/seo\/ -->\n<title>S\u00e3o Rafael Kalinowski - CARMELITAS DESCAL\u00c7OS<\/title>\n<meta name=\"robots\" content=\"index, follow, max-snippet:-1, max-image-preview:large, max-video-preview:-1\" \/>\n<link rel=\"canonical\" href=\"https:\/\/www.carmelitaniscalzi.com\/pt-br\/quem-somos\/nossos-santos\/sao-rafael-kalinowski\/\" \/>\n<meta property=\"og:locale\" content=\"pt_BR\" \/>\n<meta property=\"og:type\" content=\"article\" \/>\n<meta property=\"og:title\" content=\"S\u00e3o Rafael Kalinowski - CARMELITAS DESCAL\u00c7OS\" \/>\n<meta property=\"og:description\" content=\"Jos\u00e9 Kalinowski, nasce em Vilna (Litu\u00e2nia) a 1 de setembro de 1835, filho de Andr\u00e9 Kalinowski e Josefina Polonska, nobres cat\u00f3licos. Estuda na academia militar de S\u00e3o Petersburgo, com bons resultados, mas devido \u00e0 insurrei\u00e7\u00e3o do seu pa\u00eds diante da ocupa\u00e7\u00e3o russa, decide deixar o ex\u00e9rcito e apesar de saber que o \u00eaxito da insurrei\u00e7\u00e3o [&hellip;]\" \/>\n<meta property=\"og:url\" content=\"https:\/\/www.carmelitaniscalzi.com\/pt-br\/quem-somos\/nossos-santos\/sao-rafael-kalinowski\/\" \/>\n<meta property=\"og:site_name\" content=\"CARMELITAS DESCAL\u00c7OS\" \/>\n<meta property=\"article:publisher\" content=\"https:\/\/www.facebook.com\/Curia-Generalizia-Carmelitani-Scalzi-658766940887784\/\" \/>\n<meta property=\"article:modified_time\" content=\"2021-09-19T22:59:01+00:00\" \/>\n<meta property=\"og:image\" content=\"https:\/\/www.carmelitaniscalzi.com\/wp-content\/uploads\/2016\/02\/raphal.jpg\" \/>\n\t<meta property=\"og:image:width\" content=\"600\" \/>\n\t<meta property=\"og:image:height\" content=\"600\" \/>\n\t<meta property=\"og:image:type\" content=\"image\/jpeg\" \/>\n<meta name=\"twitter:card\" content=\"summary_large_image\" \/>\n<meta name=\"twitter:site\" content=\"@ocdcuria\" \/>\n<meta name=\"twitter:label1\" content=\"Est. tempo de leitura\" \/>\n\t<meta name=\"twitter:data1\" content=\"3 minutos\" \/>\n<script type=\"application\/ld+json\" class=\"yoast-schema-graph\">{\"@context\":\"https:\/\/schema.org\",\"@graph\":[{\"@type\":\"WebPage\",\"@id\":\"https:\/\/www.carmelitaniscalzi.com\/pt-br\/quem-somos\/nossos-santos\/sao-rafael-kalinowski\/\",\"url\":\"https:\/\/www.carmelitaniscalzi.com\/pt-br\/quem-somos\/nossos-santos\/sao-rafael-kalinowski\/\",\"name\":\"S\u00e3o Rafael Kalinowski - CARMELITAS DESCAL\u00c7OS\",\"isPartOf\":{\"@id\":\"https:\/\/www.carmelitaniscalzi.com\/#website\"},\"primaryImageOfPage\":{\"@id\":\"https:\/\/www.carmelitaniscalzi.com\/pt-br\/quem-somos\/nossos-santos\/sao-rafael-kalinowski\/#primaryimage\"},\"image\":{\"@id\":\"https:\/\/www.carmelitaniscalzi.com\/pt-br\/quem-somos\/nossos-santos\/sao-rafael-kalinowski\/#primaryimage\"},\"thumbnailUrl\":\"https:\/\/www.carmelitaniscalzi.com\/wp-content\/uploads\/2016\/02\/raphal.jpg\",\"datePublished\":\"2016-07-01T13:23:00+00:00\",\"dateModified\":\"2021-09-19T22:59:01+00:00\",\"breadcrumb\":{\"@id\":\"https:\/\/www.carmelitaniscalzi.com\/pt-br\/quem-somos\/nossos-santos\/sao-rafael-kalinowski\/#breadcrumb\"},\"inLanguage\":\"pt-BR\",\"potentialAction\":[{\"@type\":\"ReadAction\",\"target\":[\"https:\/\/www.carmelitaniscalzi.com\/pt-br\/quem-somos\/nossos-santos\/sao-rafael-kalinowski\/\"]}]},{\"@type\":\"ImageObject\",\"inLanguage\":\"pt-BR\",\"@id\":\"https:\/\/www.carmelitaniscalzi.com\/pt-br\/quem-somos\/nossos-santos\/sao-rafael-kalinowski\/#primaryimage\",\"url\":\"https:\/\/www.carmelitaniscalzi.com\/wp-content\/uploads\/2016\/02\/raphal.jpg\",\"contentUrl\":\"https:\/\/www.carmelitaniscalzi.com\/wp-content\/uploads\/2016\/02\/raphal.jpg\",\"width\":600,\"height\":600},{\"@type\":\"BreadcrumbList\",\"@id\":\"https:\/\/www.carmelitaniscalzi.com\/pt-br\/quem-somos\/nossos-santos\/sao-rafael-kalinowski\/#breadcrumb\",\"itemListElement\":[{\"@type\":\"ListItem\",\"position\":1,\"name\":\"Home\",\"item\":\"https:\/\/www.carmelitaniscalzi.com\/pt-br\/\"},{\"@type\":\"ListItem\",\"position\":2,\"name\":\"Quem Somos\",\"item\":\"https:\/\/www.carmelitaniscalzi.com\/pt-br\/quem-somos\/\"},{\"@type\":\"ListItem\",\"position\":3,\"name\":\"Nossos Santos\",\"item\":\"https:\/\/www.carmelitaniscalzi.com\/pt-br\/quem-somos\/nossos-santos\/\"},{\"@type\":\"ListItem\",\"position\":4,\"name\":\"S\u00e3o Rafael Kalinowski\"}]},{\"@type\":\"WebSite\",\"@id\":\"https:\/\/www.carmelitaniscalzi.com\/#website\",\"url\":\"https:\/\/www.carmelitaniscalzi.com\/\",\"name\":\"CARMELITANI SCALZI - Curia Generale del Carmelo Teresiano\",\"description\":\"C\u00faria General\u00edcia do Carmelo Teresiano\",\"publisher\":{\"@id\":\"https:\/\/www.carmelitaniscalzi.com\/#organization\"},\"alternateName\":\"CARMELITANI SCALZI\",\"potentialAction\":[{\"@type\":\"SearchAction\",\"target\":{\"@type\":\"EntryPoint\",\"urlTemplate\":\"https:\/\/www.carmelitaniscalzi.com\/?s={search_term_string}\"},\"query-input\":{\"@type\":\"PropertyValueSpecification\",\"valueRequired\":true,\"valueName\":\"search_term_string\"}}],\"inLanguage\":\"pt-BR\"},{\"@type\":\"Organization\",\"@id\":\"https:\/\/www.carmelitaniscalzi.com\/#organization\",\"name\":\"CARMELITANI SCALZI - Curia Generale del Carmelo Teresiano\",\"url\":\"https:\/\/www.carmelitaniscalzi.com\/\",\"logo\":{\"@type\":\"ImageObject\",\"inLanguage\":\"pt-BR\",\"@id\":\"https:\/\/www.carmelitaniscalzi.com\/#\/schema\/logo\/image\/\",\"url\":\"https:\/\/www.carmelitaniscalzi.com\/wp-content\/uploads\/2025\/11\/login-logo.png\",\"contentUrl\":\"https:\/\/www.carmelitaniscalzi.com\/wp-content\/uploads\/2025\/11\/login-logo.png\",\"width\":256,\"height\":256,\"caption\":\"CARMELITANI SCALZI - Curia Generale del Carmelo Teresiano\"},\"image\":{\"@id\":\"https:\/\/www.carmelitaniscalzi.com\/#\/schema\/logo\/image\/\"},\"sameAs\":[\"https:\/\/www.facebook.com\/Curia-Generalizia-Carmelitani-Scalzi-658766940887784\/\",\"https:\/\/x.com\/ocdcuria\",\"https:\/\/www.youtube.com\/channel\/UC2J5ZL0ycOY0qBSTCLX_NGQ\/videos\",\"https:\/\/www.instagram.com\/ocdinform\/\"]}]}<\/script>\n<!-- \/ Yoast SEO plugin. -->","yoast_head_json":{"title":"S\u00e3o Rafael Kalinowski - CARMELITAS DESCAL\u00c7OS","robots":{"index":"index","follow":"follow","max-snippet":"max-snippet:-1","max-image-preview":"max-image-preview:large","max-video-preview":"max-video-preview:-1"},"canonical":"https:\/\/www.carmelitaniscalzi.com\/pt-br\/quem-somos\/nossos-santos\/sao-rafael-kalinowski\/","og_locale":"pt_BR","og_type":"article","og_title":"S\u00e3o Rafael Kalinowski - CARMELITAS DESCAL\u00c7OS","og_description":"Jos\u00e9 Kalinowski, nasce em Vilna (Litu\u00e2nia) a 1 de setembro de 1835, filho de Andr\u00e9 Kalinowski e Josefina Polonska, nobres cat\u00f3licos. Estuda na academia militar de S\u00e3o Petersburgo, com bons resultados, mas devido \u00e0 insurrei\u00e7\u00e3o do seu pa\u00eds diante da ocupa\u00e7\u00e3o russa, decide deixar o ex\u00e9rcito e apesar de saber que o \u00eaxito da insurrei\u00e7\u00e3o [&hellip;]","og_url":"https:\/\/www.carmelitaniscalzi.com\/pt-br\/quem-somos\/nossos-santos\/sao-rafael-kalinowski\/","og_site_name":"CARMELITAS DESCAL\u00c7OS","article_publisher":"https:\/\/www.facebook.com\/Curia-Generalizia-Carmelitani-Scalzi-658766940887784\/","article_modified_time":"2021-09-19T22:59:01+00:00","og_image":[{"width":600,"height":600,"url":"https:\/\/www.carmelitaniscalzi.com\/wp-content\/uploads\/2016\/02\/raphal.jpg","type":"image\/jpeg"}],"twitter_card":"summary_large_image","twitter_site":"@ocdcuria","twitter_misc":{"Est. tempo de leitura":"3 minutos"},"schema":{"@context":"https:\/\/schema.org","@graph":[{"@type":"WebPage","@id":"https:\/\/www.carmelitaniscalzi.com\/pt-br\/quem-somos\/nossos-santos\/sao-rafael-kalinowski\/","url":"https:\/\/www.carmelitaniscalzi.com\/pt-br\/quem-somos\/nossos-santos\/sao-rafael-kalinowski\/","name":"S\u00e3o Rafael Kalinowski - CARMELITAS DESCAL\u00c7OS","isPartOf":{"@id":"https:\/\/www.carmelitaniscalzi.com\/#website"},"primaryImageOfPage":{"@id":"https:\/\/www.carmelitaniscalzi.com\/pt-br\/quem-somos\/nossos-santos\/sao-rafael-kalinowski\/#primaryimage"},"image":{"@id":"https:\/\/www.carmelitaniscalzi.com\/pt-br\/quem-somos\/nossos-santos\/sao-rafael-kalinowski\/#primaryimage"},"thumbnailUrl":"https:\/\/www.carmelitaniscalzi.com\/wp-content\/uploads\/2016\/02\/raphal.jpg","datePublished":"2016-07-01T13:23:00+00:00","dateModified":"2021-09-19T22:59:01+00:00","breadcrumb":{"@id":"https:\/\/www.carmelitaniscalzi.com\/pt-br\/quem-somos\/nossos-santos\/sao-rafael-kalinowski\/#breadcrumb"},"inLanguage":"pt-BR","potentialAction":[{"@type":"ReadAction","target":["https:\/\/www.carmelitaniscalzi.com\/pt-br\/quem-somos\/nossos-santos\/sao-rafael-kalinowski\/"]}]},{"@type":"ImageObject","inLanguage":"pt-BR","@id":"https:\/\/www.carmelitaniscalzi.com\/pt-br\/quem-somos\/nossos-santos\/sao-rafael-kalinowski\/#primaryimage","url":"https:\/\/www.carmelitaniscalzi.com\/wp-content\/uploads\/2016\/02\/raphal.jpg","contentUrl":"https:\/\/www.carmelitaniscalzi.com\/wp-content\/uploads\/2016\/02\/raphal.jpg","width":600,"height":600},{"@type":"BreadcrumbList","@id":"https:\/\/www.carmelitaniscalzi.com\/pt-br\/quem-somos\/nossos-santos\/sao-rafael-kalinowski\/#breadcrumb","itemListElement":[{"@type":"ListItem","position":1,"name":"Home","item":"https:\/\/www.carmelitaniscalzi.com\/pt-br\/"},{"@type":"ListItem","position":2,"name":"Quem Somos","item":"https:\/\/www.carmelitaniscalzi.com\/pt-br\/quem-somos\/"},{"@type":"ListItem","position":3,"name":"Nossos Santos","item":"https:\/\/www.carmelitaniscalzi.com\/pt-br\/quem-somos\/nossos-santos\/"},{"@type":"ListItem","position":4,"name":"S\u00e3o Rafael Kalinowski"}]},{"@type":"WebSite","@id":"https:\/\/www.carmelitaniscalzi.com\/#website","url":"https:\/\/www.carmelitaniscalzi.com\/","name":"CARMELITANI SCALZI - Curia Generale del Carmelo Teresiano","description":"C\u00faria General\u00edcia do Carmelo Teresiano","publisher":{"@id":"https:\/\/www.carmelitaniscalzi.com\/#organization"},"alternateName":"CARMELITANI SCALZI","potentialAction":[{"@type":"SearchAction","target":{"@type":"EntryPoint","urlTemplate":"https:\/\/www.carmelitaniscalzi.com\/?s={search_term_string}"},"query-input":{"@type":"PropertyValueSpecification","valueRequired":true,"valueName":"search_term_string"}}],"inLanguage":"pt-BR"},{"@type":"Organization","@id":"https:\/\/www.carmelitaniscalzi.com\/#organization","name":"CARMELITANI SCALZI - Curia Generale del Carmelo Teresiano","url":"https:\/\/www.carmelitaniscalzi.com\/","logo":{"@type":"ImageObject","inLanguage":"pt-BR","@id":"https:\/\/www.carmelitaniscalzi.com\/#\/schema\/logo\/image\/","url":"https:\/\/www.carmelitaniscalzi.com\/wp-content\/uploads\/2025\/11\/login-logo.png","contentUrl":"https:\/\/www.carmelitaniscalzi.com\/wp-content\/uploads\/2025\/11\/login-logo.png","width":256,"height":256,"caption":"CARMELITANI SCALZI - Curia Generale del Carmelo Teresiano"},"image":{"@id":"https:\/\/www.carmelitaniscalzi.com\/#\/schema\/logo\/image\/"},"sameAs":["https:\/\/www.facebook.com\/Curia-Generalizia-Carmelitani-Scalzi-658766940887784\/","https:\/\/x.com\/ocdcuria","https:\/\/www.youtube.com\/channel\/UC2J5ZL0ycOY0qBSTCLX_NGQ\/videos","https:\/\/www.instagram.com\/ocdinform\/"]}]}},"_links":{"self":[{"href":"https:\/\/www.carmelitaniscalzi.com\/pt-br\/wp-json\/wp\/v2\/chi_siamo\/5683","targetHints":{"allow":["GET"]}}],"collection":[{"href":"https:\/\/www.carmelitaniscalzi.com\/pt-br\/wp-json\/wp\/v2\/chi_siamo"}],"about":[{"href":"https:\/\/www.carmelitaniscalzi.com\/pt-br\/wp-json\/wp\/v2\/types\/chi_siamo"}],"version-history":[{"count":1,"href":"https:\/\/www.carmelitaniscalzi.com\/pt-br\/wp-json\/wp\/v2\/chi_siamo\/5683\/revisions"}],"predecessor-version":[{"id":80532,"href":"https:\/\/www.carmelitaniscalzi.com\/pt-br\/wp-json\/wp\/v2\/chi_siamo\/5683\/revisions\/80532"}],"up":[{"embeddable":true,"href":"https:\/\/www.carmelitaniscalzi.com\/pt-br\/wp-json\/wp\/v2\/chi_siamo\/5673"}],"wp:featuredmedia":[{"embeddable":true,"href":"https:\/\/www.carmelitaniscalzi.com\/pt-br\/wp-json\/wp\/v2\/media\/80526"}],"wp:attachment":[{"href":"https:\/\/www.carmelitaniscalzi.com\/pt-br\/wp-json\/wp\/v2\/media?parent=5683"}],"wp:term":[{"taxonomy":"elemento_chi_siamo","embeddable":true,"href":"https:\/\/www.carmelitaniscalzi.com\/pt-br\/wp-json\/wp\/v2\/elemento_chi_siamo?post=5683"}],"curies":[{"name":"wp","href":"https:\/\/api.w.org\/{rel}","templated":true}]}}