{"version":"1.0","provider_name":"CARMELITAS DESCAL\u00c7OS","provider_url":"https:\/\/www.carmelitaniscalzi.com\/pt-br\/","title":"Falece o Padre Federico Ruiz - CARMELITAS DESCAL\u00c7OS","type":"rich","width":600,"height":338,"html":"<blockquote class=\"wp-embedded-content\" data-secret=\"elvNfS0zCK\"><a href=\"https:\/\/www.carmelitaniscalzi.com\/pt-br\/2018\/12\/11\/falece-padre-federico-ruiz\/\">Falece o Padre Federico Ruiz<\/a><\/blockquote><iframe sandbox=\"allow-scripts\" security=\"restricted\" src=\"https:\/\/www.carmelitaniscalzi.com\/pt-br\/2018\/12\/11\/falece-padre-federico-ruiz\/embed\/#?secret=elvNfS0zCK\" width=\"600\" height=\"338\" title=\"&#8220;Falece o Padre Federico Ruiz&#8221; &#8212; CARMELITAS DESCAL\u00c7OS\" data-secret=\"elvNfS0zCK\" frameborder=\"0\" marginwidth=\"0\" marginheight=\"0\" scrolling=\"no\" class=\"wp-embedded-content\"><\/iframe><script type=\"text\/javascript\">\n\/* <![CDATA[ *\/\n\/*! This file is auto-generated *\/\n!function(d,l){\"use strict\";l.querySelector&&d.addEventListener&&\"undefined\"!=typeof URL&&(d.wp=d.wp||{},d.wp.receiveEmbedMessage||(d.wp.receiveEmbedMessage=function(e){var t=e.data;if((t||t.secret||t.message||t.value)&&!\/[^a-zA-Z0-9]\/.test(t.secret)){for(var s,r,n,a=l.querySelectorAll('iframe[data-secret=\"'+t.secret+'\"]'),o=l.querySelectorAll('blockquote[data-secret=\"'+t.secret+'\"]'),c=new RegExp(\"^https?:$\",\"i\"),i=0;i<o.length;i++)o[i].style.display=\"none\";for(i=0;i<a.length;i++)s=a[i],e.source===s.contentWindow&&(s.removeAttribute(\"style\"),\"height\"===t.message?(1e3<(r=parseInt(t.value,10))?r=1e3:~~r<200&&(r=200),s.height=r):\"link\"===t.message&&(r=new URL(s.getAttribute(\"src\")),n=new URL(t.value),c.test(n.protocol))&&n.host===r.host&&l.activeElement===s&&(d.top.location.href=t.value))}},d.addEventListener(\"message\",d.wp.receiveEmbedMessage,!1),l.addEventListener(\"DOMContentLoaded\",function(){for(var e,t,s=l.querySelectorAll(\"iframe.wp-embedded-content\"),r=0;r<s.length;r++)(t=(e=s[r]).getAttribute(\"data-secret\"))||(t=Math.random().toString(36).substring(2,12),e.src+=\"#?secret=\"+t,e.setAttribute(\"data-secret\",t)),e.contentWindow.postMessage({message:\"ready\",secret:t},\"*\")},!1)))}(window,document);\n\/\/# sourceURL=https:\/\/www.carmelitaniscalzi.com\/wp-includes\/js\/wp-embed.min.js\n\/* ]]> *\/\n<\/script>\n","thumbnail_url":"https:\/\/www.carmelitaniscalzi.com\/wp-content\/uploads\/2018\/12\/01.jpg","thumbnail_width":1626,"thumbnail_height":1080,"description":"Como informamos atrav\u00e9s de nossas redes sociais, Padre Federico Ruiz, carmelita descal\u00e7o, faleceu na madrugada do \u00faltimo dia 16 de novembro, depois de ter sofrido durante v\u00e1rios anos do mal de Alzheimer. Nascido em Cozuelos de Ojedo, lugarejo da Prov\u00edncia de Palencia (Espanha), em 24 de dezembro de 1933, fez sua profiss\u00e3o no dia 31 [&hellip;]"}