{"version":"1.0","provider_name":"CARMELITAS DESCAL\u00c7OS","provider_url":"https:\/\/www.carmelitaniscalzi.com\/pt-br\/","title":"\u201cNova et vetera\u201d. C\u00e2ntico gregoriano sanjoanista - CARMELITAS DESCAL\u00c7OS","type":"rich","width":600,"height":338,"html":"<blockquote class=\"wp-embedded-content\" data-secret=\"2m26FG1eqP\"><a href=\"https:\/\/www.carmelitaniscalzi.com\/pt-br\/2018\/07\/02\/nova-et-vetera-cantico-gregoriano-sanjoanista\/\">\u201cNova et vetera\u201d. C\u00e2ntico gregoriano sanjoanista<\/a><\/blockquote><iframe sandbox=\"allow-scripts\" security=\"restricted\" src=\"https:\/\/www.carmelitaniscalzi.com\/pt-br\/2018\/07\/02\/nova-et-vetera-cantico-gregoriano-sanjoanista\/embed\/#?secret=2m26FG1eqP\" width=\"600\" height=\"338\" title=\"&#8220;\u201cNova et vetera\u201d. C\u00e2ntico gregoriano sanjoanista&#8221; &#8212; CARMELITAS DESCAL\u00c7OS\" data-secret=\"2m26FG1eqP\" frameborder=\"0\" marginwidth=\"0\" marginheight=\"0\" scrolling=\"no\" class=\"wp-embedded-content\"><\/iframe><script type=\"text\/javascript\">\n\/* <![CDATA[ *\/\n\/*! This file is auto-generated *\/\n!function(d,l){\"use strict\";l.querySelector&&d.addEventListener&&\"undefined\"!=typeof URL&&(d.wp=d.wp||{},d.wp.receiveEmbedMessage||(d.wp.receiveEmbedMessage=function(e){var t=e.data;if((t||t.secret||t.message||t.value)&&!\/[^a-zA-Z0-9]\/.test(t.secret)){for(var s,r,n,a=l.querySelectorAll('iframe[data-secret=\"'+t.secret+'\"]'),o=l.querySelectorAll('blockquote[data-secret=\"'+t.secret+'\"]'),c=new RegExp(\"^https?:$\",\"i\"),i=0;i<o.length;i++)o[i].style.display=\"none\";for(i=0;i<a.length;i++)s=a[i],e.source===s.contentWindow&&(s.removeAttribute(\"style\"),\"height\"===t.message?(1e3<(r=parseInt(t.value,10))?r=1e3:~~r<200&&(r=200),s.height=r):\"link\"===t.message&&(r=new URL(s.getAttribute(\"src\")),n=new URL(t.value),c.test(n.protocol))&&n.host===r.host&&l.activeElement===s&&(d.top.location.href=t.value))}},d.addEventListener(\"message\",d.wp.receiveEmbedMessage,!1),l.addEventListener(\"DOMContentLoaded\",function(){for(var e,t,s=l.querySelectorAll(\"iframe.wp-embedded-content\"),r=0;r<s.length;r++)(t=(e=s[r]).getAttribute(\"data-secret\"))||(t=Math.random().toString(36).substring(2,12),e.src+=\"#?secret=\"+t,e.setAttribute(\"data-secret\",t)),e.contentWindow.postMessage({message:\"ready\",secret:t},\"*\")},!1)))}(window,document);\n\/\/# sourceURL=https:\/\/www.carmelitaniscalzi.com\/wp-includes\/js\/wp-embed.min.js\n\/* ]]> *\/\n<\/script>\n","thumbnail_url":"https:\/\/www.carmelitaniscalzi.com\/wp-content\/uploads\/2018\/07\/02.png","thumbnail_width":877,"thumbnail_height":611,"description":"Ao cumprir-se o 450\u00ba anivers\u00e1rio da reforma do ramo masculino do Carmelo Teresiano (1568-2018), jovens carmelitas descal\u00e7os, postulantes e religiosos das duas prov\u00edncias polacas da Ordem (Crac\u00f3via e Vars\u00f3via), reuniram-se em Czerna para a prepara\u00e7\u00e3o dum disco com a missa e as v\u00e9speras de S\u00e3o Jo\u00e3o da Cruz, assim como outros hinos e ant\u00edfonas sobre [&hellip;]"}