{"version":"1.0","provider_name":"CARMELITAS DESCAL\u00c7OS","provider_url":"https:\/\/www.carmelitaniscalzi.com\/pt-br\/","title":"Semin\u00e1rio de forma\u00e7\u00e3o para a OCDS de Sic\u00edlia - CARMELITAS DESCAL\u00c7OS","type":"rich","width":600,"height":338,"html":"<blockquote class=\"wp-embedded-content\" data-secret=\"UOCEeoruli\"><a href=\"https:\/\/www.carmelitaniscalzi.com\/pt-br\/2018\/05\/16\/seminario-de-formacao-para-ocds-de-sicilia\/\">Semin\u00e1rio de forma\u00e7\u00e3o para a OCDS de Sic\u00edlia<\/a><\/blockquote><iframe sandbox=\"allow-scripts\" security=\"restricted\" src=\"https:\/\/www.carmelitaniscalzi.com\/pt-br\/2018\/05\/16\/seminario-de-formacao-para-ocds-de-sicilia\/embed\/#?secret=UOCEeoruli\" width=\"600\" height=\"338\" title=\"&#8220;Semin\u00e1rio de forma\u00e7\u00e3o para a OCDS de Sic\u00edlia&#8221; &#8212; CARMELITAS DESCAL\u00c7OS\" data-secret=\"UOCEeoruli\" frameborder=\"0\" marginwidth=\"0\" marginheight=\"0\" scrolling=\"no\" class=\"wp-embedded-content\"><\/iframe><script type=\"text\/javascript\">\n\/* <![CDATA[ *\/\n\/*! This file is auto-generated *\/\n!function(d,l){\"use strict\";l.querySelector&&d.addEventListener&&\"undefined\"!=typeof URL&&(d.wp=d.wp||{},d.wp.receiveEmbedMessage||(d.wp.receiveEmbedMessage=function(e){var t=e.data;if((t||t.secret||t.message||t.value)&&!\/[^a-zA-Z0-9]\/.test(t.secret)){for(var s,r,n,a=l.querySelectorAll('iframe[data-secret=\"'+t.secret+'\"]'),o=l.querySelectorAll('blockquote[data-secret=\"'+t.secret+'\"]'),c=new RegExp(\"^https?:$\",\"i\"),i=0;i<o.length;i++)o[i].style.display=\"none\";for(i=0;i<a.length;i++)s=a[i],e.source===s.contentWindow&&(s.removeAttribute(\"style\"),\"height\"===t.message?(1e3<(r=parseInt(t.value,10))?r=1e3:~~r<200&&(r=200),s.height=r):\"link\"===t.message&&(r=new URL(s.getAttribute(\"src\")),n=new URL(t.value),c.test(n.protocol))&&n.host===r.host&&l.activeElement===s&&(d.top.location.href=t.value))}},d.addEventListener(\"message\",d.wp.receiveEmbedMessage,!1),l.addEventListener(\"DOMContentLoaded\",function(){for(var e,t,s=l.querySelectorAll(\"iframe.wp-embedded-content\"),r=0;r<s.length;r++)(t=(e=s[r]).getAttribute(\"data-secret\"))||(t=Math.random().toString(36).substring(2,12),e.src+=\"#?secret=\"+t,e.setAttribute(\"data-secret\",t)),e.contentWindow.postMessage({message:\"ready\",secret:t},\"*\")},!1)))}(window,document);\n\/\/# sourceURL=https:\/\/www.carmelitaniscalzi.com\/wp-includes\/js\/wp-embed.min.js\n\/* ]]> *\/\n<\/script>\n","thumbnail_url":"https:\/\/www.carmelitaniscalzi.com\/wp-content\/uploads\/2018\/05\/01-1.jpg","thumbnail_width":1296,"thumbnail_height":968,"description":"\u201cEntre os dias 27 e 29 de Abril teve lugar na casa de espiritualidade \u201cMonte Carmelo\u201d dos carmelitas Descal\u00e7os de Sic\u00edlia, um semin\u00e1rio de forma\u00e7\u00e3o destinado aos membros da Ordem Secular. Neste encontro houve representantes das 15 comunidades deste Comissariado. O tema central foi: \u00abFormar-se: conhecer a riqueza da voca\u00e7\u00e3o \u00e0 OCDS para a viver [&hellip;]"}