{"version":"1.0","provider_name":"CARMELITAS DESCAL\u00c7OS","provider_url":"https:\/\/www.carmelitaniscalzi.com\/pt-br\/","title":"Carmelitas Descal\u00e7as em T\u00e2nger (Marrocos) - CARMELITAS DESCAL\u00c7OS","type":"rich","width":600,"height":338,"html":"<blockquote class=\"wp-embedded-content\" data-secret=\"YkwZKk2SAe\"><a href=\"https:\/\/www.carmelitaniscalzi.com\/pt-br\/2017\/03\/21\/carmelitas-descalcas-em-tanger-marrocos\/\">Carmelitas Descal\u00e7as em T\u00e2nger (Marrocos)<\/a><\/blockquote><iframe sandbox=\"allow-scripts\" security=\"restricted\" src=\"https:\/\/www.carmelitaniscalzi.com\/pt-br\/2017\/03\/21\/carmelitas-descalcas-em-tanger-marrocos\/embed\/#?secret=YkwZKk2SAe\" width=\"600\" height=\"338\" title=\"&#8220;Carmelitas Descal\u00e7as em T\u00e2nger (Marrocos)&#8221; &#8212; CARMELITAS DESCAL\u00c7OS\" data-secret=\"YkwZKk2SAe\" frameborder=\"0\" marginwidth=\"0\" marginheight=\"0\" scrolling=\"no\" class=\"wp-embedded-content\"><\/iframe><script type=\"text\/javascript\">\n\/* <![CDATA[ *\/\n\/*! This file is auto-generated *\/\n!function(d,l){\"use strict\";l.querySelector&&d.addEventListener&&\"undefined\"!=typeof URL&&(d.wp=d.wp||{},d.wp.receiveEmbedMessage||(d.wp.receiveEmbedMessage=function(e){var t=e.data;if((t||t.secret||t.message||t.value)&&!\/[^a-zA-Z0-9]\/.test(t.secret)){for(var s,r,n,a=l.querySelectorAll('iframe[data-secret=\"'+t.secret+'\"]'),o=l.querySelectorAll('blockquote[data-secret=\"'+t.secret+'\"]'),c=new RegExp(\"^https?:$\",\"i\"),i=0;i<o.length;i++)o[i].style.display=\"none\";for(i=0;i<a.length;i++)s=a[i],e.source===s.contentWindow&&(s.removeAttribute(\"style\"),\"height\"===t.message?(1e3<(r=parseInt(t.value,10))?r=1e3:~~r<200&&(r=200),s.height=r):\"link\"===t.message&&(r=new URL(s.getAttribute(\"src\")),n=new URL(t.value),c.test(n.protocol))&&n.host===r.host&&l.activeElement===s&&(d.top.location.href=t.value))}},d.addEventListener(\"message\",d.wp.receiveEmbedMessage,!1),l.addEventListener(\"DOMContentLoaded\",function(){for(var e,t,s=l.querySelectorAll(\"iframe.wp-embedded-content\"),r=0;r<s.length;r++)(t=(e=s[r]).getAttribute(\"data-secret\"))||(t=Math.random().toString(36).substring(2,12),e.src+=\"#?secret=\"+t,e.setAttribute(\"data-secret\",t)),e.contentWindow.postMessage({message:\"ready\",secret:t},\"*\")},!1)))}(window,document);\n\/\/# sourceURL=https:\/\/www.carmelitaniscalzi.com\/wp-includes\/js\/wp-embed.min.js\n\/* ]]> *\/\n<\/script>\n","thumbnail_url":"https:\/\/www.carmelitaniscalzi.com\/wp-content\/uploads\/2017\/03\/Tangeri-1.png","thumbnail_width":330,"thumbnail_height":265,"description":"Com a ajuda de Deus, a presen\u00e7a do Carmelo Teresiano no Marrocos, vis\u00edvel na comunidade de carmelitas descal\u00e7as de T\u00e2nger, continua sua caminhada nas terras do Isl\u00e3. Ao longo do ano de 2016, marcado pelo Jubileu da Miseric\u00f3rdia, acolheram diversas atividades promovidas por sua Arquidiocese, pois a comunidade constitui um ponto de refer\u00eancia para todos [&hellip;]"}