{"id":4977,"date":"2016-06-27T18:17:15","date_gmt":"2016-06-27T16:17:15","guid":{"rendered":"https:\/\/www.carmelitaniscalzi.com\/fr\/?page_id=4977"},"modified":"2016-06-27T18:17:15","modified_gmt":"2016-06-27T16:17:15","slug":"agenda","status":"publish","type":"page","link":"https:\/\/www.carmelitaniscalzi.com\/fr\/agenda\/","title":{"rendered":"Agenda"},"content":{"rendered":"\r\n<div id='my-calendar' class='mc-main mcjs listjs gridjs minijs ajaxjs twentyeighteen calendar month my-calendar has-modal is-main-view' >\n<script type=\"application\/ld+json\">\n[{\"@context\":\"https:\/\/schema.org\",\"@type\":\"Event\",\"name\":\"Saint Nunio Alvarez Pereira\",\"description\":\"religieux de notre Ordre (M\\u00e9moire facultative) Il vint au monde au Portugal en 1360. Mari\\u00e9 \\u00e0 l\\u00e2ge de 16 ans, il se distingua longtemps comme champion de lind\\u00e9pendance de son pays et sengagea dans la vie militaire. Apr\\u00e8s la mort de son \\u00e9pouse, il entra comme Fr\\u00e8re oblat chez les Carmes de Lisbonne \\u00e0 l\\u00e2ge\\u2026\",\"image\":\"\",\"url\":\"https:\/\/www.carmelitaniscalzi.com\/my-calendar\/?mc_id=14050\",\"startDate\":\"2026-04-01T00:00:00+02:00\",\"endDate\":\"2026-04-02T00:00:59+02:00\",\"duration\":\"PD1TH0M0\",\"eventAttendanceMode\":\"https:\/\/schema.org\/OnlineEventAttendanceMode\",\"location\":{\"@type\":\"VirtualLocation\",\"url\":\"https:\/\/www.carmelitaniscalzi.com\/my-calendar\/?mc_id=14050\"}},{\"@context\":\"https:\/\/schema.org\",\"@type\":\"Event\",\"name\":\"Bx Baptiste Spagnoli\",\"description\":\"Pr\\u00eatre \\u2014 M\\u00e9moire facultative Connu de son temps surtout comme humaniste et po\\u00e8te, Baptiste Spagnoli (1447-1516) travailla \\u00e0 la r\\u00e9forme de la vie monastique dans la branche italienne des carmes, dite \\u00ab Congr\\u00e9gation de Mantoue\\u00bb, qu\\u2019il gouverna pendant 34 ans; c\\u2019est \\u00e0 ce titre qu\\u2019il assista au 5\\u00b0 Concile de Latran (1512) qui eut pour\\u2026\",\"image\":\"\",\"url\":\"https:\/\/www.carmelitaniscalzi.com\/my-calendar\/?mc_id=14151\",\"startDate\":\"2026-04-17T00:00:00+02:00\",\"endDate\":\"2026-04-18T00:00:59+02:00\",\"duration\":\"PD1TH0M0\",\"eventAttendanceMode\":\"https:\/\/schema.org\/OnlineEventAttendanceMode\",\"location\":{\"@type\":\"VirtualLocation\",\"url\":\"https:\/\/www.carmelitaniscalzi.com\/my-calendar\/?mc_id=14151\"}},{\"@context\":\"https:\/\/schema.org\",\"@type\":\"Event\",\"name\":\"Bse Marie de l\\u2019Incarnation (Acarie Avrillot)\",\"description\":\"Religieuse \\u2014 M\\u00e9moire facultative \\ud83c\\uddeb\\ud83c\\uddf7 En France:\\u00a0 M\\u00e9moire Mari\\u00e9e \\u00e0 l\\u2019\\u00e2ge de 16 ans \\u00e0 Pierre Acarie dont elle eut beaucoup \\u00e0 souffrir, Madame Acarie (1566-1618), tout en \\u00e9levant ses sept enfants, participa activement, avec quelques dames de Paris, \\u00e0 l\\u2019installation des premi\\u00e8res carm\\u00e9lites venues d\\u2019Espagne en 1604. Devenue veuve et bien que malade, elle\\u2026\",\"image\":\"\",\"url\":\"https:\/\/www.carmelitaniscalzi.com\/my-calendar\/?mc_id=14252\",\"startDate\":\"2026-04-18T00:00:00+02:00\",\"endDate\":\"2026-04-19T00:00:59+02:00\",\"duration\":\"PD1TH0M0\",\"eventAttendanceMode\":\"https:\/\/schema.org\/OnlineEventAttendanceMode\",\"location\":{\"@type\":\"VirtualLocation\",\"url\":\"https:\/\/www.carmelitaniscalzi.com\/my-calendar\/?mc_id=14252\"}},{\"@context\":\"https:\/\/schema.org\",\"@type\":\"Event\",\"name\":\"Bse Th\\u00e9r\\u00e8se-Marie de la Croix (Manetti)\",\"description\":\"Vierge \\u2014 M\\u00e9moire facultative \\ud83c\\uddf5\\ud83c\\uddf1 En Pologne: M\\u00e9moire facultative transf\\u00e9r\\u00e9e au 24 avril N\\u00e9e \\u00e0 Campi Bisenzio (Florence) en 1846, elle y mourut le 23 avril 1910, apr\\u00e8s avoir fond\\u00e9 la congr\\u00e9gation des Carm\\u00e9lites de sainte Th\\u00e9r\\u00e8se (1874), qu\\u2019elle envoya aussi au Liban et en Terre Sainte. Joyeuse de se conformer pleinement \\u00e0 la volont\\u00e9\\u2026\",\"image\":\"\",\"url\":\"https:\/\/www.carmelitaniscalzi.com\/my-calendar\/?mc_id=14353\",\"startDate\":\"2026-04-23T00:00:00+02:00\",\"endDate\":\"2026-04-24T00:00:59+02:00\",\"duration\":\"PD1TH0M0\",\"eventAttendanceMode\":\"https:\/\/schema.org\/OnlineEventAttendanceMode\",\"location\":{\"@type\":\"VirtualLocation\",\"url\":\"https:\/\/www.carmelitaniscalzi.com\/my-calendar\/?mc_id=14353\"}},{\"@context\":\"https:\/\/schema.org\",\"@type\":\"Event\",\"name\":\"Bse Marie-F\\u00e9licie de J\\u00e9sus Sacrement (Guggiari Echeverr\\u00eda)\",\"description\":\"Vierge \\u2014 M\\u00e9moire facultative Marie-F\\u00e9lice Guggiari Echeverr\\u00eda, connue sous le nom de Chiquitunga, est n\\u00e9e \\u00e0 Villarica, au Paraguay, le 12 janvier 1925. Engag\\u00e9e dans l&#039;Action catholique, elle vit son engagement associatif au service des enfants, des pauvres et des malades, jusqu&#039;\\u00e0 ce qu&#039;elle entre, \\u00e0 l&#039;\\u00e2ge de trente ans, au monast\\u00e8re des Carm\\u00e9lites d&#039;Asunci\\u00f3n.\\u2026\",\"image\":\"\",\"url\":\"https:\/\/www.carmelitaniscalzi.com\/my-calendar\/?mc_id=34187\",\"startDate\":\"2026-04-28T00:00:00+02:00\",\"endDate\":\"2026-04-29T00:00:59+02:00\",\"duration\":\"PD1TH0M0\",\"eventAttendanceMode\":\"https:\/\/schema.org\/OnlineEventAttendanceMode\",\"location\":{\"@type\":\"VirtualLocation\",\"url\":\"https:\/\/www.carmelitaniscalzi.com\/my-calendar\/?mc_id=34187\"}}]\n<\/script>\n<h2 id=\"mc_head_my-calendar\" class=\"heading my-calendar-month\"><span>avril 2026<\/span><\/h2>\n\n<nav class=\"my-calendar-navigation\" aria-label=\"Calendrier (Haut)\">\n<div class=\"my-calendar-header\">\r\n\t\t<div class=\"my-calendar-nav\">\r\n\t\t\t<ul>\r\n\t\t\t\t<li class=\"my-calendar-prev\"><a id=\"mc_previous_my-calendar\" href=\"https:\/\/www.carmelitaniscalzi.com\/fr\/agenda\/?yr=2026&#038;month=3&#038;dy&#038;cid=my-calendar&#038;time=month\" rel=\"nofollow\"><span class=\"mc-icon\" aria-hidden=\"true\"><\/span><span class=\"maybe-hide\">Pr\u00e9c\u00e9dent <\/span><\/a><\/li><li class=\"my-calendar-today\"><a id=\"mc_today_my-calendar\" href=\"https:\/\/www.carmelitaniscalzi.com\/fr\/agenda\/?cid=my-calendar\" rel=\"nofollow\" class=\"today mc-active\" aria-current=\"true\"><span class=\"mc-icon\" aria-hidden=\"true\"><\/span>Aujourd\u2019hui<\/a><\/li><li class=\"my-calendar-next\"><a id=\"mc_next_my-calendar\" href=\"https:\/\/www.carmelitaniscalzi.com\/fr\/agenda\/?yr=2026&#038;month=5&#038;dy&#038;cid=my-calendar&#038;time=month\" rel=\"nofollow\"><span class=\"maybe-hide\">Suivant <\/span><span class=\"mc-icon\" aria-hidden=\"true\"><\/span><\/a><\/li>\r\n\t\t\t<\/ul>\r\n\t\t<\/div><div class=\"my-calendar-date-switcher\"><form class=\"mc-date-switcher\" action=\"https:\/\/www.carmelitaniscalzi.com\/fr\/wp-json\/wp\/v2\/pages\/4977\/\" method=\"get\"><div><input type=\"hidden\" name=\"cid\" value=\"my-calendar\" \/> <label class=\"maybe-hide\" for=\"my-calendar-month\">Mois<\/label> <select id=\"my-calendar-month\" name=\"month\">\n<option value='1'>janvier<\/option>\n<option value='2'>f\u00e9vrier<\/option>\n<option value='3'>mars<\/option>\n<option value='4' selected='selected'>avril<\/option>\n<option value='5'>mai<\/option>\n<option value='6'>juin<\/option>\n<option value='7'>juillet<\/option>\n<option value='8'>ao\u00fbt<\/option>\n<option value='9'>septembre<\/option>\n<option value='10'>octobre<\/option>\n<option value='11'>novembre<\/option>\n<option value='12'>d\u00e9cembre<\/option>\n<\/select>\n <label class=\"maybe-hide\" for=\"my-calendar-year\">Ann\u00e9e<\/label> <select id=\"my-calendar-year\" name=\"yr\">\n<option value=\"2000\">2000<\/option>\n<option value=\"2001\">2001<\/option>\n<option value=\"2002\">2002<\/option>\n<option value=\"2003\">2003<\/option>\n<option value=\"2004\">2004<\/option>\n<option value=\"2005\">2005<\/option>\n<option value=\"2006\">2006<\/option>\n<option value=\"2007\">2007<\/option>\n<option value=\"2008\">2008<\/option>\n<option value=\"2009\">2009<\/option>\n<option value=\"2010\">2010<\/option>\n<option value=\"2011\">2011<\/option>\n<option value=\"2012\">2012<\/option>\n<option value=\"2013\">2013<\/option>\n<option value=\"2014\">2014<\/option>\n<option value=\"2015\">2015<\/option>\n<option value=\"2016\">2016<\/option>\n<option value=\"2017\">2017<\/option>\n<option value=\"2018\">2018<\/option>\n<option value=\"2019\">2019<\/option>\n<option value=\"2020\">2020<\/option>\n<option value=\"2021\">2021<\/option>\n<option value=\"2022\">2022<\/option>\n<option value=\"2023\">2023<\/option>\n<option value=\"2024\">2024<\/option>\n<option value=\"2025\">2025<\/option>\n<option value=\"2026\" selected='selected'>2026<\/option>\n<option value=\"2027\">2027<\/option>\n<option value=\"2028\">2028<\/option>\n<option value=\"2029\">2029<\/option>\n<option value=\"2030\">2030<\/option>\n<option value=\"2031\">2031<\/option>\n<option value=\"2032\">2032<\/option>\n<option value=\"2033\">2033<\/option>\n<option value=\"2034\">2034<\/option>\n<option value=\"2035\">2035<\/option>\n<option value=\"2036\">2036<\/option>\n<option value=\"2037\">2037<\/option>\n<option value=\"2038\">2038<\/option>\n<option value=\"2039\">2039<\/option>\n<option value=\"2040\">2040<\/option>\n<option value=\"2041\">2041<\/option>\n<option value=\"2042\">2042<\/option>\n<option value=\"2043\">2043<\/option>\n<option value=\"2044\">2044<\/option>\n<option value=\"2045\">2045<\/option>\n<option value=\"2046\">2046<\/option>\n<option value=\"2047\">2047<\/option>\n<option value=\"2048\">2048<\/option>\n<option value=\"2049\">2049<\/option>\n<option value=\"2050\">2050<\/option>\n<option value=\"2051\">2051<\/option>\n<option value=\"2052\">2052<\/option>\n<option value=\"2053\">2053<\/option>\n<option value=\"2054\">2054<\/option>\n<option value=\"2055\">2055<\/option>\n<option value=\"2056\">2056<\/option>\n<option value=\"2057\">2057<\/option>\n<option value=\"2058\">2058<\/option>\n<option value=\"2059\">2059<\/option>\n<option value=\"2060\">2060<\/option>\n<option value=\"2061\">2061<\/option>\n<option value=\"2062\">2062<\/option>\n<option value=\"2063\">2063<\/option>\n<option value=\"2064\">2064<\/option>\n<option value=\"2065\">2065<\/option>\n<option value=\"2066\">2066<\/option>\n<option value=\"2067\">2067<\/option>\n<option value=\"2068\">2068<\/option>\n<option value=\"2069\">2069<\/option>\n<option value=\"2070\">2070<\/option>\n<option value=\"2071\">2071<\/option>\n<option value=\"2072\">2072<\/option>\n<option value=\"2073\">2073<\/option>\n<option value=\"2074\">2074<\/option>\n<option value=\"2075\">2075<\/option>\n<option value=\"2076\">2076<\/option>\n<option value=\"2077\">2077<\/option>\n<option value=\"2078\">2078<\/option>\n<option value=\"2079\">2079<\/option>\n<option value=\"2080\">2080<\/option>\n<option value=\"2081\">2081<\/option>\n<option value=\"2082\">2082<\/option>\n<option value=\"2083\">2083<\/option>\n<option value=\"2084\">2084<\/option>\n<option value=\"2085\">2085<\/option>\n<option value=\"2086\">2086<\/option>\n<option value=\"2087\">2087<\/option>\n<option value=\"2088\">2088<\/option>\n<option value=\"2089\">2089<\/option>\n<option value=\"2090\">2090<\/option>\n<option value=\"2091\">2091<\/option>\n<option value=\"2092\">2092<\/option>\n<option value=\"2093\">2093<\/option>\n<option value=\"2094\">2094<\/option>\n<option value=\"2095\">2095<\/option>\n<option value=\"2096\">2096<\/option>\n<option value=\"2097\">2097<\/option>\n<option value=\"2098\">2098<\/option>\n<option value=\"2099\">2099<\/option>\n<option value=\"2100\">2100<\/option>\n<option value=\"2101\">2101<\/option>\n<option value=\"2102\">2102<\/option>\n<option value=\"2103\">2103<\/option>\n<option value=\"2104\">2104<\/option>\n<option value=\"2105\">2105<\/option>\n<option value=\"2106\">2106<\/option>\n<option value=\"2107\">2107<\/option>\n<option value=\"2108\">2108<\/option>\n<option value=\"2109\">2109<\/option>\n<option value=\"2110\">2110<\/option>\n<option value=\"2111\">2111<\/option>\n<option value=\"2112\">2112<\/option>\n<option value=\"2113\">2113<\/option>\n<option value=\"2114\">2114<\/option>\n<option value=\"2115\">2115<\/option>\n<option value=\"2116\">2116<\/option>\n<option value=\"2117\">2117<\/option>\n<option value=\"2118\">2118<\/option>\n<option value=\"2119\">2119<\/option>\n<option value=\"2120\">2120<\/option>\n<option value=\"2121\">2121<\/option>\n<option value=\"2122\">2122<\/option>\n<option value=\"2123\">2123<\/option>\n<option value=\"2124\">2124<\/option>\n<option value=\"2125\">2125<\/option>\n<\/select> <input type=\"submit\" class=\"button\" data-href=\"https:\/\/www.carmelitaniscalzi.com\/fr\/wp-json\/wp\/v2\/pages\/4977\/\" value=\"Aller\" \/><\/div><\/form><\/div><\/div>\n<\/nav>\n<div class=\"mc-content\">\n<table class='my-calendar-table' aria-labelledby='mc_head_my-calendar'>\n<thead>\n\t<tr class='mc-row'>\n\t\t<th scope=\"col\" class='day-heading mon'><abbr title=\"lundi\" aria-hidden=\"true\">lun<\/abbr><span class=\"screen-reader-text\">lundi<\/span><\/th>\n\n\t\t<th scope=\"col\" class='day-heading tues'><abbr title=\"mardi\" aria-hidden=\"true\">mar<\/abbr><span class=\"screen-reader-text\">mardi<\/span><\/th>\n\n\t\t<th scope=\"col\" class='day-heading wed'><abbr title=\"mercredi\" aria-hidden=\"true\">mer<\/abbr><span class=\"screen-reader-text\">mercredi<\/span><\/th>\n\n\t\t<th scope=\"col\" class='day-heading thur'><abbr title=\"jeudi\" aria-hidden=\"true\">jeu<\/abbr><span class=\"screen-reader-text\">jeudi<\/span><\/th>\n\n\t\t<th scope=\"col\" class='day-heading fri'><abbr title=\"vendredi\" aria-hidden=\"true\">ven<\/abbr><span class=\"screen-reader-text\">vendredi<\/span><\/th>\n\n\t\t<th scope=\"col\" class='weekend-heading sat'><abbr title=\"samedi\" aria-hidden=\"true\">sam<\/abbr><span class=\"screen-reader-text\">samedi<\/span><\/th>\n\n\t\t<th scope=\"col\" class='weekend-heading sun'><abbr title=\"dimanche\" aria-hidden=\"true\">dim<\/abbr><span class=\"screen-reader-text\">dimanche<\/span><\/th>\n\t<\/tr>\n<\/thead>\n<tbody>\n<tr class='mc-row'><td class='no-events lundi lun past-day past-date  nextmonth no-events day-with-date'><div class='mc-date-container'><span class='mc-date no-events'><span aria-hidden='true'>30<\/span><span class='screen-reader-text'>30 mars 2026<\/span><\/span><\/div>\n<\/td>\n<td class='no-events mardi mar past-day past-date  nextmonth no-events day-with-date'><div class='mc-date-container'><span class='mc-date no-events'><span aria-hidden='true'>31<\/span><span class='screen-reader-text'>31 mars 2026<\/span><\/span><\/div>\n<\/td>\n<td id='calendar-2026-04-01' class='mc-events mercredi mer past-day past-date   has-events author1 mcat_saintsbienheureux day-with-date'><div class='mc-date-container'>\n\t<span class='mc-date'><span aria-hidden='true' class='mc-day-number'>1<\/span><span class='screen-reader-text mc-day-date'>1 avril 2026<\/span><span class=\"event-icon\" aria-hidden=\"true\">&#9679;<\/span><span class=\"screen-reader-text\"><span class=\"mc-list-details event-count\">(1 \u00e9v\u00e8nement)<\/span><\/span><\/span><\/div><article id='mc_calendar_01_14050-calendar-14050' class='mc-mc_calendar_14050 calendar-event mc_saintsbienheureux mc_no-location past-event mc_primary_saints-bienheureux recurring mc mc-start-00-00 mc-group-176 mc-event-176 mc-events mc-event mc_rel_saintsbienheureux'><header>\t<h3 class='event-title summary' id='mc_14050-title-my-calendar'><button type='button' id='modal-button-mc_calendar_01_14050-calendar-details-14050' data-modal-content-id='mc_calendar_01_14050-calendar-details-14050' data-modal-prefix-class='my-calendar' data-modal-close-text='Fermer' data-modal-title='Saint Nunio Alvarez Pereira' aria-controls='mc_calendar_01_14050-calendar-details-14050' class='calendar mc-modal button button-link url summary has-image'><svg style=\"fill:#ffffff\" focusable=\"false\" role=\"img\" aria-labelledby=\"cat_14050\" class=\"category-icon\" xmlns=\"http:\/\/www.w3.org\/2000\/svg\" viewBox=\"0 0 512 512\"><!-- Font Awesome Free 5.15.3 by @fontawesome - https:\/\/fontawesome.com License - https:\/\/fontawesome.com\/license\/free (Icons: CC BY 4.0, Fonts: SIL OFL 1.1, Code: MIT License) --><title id='cat_14050'>Cat\u00e9gorie: Saints\/Bienheureux<\/title><path d=\"M256,8C119,8,8,119,8,256S119,504,256,504,504,393,504,256,393,8,256,8Zm92.49,313h0l-20,25a16,16,0,0,1-22.49,2.5h0l-67-49.72a40,40,0,0,1-15-31.23V112a16,16,0,0,1,16-16h32a16,16,0,0,1,16,16V256l58,42.5A16,16,0,0,1,348.49,321Z\"\/><\/svg> <div>Saint Nunio Alvarez Pereira<\/div><\/button><\/h3>\n<\/header><div id='mc_calendar_01_14050-calendar-details-14050' class='details no-image uses-modal single-details'  aria-labelledby='mc_14050-title-my-calendar'>\n\t<button type='button' aria-controls='mc_calendar_01_14050-calendar-details-14050' class='mc-toggle close'><span class='dashicons dashicons-dismiss' aria-hidden='true'><\/span><span class='screen-reader-text'>Close<\/span><\/button><div class=\"mc-v2 mc-mc_calendar_14050 calendar-event mc_saintsbienheureux mc_no-location past-event mc_primary_saints-bienheureux recurring mc mc-start-00-00 mc-group-176 mc-event-176 mc-events mc-event mc_rel_saintsbienheureux\">\r\n\t<div class=\"mc-image-container\">\r\n\t\t\r\n\t<div class='time-block'>\r\n\t\t<span class='mc-icon' aria-hidden='true'><\/span>\r\n\t\t<p><span class=\"time-wrapper\"> <span class='event-time'> <\/span>  <\/span><br \/><span class=\"date-wrapper\"><span class='mc-start-date dtstart' title='2026-04-01T00:00:00+02:00'>1 avril 2026<\/span>  <\/span><\/p>\r\n\t<\/div>\t\t\t<\/div>\r\n\t<div class=\"mc-content-container\">\r\n\t\t\t<div class='longdesc description'><p>religieux de notre Ordre (M\u00e9moire facultative)<\/p>\n<p>Il vint au monde au Portugal en 1360. Mari\u00e9 \u00e0 l\u00e2ge de 16 ans, il se distingua longtemps comme champion de lind\u00e9pendance de son pays et sengagea dans la vie militaire. Apr\u00e8s la mort de son \u00e9pouse, il entra comme Fr\u00e8re oblat chez les Carmes de Lisbonne \u00e0 l\u00e2ge de 62 ans, sous le nom de Fr\u00e8re Nunio de Ste Marie.Tout en continuant au couvent sa vie de service et daust\u00e9rit\u00e9, il fit construire plusieurs \u00e9glises. Connu pour son esprit de pri\u00e8re et de p\u00e9nitence, comme pour sa d\u00e9votion toute filiale \u00e0 la T.Ste Vierge, il mourut en communaut\u00e9 en 1431.<\/p>\n<\/div>\t\t\t\t\t\t\t\t\t\t\t\t\t\t\t\t\t<\/div>\r\n<\/div>\r\n<\/div><!--end .details--><\/article>\n<\/td>\n<td class='no-events jeudi jeu past-day past-date   no-events day-with-date'><div class='mc-date-container'><span class='mc-date no-events'><span aria-hidden='true'>2<\/span><span class='screen-reader-text'>2 avril 2026<\/span><\/span><\/div>\n<\/td>\n<td class='no-events vendredi ven past-day past-date   no-events day-with-date'><div class='mc-date-container'><span class='mc-date no-events'><span aria-hidden='true'>3<\/span><span class='screen-reader-text'>3 avril 2026<\/span><\/span><\/div>\n<\/td>\n<td class='no-events samedi sam past-day past-date weekend  no-events day-with-date'><div class='mc-date-container'><span class='mc-date no-events'><span aria-hidden='true'>4<\/span><span class='screen-reader-text'>4 avril 2026<\/span><\/span><\/div>\n<\/td>\n<td class='no-events dimanche dim past-day past-date weekend  no-events day-with-date'><div class='mc-date-container'><span class='mc-date no-events'><span aria-hidden='true'>5<\/span><span class='screen-reader-text'>5 avril 2026<\/span><\/span><\/div>\n<\/td>\n<\/tr>\n<!-- End Event Row -->\n<tr class='mc-row'><td class='no-events lundi lun past-day past-date   no-events day-with-date'><div class='mc-date-container'><span class='mc-date no-events'><span aria-hidden='true'>6<\/span><span class='screen-reader-text'>6 avril 2026<\/span><\/span><\/div>\n<\/td>\n<td class='no-events mardi mar past-day past-date   no-events day-with-date'><div class='mc-date-container'><span class='mc-date no-events'><span aria-hidden='true'>7<\/span><span class='screen-reader-text'>7 avril 2026<\/span><\/span><\/div>\n<\/td>\n<td class='no-events mercredi mer past-day past-date   no-events day-with-date'><div class='mc-date-container'><span class='mc-date no-events'><span aria-hidden='true'>8<\/span><span class='screen-reader-text'>8 avril 2026<\/span><\/span><\/div>\n<\/td>\n<td class='no-events jeudi jeu past-day past-date   no-events day-with-date'><div class='mc-date-container'><span class='mc-date no-events'><span aria-hidden='true'>9<\/span><span class='screen-reader-text'>9 avril 2026<\/span><\/span><\/div>\n<\/td>\n<td class='no-events vendredi ven past-day past-date   no-events day-with-date'><div class='mc-date-container'><span class='mc-date no-events'><span aria-hidden='true'>10<\/span><span class='screen-reader-text'>10 avril 2026<\/span><\/span><\/div>\n<\/td>\n<td class='no-events samedi sam past-day past-date weekend  no-events day-with-date'><div class='mc-date-container'><span class='mc-date no-events'><span aria-hidden='true'>11<\/span><span class='screen-reader-text'>11 avril 2026<\/span><\/span><\/div>\n<\/td>\n<td class='no-events dimanche dim past-day past-date weekend  no-events day-with-date'><div class='mc-date-container'><span class='mc-date no-events'><span aria-hidden='true'>12<\/span><span class='screen-reader-text'>12 avril 2026<\/span><\/span><\/div>\n<\/td>\n<\/tr>\n<!-- End Event Row -->\n<tr class='mc-row'><td class='no-events lundi lun past-day past-date   no-events day-with-date'><div class='mc-date-container'><span class='mc-date no-events'><span aria-hidden='true'>13<\/span><span class='screen-reader-text'>13 avril 2026<\/span><\/span><\/div>\n<\/td>\n<td class='no-events mardi mar past-day past-date   no-events day-with-date'><div class='mc-date-container'><span class='mc-date no-events'><span aria-hidden='true'>14<\/span><span class='screen-reader-text'>14 avril 2026<\/span><\/span><\/div>\n<\/td>\n<td class='no-events mercredi mer past-day past-date   no-events day-with-date'><div class='mc-date-container'><span class='mc-date no-events'><span aria-hidden='true'>15<\/span><span class='screen-reader-text'>15 avril 2026<\/span><\/span><\/div>\n<\/td>\n<td class='no-events jeudi jeu past-day past-date   no-events day-with-date'><div class='mc-date-container'><span class='mc-date no-events'><span aria-hidden='true'>16<\/span><span class='screen-reader-text'>16 avril 2026<\/span><\/span><\/div>\n<\/td>\n<td id='calendar-2026-04-17' class='mc-events vendredi ven past-day past-date   has-events author0 mcat_saintsbienheureux day-with-date'><div class='mc-date-container'>\n\t<span class='mc-date'><span aria-hidden='true' class='mc-day-number'>17<\/span><span class='screen-reader-text mc-day-date'>17 avril 2026<\/span><span class=\"event-icon\" aria-hidden=\"true\">&#9679;<\/span><span class=\"screen-reader-text\"><span class=\"mc-list-details event-count\">(1 \u00e9v\u00e8nement)<\/span><\/span><\/span><\/div><article id='mc_calendar_17_14151-calendar-14151' class='mc-mc_calendar_14151 calendar-event mc_saintsbienheureux mc_no-location past-event mc_primary_saints-bienheureux recurring mc mc-start-00-00 ungrouped mc-event-177 mc-events mc-event mc_rel_saintsbienheureux'><header>\t<h3 class='event-title summary' id='mc_14151-title-my-calendar'><button type='button' id='modal-button-mc_calendar_17_14151-calendar-details-14151' data-modal-content-id='mc_calendar_17_14151-calendar-details-14151' data-modal-prefix-class='my-calendar' data-modal-close-text='Fermer' data-modal-title='Bx Baptiste Spagnoli' aria-controls='mc_calendar_17_14151-calendar-details-14151' class='calendar mc-modal button button-link url summary has-image'><svg style=\"fill:#ffffff\" focusable=\"false\" role=\"img\" aria-labelledby=\"cat_14151\" class=\"category-icon\" xmlns=\"http:\/\/www.w3.org\/2000\/svg\" viewBox=\"0 0 512 512\"><!-- Font Awesome Free 5.15.3 by @fontawesome - https:\/\/fontawesome.com License - https:\/\/fontawesome.com\/license\/free (Icons: CC BY 4.0, Fonts: SIL OFL 1.1, Code: MIT License) --><title id='cat_14151'>Cat\u00e9gorie: Saints\/Bienheureux<\/title><path d=\"M256,8C119,8,8,119,8,256S119,504,256,504,504,393,504,256,393,8,256,8Zm92.49,313h0l-20,25a16,16,0,0,1-22.49,2.5h0l-67-49.72a40,40,0,0,1-15-31.23V112a16,16,0,0,1,16-16h32a16,16,0,0,1,16,16V256l58,42.5A16,16,0,0,1,348.49,321Z\"\/><\/svg> <div>Bx Baptiste Spagnoli<\/div><\/button><\/h3>\n<\/header><div id='mc_calendar_17_14151-calendar-details-14151' class='details has-image uses-modal single-details'  aria-labelledby='mc_14151-title-my-calendar'>\n\t<button type='button' aria-controls='mc_calendar_17_14151-calendar-details-14151' class='mc-toggle close'><span class='dashicons dashicons-dismiss' aria-hidden='true'><\/span><span class='screen-reader-text'>Close<\/span><\/button><div class=\"mc-v2 mc-mc_calendar_14151 calendar-event mc_saintsbienheureux mc_no-location past-event mc_primary_saints-bienheureux recurring mc mc-start-00-00 ungrouped mc-event-177 mc-events mc-event mc_rel_saintsbienheureux\">\r\n\t<div class=\"mc-image-container\">\r\n\t\t\r\n\t<div class='time-block'>\r\n\t\t<span class='mc-icon' aria-hidden='true'><\/span>\r\n\t\t<p><span class=\"time-wrapper\"> <span class='event-time'> <\/span>  <\/span><br \/><span class=\"date-wrapper\"><span class='mc-start-date dtstart' title='2026-04-17T00:00:00+02:00'>17 avril 2026<\/span>  <\/span><\/p>\r\n\t<\/div>\t\t<img loading=\"lazy\" decoding=\"async\" width=\"350\" height=\"322\" src=\"https:\/\/www.carmelitaniscalzi.com\/wp-content\/uploads\/2025\/04\/7-B.-Battista-Spagnoli.jpg\" class=\"mc-image photo wp-post-image\" alt=\"Bx Baptiste Spagnoli\" \/>\t<\/div>\r\n\t<div class=\"mc-content-container\">\r\n\t\t\t<div class='longdesc description'><p>Pr\u00eatre \u2014 <em>M\u00e9moire facultative<\/em><\/p>\n<p>Connu de son temps surtout comme humaniste et po\u00e8te, Baptiste Spagnoli (1447-1516) travailla \u00e0 la r\u00e9forme de la vie monastique dans la branche italienne des carmes, dite \u00ab Congr\u00e9gation de Mantoue\u00bb, qu\u2019il gouverna pendant 34 ans; c\u2019est \u00e0 ce titre qu\u2019il assista au 5\u00b0 Concile de Latran (1512) qui eut pour r\u00f4le de r\u00e9tablir la paix entre le duc de Milan et le roi de France Louis XII.<\/p>\n<\/div>\t\t\t\t\t\t\t\t\t\t\t\t\t\t\t\t\t<\/div>\r\n<\/div>\r\n<\/div><!--end .details--><\/article>\n<\/td>\n<td id='calendar-2026-04-18' class='mc-events samedi sam past-day past-date weekend  has-events author0 mcat_saintsbienheureux day-with-date'><div class='mc-date-container'>\n\t<span class='mc-date'><span aria-hidden='true' class='mc-day-number'>18<\/span><span class='screen-reader-text mc-day-date'>18 avril 2026<\/span><span class=\"event-icon\" aria-hidden=\"true\">&#9679;<\/span><span class=\"screen-reader-text\"><span class=\"mc-list-details event-count\">(1 \u00e9v\u00e8nement)<\/span><\/span><\/span><\/div><article id='mc_calendar_18_14252-calendar-14252' class='mc-mc_calendar_14252 calendar-event mc_saintsbienheureux mc_no-location past-event mc_primary_saints-bienheureux recurring mc-24-heures mc-start-00-00 ungrouped mc-event-178 mc-events mc-event mc_rel_saintsbienheureux'><header>\t<h3 class='event-title summary' id='mc_14252-title-my-calendar'><button type='button' id='modal-button-mc_calendar_18_14252-calendar-details-14252' data-modal-content-id='mc_calendar_18_14252-calendar-details-14252' data-modal-prefix-class='my-calendar' data-modal-close-text='Fermer' data-modal-title='Bse Marie de l\u2019Incarnation (Acarie Avrillot)' aria-controls='mc_calendar_18_14252-calendar-details-14252' class='calendar mc-modal button button-link url summary has-image'><svg style=\"fill:#ffffff\" focusable=\"false\" role=\"img\" aria-labelledby=\"cat_14252\" class=\"category-icon\" xmlns=\"http:\/\/www.w3.org\/2000\/svg\" viewBox=\"0 0 512 512\"><!-- Font Awesome Free 5.15.3 by @fontawesome - https:\/\/fontawesome.com License - https:\/\/fontawesome.com\/license\/free (Icons: CC BY 4.0, Fonts: SIL OFL 1.1, Code: MIT License) --><title id='cat_14252'>Cat\u00e9gorie: Saints\/Bienheureux<\/title><path d=\"M256,8C119,8,8,119,8,256S119,504,256,504,504,393,504,256,393,8,256,8Zm92.49,313h0l-20,25a16,16,0,0,1-22.49,2.5h0l-67-49.72a40,40,0,0,1-15-31.23V112a16,16,0,0,1,16-16h32a16,16,0,0,1,16,16V256l58,42.5A16,16,0,0,1,348.49,321Z\"\/><\/svg> <div>Bse Marie de l\u2019Incarnation (Acarie Avrillot)<\/div><\/button><\/h3>\n<\/header><div id='mc_calendar_18_14252-calendar-details-14252' class='details has-image uses-modal single-details'  aria-labelledby='mc_14252-title-my-calendar'>\n\t<button type='button' aria-controls='mc_calendar_18_14252-calendar-details-14252' class='mc-toggle close'><span class='dashicons dashicons-dismiss' aria-hidden='true'><\/span><span class='screen-reader-text'>Close<\/span><\/button><div class=\"mc-v2 mc-mc_calendar_14252 calendar-event mc_saintsbienheureux mc_no-location past-event mc_primary_saints-bienheureux recurring mc-24-heures mc-start-00-00 ungrouped mc-event-178 mc-events mc-event mc_rel_saintsbienheureux\">\r\n\t<div class=\"mc-image-container\">\r\n\t\t\r\n\t<div class='time-block'>\r\n\t\t<span class='mc-icon' aria-hidden='true'><\/span>\r\n\t\t<p><span class=\"time-wrapper\"> <span class='event-time'> <\/span>  <\/span><br \/><span class=\"date-wrapper\"><span class='mc-start-date dtstart' title='2026-04-18T00:00:00+02:00'>18 avril 2026<\/span>  <\/span><\/p>\r\n\t<\/div>\t\t<img loading=\"lazy\" decoding=\"async\" width=\"350\" height=\"322\" src=\"https:\/\/www.carmelitaniscalzi.com\/wp-content\/uploads\/2025\/04\/8-B.-Maria-dellIncarnazione.jpg\" class=\"mc-image photo wp-post-image\" alt=\"Bse Marie de l\u2019Incarnation (Acarie Avrillot)\" \/>\t<\/div>\r\n\t<div class=\"mc-content-container\">\r\n\t\t\t<div class='longdesc description'><h2>Religieuse \u2014 M\u00e9moire facultative<\/h2>\n<h2>\ud83c\uddeb\ud83c\uddf7 En France:\u00a0 M\u00e9moire<\/h2>\n<p>Mari\u00e9e \u00e0 l\u2019\u00e2ge de 16 ans \u00e0 Pierre Acarie dont elle eut beaucoup \u00e0 souffrir, Madame Acarie (1566-1618), tout en \u00e9levant ses sept enfants, participa activement, avec quelques dames de Paris, \u00e0 l\u2019installation des premi\u00e8res carm\u00e9lites venues d\u2019Espagne en 1604. Devenue veuve et bien que malade, elle put r\u00e9aliser son d\u00e9sir d\u2019entrer au Carmel, comme s\u0153ur converse, \u00e0 Amiens puis \u00e0 Pontoise : ce seront quatre ann\u00e9es de vie mystique intense alli\u00e9e aux travaux les plus humbles de la vie communautaire.<\/p>\n<\/div>\t\t\t\t\t\t\t\t\t\t\t\t\t\t\t\t\t<\/div>\r\n<\/div>\r\n<\/div><!--end .details--><\/article>\n<\/td>\n<td class='no-events dimanche dim past-day past-date weekend  no-events day-with-date'><div class='mc-date-container'><span class='mc-date no-events'><span aria-hidden='true'>19<\/span><span class='screen-reader-text'>19 avril 2026<\/span><\/span><\/div>\n<\/td>\n<\/tr>\n<!-- End Event Row -->\n<tr class='mc-row'><td class='no-events lundi lun past-day past-date   no-events day-with-date'><div class='mc-date-container'><span class='mc-date no-events'><span aria-hidden='true'>20<\/span><span class='screen-reader-text'>20 avril 2026<\/span><\/span><\/div>\n<\/td>\n<td class='no-events mardi mar past-day past-date   no-events day-with-date'><div class='mc-date-container'><span class='mc-date no-events'><span aria-hidden='true'>21<\/span><span class='screen-reader-text'>21 avril 2026<\/span><\/span><\/div>\n<\/td>\n<td class='no-events mercredi mer past-day past-date   no-events day-with-date'><div class='mc-date-container'><span class='mc-date no-events'><span aria-hidden='true'>22<\/span><span class='screen-reader-text'>22 avril 2026<\/span><\/span><\/div>\n<\/td>\n<td id='calendar-2026-04-23' class='mc-events jeudi jeu past-day past-date   has-events author0 mcat_saintsbienheureux day-with-date'><div class='mc-date-container'>\n\t<span class='mc-date'><span aria-hidden='true' class='mc-day-number'>23<\/span><span class='screen-reader-text mc-day-date'>23 avril 2026<\/span><span class=\"event-icon\" aria-hidden=\"true\">&#9679;<\/span><span class=\"screen-reader-text\"><span class=\"mc-list-details event-count\">(1 \u00e9v\u00e8nement)<\/span><\/span><\/span><\/div><article id='mc_calendar_23_14353-calendar-14353' class='mc-mc_calendar_14353 calendar-event mc_saintsbienheureux mc_no-location past-event mc_primary_saints-bienheureux recurring mc-24-heures mc-start-00-00 ungrouped mc-event-179 mc-events mc-event mc_rel_saintsbienheureux'><header>\t<h3 class='event-title summary' id='mc_14353-title-my-calendar'><button type='button' id='modal-button-mc_calendar_23_14353-calendar-details-14353' data-modal-content-id='mc_calendar_23_14353-calendar-details-14353' data-modal-prefix-class='my-calendar' data-modal-close-text='Fermer' data-modal-title='Bse Th\u00e9r\u00e8se-Marie de la Croix (Manetti)' aria-controls='mc_calendar_23_14353-calendar-details-14353' class='calendar mc-modal button button-link url summary has-image'><svg style=\"fill:#ffffff\" focusable=\"false\" role=\"img\" aria-labelledby=\"cat_14353\" class=\"category-icon\" xmlns=\"http:\/\/www.w3.org\/2000\/svg\" viewBox=\"0 0 512 512\"><!-- Font Awesome Free 5.15.3 by @fontawesome - https:\/\/fontawesome.com License - https:\/\/fontawesome.com\/license\/free (Icons: CC BY 4.0, Fonts: SIL OFL 1.1, Code: MIT License) --><title id='cat_14353'>Cat\u00e9gorie: Saints\/Bienheureux<\/title><path d=\"M256,8C119,8,8,119,8,256S119,504,256,504,504,393,504,256,393,8,256,8Zm92.49,313h0l-20,25a16,16,0,0,1-22.49,2.5h0l-67-49.72a40,40,0,0,1-15-31.23V112a16,16,0,0,1,16-16h32a16,16,0,0,1,16,16V256l58,42.5A16,16,0,0,1,348.49,321Z\"\/><\/svg> <div>Bse Th\u00e9r\u00e8se-Marie de la Croix (Manetti)<\/div><\/button><\/h3>\n<\/header><div id='mc_calendar_23_14353-calendar-details-14353' class='details has-image uses-modal single-details'  aria-labelledby='mc_14353-title-my-calendar'>\n\t<button type='button' aria-controls='mc_calendar_23_14353-calendar-details-14353' class='mc-toggle close'><span class='dashicons dashicons-dismiss' aria-hidden='true'><\/span><span class='screen-reader-text'>Close<\/span><\/button><div class=\"mc-v2 mc-mc_calendar_14353 calendar-event mc_saintsbienheureux mc_no-location past-event mc_primary_saints-bienheureux recurring mc-24-heures mc-start-00-00 ungrouped mc-event-179 mc-events mc-event mc_rel_saintsbienheureux\">\r\n\t<div class=\"mc-image-container\">\r\n\t\t\r\n\t<div class='time-block'>\r\n\t\t<span class='mc-icon' aria-hidden='true'><\/span>\r\n\t\t<p><span class=\"time-wrapper\"> <span class='event-time'> <\/span>  <\/span><br \/><span class=\"date-wrapper\"><span class='mc-start-date dtstart' title='2026-04-23T00:00:00+02:00'>23 avril 2026<\/span>  <\/span><\/p>\r\n\t<\/div>\t\t<img loading=\"lazy\" decoding=\"async\" width=\"350\" height=\"322\" src=\"https:\/\/www.carmelitaniscalzi.com\/wp-content\/uploads\/2025\/04\/9-B.-Teresa-Maria-della-Croce-Manetti.jpg\" class=\"mc-image photo wp-post-image\" alt=\"Bse Th\u00e9r\u00e8se-Marie de la Croix (Manetti)\" \/>\t<\/div>\r\n\t<div class=\"mc-content-container\">\r\n\t\t\t<div class='longdesc description'><h2>Vierge \u2014 M\u00e9moire facultative<\/h2>\n<h2>\ud83c\uddf5\ud83c\uddf1 En Pologne: M\u00e9moire facultative transf\u00e9r\u00e9e au 24 avril<\/h2>\n<p>N\u00e9e \u00e0 Campi Bisenzio (Florence) en 1846, elle y mourut le 23 avril 1910, apr\u00e8s avoir fond\u00e9 la congr\u00e9gation des Carm\u00e9lites de sainte Th\u00e9r\u00e8se (1874), qu\u2019elle envoya aussi au Liban et en Terre Sainte. Joyeuse de se conformer pleinement \u00e0 la volont\u00e9 de Dieu, elle v\u00e9cut le myst\u00e8re de la Croix en son corps et en son esprit, se distinguant par la ferveur eucharistique et la tendresse maternelle pour les petits et les humbles.<\/p>\n<\/div>\t\t\t\t\t\t\t\t\t\t\t\t\t\t\t\t\t<\/div>\r\n<\/div>\r\n<\/div><!--end .details--><\/article>\n<\/td>\n<td class='no-events vendredi ven past-day past-date   no-events day-with-date'><div class='mc-date-container'><span class='mc-date no-events'><span aria-hidden='true'>24<\/span><span class='screen-reader-text'>24 avril 2026<\/span><\/span><\/div>\n<\/td>\n<td class='no-events samedi sam past-day past-date weekend  no-events day-with-date'><div class='mc-date-container'><span class='mc-date no-events'><span aria-hidden='true'>25<\/span><span class='screen-reader-text'>25 avril 2026<\/span><\/span><\/div>\n<\/td>\n<td class='no-events dimanche dim past-day past-date weekend  no-events day-with-date'><div class='mc-date-container'><span class='mc-date no-events'><span aria-hidden='true'>26<\/span><span class='screen-reader-text'>26 avril 2026<\/span><\/span><\/div>\n<\/td>\n<\/tr>\n<!-- End Event Row -->\n<tr class='mc-row'><td aria-current=\"date\" class='no-events lundi lun current-day   no-events day-with-date'><div class='mc-date-container'><span class='mc-date no-events'><span aria-hidden='true'>27<\/span><span class='screen-reader-text'>27 avril 2026<\/span><\/span><\/div>\n<\/td>\n<td id='calendar-2026-04-28' class='mc-events mardi mar future-day   has-events author7 mcat_saintsbienheureux day-with-date'><div class='mc-date-container'>\n\t<span class='mc-date'><span aria-hidden='true' class='mc-day-number'>28<\/span><span class='screen-reader-text mc-day-date'>28 avril 2026<\/span><span class=\"event-icon\" aria-hidden=\"true\">&#9679;<\/span><span class=\"screen-reader-text\"><span class=\"mc-list-details event-count\">(1 \u00e9v\u00e8nement)<\/span><\/span><\/span><\/div><article id='mc_calendar_28_34187-calendar-34187' class='mc-mc_calendar_34187 calendar-event mc_saintsbienheureux mc_no-location future-event mc_primary_saints-bienheureux recurring mc-24-heures mc-start-00-00 ungrouped mc-event-577 mc-events mc-event mc_rel_saintsbienheureux'><header>\t<h3 class='event-title summary' id='mc_34187-title-my-calendar'><button type='button' id='modal-button-mc_calendar_28_34187-calendar-details-34187' data-modal-content-id='mc_calendar_28_34187-calendar-details-34187' data-modal-prefix-class='my-calendar' data-modal-close-text='Fermer' data-modal-title='Bse Marie-F\u00e9licie de J\u00e9sus Sacrement (Guggiari Echeverr\u00eda)' aria-controls='mc_calendar_28_34187-calendar-details-34187' class='calendar mc-modal button button-link url summary has-image'><svg style=\"fill:#ffffff\" focusable=\"false\" role=\"img\" aria-labelledby=\"cat_34187\" class=\"category-icon\" xmlns=\"http:\/\/www.w3.org\/2000\/svg\" viewBox=\"0 0 512 512\"><!-- Font Awesome Free 5.15.3 by @fontawesome - https:\/\/fontawesome.com License - https:\/\/fontawesome.com\/license\/free (Icons: CC BY 4.0, Fonts: SIL OFL 1.1, Code: MIT License) --><title id='cat_34187'>Cat\u00e9gorie: Saints\/Bienheureux<\/title><path d=\"M256,8C119,8,8,119,8,256S119,504,256,504,504,393,504,256,393,8,256,8Zm92.49,313h0l-20,25a16,16,0,0,1-22.49,2.5h0l-67-49.72a40,40,0,0,1-15-31.23V112a16,16,0,0,1,16-16h32a16,16,0,0,1,16,16V256l58,42.5A16,16,0,0,1,348.49,321Z\"\/><\/svg> <div>Bse Marie-F\u00e9licie de J\u00e9sus Sacrement (Guggiari Echeverr\u00eda)<\/div><\/button><\/h3>\n<\/header><div id='mc_calendar_28_34187-calendar-details-34187' class='details has-image uses-modal single-details'  aria-labelledby='mc_34187-title-my-calendar'>\n\t<button type='button' aria-controls='mc_calendar_28_34187-calendar-details-34187' class='mc-toggle close'><span class='dashicons dashicons-dismiss' aria-hidden='true'><\/span><span class='screen-reader-text'>Close<\/span><\/button><div class=\"mc-v2 mc-mc_calendar_34187 calendar-event mc_saintsbienheureux mc_no-location future-event mc_primary_saints-bienheureux recurring mc-24-heures mc-start-00-00 ungrouped mc-event-577 mc-events mc-event mc_rel_saintsbienheureux\">\r\n\t<div class=\"mc-image-container\">\r\n\t\t\r\n\t<div class='time-block'>\r\n\t\t<span class='mc-icon' aria-hidden='true'><\/span>\r\n\t\t<p><span class=\"time-wrapper\">  <\/span><span class=\"date-wrapper\"><span class='mc-start-date dtstart' title='2026-04-28T00:00:00+02:00'>28 avril 2026<\/span>  <\/span><\/p>\r\n\t<\/div>\t\t<img loading=\"lazy\" decoding=\"async\" width=\"350\" height=\"322\" src=\"https:\/\/www.carmelitaniscalzi.com\/wp-content\/uploads\/2025\/04\/10-B.-Maria-Felicia-di-Gesu\u0300-Sacramentato-Guggiari-Echeverri\u0301a.jpg\" class=\"mc-image photo wp-post-image\" alt=\"Bse Marie-F\u00e9licie de J\u00e9sus Sacrement (Guggiari Echeverr\u00eda)\" \/>\t<\/div>\r\n\t<div class=\"mc-content-container\">\r\n\t\t\t<div class='longdesc description'><p>Vierge \u2014 M\u00e9moire facultative<\/p>\n<p>Marie-F\u00e9lice Guggiari Echeverr\u00eda, connue sous le nom de Chiquitunga, est n\u00e9e \u00e0 Villarica, au Paraguay, le 12 janvier 1925. Engag\u00e9e dans l'Action catholique, elle vit son engagement associatif au service des enfants, des pauvres et des malades, jusqu'\u00e0 ce qu'elle entre, \u00e0 l'\u00e2ge de trente ans, au monast\u00e8re des Carm\u00e9lites d'Asunci\u00f3n. En janvier 1959, elle d\u00e9couvre qu'elle est atteinte d'une h\u00e9patite infectieuse et offre son \u00e9tat \u00e0 Dieu avec g\u00e9n\u00e9rosit\u00e9 et intention apostolique. Elle meurt le 28 avril 1959, \u00e0 l'\u00e2ge de 34 ans. Son corps repose depuis 1993 dans la chapelle du carmel d'Asunci\u00f3n.<\/p>\n<\/div>\t\t\t\t\t\t\t\t\t\t\t\t\t\t\t\t\t<\/div>\r\n<\/div>\r\n<\/div><!--end .details--><\/article>\n<\/td>\n<td class='no-events mercredi mer future-day   no-events day-with-date'><div class='mc-date-container'><span class='mc-date no-events'><span aria-hidden='true'>29<\/span><span class='screen-reader-text'>29 avril 2026<\/span><\/span><\/div>\n<\/td>\n<td class='no-events jeudi jeu future-day   no-events day-with-date'><div class='mc-date-container'><span class='mc-date no-events'><span aria-hidden='true'>30<\/span><span class='screen-reader-text'>30 avril 2026<\/span><\/span><\/div>\n<\/td>\n<td class='no-events vendredi ven future-day  nextmonth no-events day-with-date'><div class='mc-date-container'><span class='mc-date no-events'><span aria-hidden='true'>1<\/span><span class='screen-reader-text'>1 mai 2026<\/span><\/span><\/div>\n<\/td>\n<td class='no-events samedi sam future-day weekend nextmonth no-events day-with-date'><div class='mc-date-container'><span class='mc-date no-events'><span aria-hidden='true'>2<\/span><span class='screen-reader-text'>2 mai 2026<\/span><\/span><\/div>\n<\/td>\n<td class='no-events dimanche dim future-day weekend nextmonth no-events day-with-date'><div class='mc-date-container'><span class='mc-date no-events'><span aria-hidden='true'>3<\/span><span class='screen-reader-text'>3 mai 2026<\/span><\/span><\/div>\n<\/td>\n<\/tr>\n<!-- End Event Row -->\n\n<\/tbody>\n<\/table><\/div><!-- .mc-content -->\n<nav class=\"my-calendar-navigation\" aria-label=\"Calendrier (Bas)\">\n<div class=\"mc_bottomnav my-calendar-footer\"><div class='mc-print'><a id='mc_print-my-calendar' href='https:\/\/www.carmelitaniscalzi.com\/fr\/?time=month&#038;mcat=7,8&#038;yr=2026&#038;month=4&#038;dy=1&#038;href=https%3A%2F%2Fwww.carmelitaniscalzi.com%2Ffr%2Fwp-json%2Fwp%2Fv2%2Fpages%2F4977%2F&#038;cid=mc-print-view' rel='nofollow'><span class='mc-icon' aria-hidden='true'><\/span><span class=\"maybe-hide\">Vue<\/span> impression<\/a><\/div><\/div>\n<\/nav>\n\r\n<\/div><!-- Close Main My Calendar Wrapper -->\n","protected":false},"excerpt":{"rendered":"","protected":false},"author":7,"featured_media":0,"parent":0,"menu_order":0,"comment_status":"closed","ping_status":"closed","template":"fullwidth.php","meta":{"_acf_changed":false,"_mc_calendar":[],"footnotes":""},"class_list":["post-4977","page","type-page","status-publish","hentry"],"acf":[],"yoast_head":"<!-- This site is optimized with the Yoast SEO plugin v26.3 - https:\/\/yoast.com\/wordpress\/plugins\/seo\/ -->\n<title>Agenda - CARMES D\u00c9CHAUX<\/title>\n<meta name=\"robots\" content=\"index, follow, max-snippet:-1, max-image-preview:large, max-video-preview:-1\" \/>\n<link rel=\"canonical\" href=\"https:\/\/www.carmelitaniscalzi.com\/fr\/agenda\/\" \/>\n<meta property=\"og:locale\" content=\"fr_FR\" \/>\n<meta property=\"og:type\" content=\"article\" \/>\n<meta property=\"og:title\" content=\"Agenda - CARMES D\u00c9CHAUX\" \/>\n<meta property=\"og:url\" content=\"https:\/\/www.carmelitaniscalzi.com\/fr\/agenda\/\" \/>\n<meta property=\"og:site_name\" content=\"CARMES D\u00c9CHAUX\" \/>\n<meta property=\"article:publisher\" content=\"https:\/\/www.facebook.com\/Curia-Generalizia-Carmelitani-Scalzi-658766940887784\/\" \/>\n<meta property=\"og:image\" content=\"https:\/\/www.carmelitaniscalzi.com\/wp-content\/uploads\/2025\/11\/login-logo.png\" \/>\n\t<meta property=\"og:image:width\" content=\"256\" \/>\n\t<meta property=\"og:image:height\" content=\"256\" \/>\n\t<meta property=\"og:image:type\" content=\"image\/png\" \/>\n<meta name=\"twitter:card\" content=\"summary_large_image\" \/>\n<meta name=\"twitter:site\" content=\"@ocdcuria\" \/>\n<script type=\"application\/ld+json\" class=\"yoast-schema-graph\">{\"@context\":\"https:\/\/schema.org\",\"@graph\":[{\"@type\":\"WebPage\",\"@id\":\"https:\/\/www.carmelitaniscalzi.com\/fr\/agenda\/\",\"url\":\"https:\/\/www.carmelitaniscalzi.com\/fr\/agenda\/\",\"name\":\"Agenda - CARMES D\u00c9CHAUX\",\"isPartOf\":{\"@id\":\"https:\/\/www.carmelitaniscalzi.com\/#website\"},\"datePublished\":\"2016-06-27T16:17:15+00:00\",\"breadcrumb\":{\"@id\":\"https:\/\/www.carmelitaniscalzi.com\/fr\/agenda\/#breadcrumb\"},\"inLanguage\":\"fr-FR\",\"potentialAction\":[{\"@type\":\"ReadAction\",\"target\":[\"https:\/\/www.carmelitaniscalzi.com\/fr\/agenda\/\"]}]},{\"@type\":\"BreadcrumbList\",\"@id\":\"https:\/\/www.carmelitaniscalzi.com\/fr\/agenda\/#breadcrumb\",\"itemListElement\":[{\"@type\":\"ListItem\",\"position\":1,\"name\":\"Home\",\"item\":\"https:\/\/www.carmelitaniscalzi.com\/fr\/\"},{\"@type\":\"ListItem\",\"position\":2,\"name\":\"Agenda\"}]},{\"@type\":\"WebSite\",\"@id\":\"https:\/\/www.carmelitaniscalzi.com\/#website\",\"url\":\"https:\/\/www.carmelitaniscalzi.com\/\",\"name\":\"CARMELITANI SCALZI - Curia Generale del Carmelo Teresiano\",\"description\":\"Curie G\u00e9n\u00e9ralice du Carmel D\u00e9chauss\u00e9\",\"publisher\":{\"@id\":\"https:\/\/www.carmelitaniscalzi.com\/#organization\"},\"alternateName\":\"CARMELITANI SCALZI\",\"potentialAction\":[{\"@type\":\"SearchAction\",\"target\":{\"@type\":\"EntryPoint\",\"urlTemplate\":\"https:\/\/www.carmelitaniscalzi.com\/?s={search_term_string}\"},\"query-input\":{\"@type\":\"PropertyValueSpecification\",\"valueRequired\":true,\"valueName\":\"search_term_string\"}}],\"inLanguage\":\"fr-FR\"},{\"@type\":\"Organization\",\"@id\":\"https:\/\/www.carmelitaniscalzi.com\/#organization\",\"name\":\"CARMELITANI SCALZI - Curia Generale del Carmelo Teresiano\",\"url\":\"https:\/\/www.carmelitaniscalzi.com\/\",\"logo\":{\"@type\":\"ImageObject\",\"inLanguage\":\"fr-FR\",\"@id\":\"https:\/\/www.carmelitaniscalzi.com\/#\/schema\/logo\/image\/\",\"url\":\"https:\/\/www.carmelitaniscalzi.com\/wp-content\/uploads\/2025\/11\/login-logo.png\",\"contentUrl\":\"https:\/\/www.carmelitaniscalzi.com\/wp-content\/uploads\/2025\/11\/login-logo.png\",\"width\":256,\"height\":256,\"caption\":\"CARMELITANI SCALZI - Curia Generale del Carmelo Teresiano\"},\"image\":{\"@id\":\"https:\/\/www.carmelitaniscalzi.com\/#\/schema\/logo\/image\/\"},\"sameAs\":[\"https:\/\/www.facebook.com\/Curia-Generalizia-Carmelitani-Scalzi-658766940887784\/\",\"https:\/\/x.com\/ocdcuria\",\"https:\/\/www.youtube.com\/channel\/UC2J5ZL0ycOY0qBSTCLX_NGQ\/videos\",\"https:\/\/www.instagram.com\/ocdinform\/\"]}]}<\/script>\n<!-- \/ Yoast SEO plugin. -->","yoast_head_json":{"title":"Agenda - CARMES D\u00c9CHAUX","robots":{"index":"index","follow":"follow","max-snippet":"max-snippet:-1","max-image-preview":"max-image-preview:large","max-video-preview":"max-video-preview:-1"},"canonical":"https:\/\/www.carmelitaniscalzi.com\/fr\/agenda\/","og_locale":"fr_FR","og_type":"article","og_title":"Agenda - CARMES D\u00c9CHAUX","og_url":"https:\/\/www.carmelitaniscalzi.com\/fr\/agenda\/","og_site_name":"CARMES D\u00c9CHAUX","article_publisher":"https:\/\/www.facebook.com\/Curia-Generalizia-Carmelitani-Scalzi-658766940887784\/","og_image":[{"width":256,"height":256,"url":"https:\/\/www.carmelitaniscalzi.com\/wp-content\/uploads\/2025\/11\/login-logo.png","type":"image\/png"}],"twitter_card":"summary_large_image","twitter_site":"@ocdcuria","schema":{"@context":"https:\/\/schema.org","@graph":[{"@type":"WebPage","@id":"https:\/\/www.carmelitaniscalzi.com\/fr\/agenda\/","url":"https:\/\/www.carmelitaniscalzi.com\/fr\/agenda\/","name":"Agenda - CARMES D\u00c9CHAUX","isPartOf":{"@id":"https:\/\/www.carmelitaniscalzi.com\/#website"},"datePublished":"2016-06-27T16:17:15+00:00","breadcrumb":{"@id":"https:\/\/www.carmelitaniscalzi.com\/fr\/agenda\/#breadcrumb"},"inLanguage":"fr-FR","potentialAction":[{"@type":"ReadAction","target":["https:\/\/www.carmelitaniscalzi.com\/fr\/agenda\/"]}]},{"@type":"BreadcrumbList","@id":"https:\/\/www.carmelitaniscalzi.com\/fr\/agenda\/#breadcrumb","itemListElement":[{"@type":"ListItem","position":1,"name":"Home","item":"https:\/\/www.carmelitaniscalzi.com\/fr\/"},{"@type":"ListItem","position":2,"name":"Agenda"}]},{"@type":"WebSite","@id":"https:\/\/www.carmelitaniscalzi.com\/#website","url":"https:\/\/www.carmelitaniscalzi.com\/","name":"CARMELITANI SCALZI - Curia Generale del Carmelo Teresiano","description":"Curie G\u00e9n\u00e9ralice du Carmel D\u00e9chauss\u00e9","publisher":{"@id":"https:\/\/www.carmelitaniscalzi.com\/#organization"},"alternateName":"CARMELITANI SCALZI","potentialAction":[{"@type":"SearchAction","target":{"@type":"EntryPoint","urlTemplate":"https:\/\/www.carmelitaniscalzi.com\/?s={search_term_string}"},"query-input":{"@type":"PropertyValueSpecification","valueRequired":true,"valueName":"search_term_string"}}],"inLanguage":"fr-FR"},{"@type":"Organization","@id":"https:\/\/www.carmelitaniscalzi.com\/#organization","name":"CARMELITANI SCALZI - Curia Generale del Carmelo Teresiano","url":"https:\/\/www.carmelitaniscalzi.com\/","logo":{"@type":"ImageObject","inLanguage":"fr-FR","@id":"https:\/\/www.carmelitaniscalzi.com\/#\/schema\/logo\/image\/","url":"https:\/\/www.carmelitaniscalzi.com\/wp-content\/uploads\/2025\/11\/login-logo.png","contentUrl":"https:\/\/www.carmelitaniscalzi.com\/wp-content\/uploads\/2025\/11\/login-logo.png","width":256,"height":256,"caption":"CARMELITANI SCALZI - Curia Generale del Carmelo Teresiano"},"image":{"@id":"https:\/\/www.carmelitaniscalzi.com\/#\/schema\/logo\/image\/"},"sameAs":["https:\/\/www.facebook.com\/Curia-Generalizia-Carmelitani-Scalzi-658766940887784\/","https:\/\/x.com\/ocdcuria","https:\/\/www.youtube.com\/channel\/UC2J5ZL0ycOY0qBSTCLX_NGQ\/videos","https:\/\/www.instagram.com\/ocdinform\/"]}]}},"_links":{"self":[{"href":"https:\/\/www.carmelitaniscalzi.com\/fr\/wp-json\/wp\/v2\/pages\/4977","targetHints":{"allow":["GET"]}}],"collection":[{"href":"https:\/\/www.carmelitaniscalzi.com\/fr\/wp-json\/wp\/v2\/pages"}],"about":[{"href":"https:\/\/www.carmelitaniscalzi.com\/fr\/wp-json\/wp\/v2\/types\/page"}],"author":[{"embeddable":true,"href":"https:\/\/www.carmelitaniscalzi.com\/fr\/wp-json\/wp\/v2\/users\/7"}],"replies":[{"embeddable":true,"href":"https:\/\/www.carmelitaniscalzi.com\/fr\/wp-json\/wp\/v2\/comments?post=4977"}],"version-history":[{"count":0,"href":"https:\/\/www.carmelitaniscalzi.com\/fr\/wp-json\/wp\/v2\/pages\/4977\/revisions"}],"wp:attachment":[{"href":"https:\/\/www.carmelitaniscalzi.com\/fr\/wp-json\/wp\/v2\/media?parent=4977"}],"curies":[{"name":"wp","href":"https:\/\/api.w.org\/{rel}","templated":true}]}}