{"id":5184,"date":"2016-06-29T09:25:55","date_gmt":"2016-06-29T07:25:55","guid":{"rendered":"https:\/\/www.carmelitaniscalzi.com\/fr\/?page_id=5184"},"modified":"2023-06-15T17:53:32","modified_gmt":"2023-06-15T15:53:32","slug":"procureur-general","status":"publish","type":"curia","link":"https:\/\/www.carmelitaniscalzi.com\/fr\/curie-generale\/procureur-general\/","title":{"rendered":"Procureur G\u00e9n\u00e9ral"},"content":{"rendered":"<h3>Biographie<\/h3>\n<p>Il est n\u00e9 \u00e0 Masaya, Nicaragua, le 1er mai 1965. Il fait partie de la Province d&rsquo;Am\u00e9rique centrale. Il a \u00e9mis sa premi\u00e8re profession le 8 f\u00e9vrier 1986 et sa profession solennelle le 5 janvier 1990. Il a \u00e9t\u00e9 ordonn\u00e9 pr\u00eatre le 6 juin 1990.<\/p>\n<p>Apr\u00e8s avoir fait ses \u00e9tudes de philosophie et de th\u00e9ologie au Guatemala (1990-1994), il a obtenu une licence et un doctorat en Droit Canon (<em>utroque iure<\/em>) \u00e0 l&rsquo;Universit\u00e9 Pontificale du Latran \u00e0 Rome (1992-1998).<\/p>\n<p>Il a \u00e9t\u00e9 Juge (1998-2002) puis Vicaire judiciaire (2003-2022) au Tribunal eccl\u00e9siastique du Guatemala.<\/p>\n<p>Il a \u00e9galement \u00e9t\u00e9 Assistant de la F\u00e9d\u00e9ration des Carm\u00e9lites D\u00e9chauss\u00e9es d&rsquo;Am\u00e9rique Centrale (2011-2022), et Professeur de Droit Canon au Studium Sal\u00e9sien &#8211; Universidad Mesoamericana (1998-2010), et au Grand S\u00e9minaire du Guatemala (1998-2011). Il a \u00e9galement \u00e9t\u00e9 Sup\u00e9rieur de l&rsquo;\u00e9glise Sainte-Th\u00e9r\u00e8se au Guatemala (2008-2014) et Conseiller provincial (2011-2014).<\/p>\n<h3>Attivit\u00e0<\/h3>\n<p>La d\u00e9finition de la t\u00e2che du Procureur G\u00e9n\u00e9ral et de ses comp\u00e9tences se trouvent aux paragraphes 189 et 190 des Constitutions:<br \/>\n<em>189. Les officiers majeurs qui doivent \u00eatre \u00e9lus par le D\u00e9finitoire sont chez nous: le Procureur g\u00e9n\u00e9ral, le secr\u00e9taire g\u00e9n\u00e9ral, l\u2019\u00c9conome g\u00e9n\u00e9ral.<\/em><br \/>\n<em>190. Il revient au Procureur g\u00e9n\u00e9ral de traiter les affaires de l\u2019ordre aupr\u00e8s du Si\u00e8ge Apostolique sous la d\u00e9pendance du Pr\u00e9pos\u00e9 ou, si la nature de l\u2019affaire l\u2019exige, du D\u00e9finitoire.<\/em><br \/>\nIl est le repr\u00e9sentant l\u00e9gal du Vatican et doit aller aux diff\u00e9rents Dicast\u00e8res et Congr\u00e9gations de la Curie romaine pour r\u00e9soudre les diff\u00e9rents cas de fr\u00e8res et des moniales qui exigent une intervention du Si\u00e8ge Apostolique.<br \/>\nPour aider les Provinces et tous les monast\u00e8res qui le demandent, le Procureur G\u00e9n\u00e9ral a mis \u00e0 la disposition de tous un Guide administratif pratique pour suivre les proc\u00e9dures selon les diff\u00e9rents cas. Il explique en d\u00e9tail les diverses \u00e9tapes et les documents \u00e0 soumettre et \u00e0 envoyer pour la r\u00e9solution de chaque cas, selon les Constitutions de l\u2019Ordre et le Droit canon.<br \/>\nLe Procureur G\u00e9n\u00e9ral peut \u00eatre consult\u00e9 pour aider \u00e0 r\u00e9soudre tous les cas juridiques qui se pr\u00e9sentent et la pratique \u00e0 suivre pour chacun d&rsquo;eux.<\/p>\n","protected":false},"featured_media":251301,"parent":5160,"menu_order":4,"template":"","format":"standard","meta":{"_acf_changed":false,"footnotes":""},"carica_cauria":[821],"class_list":["post-5184","curia","type-curia","status-publish","format-standard","has-post-thumbnail","hentry","carica_cauria-autres"],"acf":[],"yoast_head":"<!-- This site is optimized with the Yoast SEO plugin v26.3 - https:\/\/yoast.com\/wordpress\/plugins\/seo\/ -->\n<title>Procureur G\u00e9n\u00e9ral - CARMES D\u00c9CHAUX<\/title>\n<meta name=\"robots\" content=\"index, follow, max-snippet:-1, max-image-preview:large, max-video-preview:-1\" \/>\n<link rel=\"canonical\" href=\"https:\/\/www.carmelitaniscalzi.com\/fr\/curie-generale\/procureur-general\/\" \/>\n<meta property=\"og:locale\" content=\"fr_FR\" \/>\n<meta property=\"og:type\" content=\"article\" \/>\n<meta property=\"og:title\" content=\"Procureur G\u00e9n\u00e9ral - CARMES D\u00c9CHAUX\" \/>\n<meta property=\"og:description\" content=\"Biographie Il est n\u00e9 \u00e0 Masaya, Nicaragua, le 1er mai 1965. Il fait partie de la Province d&rsquo;Am\u00e9rique centrale. Il a \u00e9mis sa premi\u00e8re profession le 8 f\u00e9vrier 1986 et sa profession solennelle le 5 janvier 1990. Il a \u00e9t\u00e9 ordonn\u00e9 pr\u00eatre le 6 juin 1990. Apr\u00e8s avoir fait ses \u00e9tudes de philosophie et de [&hellip;]\" \/>\n<meta property=\"og:url\" content=\"https:\/\/www.carmelitaniscalzi.com\/fr\/curie-generale\/procureur-general\/\" \/>\n<meta property=\"og:site_name\" content=\"CARMES D\u00c9CHAUX\" \/>\n<meta property=\"article:publisher\" content=\"https:\/\/www.facebook.com\/Curia-Generalizia-Carmelitani-Scalzi-658766940887784\/\" \/>\n<meta property=\"article:modified_time\" content=\"2023-06-15T15:53:32+00:00\" \/>\n<meta property=\"og:image\" content=\"https:\/\/www.carmelitaniscalzi.com\/wp-content\/uploads\/2023\/06\/juan_david_profile.jpg\" \/>\n\t<meta property=\"og:image:width\" content=\"600\" \/>\n\t<meta property=\"og:image:height\" content=\"600\" \/>\n\t<meta property=\"og:image:type\" content=\"image\/jpeg\" \/>\n<meta name=\"twitter:card\" content=\"summary_large_image\" \/>\n<meta name=\"twitter:site\" content=\"@ocdcuria\" \/>\n<meta name=\"twitter:label1\" content=\"Dur\u00e9e de lecture estim\u00e9e\" \/>\n\t<meta name=\"twitter:data1\" content=\"2 minutes\" \/>\n<script type=\"application\/ld+json\" class=\"yoast-schema-graph\">{\"@context\":\"https:\/\/schema.org\",\"@graph\":[{\"@type\":\"WebPage\",\"@id\":\"https:\/\/www.carmelitaniscalzi.com\/fr\/curie-generale\/procureur-general\/\",\"url\":\"https:\/\/www.carmelitaniscalzi.com\/fr\/curie-generale\/procureur-general\/\",\"name\":\"Procureur G\u00e9n\u00e9ral - CARMES D\u00c9CHAUX\",\"isPartOf\":{\"@id\":\"https:\/\/www.carmelitaniscalzi.com\/#website\"},\"primaryImageOfPage\":{\"@id\":\"https:\/\/www.carmelitaniscalzi.com\/fr\/curie-generale\/procureur-general\/#primaryimage\"},\"image\":{\"@id\":\"https:\/\/www.carmelitaniscalzi.com\/fr\/curie-generale\/procureur-general\/#primaryimage\"},\"thumbnailUrl\":\"https:\/\/www.carmelitaniscalzi.com\/wp-content\/uploads\/2023\/06\/juan_david_profile.jpg\",\"datePublished\":\"2016-06-29T07:25:55+00:00\",\"dateModified\":\"2023-06-15T15:53:32+00:00\",\"breadcrumb\":{\"@id\":\"https:\/\/www.carmelitaniscalzi.com\/fr\/curie-generale\/procureur-general\/#breadcrumb\"},\"inLanguage\":\"fr-FR\",\"potentialAction\":[{\"@type\":\"ReadAction\",\"target\":[\"https:\/\/www.carmelitaniscalzi.com\/fr\/curie-generale\/procureur-general\/\"]}]},{\"@type\":\"ImageObject\",\"inLanguage\":\"fr-FR\",\"@id\":\"https:\/\/www.carmelitaniscalzi.com\/fr\/curie-generale\/procureur-general\/#primaryimage\",\"url\":\"https:\/\/www.carmelitaniscalzi.com\/wp-content\/uploads\/2023\/06\/juan_david_profile.jpg\",\"contentUrl\":\"https:\/\/www.carmelitaniscalzi.com\/wp-content\/uploads\/2023\/06\/juan_david_profile.jpg\",\"width\":600,\"height\":600},{\"@type\":\"BreadcrumbList\",\"@id\":\"https:\/\/www.carmelitaniscalzi.com\/fr\/curie-generale\/procureur-general\/#breadcrumb\",\"itemListElement\":[{\"@type\":\"ListItem\",\"position\":1,\"name\":\"Home\",\"item\":\"https:\/\/www.carmelitaniscalzi.com\/fr\/\"},{\"@type\":\"ListItem\",\"position\":2,\"name\":\"Curie G\u00e9n\u00e9rale\",\"item\":\"https:\/\/www.carmelitaniscalzi.com\/fr\/curie-generale\/\"},{\"@type\":\"ListItem\",\"position\":3,\"name\":\"Procureur G\u00e9n\u00e9ral\"}]},{\"@type\":\"WebSite\",\"@id\":\"https:\/\/www.carmelitaniscalzi.com\/#website\",\"url\":\"https:\/\/www.carmelitaniscalzi.com\/\",\"name\":\"CARMELITANI SCALZI - Curia Generale del Carmelo Teresiano\",\"description\":\"Curie G\u00e9n\u00e9ralice du Carmel D\u00e9chauss\u00e9\",\"publisher\":{\"@id\":\"https:\/\/www.carmelitaniscalzi.com\/#organization\"},\"alternateName\":\"CARMELITANI SCALZI\",\"potentialAction\":[{\"@type\":\"SearchAction\",\"target\":{\"@type\":\"EntryPoint\",\"urlTemplate\":\"https:\/\/www.carmelitaniscalzi.com\/?s={search_term_string}\"},\"query-input\":{\"@type\":\"PropertyValueSpecification\",\"valueRequired\":true,\"valueName\":\"search_term_string\"}}],\"inLanguage\":\"fr-FR\"},{\"@type\":\"Organization\",\"@id\":\"https:\/\/www.carmelitaniscalzi.com\/#organization\",\"name\":\"CARMELITANI SCALZI - Curia Generale del Carmelo Teresiano\",\"url\":\"https:\/\/www.carmelitaniscalzi.com\/\",\"logo\":{\"@type\":\"ImageObject\",\"inLanguage\":\"fr-FR\",\"@id\":\"https:\/\/www.carmelitaniscalzi.com\/#\/schema\/logo\/image\/\",\"url\":\"https:\/\/www.carmelitaniscalzi.com\/wp-content\/uploads\/2025\/11\/login-logo.png\",\"contentUrl\":\"https:\/\/www.carmelitaniscalzi.com\/wp-content\/uploads\/2025\/11\/login-logo.png\",\"width\":256,\"height\":256,\"caption\":\"CARMELITANI SCALZI - Curia Generale del Carmelo Teresiano\"},\"image\":{\"@id\":\"https:\/\/www.carmelitaniscalzi.com\/#\/schema\/logo\/image\/\"},\"sameAs\":[\"https:\/\/www.facebook.com\/Curia-Generalizia-Carmelitani-Scalzi-658766940887784\/\",\"https:\/\/x.com\/ocdcuria\",\"https:\/\/www.youtube.com\/channel\/UC2J5ZL0ycOY0qBSTCLX_NGQ\/videos\",\"https:\/\/www.instagram.com\/ocdinform\/\"]}]}<\/script>\n<!-- \/ Yoast SEO plugin. -->","yoast_head_json":{"title":"Procureur G\u00e9n\u00e9ral - CARMES D\u00c9CHAUX","robots":{"index":"index","follow":"follow","max-snippet":"max-snippet:-1","max-image-preview":"max-image-preview:large","max-video-preview":"max-video-preview:-1"},"canonical":"https:\/\/www.carmelitaniscalzi.com\/fr\/curie-generale\/procureur-general\/","og_locale":"fr_FR","og_type":"article","og_title":"Procureur G\u00e9n\u00e9ral - CARMES D\u00c9CHAUX","og_description":"Biographie Il est n\u00e9 \u00e0 Masaya, Nicaragua, le 1er mai 1965. Il fait partie de la Province d&rsquo;Am\u00e9rique centrale. Il a \u00e9mis sa premi\u00e8re profession le 8 f\u00e9vrier 1986 et sa profession solennelle le 5 janvier 1990. Il a \u00e9t\u00e9 ordonn\u00e9 pr\u00eatre le 6 juin 1990. Apr\u00e8s avoir fait ses \u00e9tudes de philosophie et de [&hellip;]","og_url":"https:\/\/www.carmelitaniscalzi.com\/fr\/curie-generale\/procureur-general\/","og_site_name":"CARMES D\u00c9CHAUX","article_publisher":"https:\/\/www.facebook.com\/Curia-Generalizia-Carmelitani-Scalzi-658766940887784\/","article_modified_time":"2023-06-15T15:53:32+00:00","og_image":[{"width":600,"height":600,"url":"https:\/\/www.carmelitaniscalzi.com\/wp-content\/uploads\/2023\/06\/juan_david_profile.jpg","type":"image\/jpeg"}],"twitter_card":"summary_large_image","twitter_site":"@ocdcuria","twitter_misc":{"Dur\u00e9e de lecture estim\u00e9e":"2 minutes"},"schema":{"@context":"https:\/\/schema.org","@graph":[{"@type":"WebPage","@id":"https:\/\/www.carmelitaniscalzi.com\/fr\/curie-generale\/procureur-general\/","url":"https:\/\/www.carmelitaniscalzi.com\/fr\/curie-generale\/procureur-general\/","name":"Procureur G\u00e9n\u00e9ral - CARMES D\u00c9CHAUX","isPartOf":{"@id":"https:\/\/www.carmelitaniscalzi.com\/#website"},"primaryImageOfPage":{"@id":"https:\/\/www.carmelitaniscalzi.com\/fr\/curie-generale\/procureur-general\/#primaryimage"},"image":{"@id":"https:\/\/www.carmelitaniscalzi.com\/fr\/curie-generale\/procureur-general\/#primaryimage"},"thumbnailUrl":"https:\/\/www.carmelitaniscalzi.com\/wp-content\/uploads\/2023\/06\/juan_david_profile.jpg","datePublished":"2016-06-29T07:25:55+00:00","dateModified":"2023-06-15T15:53:32+00:00","breadcrumb":{"@id":"https:\/\/www.carmelitaniscalzi.com\/fr\/curie-generale\/procureur-general\/#breadcrumb"},"inLanguage":"fr-FR","potentialAction":[{"@type":"ReadAction","target":["https:\/\/www.carmelitaniscalzi.com\/fr\/curie-generale\/procureur-general\/"]}]},{"@type":"ImageObject","inLanguage":"fr-FR","@id":"https:\/\/www.carmelitaniscalzi.com\/fr\/curie-generale\/procureur-general\/#primaryimage","url":"https:\/\/www.carmelitaniscalzi.com\/wp-content\/uploads\/2023\/06\/juan_david_profile.jpg","contentUrl":"https:\/\/www.carmelitaniscalzi.com\/wp-content\/uploads\/2023\/06\/juan_david_profile.jpg","width":600,"height":600},{"@type":"BreadcrumbList","@id":"https:\/\/www.carmelitaniscalzi.com\/fr\/curie-generale\/procureur-general\/#breadcrumb","itemListElement":[{"@type":"ListItem","position":1,"name":"Home","item":"https:\/\/www.carmelitaniscalzi.com\/fr\/"},{"@type":"ListItem","position":2,"name":"Curie G\u00e9n\u00e9rale","item":"https:\/\/www.carmelitaniscalzi.com\/fr\/curie-generale\/"},{"@type":"ListItem","position":3,"name":"Procureur G\u00e9n\u00e9ral"}]},{"@type":"WebSite","@id":"https:\/\/www.carmelitaniscalzi.com\/#website","url":"https:\/\/www.carmelitaniscalzi.com\/","name":"CARMELITANI SCALZI - Curia Generale del Carmelo Teresiano","description":"Curie G\u00e9n\u00e9ralice du Carmel D\u00e9chauss\u00e9","publisher":{"@id":"https:\/\/www.carmelitaniscalzi.com\/#organization"},"alternateName":"CARMELITANI SCALZI","potentialAction":[{"@type":"SearchAction","target":{"@type":"EntryPoint","urlTemplate":"https:\/\/www.carmelitaniscalzi.com\/?s={search_term_string}"},"query-input":{"@type":"PropertyValueSpecification","valueRequired":true,"valueName":"search_term_string"}}],"inLanguage":"fr-FR"},{"@type":"Organization","@id":"https:\/\/www.carmelitaniscalzi.com\/#organization","name":"CARMELITANI SCALZI - Curia Generale del Carmelo Teresiano","url":"https:\/\/www.carmelitaniscalzi.com\/","logo":{"@type":"ImageObject","inLanguage":"fr-FR","@id":"https:\/\/www.carmelitaniscalzi.com\/#\/schema\/logo\/image\/","url":"https:\/\/www.carmelitaniscalzi.com\/wp-content\/uploads\/2025\/11\/login-logo.png","contentUrl":"https:\/\/www.carmelitaniscalzi.com\/wp-content\/uploads\/2025\/11\/login-logo.png","width":256,"height":256,"caption":"CARMELITANI SCALZI - Curia Generale del Carmelo Teresiano"},"image":{"@id":"https:\/\/www.carmelitaniscalzi.com\/#\/schema\/logo\/image\/"},"sameAs":["https:\/\/www.facebook.com\/Curia-Generalizia-Carmelitani-Scalzi-658766940887784\/","https:\/\/x.com\/ocdcuria","https:\/\/www.youtube.com\/channel\/UC2J5ZL0ycOY0qBSTCLX_NGQ\/videos","https:\/\/www.instagram.com\/ocdinform\/"]}]}},"_links":{"self":[{"href":"https:\/\/www.carmelitaniscalzi.com\/fr\/wp-json\/wp\/v2\/curia\/5184","targetHints":{"allow":["GET"]}}],"collection":[{"href":"https:\/\/www.carmelitaniscalzi.com\/fr\/wp-json\/wp\/v2\/curia"}],"about":[{"href":"https:\/\/www.carmelitaniscalzi.com\/fr\/wp-json\/wp\/v2\/types\/curia"}],"version-history":[{"count":4,"href":"https:\/\/www.carmelitaniscalzi.com\/fr\/wp-json\/wp\/v2\/curia\/5184\/revisions"}],"predecessor-version":[{"id":251347,"href":"https:\/\/www.carmelitaniscalzi.com\/fr\/wp-json\/wp\/v2\/curia\/5184\/revisions\/251347"}],"up":[{"embeddable":true,"href":"https:\/\/www.carmelitaniscalzi.com\/fr\/wp-json\/wp\/v2\/curia\/5160"}],"wp:featuredmedia":[{"embeddable":true,"href":"https:\/\/www.carmelitaniscalzi.com\/fr\/wp-json\/wp\/v2\/media\/251301"}],"wp:attachment":[{"href":"https:\/\/www.carmelitaniscalzi.com\/fr\/wp-json\/wp\/v2\/media?parent=5184"}],"wp:term":[{"taxonomy":"carica_cauria","embeddable":true,"href":"https:\/\/www.carmelitaniscalzi.com\/fr\/wp-json\/wp\/v2\/carica_cauria?post=5184"}],"curies":[{"name":"wp","href":"https:\/\/api.w.org\/{rel}","templated":true}]}}