{"id":5180,"date":"2016-06-29T07:46:13","date_gmt":"2016-06-29T05:46:13","guid":{"rendered":"https:\/\/www.carmelitaniscalzi.com\/fr\/?page_id=5180"},"modified":"2022-01-15T03:31:56","modified_gmt":"2022-01-15T02:31:56","slug":"vii-definiteur","status":"publish","type":"curia","link":"https:\/\/www.carmelitaniscalzi.com\/fr\/curie-generale\/definiteurs\/vii-definiteur\/","title":{"rendered":"VII D\u00e9finiteur \u2022 De la Province de Paris"},"content":{"rendered":"<h3><\/h3>\n<h3>Biographie<\/h3>\n<p>N\u00e9 le 25 novembre 1971 en Avignon (Vaucluse, France).<\/p>\n<p>Profession simple \u00e0 Gommerville le 15 ao\u00fbt 1995. Profession solennelle le 26 septembre 1998 \u00e0 Avon. Ordination presbyt\u00e9rale le 23 juin 2002 \u00e0 Fontainebleau.<\/p>\n<p>Il a \u00e9tudi\u00e9 la philosophie et la th\u00e9ologie \u00e0 la Facult\u00e9 th\u00e9ologique de Lille (baccalaur\u00e9at en 1999) puis a fait la licence canonique \u00e0 la Facult\u00e9 th\u00e9ologique de Paris en sp\u00e9cialisation \u0153cum\u00e9nisme 2001. Il a \u00e9crit un livre sur la spiritualit\u00e9 orthodoxe\u00a0: \u00ab\u00a0La pri\u00e8re du c\u0153ur\u00a0\u00bb en 2004.<\/p>\n<p>De 2002 \u00e0 2014 \u00e9conome provincial, 2005-2008 et 2014-2020 conseiller provincial, 2008-2014 prieur de Paris, 2014-2017 prieur de Lille, 2017-2020 prieur d\u2019Avon et 2020-2021 Sup\u00e9rieur provincial de la Province de Paris. Au Chapitre G\u00e9n\u00e9ral c\u00e9l\u00e9br\u00e9 \u00e0 Rome en 2021 est \u00e9lu D\u00e9finiteur g\u00e9n\u00e9ral.<\/p>\n<p>Il est\u00a0aussi en charge de la pastorale des jeunes ainsi que de l\u2019\u00e9cologie et de la cr\u00e9ation.<\/p>\n","protected":false},"featured_media":111583,"parent":5164,"menu_order":7,"template":"","format":"standard","meta":{"_acf_changed":false,"footnotes":""},"carica_cauria":[820],"class_list":["post-5180","curia","type-curia","status-publish","format-standard","has-post-thumbnail","hentry","carica_cauria-definiteurs"],"acf":[],"yoast_head":"<!-- This site is optimized with the Yoast SEO plugin v26.3 - https:\/\/yoast.com\/wordpress\/plugins\/seo\/ -->\n<title>VII D\u00e9finiteur \u2022 De la Province de Paris - CARMES D\u00c9CHAUX<\/title>\n<meta name=\"robots\" content=\"index, follow, max-snippet:-1, max-image-preview:large, max-video-preview:-1\" \/>\n<link rel=\"canonical\" href=\"https:\/\/www.carmelitaniscalzi.com\/fr\/curie-generale\/definiteurs\/vii-definiteur\/\" \/>\n<meta property=\"og:locale\" content=\"fr_FR\" \/>\n<meta property=\"og:type\" content=\"article\" \/>\n<meta property=\"og:title\" content=\"VII D\u00e9finiteur \u2022 De la Province de Paris - CARMES D\u00c9CHAUX\" \/>\n<meta property=\"og:description\" content=\"Biographie N\u00e9 le 25 novembre 1971 en Avignon (Vaucluse, France). Profession simple \u00e0 Gommerville le 15 ao\u00fbt 1995. Profession solennelle le 26 septembre 1998 \u00e0 Avon. Ordination presbyt\u00e9rale le 23 juin 2002 \u00e0 Fontainebleau. Il a \u00e9tudi\u00e9 la philosophie et la th\u00e9ologie \u00e0 la Facult\u00e9 th\u00e9ologique de Lille (baccalaur\u00e9at en 1999) puis a fait la [&hellip;]\" \/>\n<meta property=\"og:url\" content=\"https:\/\/www.carmelitaniscalzi.com\/fr\/curie-generale\/definiteurs\/vii-definiteur\/\" \/>\n<meta property=\"og:site_name\" content=\"CARMES D\u00c9CHAUX\" \/>\n<meta property=\"article:publisher\" content=\"https:\/\/www.facebook.com\/Curia-Generalizia-Carmelitani-Scalzi-658766940887784\/\" \/>\n<meta property=\"article:modified_time\" content=\"2022-01-15T02:31:56+00:00\" \/>\n<meta property=\"og:image\" content=\"https:\/\/www.carmelitaniscalzi.com\/wp-content\/uploads\/2022\/01\/boudouin_profile.jpg\" \/>\n\t<meta property=\"og:image:width\" content=\"600\" \/>\n\t<meta property=\"og:image:height\" content=\"600\" \/>\n\t<meta property=\"og:image:type\" content=\"image\/jpeg\" \/>\n<meta name=\"twitter:card\" content=\"summary_large_image\" \/>\n<meta name=\"twitter:site\" content=\"@ocdcuria\" \/>\n<meta name=\"twitter:label1\" content=\"Dur\u00e9e de lecture estim\u00e9e\" \/>\n\t<meta name=\"twitter:data1\" content=\"1 minute\" \/>\n<script type=\"application\/ld+json\" class=\"yoast-schema-graph\">{\"@context\":\"https:\/\/schema.org\",\"@graph\":[{\"@type\":\"WebPage\",\"@id\":\"https:\/\/www.carmelitaniscalzi.com\/fr\/curie-generale\/definiteurs\/vii-definiteur\/\",\"url\":\"https:\/\/www.carmelitaniscalzi.com\/fr\/curie-generale\/definiteurs\/vii-definiteur\/\",\"name\":\"VII D\u00e9finiteur \u2022 De la Province de Paris - CARMES D\u00c9CHAUX\",\"isPartOf\":{\"@id\":\"https:\/\/www.carmelitaniscalzi.com\/#website\"},\"primaryImageOfPage\":{\"@id\":\"https:\/\/www.carmelitaniscalzi.com\/fr\/curie-generale\/definiteurs\/vii-definiteur\/#primaryimage\"},\"image\":{\"@id\":\"https:\/\/www.carmelitaniscalzi.com\/fr\/curie-generale\/definiteurs\/vii-definiteur\/#primaryimage\"},\"thumbnailUrl\":\"https:\/\/www.carmelitaniscalzi.com\/wp-content\/uploads\/2022\/01\/boudouin_profile.jpg\",\"datePublished\":\"2016-06-29T05:46:13+00:00\",\"dateModified\":\"2022-01-15T02:31:56+00:00\",\"breadcrumb\":{\"@id\":\"https:\/\/www.carmelitaniscalzi.com\/fr\/curie-generale\/definiteurs\/vii-definiteur\/#breadcrumb\"},\"inLanguage\":\"fr-FR\",\"potentialAction\":[{\"@type\":\"ReadAction\",\"target\":[\"https:\/\/www.carmelitaniscalzi.com\/fr\/curie-generale\/definiteurs\/vii-definiteur\/\"]}]},{\"@type\":\"ImageObject\",\"inLanguage\":\"fr-FR\",\"@id\":\"https:\/\/www.carmelitaniscalzi.com\/fr\/curie-generale\/definiteurs\/vii-definiteur\/#primaryimage\",\"url\":\"https:\/\/www.carmelitaniscalzi.com\/wp-content\/uploads\/2022\/01\/boudouin_profile.jpg\",\"contentUrl\":\"https:\/\/www.carmelitaniscalzi.com\/wp-content\/uploads\/2022\/01\/boudouin_profile.jpg\",\"width\":600,\"height\":600},{\"@type\":\"BreadcrumbList\",\"@id\":\"https:\/\/www.carmelitaniscalzi.com\/fr\/curie-generale\/definiteurs\/vii-definiteur\/#breadcrumb\",\"itemListElement\":[{\"@type\":\"ListItem\",\"position\":1,\"name\":\"Home\",\"item\":\"https:\/\/www.carmelitaniscalzi.com\/fr\/\"},{\"@type\":\"ListItem\",\"position\":2,\"name\":\"Curie G\u00e9n\u00e9rale\",\"item\":\"https:\/\/www.carmelitaniscalzi.com\/fr\/curie-generale\/\"},{\"@type\":\"ListItem\",\"position\":3,\"name\":\"D\u00e9finiteurs\",\"item\":\"https:\/\/www.carmelitaniscalzi.com\/fr\/curie-generale\/definiteurs\/\"},{\"@type\":\"ListItem\",\"position\":4,\"name\":\"VII D\u00e9finiteur \u2022 De la Province de Paris\"}]},{\"@type\":\"WebSite\",\"@id\":\"https:\/\/www.carmelitaniscalzi.com\/#website\",\"url\":\"https:\/\/www.carmelitaniscalzi.com\/\",\"name\":\"CARMELITANI SCALZI - Curia Generale del Carmelo Teresiano\",\"description\":\"Curie G\u00e9n\u00e9ralice du Carmel D\u00e9chauss\u00e9\",\"publisher\":{\"@id\":\"https:\/\/www.carmelitaniscalzi.com\/#organization\"},\"alternateName\":\"CARMELITANI SCALZI\",\"potentialAction\":[{\"@type\":\"SearchAction\",\"target\":{\"@type\":\"EntryPoint\",\"urlTemplate\":\"https:\/\/www.carmelitaniscalzi.com\/?s={search_term_string}\"},\"query-input\":{\"@type\":\"PropertyValueSpecification\",\"valueRequired\":true,\"valueName\":\"search_term_string\"}}],\"inLanguage\":\"fr-FR\"},{\"@type\":\"Organization\",\"@id\":\"https:\/\/www.carmelitaniscalzi.com\/#organization\",\"name\":\"CARMELITANI SCALZI - Curia Generale del Carmelo Teresiano\",\"url\":\"https:\/\/www.carmelitaniscalzi.com\/\",\"logo\":{\"@type\":\"ImageObject\",\"inLanguage\":\"fr-FR\",\"@id\":\"https:\/\/www.carmelitaniscalzi.com\/#\/schema\/logo\/image\/\",\"url\":\"https:\/\/www.carmelitaniscalzi.com\/wp-content\/uploads\/2025\/11\/login-logo.png\",\"contentUrl\":\"https:\/\/www.carmelitaniscalzi.com\/wp-content\/uploads\/2025\/11\/login-logo.png\",\"width\":256,\"height\":256,\"caption\":\"CARMELITANI SCALZI - Curia Generale del Carmelo Teresiano\"},\"image\":{\"@id\":\"https:\/\/www.carmelitaniscalzi.com\/#\/schema\/logo\/image\/\"},\"sameAs\":[\"https:\/\/www.facebook.com\/Curia-Generalizia-Carmelitani-Scalzi-658766940887784\/\",\"https:\/\/x.com\/ocdcuria\",\"https:\/\/www.youtube.com\/channel\/UC2J5ZL0ycOY0qBSTCLX_NGQ\/videos\",\"https:\/\/www.instagram.com\/ocdinform\/\"]}]}<\/script>\n<!-- \/ Yoast SEO plugin. -->","yoast_head_json":{"title":"VII D\u00e9finiteur \u2022 De la Province de Paris - CARMES D\u00c9CHAUX","robots":{"index":"index","follow":"follow","max-snippet":"max-snippet:-1","max-image-preview":"max-image-preview:large","max-video-preview":"max-video-preview:-1"},"canonical":"https:\/\/www.carmelitaniscalzi.com\/fr\/curie-generale\/definiteurs\/vii-definiteur\/","og_locale":"fr_FR","og_type":"article","og_title":"VII D\u00e9finiteur \u2022 De la Province de Paris - CARMES D\u00c9CHAUX","og_description":"Biographie N\u00e9 le 25 novembre 1971 en Avignon (Vaucluse, France). Profession simple \u00e0 Gommerville le 15 ao\u00fbt 1995. Profession solennelle le 26 septembre 1998 \u00e0 Avon. Ordination presbyt\u00e9rale le 23 juin 2002 \u00e0 Fontainebleau. Il a \u00e9tudi\u00e9 la philosophie et la th\u00e9ologie \u00e0 la Facult\u00e9 th\u00e9ologique de Lille (baccalaur\u00e9at en 1999) puis a fait la [&hellip;]","og_url":"https:\/\/www.carmelitaniscalzi.com\/fr\/curie-generale\/definiteurs\/vii-definiteur\/","og_site_name":"CARMES D\u00c9CHAUX","article_publisher":"https:\/\/www.facebook.com\/Curia-Generalizia-Carmelitani-Scalzi-658766940887784\/","article_modified_time":"2022-01-15T02:31:56+00:00","og_image":[{"width":600,"height":600,"url":"https:\/\/www.carmelitaniscalzi.com\/wp-content\/uploads\/2022\/01\/boudouin_profile.jpg","type":"image\/jpeg"}],"twitter_card":"summary_large_image","twitter_site":"@ocdcuria","twitter_misc":{"Dur\u00e9e de lecture estim\u00e9e":"1 minute"},"schema":{"@context":"https:\/\/schema.org","@graph":[{"@type":"WebPage","@id":"https:\/\/www.carmelitaniscalzi.com\/fr\/curie-generale\/definiteurs\/vii-definiteur\/","url":"https:\/\/www.carmelitaniscalzi.com\/fr\/curie-generale\/definiteurs\/vii-definiteur\/","name":"VII D\u00e9finiteur \u2022 De la Province de Paris - CARMES D\u00c9CHAUX","isPartOf":{"@id":"https:\/\/www.carmelitaniscalzi.com\/#website"},"primaryImageOfPage":{"@id":"https:\/\/www.carmelitaniscalzi.com\/fr\/curie-generale\/definiteurs\/vii-definiteur\/#primaryimage"},"image":{"@id":"https:\/\/www.carmelitaniscalzi.com\/fr\/curie-generale\/definiteurs\/vii-definiteur\/#primaryimage"},"thumbnailUrl":"https:\/\/www.carmelitaniscalzi.com\/wp-content\/uploads\/2022\/01\/boudouin_profile.jpg","datePublished":"2016-06-29T05:46:13+00:00","dateModified":"2022-01-15T02:31:56+00:00","breadcrumb":{"@id":"https:\/\/www.carmelitaniscalzi.com\/fr\/curie-generale\/definiteurs\/vii-definiteur\/#breadcrumb"},"inLanguage":"fr-FR","potentialAction":[{"@type":"ReadAction","target":["https:\/\/www.carmelitaniscalzi.com\/fr\/curie-generale\/definiteurs\/vii-definiteur\/"]}]},{"@type":"ImageObject","inLanguage":"fr-FR","@id":"https:\/\/www.carmelitaniscalzi.com\/fr\/curie-generale\/definiteurs\/vii-definiteur\/#primaryimage","url":"https:\/\/www.carmelitaniscalzi.com\/wp-content\/uploads\/2022\/01\/boudouin_profile.jpg","contentUrl":"https:\/\/www.carmelitaniscalzi.com\/wp-content\/uploads\/2022\/01\/boudouin_profile.jpg","width":600,"height":600},{"@type":"BreadcrumbList","@id":"https:\/\/www.carmelitaniscalzi.com\/fr\/curie-generale\/definiteurs\/vii-definiteur\/#breadcrumb","itemListElement":[{"@type":"ListItem","position":1,"name":"Home","item":"https:\/\/www.carmelitaniscalzi.com\/fr\/"},{"@type":"ListItem","position":2,"name":"Curie G\u00e9n\u00e9rale","item":"https:\/\/www.carmelitaniscalzi.com\/fr\/curie-generale\/"},{"@type":"ListItem","position":3,"name":"D\u00e9finiteurs","item":"https:\/\/www.carmelitaniscalzi.com\/fr\/curie-generale\/definiteurs\/"},{"@type":"ListItem","position":4,"name":"VII D\u00e9finiteur \u2022 De la Province de Paris"}]},{"@type":"WebSite","@id":"https:\/\/www.carmelitaniscalzi.com\/#website","url":"https:\/\/www.carmelitaniscalzi.com\/","name":"CARMELITANI SCALZI - Curia Generale del Carmelo Teresiano","description":"Curie G\u00e9n\u00e9ralice du Carmel D\u00e9chauss\u00e9","publisher":{"@id":"https:\/\/www.carmelitaniscalzi.com\/#organization"},"alternateName":"CARMELITANI SCALZI","potentialAction":[{"@type":"SearchAction","target":{"@type":"EntryPoint","urlTemplate":"https:\/\/www.carmelitaniscalzi.com\/?s={search_term_string}"},"query-input":{"@type":"PropertyValueSpecification","valueRequired":true,"valueName":"search_term_string"}}],"inLanguage":"fr-FR"},{"@type":"Organization","@id":"https:\/\/www.carmelitaniscalzi.com\/#organization","name":"CARMELITANI SCALZI - Curia Generale del Carmelo Teresiano","url":"https:\/\/www.carmelitaniscalzi.com\/","logo":{"@type":"ImageObject","inLanguage":"fr-FR","@id":"https:\/\/www.carmelitaniscalzi.com\/#\/schema\/logo\/image\/","url":"https:\/\/www.carmelitaniscalzi.com\/wp-content\/uploads\/2025\/11\/login-logo.png","contentUrl":"https:\/\/www.carmelitaniscalzi.com\/wp-content\/uploads\/2025\/11\/login-logo.png","width":256,"height":256,"caption":"CARMELITANI SCALZI - Curia Generale del Carmelo Teresiano"},"image":{"@id":"https:\/\/www.carmelitaniscalzi.com\/#\/schema\/logo\/image\/"},"sameAs":["https:\/\/www.facebook.com\/Curia-Generalizia-Carmelitani-Scalzi-658766940887784\/","https:\/\/x.com\/ocdcuria","https:\/\/www.youtube.com\/channel\/UC2J5ZL0ycOY0qBSTCLX_NGQ\/videos","https:\/\/www.instagram.com\/ocdinform\/"]}]}},"_links":{"self":[{"href":"https:\/\/www.carmelitaniscalzi.com\/fr\/wp-json\/wp\/v2\/curia\/5180","targetHints":{"allow":["GET"]}}],"collection":[{"href":"https:\/\/www.carmelitaniscalzi.com\/fr\/wp-json\/wp\/v2\/curia"}],"about":[{"href":"https:\/\/www.carmelitaniscalzi.com\/fr\/wp-json\/wp\/v2\/types\/curia"}],"version-history":[{"count":4,"href":"https:\/\/www.carmelitaniscalzi.com\/fr\/wp-json\/wp\/v2\/curia\/5180\/revisions"}],"predecessor-version":[{"id":111674,"href":"https:\/\/www.carmelitaniscalzi.com\/fr\/wp-json\/wp\/v2\/curia\/5180\/revisions\/111674"}],"up":[{"embeddable":true,"href":"https:\/\/www.carmelitaniscalzi.com\/fr\/wp-json\/wp\/v2\/curia\/5164"}],"wp:featuredmedia":[{"embeddable":true,"href":"https:\/\/www.carmelitaniscalzi.com\/fr\/wp-json\/wp\/v2\/media\/111583"}],"wp:attachment":[{"href":"https:\/\/www.carmelitaniscalzi.com\/fr\/wp-json\/wp\/v2\/media?parent=5180"}],"wp:term":[{"taxonomy":"carica_cauria","embeddable":true,"href":"https:\/\/www.carmelitaniscalzi.com\/fr\/wp-json\/wp\/v2\/carica_cauria?post=5180"}],"curies":[{"name":"wp","href":"https:\/\/api.w.org\/{rel}","templated":true}]}}