{"id":5178,"date":"2016-06-29T07:44:39","date_gmt":"2016-06-29T05:44:39","guid":{"rendered":"https:\/\/www.carmelitaniscalzi.com\/fr\/?page_id=5178"},"modified":"2022-01-15T03:14:32","modified_gmt":"2022-01-15T02:14:32","slug":"vi-definiteur","status":"publish","type":"curia","link":"https:\/\/www.carmelitaniscalzi.com\/fr\/curie-generale\/definiteurs\/vi-definiteur\/","title":{"rendered":"VI D\u00e9finiteur \u2022 De la Province du Mexique"},"content":{"rendered":"<h3><\/h3>\n<h3>Biographie<\/h3>\n<p>&nbsp;<\/p>\n<p>N\u00e9 \u00e0 Apatzing\u00e1n Michoac\u00e1n, au Mexique, le 29 juillet 1966, il est entr\u00e9 dans l&rsquo;Ordre du Carmel le 1<sup>er<\/sup> septembre 1984 et a prononc\u00e9 ses premiers v\u0153ux le 7 ao\u00fbt 1986. En 1988, il passe son baccalaur\u00e9at en philosophie au s\u00e9minaire <em>Palafoxian<\/em> de Puebla. En juin 1992, il obtient sa licence en Th\u00e9ologie au <em>Colegio M\u00e1ximo de Cristo Rey S.J.<\/em> \u00e0 Mexico. Le 7 ao\u00fbt 1991, il fait sa profession solennelle dans l&rsquo;\u00e9glise Sabatina de Mexico. Il est ordonn\u00e9 diacre en 1993 dans l&rsquo;\u00e9glise de San Torpe de Pise, en Italie, et pr\u00eatre le 20 juillet 1994 \u00e0 Guadalajara-Jalisco, au Mexique. Il poursuit ses \u00e9tudes d&rsquo;octobre 1993 \u00e0 juin 1996 \u00e0 l&rsquo;<em>Institut Biblique Pontifical <\/em>de Rome, o\u00f9 il obtient une licence en \u00c9criture sainte. En juin 2008, il passe un master en mystique aux <em>CITeS<\/em> d&rsquo;Avila, puis il obtient, en d\u00e9cembre 2015, son doctorat en Th\u00e9ologie \u00e0 l&rsquo;<em>Universit\u00e9 Pontificale de Comillas<\/em> (Espagne) avec une th\u00e8se sur \u00ab\u00a0Les racines bibliques de la mystique th\u00e9r\u00e9sienne\u00a0\u00bb.<\/p>\n<p>&nbsp;<\/p>\n<h4>Charges occup\u00e9es dans l&rsquo;Ordre\u00a0:<\/h4>\n<p>Formation : Ma\u00eetre des \u00e9tudiants en th\u00e9ologie, 1997-1998 ; Ma\u00eetre des novices, 1999-2001 ; Ma\u00eetre des postulants, 2003-2004.<\/p>\n<p>Gouvernement : conseiller pour la formation, 1999-2001 et 2001-2004 ; prieur du couvent de San Joaquin \u00e0 Mexico (Mexique), 2005-2007 ; prieur \u00e0 Alba de Tormes (Espagne) 2009-2012 ; prieur du couvent de San Angel, 2015.<\/p>\n<p>Enseignement : cours d&rsquo;introduction \u00e0 l&rsquo;\u00c9criture Sainte ; \u00e9crits pauliniens au <em>Colegio M\u00e1ximo de Cristo Rey S.J<\/em>. (CMCR) ; <em>Centro de estudio de los valores humanos OCD<\/em> (CEVHAC) ; \u00e0 l&rsquo;<em>Instituto de Formaci\u00f3n Teol\u00f3gica Intercongregacional <\/em>de M\u00e9xico (IFTIM) et \u00e0 <em>l&rsquo;Institut de th\u00e9ologie OFM<\/em> (OFM). Il a \u00e9t\u00e9 directeur adjoint du CEVHAC : 1996-1999, puis directeur du CEVHAC : 2005-2007 et 2016-2021.<\/p>\n<p>&nbsp;<\/p>\n<h4>\u00c9crits\u00a0:<\/h4>\n<p>Il a \u00e9crit divers livres pour l\u2019Editorial Santa Teresa, au Mexique\u00a0: \u201cEl\u00edas el que est\u00e1 de pie ante el rostro de Dios\u201d, en 2004;\u00a0 \u201cSor Isabel disc\u00edpula de san Pablo\u201d, en 2007. Il est \u00e9galement l\u2019auteur de divers articles: \u201cLa contemplaci\u00f3n en El\u00edas\u201d, in <em>La Biblia libro de contemplaci\u00f3n<\/em>, Cites, \u00c1vila, 2010; e \u201cMar\u00eda en la Biblia\u201d dans la revue <em>Myriam<\/em> 2013.<\/p>\n","protected":false},"featured_media":111571,"parent":5164,"menu_order":6,"template":"","format":"standard","meta":{"_acf_changed":false,"footnotes":""},"carica_cauria":[820],"class_list":["post-5178","curia","type-curia","status-publish","format-standard","has-post-thumbnail","hentry","carica_cauria-definiteurs"],"acf":[],"yoast_head":"<!-- This site is optimized with the Yoast SEO plugin v26.3 - https:\/\/yoast.com\/wordpress\/plugins\/seo\/ -->\n<title>VI D\u00e9finiteur \u2022 De la Province du Mexique - CARMES D\u00c9CHAUX<\/title>\n<meta name=\"robots\" content=\"index, follow, max-snippet:-1, max-image-preview:large, max-video-preview:-1\" \/>\n<link rel=\"canonical\" href=\"https:\/\/www.carmelitaniscalzi.com\/fr\/curie-generale\/definiteurs\/vi-definiteur\/\" \/>\n<meta property=\"og:locale\" content=\"fr_FR\" \/>\n<meta property=\"og:type\" content=\"article\" \/>\n<meta property=\"og:title\" content=\"VI D\u00e9finiteur \u2022 De la Province du Mexique - CARMES D\u00c9CHAUX\" \/>\n<meta property=\"og:description\" content=\"Biographie &nbsp; N\u00e9 \u00e0 Apatzing\u00e1n Michoac\u00e1n, au Mexique, le 29 juillet 1966, il est entr\u00e9 dans l&rsquo;Ordre du Carmel le 1er septembre 1984 et a prononc\u00e9 ses premiers v\u0153ux le 7 ao\u00fbt 1986. En 1988, il passe son baccalaur\u00e9at en philosophie au s\u00e9minaire Palafoxian de Puebla. En juin 1992, il obtient sa licence en Th\u00e9ologie [&hellip;]\" \/>\n<meta property=\"og:url\" content=\"https:\/\/www.carmelitaniscalzi.com\/fr\/curie-generale\/definiteurs\/vi-definiteur\/\" \/>\n<meta property=\"og:site_name\" content=\"CARMES D\u00c9CHAUX\" \/>\n<meta property=\"article:publisher\" content=\"https:\/\/www.facebook.com\/Curia-Generalizia-Carmelitani-Scalzi-658766940887784\/\" \/>\n<meta property=\"article:modified_time\" content=\"2022-01-15T02:14:32+00:00\" \/>\n<meta property=\"og:image\" content=\"https:\/\/www.carmelitaniscalzi.com\/wp-content\/uploads\/2022\/01\/martin_profile.jpg\" \/>\n\t<meta property=\"og:image:width\" content=\"600\" \/>\n\t<meta property=\"og:image:height\" content=\"600\" \/>\n\t<meta property=\"og:image:type\" content=\"image\/jpeg\" \/>\n<meta name=\"twitter:card\" content=\"summary_large_image\" \/>\n<meta name=\"twitter:site\" content=\"@ocdcuria\" \/>\n<meta name=\"twitter:label1\" content=\"Dur\u00e9e de lecture estim\u00e9e\" \/>\n\t<meta name=\"twitter:data1\" content=\"1 minute\" \/>\n<script type=\"application\/ld+json\" class=\"yoast-schema-graph\">{\"@context\":\"https:\/\/schema.org\",\"@graph\":[{\"@type\":\"WebPage\",\"@id\":\"https:\/\/www.carmelitaniscalzi.com\/fr\/curie-generale\/definiteurs\/vi-definiteur\/\",\"url\":\"https:\/\/www.carmelitaniscalzi.com\/fr\/curie-generale\/definiteurs\/vi-definiteur\/\",\"name\":\"VI D\u00e9finiteur \u2022 De la Province du Mexique - CARMES D\u00c9CHAUX\",\"isPartOf\":{\"@id\":\"https:\/\/www.carmelitaniscalzi.com\/#website\"},\"primaryImageOfPage\":{\"@id\":\"https:\/\/www.carmelitaniscalzi.com\/fr\/curie-generale\/definiteurs\/vi-definiteur\/#primaryimage\"},\"image\":{\"@id\":\"https:\/\/www.carmelitaniscalzi.com\/fr\/curie-generale\/definiteurs\/vi-definiteur\/#primaryimage\"},\"thumbnailUrl\":\"https:\/\/www.carmelitaniscalzi.com\/wp-content\/uploads\/2022\/01\/martin_profile.jpg\",\"datePublished\":\"2016-06-29T05:44:39+00:00\",\"dateModified\":\"2022-01-15T02:14:32+00:00\",\"breadcrumb\":{\"@id\":\"https:\/\/www.carmelitaniscalzi.com\/fr\/curie-generale\/definiteurs\/vi-definiteur\/#breadcrumb\"},\"inLanguage\":\"fr-FR\",\"potentialAction\":[{\"@type\":\"ReadAction\",\"target\":[\"https:\/\/www.carmelitaniscalzi.com\/fr\/curie-generale\/definiteurs\/vi-definiteur\/\"]}]},{\"@type\":\"ImageObject\",\"inLanguage\":\"fr-FR\",\"@id\":\"https:\/\/www.carmelitaniscalzi.com\/fr\/curie-generale\/definiteurs\/vi-definiteur\/#primaryimage\",\"url\":\"https:\/\/www.carmelitaniscalzi.com\/wp-content\/uploads\/2022\/01\/martin_profile.jpg\",\"contentUrl\":\"https:\/\/www.carmelitaniscalzi.com\/wp-content\/uploads\/2022\/01\/martin_profile.jpg\",\"width\":600,\"height\":600},{\"@type\":\"BreadcrumbList\",\"@id\":\"https:\/\/www.carmelitaniscalzi.com\/fr\/curie-generale\/definiteurs\/vi-definiteur\/#breadcrumb\",\"itemListElement\":[{\"@type\":\"ListItem\",\"position\":1,\"name\":\"Home\",\"item\":\"https:\/\/www.carmelitaniscalzi.com\/fr\/\"},{\"@type\":\"ListItem\",\"position\":2,\"name\":\"Curie G\u00e9n\u00e9rale\",\"item\":\"https:\/\/www.carmelitaniscalzi.com\/fr\/curie-generale\/\"},{\"@type\":\"ListItem\",\"position\":3,\"name\":\"D\u00e9finiteurs\",\"item\":\"https:\/\/www.carmelitaniscalzi.com\/fr\/curie-generale\/definiteurs\/\"},{\"@type\":\"ListItem\",\"position\":4,\"name\":\"VI D\u00e9finiteur \u2022 De la Province du Mexique\"}]},{\"@type\":\"WebSite\",\"@id\":\"https:\/\/www.carmelitaniscalzi.com\/#website\",\"url\":\"https:\/\/www.carmelitaniscalzi.com\/\",\"name\":\"CARMELITANI SCALZI - Curia Generale del Carmelo Teresiano\",\"description\":\"Curie G\u00e9n\u00e9ralice du Carmel D\u00e9chauss\u00e9\",\"publisher\":{\"@id\":\"https:\/\/www.carmelitaniscalzi.com\/#organization\"},\"alternateName\":\"CARMELITANI SCALZI\",\"potentialAction\":[{\"@type\":\"SearchAction\",\"target\":{\"@type\":\"EntryPoint\",\"urlTemplate\":\"https:\/\/www.carmelitaniscalzi.com\/?s={search_term_string}\"},\"query-input\":{\"@type\":\"PropertyValueSpecification\",\"valueRequired\":true,\"valueName\":\"search_term_string\"}}],\"inLanguage\":\"fr-FR\"},{\"@type\":\"Organization\",\"@id\":\"https:\/\/www.carmelitaniscalzi.com\/#organization\",\"name\":\"CARMELITANI SCALZI - Curia Generale del Carmelo Teresiano\",\"url\":\"https:\/\/www.carmelitaniscalzi.com\/\",\"logo\":{\"@type\":\"ImageObject\",\"inLanguage\":\"fr-FR\",\"@id\":\"https:\/\/www.carmelitaniscalzi.com\/#\/schema\/logo\/image\/\",\"url\":\"https:\/\/www.carmelitaniscalzi.com\/wp-content\/uploads\/2025\/11\/login-logo.png\",\"contentUrl\":\"https:\/\/www.carmelitaniscalzi.com\/wp-content\/uploads\/2025\/11\/login-logo.png\",\"width\":256,\"height\":256,\"caption\":\"CARMELITANI SCALZI - Curia Generale del Carmelo Teresiano\"},\"image\":{\"@id\":\"https:\/\/www.carmelitaniscalzi.com\/#\/schema\/logo\/image\/\"},\"sameAs\":[\"https:\/\/www.facebook.com\/Curia-Generalizia-Carmelitani-Scalzi-658766940887784\/\",\"https:\/\/x.com\/ocdcuria\",\"https:\/\/www.youtube.com\/channel\/UC2J5ZL0ycOY0qBSTCLX_NGQ\/videos\",\"https:\/\/www.instagram.com\/ocdinform\/\"]}]}<\/script>\n<!-- \/ Yoast SEO plugin. -->","yoast_head_json":{"title":"VI D\u00e9finiteur \u2022 De la Province du Mexique - CARMES D\u00c9CHAUX","robots":{"index":"index","follow":"follow","max-snippet":"max-snippet:-1","max-image-preview":"max-image-preview:large","max-video-preview":"max-video-preview:-1"},"canonical":"https:\/\/www.carmelitaniscalzi.com\/fr\/curie-generale\/definiteurs\/vi-definiteur\/","og_locale":"fr_FR","og_type":"article","og_title":"VI D\u00e9finiteur \u2022 De la Province du Mexique - CARMES D\u00c9CHAUX","og_description":"Biographie &nbsp; N\u00e9 \u00e0 Apatzing\u00e1n Michoac\u00e1n, au Mexique, le 29 juillet 1966, il est entr\u00e9 dans l&rsquo;Ordre du Carmel le 1er septembre 1984 et a prononc\u00e9 ses premiers v\u0153ux le 7 ao\u00fbt 1986. En 1988, il passe son baccalaur\u00e9at en philosophie au s\u00e9minaire Palafoxian de Puebla. En juin 1992, il obtient sa licence en Th\u00e9ologie [&hellip;]","og_url":"https:\/\/www.carmelitaniscalzi.com\/fr\/curie-generale\/definiteurs\/vi-definiteur\/","og_site_name":"CARMES D\u00c9CHAUX","article_publisher":"https:\/\/www.facebook.com\/Curia-Generalizia-Carmelitani-Scalzi-658766940887784\/","article_modified_time":"2022-01-15T02:14:32+00:00","og_image":[{"width":600,"height":600,"url":"https:\/\/www.carmelitaniscalzi.com\/wp-content\/uploads\/2022\/01\/martin_profile.jpg","type":"image\/jpeg"}],"twitter_card":"summary_large_image","twitter_site":"@ocdcuria","twitter_misc":{"Dur\u00e9e de lecture estim\u00e9e":"1 minute"},"schema":{"@context":"https:\/\/schema.org","@graph":[{"@type":"WebPage","@id":"https:\/\/www.carmelitaniscalzi.com\/fr\/curie-generale\/definiteurs\/vi-definiteur\/","url":"https:\/\/www.carmelitaniscalzi.com\/fr\/curie-generale\/definiteurs\/vi-definiteur\/","name":"VI D\u00e9finiteur \u2022 De la Province du Mexique - CARMES D\u00c9CHAUX","isPartOf":{"@id":"https:\/\/www.carmelitaniscalzi.com\/#website"},"primaryImageOfPage":{"@id":"https:\/\/www.carmelitaniscalzi.com\/fr\/curie-generale\/definiteurs\/vi-definiteur\/#primaryimage"},"image":{"@id":"https:\/\/www.carmelitaniscalzi.com\/fr\/curie-generale\/definiteurs\/vi-definiteur\/#primaryimage"},"thumbnailUrl":"https:\/\/www.carmelitaniscalzi.com\/wp-content\/uploads\/2022\/01\/martin_profile.jpg","datePublished":"2016-06-29T05:44:39+00:00","dateModified":"2022-01-15T02:14:32+00:00","breadcrumb":{"@id":"https:\/\/www.carmelitaniscalzi.com\/fr\/curie-generale\/definiteurs\/vi-definiteur\/#breadcrumb"},"inLanguage":"fr-FR","potentialAction":[{"@type":"ReadAction","target":["https:\/\/www.carmelitaniscalzi.com\/fr\/curie-generale\/definiteurs\/vi-definiteur\/"]}]},{"@type":"ImageObject","inLanguage":"fr-FR","@id":"https:\/\/www.carmelitaniscalzi.com\/fr\/curie-generale\/definiteurs\/vi-definiteur\/#primaryimage","url":"https:\/\/www.carmelitaniscalzi.com\/wp-content\/uploads\/2022\/01\/martin_profile.jpg","contentUrl":"https:\/\/www.carmelitaniscalzi.com\/wp-content\/uploads\/2022\/01\/martin_profile.jpg","width":600,"height":600},{"@type":"BreadcrumbList","@id":"https:\/\/www.carmelitaniscalzi.com\/fr\/curie-generale\/definiteurs\/vi-definiteur\/#breadcrumb","itemListElement":[{"@type":"ListItem","position":1,"name":"Home","item":"https:\/\/www.carmelitaniscalzi.com\/fr\/"},{"@type":"ListItem","position":2,"name":"Curie G\u00e9n\u00e9rale","item":"https:\/\/www.carmelitaniscalzi.com\/fr\/curie-generale\/"},{"@type":"ListItem","position":3,"name":"D\u00e9finiteurs","item":"https:\/\/www.carmelitaniscalzi.com\/fr\/curie-generale\/definiteurs\/"},{"@type":"ListItem","position":4,"name":"VI D\u00e9finiteur \u2022 De la Province du Mexique"}]},{"@type":"WebSite","@id":"https:\/\/www.carmelitaniscalzi.com\/#website","url":"https:\/\/www.carmelitaniscalzi.com\/","name":"CARMELITANI SCALZI - Curia Generale del Carmelo Teresiano","description":"Curie G\u00e9n\u00e9ralice du Carmel D\u00e9chauss\u00e9","publisher":{"@id":"https:\/\/www.carmelitaniscalzi.com\/#organization"},"alternateName":"CARMELITANI SCALZI","potentialAction":[{"@type":"SearchAction","target":{"@type":"EntryPoint","urlTemplate":"https:\/\/www.carmelitaniscalzi.com\/?s={search_term_string}"},"query-input":{"@type":"PropertyValueSpecification","valueRequired":true,"valueName":"search_term_string"}}],"inLanguage":"fr-FR"},{"@type":"Organization","@id":"https:\/\/www.carmelitaniscalzi.com\/#organization","name":"CARMELITANI SCALZI - Curia Generale del Carmelo Teresiano","url":"https:\/\/www.carmelitaniscalzi.com\/","logo":{"@type":"ImageObject","inLanguage":"fr-FR","@id":"https:\/\/www.carmelitaniscalzi.com\/#\/schema\/logo\/image\/","url":"https:\/\/www.carmelitaniscalzi.com\/wp-content\/uploads\/2025\/11\/login-logo.png","contentUrl":"https:\/\/www.carmelitaniscalzi.com\/wp-content\/uploads\/2025\/11\/login-logo.png","width":256,"height":256,"caption":"CARMELITANI SCALZI - Curia Generale del Carmelo Teresiano"},"image":{"@id":"https:\/\/www.carmelitaniscalzi.com\/#\/schema\/logo\/image\/"},"sameAs":["https:\/\/www.facebook.com\/Curia-Generalizia-Carmelitani-Scalzi-658766940887784\/","https:\/\/x.com\/ocdcuria","https:\/\/www.youtube.com\/channel\/UC2J5ZL0ycOY0qBSTCLX_NGQ\/videos","https:\/\/www.instagram.com\/ocdinform\/"]}]}},"_links":{"self":[{"href":"https:\/\/www.carmelitaniscalzi.com\/fr\/wp-json\/wp\/v2\/curia\/5178","targetHints":{"allow":["GET"]}}],"collection":[{"href":"https:\/\/www.carmelitaniscalzi.com\/fr\/wp-json\/wp\/v2\/curia"}],"about":[{"href":"https:\/\/www.carmelitaniscalzi.com\/fr\/wp-json\/wp\/v2\/types\/curia"}],"version-history":[{"count":5,"href":"https:\/\/www.carmelitaniscalzi.com\/fr\/wp-json\/wp\/v2\/curia\/5178\/revisions"}],"predecessor-version":[{"id":111666,"href":"https:\/\/www.carmelitaniscalzi.com\/fr\/wp-json\/wp\/v2\/curia\/5178\/revisions\/111666"}],"up":[{"embeddable":true,"href":"https:\/\/www.carmelitaniscalzi.com\/fr\/wp-json\/wp\/v2\/curia\/5164"}],"wp:featuredmedia":[{"embeddable":true,"href":"https:\/\/www.carmelitaniscalzi.com\/fr\/wp-json\/wp\/v2\/media\/111571"}],"wp:attachment":[{"href":"https:\/\/www.carmelitaniscalzi.com\/fr\/wp-json\/wp\/v2\/media?parent=5178"}],"wp:term":[{"taxonomy":"carica_cauria","embeddable":true,"href":"https:\/\/www.carmelitaniscalzi.com\/fr\/wp-json\/wp\/v2\/carica_cauria?post=5178"}],"curies":[{"name":"wp","href":"https:\/\/api.w.org\/{rel}","templated":true}]}}