{"id":5154,"date":"2016-06-28T19:54:05","date_gmt":"2016-06-28T17:54:05","guid":{"rendered":"https:\/\/www.carmelitaniscalzi.com\/fr\/?page_id=5154"},"modified":"2021-06-03T21:36:56","modified_gmt":"2021-06-03T19:36:56","slug":"freres","status":"publish","type":"chi_siamo","link":"https:\/\/www.carmelitaniscalzi.com\/fr\/qui-nous-sommes\/freres\/","title":{"rendered":"Fr\u00e8res"},"content":{"rendered":"<p>L\u2019objectif principal et primordial des Carmes, comme l\u2019exprime notre r\u00e8gle ou norme de vie, est de vivre en d\u00e9pendance de J\u00e9sus Christ jour et nuit. La pri\u00e8re, cette relation d\u2019amiti\u00e9 d\u00e9velopp\u00e9e dans la solitude et aux c\u00f4t\u00e9s de celui qui nous aime, est pour Th\u00e9r\u00e8se de J\u00e9sus notre principal objectif et notre fin. Cela nous permet d\u2019irradier l\u2019Eglise de notre charisme avec des centres de Spiritualit\u00e9 (maisons de pri\u00e8re, d\u00e9serts, maisons conventionnelles&#8230;). Nous aidons les diff\u00e9rentes Eglises locales dans le monde entier, depuis les paroisses que dont nous nous occupons de fa\u00e7on pastorale, aussi bien dans les villes que sur les terres de mission. Une autre fa\u00e7on d\u2019irradier notre charisme est de le faire via les \u00e9crits de spiritualit\u00e9 (nous poss\u00e9dons plusieurs maisons d\u2019\u00e9dition), les exercices spirituels, la direction spirituelle, etc.<br \/>\nLes Carmes D\u00e9chaux ou Th\u00e9r\u00e9siens sont pr\u00e9sents dans le monde entier. Selon les derni\u00e8res statistiques (2012) nous sommes 3994 fr\u00e8res, en comprenant les carmes en formation. Le poids de l\u2019Ordre a \u00e9t\u00e9 en grandissant depuis sa naissance en Europe, ce qui va se d\u00e9placer peu \u00e0 peu&#8230;L\u2019Asie, l\u2019Am\u00e9rique et l\u2019Afrique sont en train de prendre le relais. Des presque 4000 fr\u00e8res de comprend l\u2019Ordre, plus de mille se trouvent en Inde. Cela d\u00e9montre que le centre de gravit\u00e9 de l\u2019Ordre n\u2019est plus l\u2019Europe Occidentale mais l\u2019Asie. En Europe nous sommes dans un processus de restructuration alors qu\u2019en Asie, au contraire, nous sommes en pleine expansion.<br \/>\nL\u2019Ordre est divis\u00e9 en 56 circonscriptions et sa nomenclature est la suivante : Provinces, Semi-provinces, Commissariats et D\u00e9l\u00e9gations g\u00e9n\u00e9rales. Il est important de faire remarquer que les carmes qui ont \u00e9t\u00e9 ordonn\u00e9s \u00e9v\u00eaque sont au nombre de vingt et qu\u2019ils apportent leur charisme carm\u00e9litain dans les diff\u00e9rents dioc\u00e8ses qu\u2019ils dirigent. La Province qui compte le plus grand nombre de membres est celle de Manjummel avec 263 fr\u00e8res et celle qui en compte le moins est la Hollande avec 17 religieux. Des chiffres et des noms qui cachent la mission du Carme Th\u00e9r\u00e9sien, amoureux du Christ et de son Eglise et qui essaye, \u00e0 partir de son charisme sp\u00e9cifique de la pri\u00e8re et de son intimit\u00e9 avec Dieu, de faire conna\u00eetre ce dernier o\u00f9 l\u2019Eglise en a besoin.<\/p>\n","protected":false},"featured_media":51455,"parent":5115,"menu_order":5,"template":"","format":"standard","meta":{"_acf_changed":false,"footnotes":""},"elemento_chi_siamo":[966],"class_list":["post-5154","chi_siamo","type-chi_siamo","status-publish","format-standard","has-post-thumbnail","hentry","elemento_chi_siamo-autre"],"acf":[],"yoast_head":"<!-- This site is optimized with the Yoast SEO plugin v26.3 - https:\/\/yoast.com\/wordpress\/plugins\/seo\/ -->\n<title>Fr\u00e8res - CARMES D\u00c9CHAUX<\/title>\n<meta name=\"robots\" content=\"index, follow, max-snippet:-1, max-image-preview:large, max-video-preview:-1\" \/>\n<link rel=\"canonical\" href=\"https:\/\/www.carmelitaniscalzi.com\/fr\/qui-nous-sommes\/freres\/\" \/>\n<meta property=\"og:locale\" content=\"fr_FR\" \/>\n<meta property=\"og:type\" content=\"article\" \/>\n<meta property=\"og:title\" content=\"Fr\u00e8res - CARMES D\u00c9CHAUX\" \/>\n<meta property=\"og:description\" content=\"L\u2019objectif principal et primordial des Carmes, comme l\u2019exprime notre r\u00e8gle ou norme de vie, est de vivre en d\u00e9pendance de J\u00e9sus Christ jour et nuit. La pri\u00e8re, cette relation d\u2019amiti\u00e9 d\u00e9velopp\u00e9e dans la solitude et aux c\u00f4t\u00e9s de celui qui nous aime, est pour Th\u00e9r\u00e8se de J\u00e9sus notre principal objectif et notre fin. Cela nous [&hellip;]\" \/>\n<meta property=\"og:url\" content=\"https:\/\/www.carmelitaniscalzi.com\/fr\/qui-nous-sommes\/freres\/\" \/>\n<meta property=\"og:site_name\" content=\"CARMES D\u00c9CHAUX\" \/>\n<meta property=\"article:publisher\" content=\"https:\/\/www.facebook.com\/Curia-Generalizia-Carmelitani-Scalzi-658766940887784\/\" \/>\n<meta property=\"article:modified_time\" content=\"2021-06-03T19:36:56+00:00\" \/>\n<meta property=\"og:image\" content=\"https:\/\/www.carmelitaniscalzi.com\/wp-content\/uploads\/2016\/02\/placeholder_profile.jpg\" \/>\n\t<meta property=\"og:image:width\" content=\"600\" \/>\n\t<meta property=\"og:image:height\" content=\"600\" \/>\n\t<meta property=\"og:image:type\" content=\"image\/jpeg\" \/>\n<meta name=\"twitter:card\" content=\"summary_large_image\" \/>\n<meta name=\"twitter:site\" content=\"@ocdcuria\" \/>\n<meta name=\"twitter:label1\" content=\"Dur\u00e9e de lecture estim\u00e9e\" \/>\n\t<meta name=\"twitter:data1\" content=\"2 minutes\" \/>\n<script type=\"application\/ld+json\" class=\"yoast-schema-graph\">{\"@context\":\"https:\/\/schema.org\",\"@graph\":[{\"@type\":\"WebPage\",\"@id\":\"https:\/\/www.carmelitaniscalzi.com\/fr\/qui-nous-sommes\/freres\/\",\"url\":\"https:\/\/www.carmelitaniscalzi.com\/fr\/qui-nous-sommes\/freres\/\",\"name\":\"Fr\u00e8res - CARMES D\u00c9CHAUX\",\"isPartOf\":{\"@id\":\"https:\/\/www.carmelitaniscalzi.com\/#website\"},\"primaryImageOfPage\":{\"@id\":\"https:\/\/www.carmelitaniscalzi.com\/fr\/qui-nous-sommes\/freres\/#primaryimage\"},\"image\":{\"@id\":\"https:\/\/www.carmelitaniscalzi.com\/fr\/qui-nous-sommes\/freres\/#primaryimage\"},\"thumbnailUrl\":\"https:\/\/www.carmelitaniscalzi.com\/wp-content\/uploads\/2016\/02\/placeholder_profile.jpg\",\"datePublished\":\"2016-06-28T17:54:05+00:00\",\"dateModified\":\"2021-06-03T19:36:56+00:00\",\"breadcrumb\":{\"@id\":\"https:\/\/www.carmelitaniscalzi.com\/fr\/qui-nous-sommes\/freres\/#breadcrumb\"},\"inLanguage\":\"fr-FR\",\"potentialAction\":[{\"@type\":\"ReadAction\",\"target\":[\"https:\/\/www.carmelitaniscalzi.com\/fr\/qui-nous-sommes\/freres\/\"]}]},{\"@type\":\"ImageObject\",\"inLanguage\":\"fr-FR\",\"@id\":\"https:\/\/www.carmelitaniscalzi.com\/fr\/qui-nous-sommes\/freres\/#primaryimage\",\"url\":\"https:\/\/www.carmelitaniscalzi.com\/wp-content\/uploads\/2016\/02\/placeholder_profile.jpg\",\"contentUrl\":\"https:\/\/www.carmelitaniscalzi.com\/wp-content\/uploads\/2016\/02\/placeholder_profile.jpg\",\"width\":600,\"height\":600},{\"@type\":\"BreadcrumbList\",\"@id\":\"https:\/\/www.carmelitaniscalzi.com\/fr\/qui-nous-sommes\/freres\/#breadcrumb\",\"itemListElement\":[{\"@type\":\"ListItem\",\"position\":1,\"name\":\"Home\",\"item\":\"https:\/\/www.carmelitaniscalzi.com\/fr\/\"},{\"@type\":\"ListItem\",\"position\":2,\"name\":\"Qui nous sommes\",\"item\":\"https:\/\/www.carmelitaniscalzi.com\/fr\/qui-nous-sommes\/\"},{\"@type\":\"ListItem\",\"position\":3,\"name\":\"Fr\u00e8res\"}]},{\"@type\":\"WebSite\",\"@id\":\"https:\/\/www.carmelitaniscalzi.com\/#website\",\"url\":\"https:\/\/www.carmelitaniscalzi.com\/\",\"name\":\"CARMELITANI SCALZI - Curia Generale del Carmelo Teresiano\",\"description\":\"Curie G\u00e9n\u00e9ralice du Carmel D\u00e9chauss\u00e9\",\"publisher\":{\"@id\":\"https:\/\/www.carmelitaniscalzi.com\/#organization\"},\"alternateName\":\"CARMELITANI SCALZI\",\"potentialAction\":[{\"@type\":\"SearchAction\",\"target\":{\"@type\":\"EntryPoint\",\"urlTemplate\":\"https:\/\/www.carmelitaniscalzi.com\/?s={search_term_string}\"},\"query-input\":{\"@type\":\"PropertyValueSpecification\",\"valueRequired\":true,\"valueName\":\"search_term_string\"}}],\"inLanguage\":\"fr-FR\"},{\"@type\":\"Organization\",\"@id\":\"https:\/\/www.carmelitaniscalzi.com\/#organization\",\"name\":\"CARMELITANI SCALZI - Curia Generale del Carmelo Teresiano\",\"url\":\"https:\/\/www.carmelitaniscalzi.com\/\",\"logo\":{\"@type\":\"ImageObject\",\"inLanguage\":\"fr-FR\",\"@id\":\"https:\/\/www.carmelitaniscalzi.com\/#\/schema\/logo\/image\/\",\"url\":\"https:\/\/www.carmelitaniscalzi.com\/wp-content\/uploads\/2025\/11\/login-logo.png\",\"contentUrl\":\"https:\/\/www.carmelitaniscalzi.com\/wp-content\/uploads\/2025\/11\/login-logo.png\",\"width\":256,\"height\":256,\"caption\":\"CARMELITANI SCALZI - Curia Generale del Carmelo Teresiano\"},\"image\":{\"@id\":\"https:\/\/www.carmelitaniscalzi.com\/#\/schema\/logo\/image\/\"},\"sameAs\":[\"https:\/\/www.facebook.com\/Curia-Generalizia-Carmelitani-Scalzi-658766940887784\/\",\"https:\/\/x.com\/ocdcuria\",\"https:\/\/www.youtube.com\/channel\/UC2J5ZL0ycOY0qBSTCLX_NGQ\/videos\",\"https:\/\/www.instagram.com\/ocdinform\/\"]}]}<\/script>\n<!-- \/ Yoast SEO plugin. -->","yoast_head_json":{"title":"Fr\u00e8res - CARMES D\u00c9CHAUX","robots":{"index":"index","follow":"follow","max-snippet":"max-snippet:-1","max-image-preview":"max-image-preview:large","max-video-preview":"max-video-preview:-1"},"canonical":"https:\/\/www.carmelitaniscalzi.com\/fr\/qui-nous-sommes\/freres\/","og_locale":"fr_FR","og_type":"article","og_title":"Fr\u00e8res - CARMES D\u00c9CHAUX","og_description":"L\u2019objectif principal et primordial des Carmes, comme l\u2019exprime notre r\u00e8gle ou norme de vie, est de vivre en d\u00e9pendance de J\u00e9sus Christ jour et nuit. La pri\u00e8re, cette relation d\u2019amiti\u00e9 d\u00e9velopp\u00e9e dans la solitude et aux c\u00f4t\u00e9s de celui qui nous aime, est pour Th\u00e9r\u00e8se de J\u00e9sus notre principal objectif et notre fin. Cela nous [&hellip;]","og_url":"https:\/\/www.carmelitaniscalzi.com\/fr\/qui-nous-sommes\/freres\/","og_site_name":"CARMES D\u00c9CHAUX","article_publisher":"https:\/\/www.facebook.com\/Curia-Generalizia-Carmelitani-Scalzi-658766940887784\/","article_modified_time":"2021-06-03T19:36:56+00:00","og_image":[{"width":600,"height":600,"url":"https:\/\/www.carmelitaniscalzi.com\/wp-content\/uploads\/2016\/02\/placeholder_profile.jpg","type":"image\/jpeg"}],"twitter_card":"summary_large_image","twitter_site":"@ocdcuria","twitter_misc":{"Dur\u00e9e de lecture estim\u00e9e":"2 minutes"},"schema":{"@context":"https:\/\/schema.org","@graph":[{"@type":"WebPage","@id":"https:\/\/www.carmelitaniscalzi.com\/fr\/qui-nous-sommes\/freres\/","url":"https:\/\/www.carmelitaniscalzi.com\/fr\/qui-nous-sommes\/freres\/","name":"Fr\u00e8res - CARMES D\u00c9CHAUX","isPartOf":{"@id":"https:\/\/www.carmelitaniscalzi.com\/#website"},"primaryImageOfPage":{"@id":"https:\/\/www.carmelitaniscalzi.com\/fr\/qui-nous-sommes\/freres\/#primaryimage"},"image":{"@id":"https:\/\/www.carmelitaniscalzi.com\/fr\/qui-nous-sommes\/freres\/#primaryimage"},"thumbnailUrl":"https:\/\/www.carmelitaniscalzi.com\/wp-content\/uploads\/2016\/02\/placeholder_profile.jpg","datePublished":"2016-06-28T17:54:05+00:00","dateModified":"2021-06-03T19:36:56+00:00","breadcrumb":{"@id":"https:\/\/www.carmelitaniscalzi.com\/fr\/qui-nous-sommes\/freres\/#breadcrumb"},"inLanguage":"fr-FR","potentialAction":[{"@type":"ReadAction","target":["https:\/\/www.carmelitaniscalzi.com\/fr\/qui-nous-sommes\/freres\/"]}]},{"@type":"ImageObject","inLanguage":"fr-FR","@id":"https:\/\/www.carmelitaniscalzi.com\/fr\/qui-nous-sommes\/freres\/#primaryimage","url":"https:\/\/www.carmelitaniscalzi.com\/wp-content\/uploads\/2016\/02\/placeholder_profile.jpg","contentUrl":"https:\/\/www.carmelitaniscalzi.com\/wp-content\/uploads\/2016\/02\/placeholder_profile.jpg","width":600,"height":600},{"@type":"BreadcrumbList","@id":"https:\/\/www.carmelitaniscalzi.com\/fr\/qui-nous-sommes\/freres\/#breadcrumb","itemListElement":[{"@type":"ListItem","position":1,"name":"Home","item":"https:\/\/www.carmelitaniscalzi.com\/fr\/"},{"@type":"ListItem","position":2,"name":"Qui nous sommes","item":"https:\/\/www.carmelitaniscalzi.com\/fr\/qui-nous-sommes\/"},{"@type":"ListItem","position":3,"name":"Fr\u00e8res"}]},{"@type":"WebSite","@id":"https:\/\/www.carmelitaniscalzi.com\/#website","url":"https:\/\/www.carmelitaniscalzi.com\/","name":"CARMELITANI SCALZI - Curia Generale del Carmelo Teresiano","description":"Curie G\u00e9n\u00e9ralice du Carmel D\u00e9chauss\u00e9","publisher":{"@id":"https:\/\/www.carmelitaniscalzi.com\/#organization"},"alternateName":"CARMELITANI SCALZI","potentialAction":[{"@type":"SearchAction","target":{"@type":"EntryPoint","urlTemplate":"https:\/\/www.carmelitaniscalzi.com\/?s={search_term_string}"},"query-input":{"@type":"PropertyValueSpecification","valueRequired":true,"valueName":"search_term_string"}}],"inLanguage":"fr-FR"},{"@type":"Organization","@id":"https:\/\/www.carmelitaniscalzi.com\/#organization","name":"CARMELITANI SCALZI - Curia Generale del Carmelo Teresiano","url":"https:\/\/www.carmelitaniscalzi.com\/","logo":{"@type":"ImageObject","inLanguage":"fr-FR","@id":"https:\/\/www.carmelitaniscalzi.com\/#\/schema\/logo\/image\/","url":"https:\/\/www.carmelitaniscalzi.com\/wp-content\/uploads\/2025\/11\/login-logo.png","contentUrl":"https:\/\/www.carmelitaniscalzi.com\/wp-content\/uploads\/2025\/11\/login-logo.png","width":256,"height":256,"caption":"CARMELITANI SCALZI - Curia Generale del Carmelo Teresiano"},"image":{"@id":"https:\/\/www.carmelitaniscalzi.com\/#\/schema\/logo\/image\/"},"sameAs":["https:\/\/www.facebook.com\/Curia-Generalizia-Carmelitani-Scalzi-658766940887784\/","https:\/\/x.com\/ocdcuria","https:\/\/www.youtube.com\/channel\/UC2J5ZL0ycOY0qBSTCLX_NGQ\/videos","https:\/\/www.instagram.com\/ocdinform\/"]}]}},"_links":{"self":[{"href":"https:\/\/www.carmelitaniscalzi.com\/fr\/wp-json\/wp\/v2\/chi_siamo\/5154","targetHints":{"allow":["GET"]}}],"collection":[{"href":"https:\/\/www.carmelitaniscalzi.com\/fr\/wp-json\/wp\/v2\/chi_siamo"}],"about":[{"href":"https:\/\/www.carmelitaniscalzi.com\/fr\/wp-json\/wp\/v2\/types\/chi_siamo"}],"version-history":[{"count":0,"href":"https:\/\/www.carmelitaniscalzi.com\/fr\/wp-json\/wp\/v2\/chi_siamo\/5154\/revisions"}],"up":[{"embeddable":true,"href":"https:\/\/www.carmelitaniscalzi.com\/fr\/wp-json\/wp\/v2\/chi_siamo\/5115"}],"wp:featuredmedia":[{"embeddable":true,"href":"https:\/\/www.carmelitaniscalzi.com\/fr\/wp-json\/wp\/v2\/media\/51455"}],"wp:attachment":[{"href":"https:\/\/www.carmelitaniscalzi.com\/fr\/wp-json\/wp\/v2\/media?parent=5154"}],"wp:term":[{"taxonomy":"elemento_chi_siamo","embeddable":true,"href":"https:\/\/www.carmelitaniscalzi.com\/fr\/wp-json\/wp\/v2\/elemento_chi_siamo?post=5154"}],"curies":[{"name":"wp","href":"https:\/\/api.w.org\/{rel}","templated":true}]}}