{"id":5152,"date":"2016-06-28T19:52:32","date_gmt":"2016-06-28T17:52:32","guid":{"rendered":"https:\/\/www.carmelitaniscalzi.com\/fr\/?page_id=5152"},"modified":"2021-06-03T21:34:32","modified_gmt":"2021-06-03T19:34:32","slug":"bienheureux-francois-palau","status":"publish","type":"chi_siamo","link":"https:\/\/www.carmelitaniscalzi.com\/fr\/qui-nous-sommes\/nos-saints\/bienheureux-francois-palau\/","title":{"rendered":"Bienheureux Fran\u00e7ois Palau"},"content":{"rendered":"<p><a href=\"https:\/\/www.carmelitaniscalzi.com\/wp-content\/uploads\/2016\/02\/beato_francisco_palau.jpg\"><img loading=\"lazy\" decoding=\"async\" class=\"alignleft size-medium wp-image-3484\" src=\"https:\/\/www.carmelitaniscalzi.com\/wp-content\/uploads\/2016\/02\/beato_francisco_palau-125x300.jpg\" alt=\"beato_francisco_palau\" width=\"125\" height=\"300\" srcset=\"https:\/\/www.carmelitaniscalzi.com\/wp-content\/uploads\/2016\/02\/beato_francisco_palau-125x300.jpg 125w, https:\/\/www.carmelitaniscalzi.com\/wp-content\/uploads\/2016\/02\/beato_francisco_palau-23x55.jpg 23w, https:\/\/www.carmelitaniscalzi.com\/wp-content\/uploads\/2016\/02\/beato_francisco_palau.jpg 237w\" sizes=\"auto, (max-width: 125px) 100vw, 125px\" \/><\/a><\/p>\n<p>Le Bienheureux Fran\u00e7ois Palau, un carme espagnol n\u00e9 \u00e0 Aytona en 1810 et d\u00e9c\u00e9d\u00e9 \u00e0 Tarragone en 1871, est un personnage typique du XIX\u00e8me si\u00e8cle, une des grandes figures du XIX\u00e8me comme l\u2019affirme le P\u00e8re Alejo de la Vierge du Carmen (en particulier en Catalogne) et parmi les ap\u00f4tres de la parole chr\u00e9tienne, aux c\u00f4t\u00e9s du V\u00e9n\u00e9rable Claret, du P\u00e8re Coll et du P\u00e8re Planas. Mais il faudrait le d\u00e9crire \u201cplus \u00e9plor\u00e9, plus calomni\u00e9 et moins connu aujourd\u2019hui que tous ces autres\u201d.<\/p>\n<p>C\u2019est un homme insatisfait de l\u2019esprit du si\u00e8cle, nostalgique du monde qui a mis pied \u00e0 terre apr\u00e8s les p\u00e9riodes r\u00e9volutionnaires, et toujours dans l\u2019attente de l\u2019apparition d\u2019une nouvelle soci\u00e9t\u00e9 dans laquelle il serait possible de voir se r\u00e9aliser ses espoirs.<\/p>\n<p>La vocation. Lentement il d\u00e9couvre que sa place est au clo\u00eetre, et lorsque les circonstances l\u2019en expulsent, il r\u00e9affirmera sa vocation de religieux et de carme, \u00e0 laquelle il reste fier face aux pressions, interdictions, \u00e0 la prison et \u00e0 l\u2019exil, et puisque chez lui la \u201cflamme de l\u2019amour\u201d \u00e9tait plus forte que toutes les difficult\u00e9s qui se pr\u00e9sentaient devant lui, \u201cil s\u2019est r\u00e9solu \u00e0 vivre solitaire dans les d\u00e9serts, au sein des montagnes\u201d.<\/p>\n<p>L\u2019amour pour l\u2019Eglise, sa grande passion qui finira par se r\u00e9v\u00e9ler comme une r\u00e9alit\u00e9 au-del\u00e0 de la structure, comme il a pu le sentir dans les premiers moments, pour la comprendre comme une communion d\u2019amour entre Dieu et le prochain. Lorsqu\u2019il d\u00e9couvre ce myst\u00e8re, aux alentours de 1860, il trouvera le sens d\u00e9finitif de sa vie, une vie d\u00e9di\u00e9e au service de l\u2019Eglise.<\/p>\n<p>Fran\u00e7ois Palau, le solitaire par vocation, se sent un ap\u00f4tre, un \u00e9vang\u00e9lisateur, pr\u00eat \u00e0 mettre en avant cette cause contre tous ceux qui essayent d\u2019\u00e9loigner et de r\u00e9duire Dieu au silence. Il comprend que l\u2019\u00e9vang\u00e9lisation est toute une activit\u00e9, la pr\u00e9dication, l\u2019enseignement, le cat\u00e9chisme, la bienfaisance, l\u2019exercice du journalisme, style \u00e0 son style, propagande et d\u00e9nonciation, qui aide \u00e0 christianiser le monde qui s\u2019\u00e9loigne progressivement des principes religieux qui sont pour lui, la base sur laquelle devrait se dresser la soci\u00e9t\u00e9.<\/p>\n<p>Cette passion n\u2019est pas seulement dirig\u00e9e \u00e0 l\u2019endoctrinement chr\u00e9tien mais \u00e9galement \u00e0 l\u2019attention des personnes dans le besoin, des malades, et parmi ces derniers les \u201cfous\u201d, les d\u00e9ments, qui apparaissaient parfois comme abandonn\u00e9s par la main de Dieu. Lui qui depuis sa jeunesse a senti que solitude et la contemplation &#8211; la vocation de Marie &#8211; \u00e9taient les \u00e9l\u00e9ments naturels pour le d\u00e9veloppement de sa vocation, recommande \u00e0 ses filles la vocation de Marta.<br \/>\nVoici le P\u00e8re Palau, un carme d\u00e9chaux qui, apr\u00e8s son expulsion du couvent, a d\u00e9couvert sa vocation d\u2019ermite solitaire qui, dans les grottes et la solitude des montagnes, a su \u00eatre aux c\u00f4t\u00e9s des gens comme pr\u00e9dicateur, r\u00e9formateur des coutumes, cat\u00e9chiste, animateur de groupes et de communaut\u00e9s qui se formaient autour de sa personne.<\/p>\n<p>Missionnaire Apostolique. Fondateur de ce que nous connaissons de nos jours comme deux congr\u00e9gations, les Carm\u00e9lites Missionnaires Th\u00e9r\u00e9siennes et les Carm\u00e9lites Missionnaires.<\/p>\n<p>Ecrivain d\u2019\u0153uvres au caract\u00e8re d\u00e9votionnel et apolog\u00e9tique. Mais avant tout et surtout, c\u2019est un chercheur, qui a toujours march\u00e9 \u201c\u00e0 la recherche du bien et du beau\u201d.<\/p>\n","protected":false},"featured_media":51455,"parent":5134,"menu_order":8,"template":"","format":"standard","meta":{"_acf_changed":false,"footnotes":""},"elemento_chi_siamo":[840],"class_list":["post-5152","chi_siamo","type-chi_siamo","status-publish","format-standard","has-post-thumbnail","hentry","elemento_chi_siamo-nos-saints"],"acf":[],"yoast_head":"<!-- This site is optimized with the Yoast SEO plugin v26.3 - https:\/\/yoast.com\/wordpress\/plugins\/seo\/ -->\n<title>Bienheureux Fran\u00e7ois Palau - CARMES D\u00c9CHAUX<\/title>\n<meta name=\"robots\" content=\"index, follow, max-snippet:-1, max-image-preview:large, max-video-preview:-1\" \/>\n<link rel=\"canonical\" href=\"https:\/\/www.carmelitaniscalzi.com\/fr\/qui-nous-sommes\/nos-saints\/bienheureux-francois-palau\/\" \/>\n<meta property=\"og:locale\" content=\"fr_FR\" \/>\n<meta property=\"og:type\" content=\"article\" \/>\n<meta property=\"og:title\" content=\"Bienheureux Fran\u00e7ois Palau - CARMES D\u00c9CHAUX\" \/>\n<meta property=\"og:description\" content=\"Le Bienheureux Fran\u00e7ois Palau, un carme espagnol n\u00e9 \u00e0 Aytona en 1810 et d\u00e9c\u00e9d\u00e9 \u00e0 Tarragone en 1871, est un personnage typique du XIX\u00e8me si\u00e8cle, une des grandes figures du XIX\u00e8me comme l\u2019affirme le P\u00e8re Alejo de la Vierge du Carmen (en particulier en Catalogne) et parmi les ap\u00f4tres de la parole chr\u00e9tienne, aux c\u00f4t\u00e9s [&hellip;]\" \/>\n<meta property=\"og:url\" content=\"https:\/\/www.carmelitaniscalzi.com\/fr\/qui-nous-sommes\/nos-saints\/bienheureux-francois-palau\/\" \/>\n<meta property=\"og:site_name\" content=\"CARMES D\u00c9CHAUX\" \/>\n<meta property=\"article:publisher\" content=\"https:\/\/www.facebook.com\/Curia-Generalizia-Carmelitani-Scalzi-658766940887784\/\" \/>\n<meta property=\"article:modified_time\" content=\"2021-06-03T19:34:32+00:00\" \/>\n<meta property=\"og:image\" content=\"https:\/\/www.carmelitaniscalzi.com\/wp-content\/uploads\/2016\/02\/placeholder_profile.jpg\" \/>\n\t<meta property=\"og:image:width\" content=\"600\" \/>\n\t<meta property=\"og:image:height\" content=\"600\" \/>\n\t<meta property=\"og:image:type\" content=\"image\/jpeg\" \/>\n<meta name=\"twitter:card\" content=\"summary_large_image\" \/>\n<meta name=\"twitter:site\" content=\"@ocdcuria\" \/>\n<meta name=\"twitter:label1\" content=\"Dur\u00e9e de lecture estim\u00e9e\" \/>\n\t<meta name=\"twitter:data1\" content=\"3 minutes\" \/>\n<script type=\"application\/ld+json\" class=\"yoast-schema-graph\">{\"@context\":\"https:\/\/schema.org\",\"@graph\":[{\"@type\":\"WebPage\",\"@id\":\"https:\/\/www.carmelitaniscalzi.com\/fr\/qui-nous-sommes\/nos-saints\/bienheureux-francois-palau\/\",\"url\":\"https:\/\/www.carmelitaniscalzi.com\/fr\/qui-nous-sommes\/nos-saints\/bienheureux-francois-palau\/\",\"name\":\"Bienheureux Fran\u00e7ois Palau - CARMES D\u00c9CHAUX\",\"isPartOf\":{\"@id\":\"https:\/\/www.carmelitaniscalzi.com\/#website\"},\"primaryImageOfPage\":{\"@id\":\"https:\/\/www.carmelitaniscalzi.com\/fr\/qui-nous-sommes\/nos-saints\/bienheureux-francois-palau\/#primaryimage\"},\"image\":{\"@id\":\"https:\/\/www.carmelitaniscalzi.com\/fr\/qui-nous-sommes\/nos-saints\/bienheureux-francois-palau\/#primaryimage\"},\"thumbnailUrl\":\"https:\/\/www.carmelitaniscalzi.com\/wp-content\/uploads\/2016\/02\/placeholder_profile.jpg\",\"datePublished\":\"2016-06-28T17:52:32+00:00\",\"dateModified\":\"2021-06-03T19:34:32+00:00\",\"breadcrumb\":{\"@id\":\"https:\/\/www.carmelitaniscalzi.com\/fr\/qui-nous-sommes\/nos-saints\/bienheureux-francois-palau\/#breadcrumb\"},\"inLanguage\":\"fr-FR\",\"potentialAction\":[{\"@type\":\"ReadAction\",\"target\":[\"https:\/\/www.carmelitaniscalzi.com\/fr\/qui-nous-sommes\/nos-saints\/bienheureux-francois-palau\/\"]}]},{\"@type\":\"ImageObject\",\"inLanguage\":\"fr-FR\",\"@id\":\"https:\/\/www.carmelitaniscalzi.com\/fr\/qui-nous-sommes\/nos-saints\/bienheureux-francois-palau\/#primaryimage\",\"url\":\"https:\/\/www.carmelitaniscalzi.com\/wp-content\/uploads\/2016\/02\/placeholder_profile.jpg\",\"contentUrl\":\"https:\/\/www.carmelitaniscalzi.com\/wp-content\/uploads\/2016\/02\/placeholder_profile.jpg\",\"width\":600,\"height\":600},{\"@type\":\"BreadcrumbList\",\"@id\":\"https:\/\/www.carmelitaniscalzi.com\/fr\/qui-nous-sommes\/nos-saints\/bienheureux-francois-palau\/#breadcrumb\",\"itemListElement\":[{\"@type\":\"ListItem\",\"position\":1,\"name\":\"Home\",\"item\":\"https:\/\/www.carmelitaniscalzi.com\/fr\/\"},{\"@type\":\"ListItem\",\"position\":2,\"name\":\"Qui nous sommes\",\"item\":\"https:\/\/www.carmelitaniscalzi.com\/fr\/qui-nous-sommes\/\"},{\"@type\":\"ListItem\",\"position\":3,\"name\":\"Nos Saints\",\"item\":\"https:\/\/www.carmelitaniscalzi.com\/fr\/qui-nous-sommes\/nos-saints\/\"},{\"@type\":\"ListItem\",\"position\":4,\"name\":\"Bienheureux Fran\u00e7ois Palau\"}]},{\"@type\":\"WebSite\",\"@id\":\"https:\/\/www.carmelitaniscalzi.com\/#website\",\"url\":\"https:\/\/www.carmelitaniscalzi.com\/\",\"name\":\"CARMELITANI SCALZI - Curia Generale del Carmelo Teresiano\",\"description\":\"Curie G\u00e9n\u00e9ralice du Carmel D\u00e9chauss\u00e9\",\"publisher\":{\"@id\":\"https:\/\/www.carmelitaniscalzi.com\/#organization\"},\"alternateName\":\"CARMELITANI SCALZI\",\"potentialAction\":[{\"@type\":\"SearchAction\",\"target\":{\"@type\":\"EntryPoint\",\"urlTemplate\":\"https:\/\/www.carmelitaniscalzi.com\/?s={search_term_string}\"},\"query-input\":{\"@type\":\"PropertyValueSpecification\",\"valueRequired\":true,\"valueName\":\"search_term_string\"}}],\"inLanguage\":\"fr-FR\"},{\"@type\":\"Organization\",\"@id\":\"https:\/\/www.carmelitaniscalzi.com\/#organization\",\"name\":\"CARMELITANI SCALZI - Curia Generale del Carmelo Teresiano\",\"url\":\"https:\/\/www.carmelitaniscalzi.com\/\",\"logo\":{\"@type\":\"ImageObject\",\"inLanguage\":\"fr-FR\",\"@id\":\"https:\/\/www.carmelitaniscalzi.com\/#\/schema\/logo\/image\/\",\"url\":\"https:\/\/www.carmelitaniscalzi.com\/wp-content\/uploads\/2025\/11\/login-logo.png\",\"contentUrl\":\"https:\/\/www.carmelitaniscalzi.com\/wp-content\/uploads\/2025\/11\/login-logo.png\",\"width\":256,\"height\":256,\"caption\":\"CARMELITANI SCALZI - Curia Generale del Carmelo Teresiano\"},\"image\":{\"@id\":\"https:\/\/www.carmelitaniscalzi.com\/#\/schema\/logo\/image\/\"},\"sameAs\":[\"https:\/\/www.facebook.com\/Curia-Generalizia-Carmelitani-Scalzi-658766940887784\/\",\"https:\/\/x.com\/ocdcuria\",\"https:\/\/www.youtube.com\/channel\/UC2J5ZL0ycOY0qBSTCLX_NGQ\/videos\",\"https:\/\/www.instagram.com\/ocdinform\/\"]}]}<\/script>\n<!-- \/ Yoast SEO plugin. -->","yoast_head_json":{"title":"Bienheureux Fran\u00e7ois Palau - CARMES D\u00c9CHAUX","robots":{"index":"index","follow":"follow","max-snippet":"max-snippet:-1","max-image-preview":"max-image-preview:large","max-video-preview":"max-video-preview:-1"},"canonical":"https:\/\/www.carmelitaniscalzi.com\/fr\/qui-nous-sommes\/nos-saints\/bienheureux-francois-palau\/","og_locale":"fr_FR","og_type":"article","og_title":"Bienheureux Fran\u00e7ois Palau - CARMES D\u00c9CHAUX","og_description":"Le Bienheureux Fran\u00e7ois Palau, un carme espagnol n\u00e9 \u00e0 Aytona en 1810 et d\u00e9c\u00e9d\u00e9 \u00e0 Tarragone en 1871, est un personnage typique du XIX\u00e8me si\u00e8cle, une des grandes figures du XIX\u00e8me comme l\u2019affirme le P\u00e8re Alejo de la Vierge du Carmen (en particulier en Catalogne) et parmi les ap\u00f4tres de la parole chr\u00e9tienne, aux c\u00f4t\u00e9s [&hellip;]","og_url":"https:\/\/www.carmelitaniscalzi.com\/fr\/qui-nous-sommes\/nos-saints\/bienheureux-francois-palau\/","og_site_name":"CARMES D\u00c9CHAUX","article_publisher":"https:\/\/www.facebook.com\/Curia-Generalizia-Carmelitani-Scalzi-658766940887784\/","article_modified_time":"2021-06-03T19:34:32+00:00","og_image":[{"width":600,"height":600,"url":"https:\/\/www.carmelitaniscalzi.com\/wp-content\/uploads\/2016\/02\/placeholder_profile.jpg","type":"image\/jpeg"}],"twitter_card":"summary_large_image","twitter_site":"@ocdcuria","twitter_misc":{"Dur\u00e9e de lecture estim\u00e9e":"3 minutes"},"schema":{"@context":"https:\/\/schema.org","@graph":[{"@type":"WebPage","@id":"https:\/\/www.carmelitaniscalzi.com\/fr\/qui-nous-sommes\/nos-saints\/bienheureux-francois-palau\/","url":"https:\/\/www.carmelitaniscalzi.com\/fr\/qui-nous-sommes\/nos-saints\/bienheureux-francois-palau\/","name":"Bienheureux Fran\u00e7ois Palau - CARMES D\u00c9CHAUX","isPartOf":{"@id":"https:\/\/www.carmelitaniscalzi.com\/#website"},"primaryImageOfPage":{"@id":"https:\/\/www.carmelitaniscalzi.com\/fr\/qui-nous-sommes\/nos-saints\/bienheureux-francois-palau\/#primaryimage"},"image":{"@id":"https:\/\/www.carmelitaniscalzi.com\/fr\/qui-nous-sommes\/nos-saints\/bienheureux-francois-palau\/#primaryimage"},"thumbnailUrl":"https:\/\/www.carmelitaniscalzi.com\/wp-content\/uploads\/2016\/02\/placeholder_profile.jpg","datePublished":"2016-06-28T17:52:32+00:00","dateModified":"2021-06-03T19:34:32+00:00","breadcrumb":{"@id":"https:\/\/www.carmelitaniscalzi.com\/fr\/qui-nous-sommes\/nos-saints\/bienheureux-francois-palau\/#breadcrumb"},"inLanguage":"fr-FR","potentialAction":[{"@type":"ReadAction","target":["https:\/\/www.carmelitaniscalzi.com\/fr\/qui-nous-sommes\/nos-saints\/bienheureux-francois-palau\/"]}]},{"@type":"ImageObject","inLanguage":"fr-FR","@id":"https:\/\/www.carmelitaniscalzi.com\/fr\/qui-nous-sommes\/nos-saints\/bienheureux-francois-palau\/#primaryimage","url":"https:\/\/www.carmelitaniscalzi.com\/wp-content\/uploads\/2016\/02\/placeholder_profile.jpg","contentUrl":"https:\/\/www.carmelitaniscalzi.com\/wp-content\/uploads\/2016\/02\/placeholder_profile.jpg","width":600,"height":600},{"@type":"BreadcrumbList","@id":"https:\/\/www.carmelitaniscalzi.com\/fr\/qui-nous-sommes\/nos-saints\/bienheureux-francois-palau\/#breadcrumb","itemListElement":[{"@type":"ListItem","position":1,"name":"Home","item":"https:\/\/www.carmelitaniscalzi.com\/fr\/"},{"@type":"ListItem","position":2,"name":"Qui nous sommes","item":"https:\/\/www.carmelitaniscalzi.com\/fr\/qui-nous-sommes\/"},{"@type":"ListItem","position":3,"name":"Nos Saints","item":"https:\/\/www.carmelitaniscalzi.com\/fr\/qui-nous-sommes\/nos-saints\/"},{"@type":"ListItem","position":4,"name":"Bienheureux Fran\u00e7ois Palau"}]},{"@type":"WebSite","@id":"https:\/\/www.carmelitaniscalzi.com\/#website","url":"https:\/\/www.carmelitaniscalzi.com\/","name":"CARMELITANI SCALZI - Curia Generale del Carmelo Teresiano","description":"Curie G\u00e9n\u00e9ralice du Carmel D\u00e9chauss\u00e9","publisher":{"@id":"https:\/\/www.carmelitaniscalzi.com\/#organization"},"alternateName":"CARMELITANI SCALZI","potentialAction":[{"@type":"SearchAction","target":{"@type":"EntryPoint","urlTemplate":"https:\/\/www.carmelitaniscalzi.com\/?s={search_term_string}"},"query-input":{"@type":"PropertyValueSpecification","valueRequired":true,"valueName":"search_term_string"}}],"inLanguage":"fr-FR"},{"@type":"Organization","@id":"https:\/\/www.carmelitaniscalzi.com\/#organization","name":"CARMELITANI SCALZI - Curia Generale del Carmelo Teresiano","url":"https:\/\/www.carmelitaniscalzi.com\/","logo":{"@type":"ImageObject","inLanguage":"fr-FR","@id":"https:\/\/www.carmelitaniscalzi.com\/#\/schema\/logo\/image\/","url":"https:\/\/www.carmelitaniscalzi.com\/wp-content\/uploads\/2025\/11\/login-logo.png","contentUrl":"https:\/\/www.carmelitaniscalzi.com\/wp-content\/uploads\/2025\/11\/login-logo.png","width":256,"height":256,"caption":"CARMELITANI SCALZI - Curia Generale del Carmelo Teresiano"},"image":{"@id":"https:\/\/www.carmelitaniscalzi.com\/#\/schema\/logo\/image\/"},"sameAs":["https:\/\/www.facebook.com\/Curia-Generalizia-Carmelitani-Scalzi-658766940887784\/","https:\/\/x.com\/ocdcuria","https:\/\/www.youtube.com\/channel\/UC2J5ZL0ycOY0qBSTCLX_NGQ\/videos","https:\/\/www.instagram.com\/ocdinform\/"]}]}},"_links":{"self":[{"href":"https:\/\/www.carmelitaniscalzi.com\/fr\/wp-json\/wp\/v2\/chi_siamo\/5152","targetHints":{"allow":["GET"]}}],"collection":[{"href":"https:\/\/www.carmelitaniscalzi.com\/fr\/wp-json\/wp\/v2\/chi_siamo"}],"about":[{"href":"https:\/\/www.carmelitaniscalzi.com\/fr\/wp-json\/wp\/v2\/types\/chi_siamo"}],"version-history":[{"count":0,"href":"https:\/\/www.carmelitaniscalzi.com\/fr\/wp-json\/wp\/v2\/chi_siamo\/5152\/revisions"}],"up":[{"embeddable":true,"href":"https:\/\/www.carmelitaniscalzi.com\/fr\/wp-json\/wp\/v2\/chi_siamo\/5134"}],"wp:featuredmedia":[{"embeddable":true,"href":"https:\/\/www.carmelitaniscalzi.com\/fr\/wp-json\/wp\/v2\/media\/51455"}],"wp:attachment":[{"href":"https:\/\/www.carmelitaniscalzi.com\/fr\/wp-json\/wp\/v2\/media?parent=5152"}],"wp:term":[{"taxonomy":"elemento_chi_siamo","embeddable":true,"href":"https:\/\/www.carmelitaniscalzi.com\/fr\/wp-json\/wp\/v2\/elemento_chi_siamo?post=5152"}],"curies":[{"name":"wp","href":"https:\/\/api.w.org\/{rel}","templated":true}]}}