{"id":5145,"date":"2016-06-28T19:47:12","date_gmt":"2016-06-28T17:47:12","guid":{"rendered":"https:\/\/www.carmelitaniscalzi.com\/fr\/?page_id=5145"},"modified":"2021-09-20T01:49:09","modified_gmt":"2021-09-19T23:49:09","slug":"sainte-therese-marguerite-redi","status":"publish","type":"chi_siamo","link":"https:\/\/www.carmelitaniscalzi.com\/fr\/qui-nous-sommes\/nos-saints\/sainte-therese-marguerite-redi\/","title":{"rendered":"Sainte Th\u00e9r\u00e8se Marguerite Redi"},"content":{"rendered":"<p><a href=\"https:\/\/www.carmelitaniscalzi.com\/wp-content\/uploads\/2016\/02\/santa_teresa_margarita_redi.jpg\"><img loading=\"lazy\" decoding=\"async\" class=\"alignleft size-full wp-image-3489\" src=\"https:\/\/www.carmelitaniscalzi.com\/wp-content\/uploads\/2016\/02\/santa_teresa_margarita_redi.jpg\" alt=\"santa_teresa_margarita_redi\" width=\"200\" height=\"269\" srcset=\"https:\/\/www.carmelitaniscalzi.com\/wp-content\/uploads\/2016\/02\/santa_teresa_margarita_redi.jpg 200w, https:\/\/www.carmelitaniscalzi.com\/wp-content\/uploads\/2016\/02\/santa_teresa_margarita_redi-41x55.jpg 41w\" sizes=\"auto, (max-width: 200px) 100vw, 200px\" \/><\/a><\/p>\n<p>Ana Mar\u00eda Redi est n\u00e9e \u00e0 Arezzo, Italie, le 15 juillet 1747. Elle est la deuxi\u00e8me de treize fr\u00e8res et s\u0153urs qui tous, \u00e0 l\u2019exception de l\u2019ain\u00e9 et des cinq qui sont d\u00e9c\u00e9d\u00e9s encore enfants, se sont consacr\u00e9s \u00e0 Dieu. Elle a une enfance tr\u00e8s heureuse durant laquelle ressortent son inclination \u00e0 la pi\u00e9t\u00e9, ses d\u00e9sirs de saintet\u00e9 et sa compassion pour les pauvres.<br \/>\nA neuf ans elle devient interne au coll\u00e8ge Sainte Apollonia des B\u00e9n\u00e9dictines de Florence et re\u00e7oit, entre 1756 et 1763, une \u00e9ducation soign\u00e9e. Apr\u00e8s des exercices spirituels \u00e0 14 ans, elle devient une jeune fille responsable et affable qui se fait aimer.<br \/>\nElle se sent appel\u00e9e par la vie religieuse et \u00e9met le d\u00e9sir de rentrer chez les B\u00e9n\u00e9dictines. Apr\u00e8s une conversation fortuite avec une amie qui \u00e9tait sur le point d\u2019entrer au Carmel, Ana ressent la vocation de carm\u00e9lite (ce qu\u2019elle ne sentait pas avant). Elle quitte le coll\u00e8ge afin de r\u00e9fl\u00e9chir sa d\u00e9cision. A 17 ans elle communique sa r\u00e9solution \u00e0 la surprise de tous et au d\u00e9sarroi des s\u0153urs de son coll\u00e8ge.<br \/>\nElle rentre pour une p\u00e9riode d\u2019essai le 1er septembre 1764 chez les Carm\u00e9lites D\u00e9chauss\u00e9es de Florence. Peu avant la fin du postulat, elle est op\u00e9r\u00e9e du genou et quitte le couvent sans savoir si elle sera admise. Elle rentre et prend l\u2019habit le 10 mars 1765, avec l\u2019objectif de vivre la pri\u00e8re, l\u2019ob\u00e9issance et le silence. Elle prononce ses v\u0153ux le 12 mars 1766 sous le nom de Th\u00e9r\u00e8se-Marguerite du Sacr\u00e9-C\u0153ur de J\u00e9sus.<br \/>\nDe nature fougueuse, elle apprend \u00e0 se contr\u00f4ler et m\u00e8ne une vie de fid\u00e9lit\u00e9 admirable depuis le d\u00e9but. Depuis son entr\u00e9e au couvent, la relation avec son p\u00e8re \u2013 d\u2019aide spirituelle mutuelle \u2013 atteint une plus grande profondeur. Elle d\u00e9veloppe une grande amiti\u00e9 avec une s\u0153ur de la communaut\u00e9. Elles se compl\u00e8tent et s\u2019engagent mutuellement \u00e0 \u00eatre de meilleures religieuses.<br \/>\nSa connaissance du latin lui permet la compr\u00e9hension des textes bibliques et liturgiques, elle aime \u00e0 les r\u00e9citer sans cesse, elle veut vivre la R\u00e8gle du Carmel qui m\u00e9dite \u201cjour et nuit la Parole de Dieu\u201d. Elle avait une sympathie bien sp\u00e9ciale pour les textes de Saint Paul comme : \u201cvotre vie est avec le Christ, cach\u00e9e en Dieu\u201d. Parfois elle semble \u00e9tourdie, comme lorsqu\u2019elle est saisie d\u2019effroi devant les merveilles de la cr\u00e9ation, ce qui fait penser qu\u2019elle est m\u00e9lancolique. Ses s\u0153urs de la communaut\u00e9 comprendront seulement apr\u00e8s sa mort la saintet\u00e9 de cette jeune carm\u00e9lite.<br \/>\nElle a constamment en m\u00e9moire le Christ Crucifi\u00e9, \u201ccapitaine de l\u2019amour\u201d qui l\u00e8ve \u201cl\u2019\u00e9tendard de la Croix\u201d. A partir des exercices spirituels de 1768, elle d\u00e9cide pour toutes ses actions de ne pas avoir d\u2019autre regard que celui de l\u2019amour et d\u2019unir sa volont\u00e9 \u00e0 celle de Dieu. Elle pers\u00e9v\u00e8re dans de petits services aupr\u00e8s des s\u0153urs et n\u2019accepte ni m\u00e9disances ni critiques. Elle s\u2019exclame constamment : \u201cDieu est amour\u201d. Elle vit en continuelle action de gr\u00e2ce : \u201cQue celui qui ne croit pas en Lui prouve et ne s\u2019approche pas de Lui, la bont\u00e9 et la g\u00e9n\u00e9rosit\u00e9 de notre Dieu bien aim\u00e9.\u201d<br \/>\nElle est exquise dans l\u2019exercice de la charit\u00e9. Depuis le d\u00e9but elle se propose pour prendre soin des s\u0153urs les plus \u00e2g\u00e9es et les plus malades, dans lesquelles elle voit J\u00e9sus Christ en personne et aide l\u2019infirmi\u00e8re. Les malades la demandent et elle s\u2019offre pour prendre soin des cas les plus difficiles, comme le cas de cette s\u0153ur d\u00e9mente et agressive que tout le monde craint et qu\u2019elle soigne avec une grande patience et sans jamais se plaindre.<br \/>\nA la fin de sa vie, elle conna\u00eet une grande aridit\u00e9 dans la pri\u00e8re. Elle passe par la r\u00e9pugnance, l\u2019insensibilit\u00e9, la peur, les tentations et l\u2019antipathie envers la vertu. Elle redouble sa foi, s\u2019abandonne \u00e0 Dieu et r\u00e9cite des psaumes, des phrases bibliques ou l\u2019expression \u201cBon P\u00e8re !\u201d. Amoureuse de la lecture depuis toute petite, elle ne peut lire, \u00e0 la fin de sa vie, que les \u00e9crits de Sainte Th\u00e9r\u00e8se.<br \/>\nElle meurt des suites d\u2019une appendicite le 7 mars 1770.<\/p>\n","protected":false},"featured_media":80560,"parent":5134,"menu_order":5,"template":"","format":"standard","meta":{"_acf_changed":false,"footnotes":""},"elemento_chi_siamo":[840],"class_list":["post-5145","chi_siamo","type-chi_siamo","status-publish","format-standard","has-post-thumbnail","hentry","elemento_chi_siamo-nos-saints"],"acf":[],"yoast_head":"<!-- This site is optimized with the Yoast SEO plugin v26.3 - https:\/\/yoast.com\/wordpress\/plugins\/seo\/ -->\n<title>Sainte Th\u00e9r\u00e8se Marguerite Redi - CARMES D\u00c9CHAUX<\/title>\n<meta name=\"robots\" content=\"index, follow, max-snippet:-1, max-image-preview:large, max-video-preview:-1\" \/>\n<link rel=\"canonical\" href=\"https:\/\/www.carmelitaniscalzi.com\/fr\/qui-nous-sommes\/nos-saints\/sainte-therese-marguerite-redi\/\" \/>\n<meta property=\"og:locale\" content=\"fr_FR\" \/>\n<meta property=\"og:type\" content=\"article\" \/>\n<meta property=\"og:title\" content=\"Sainte Th\u00e9r\u00e8se Marguerite Redi - CARMES D\u00c9CHAUX\" \/>\n<meta property=\"og:description\" content=\"Ana Mar\u00eda Redi est n\u00e9e \u00e0 Arezzo, Italie, le 15 juillet 1747. Elle est la deuxi\u00e8me de treize fr\u00e8res et s\u0153urs qui tous, \u00e0 l\u2019exception de l\u2019ain\u00e9 et des cinq qui sont d\u00e9c\u00e9d\u00e9s encore enfants, se sont consacr\u00e9s \u00e0 Dieu. Elle a une enfance tr\u00e8s heureuse durant laquelle ressortent son inclination \u00e0 la pi\u00e9t\u00e9, ses [&hellip;]\" \/>\n<meta property=\"og:url\" content=\"https:\/\/www.carmelitaniscalzi.com\/fr\/qui-nous-sommes\/nos-saints\/sainte-therese-marguerite-redi\/\" \/>\n<meta property=\"og:site_name\" content=\"CARMES D\u00c9CHAUX\" \/>\n<meta property=\"article:publisher\" content=\"https:\/\/www.facebook.com\/Curia-Generalizia-Carmelitani-Scalzi-658766940887784\/\" \/>\n<meta property=\"article:modified_time\" content=\"2021-09-19T23:49:09+00:00\" \/>\n<meta property=\"og:image\" content=\"https:\/\/www.carmelitaniscalzi.com\/wp-content\/uploads\/2016\/02\/margherita_redi.jpg\" \/>\n\t<meta property=\"og:image:width\" content=\"600\" \/>\n\t<meta property=\"og:image:height\" content=\"600\" \/>\n\t<meta property=\"og:image:type\" content=\"image\/jpeg\" \/>\n<meta name=\"twitter:card\" content=\"summary_large_image\" \/>\n<meta name=\"twitter:site\" content=\"@ocdcuria\" \/>\n<meta name=\"twitter:label1\" content=\"Dur\u00e9e de lecture estim\u00e9e\" \/>\n\t<meta name=\"twitter:data1\" content=\"4 minutes\" \/>\n<script type=\"application\/ld+json\" class=\"yoast-schema-graph\">{\"@context\":\"https:\/\/schema.org\",\"@graph\":[{\"@type\":\"WebPage\",\"@id\":\"https:\/\/www.carmelitaniscalzi.com\/fr\/qui-nous-sommes\/nos-saints\/sainte-therese-marguerite-redi\/\",\"url\":\"https:\/\/www.carmelitaniscalzi.com\/fr\/qui-nous-sommes\/nos-saints\/sainte-therese-marguerite-redi\/\",\"name\":\"Sainte Th\u00e9r\u00e8se Marguerite Redi - CARMES D\u00c9CHAUX\",\"isPartOf\":{\"@id\":\"https:\/\/www.carmelitaniscalzi.com\/#website\"},\"primaryImageOfPage\":{\"@id\":\"https:\/\/www.carmelitaniscalzi.com\/fr\/qui-nous-sommes\/nos-saints\/sainte-therese-marguerite-redi\/#primaryimage\"},\"image\":{\"@id\":\"https:\/\/www.carmelitaniscalzi.com\/fr\/qui-nous-sommes\/nos-saints\/sainte-therese-marguerite-redi\/#primaryimage\"},\"thumbnailUrl\":\"https:\/\/www.carmelitaniscalzi.com\/wp-content\/uploads\/2016\/02\/margherita_redi.jpg\",\"datePublished\":\"2016-06-28T17:47:12+00:00\",\"dateModified\":\"2021-09-19T23:49:09+00:00\",\"breadcrumb\":{\"@id\":\"https:\/\/www.carmelitaniscalzi.com\/fr\/qui-nous-sommes\/nos-saints\/sainte-therese-marguerite-redi\/#breadcrumb\"},\"inLanguage\":\"fr-FR\",\"potentialAction\":[{\"@type\":\"ReadAction\",\"target\":[\"https:\/\/www.carmelitaniscalzi.com\/fr\/qui-nous-sommes\/nos-saints\/sainte-therese-marguerite-redi\/\"]}]},{\"@type\":\"ImageObject\",\"inLanguage\":\"fr-FR\",\"@id\":\"https:\/\/www.carmelitaniscalzi.com\/fr\/qui-nous-sommes\/nos-saints\/sainte-therese-marguerite-redi\/#primaryimage\",\"url\":\"https:\/\/www.carmelitaniscalzi.com\/wp-content\/uploads\/2016\/02\/margherita_redi.jpg\",\"contentUrl\":\"https:\/\/www.carmelitaniscalzi.com\/wp-content\/uploads\/2016\/02\/margherita_redi.jpg\",\"width\":600,\"height\":600},{\"@type\":\"BreadcrumbList\",\"@id\":\"https:\/\/www.carmelitaniscalzi.com\/fr\/qui-nous-sommes\/nos-saints\/sainte-therese-marguerite-redi\/#breadcrumb\",\"itemListElement\":[{\"@type\":\"ListItem\",\"position\":1,\"name\":\"Home\",\"item\":\"https:\/\/www.carmelitaniscalzi.com\/fr\/\"},{\"@type\":\"ListItem\",\"position\":2,\"name\":\"Qui nous sommes\",\"item\":\"https:\/\/www.carmelitaniscalzi.com\/fr\/qui-nous-sommes\/\"},{\"@type\":\"ListItem\",\"position\":3,\"name\":\"Nos Saints\",\"item\":\"https:\/\/www.carmelitaniscalzi.com\/fr\/qui-nous-sommes\/nos-saints\/\"},{\"@type\":\"ListItem\",\"position\":4,\"name\":\"Sainte Th\u00e9r\u00e8se Marguerite Redi\"}]},{\"@type\":\"WebSite\",\"@id\":\"https:\/\/www.carmelitaniscalzi.com\/#website\",\"url\":\"https:\/\/www.carmelitaniscalzi.com\/\",\"name\":\"CARMELITANI SCALZI - Curia Generale del Carmelo Teresiano\",\"description\":\"Curie G\u00e9n\u00e9ralice du Carmel D\u00e9chauss\u00e9\",\"publisher\":{\"@id\":\"https:\/\/www.carmelitaniscalzi.com\/#organization\"},\"alternateName\":\"CARMELITANI SCALZI\",\"potentialAction\":[{\"@type\":\"SearchAction\",\"target\":{\"@type\":\"EntryPoint\",\"urlTemplate\":\"https:\/\/www.carmelitaniscalzi.com\/?s={search_term_string}\"},\"query-input\":{\"@type\":\"PropertyValueSpecification\",\"valueRequired\":true,\"valueName\":\"search_term_string\"}}],\"inLanguage\":\"fr-FR\"},{\"@type\":\"Organization\",\"@id\":\"https:\/\/www.carmelitaniscalzi.com\/#organization\",\"name\":\"CARMELITANI SCALZI - Curia Generale del Carmelo Teresiano\",\"url\":\"https:\/\/www.carmelitaniscalzi.com\/\",\"logo\":{\"@type\":\"ImageObject\",\"inLanguage\":\"fr-FR\",\"@id\":\"https:\/\/www.carmelitaniscalzi.com\/#\/schema\/logo\/image\/\",\"url\":\"https:\/\/www.carmelitaniscalzi.com\/wp-content\/uploads\/2025\/11\/login-logo.png\",\"contentUrl\":\"https:\/\/www.carmelitaniscalzi.com\/wp-content\/uploads\/2025\/11\/login-logo.png\",\"width\":256,\"height\":256,\"caption\":\"CARMELITANI SCALZI - Curia Generale del Carmelo Teresiano\"},\"image\":{\"@id\":\"https:\/\/www.carmelitaniscalzi.com\/#\/schema\/logo\/image\/\"},\"sameAs\":[\"https:\/\/www.facebook.com\/Curia-Generalizia-Carmelitani-Scalzi-658766940887784\/\",\"https:\/\/x.com\/ocdcuria\",\"https:\/\/www.youtube.com\/channel\/UC2J5ZL0ycOY0qBSTCLX_NGQ\/videos\",\"https:\/\/www.instagram.com\/ocdinform\/\"]}]}<\/script>\n<!-- \/ Yoast SEO plugin. -->","yoast_head_json":{"title":"Sainte Th\u00e9r\u00e8se Marguerite Redi - CARMES D\u00c9CHAUX","robots":{"index":"index","follow":"follow","max-snippet":"max-snippet:-1","max-image-preview":"max-image-preview:large","max-video-preview":"max-video-preview:-1"},"canonical":"https:\/\/www.carmelitaniscalzi.com\/fr\/qui-nous-sommes\/nos-saints\/sainte-therese-marguerite-redi\/","og_locale":"fr_FR","og_type":"article","og_title":"Sainte Th\u00e9r\u00e8se Marguerite Redi - CARMES D\u00c9CHAUX","og_description":"Ana Mar\u00eda Redi est n\u00e9e \u00e0 Arezzo, Italie, le 15 juillet 1747. Elle est la deuxi\u00e8me de treize fr\u00e8res et s\u0153urs qui tous, \u00e0 l\u2019exception de l\u2019ain\u00e9 et des cinq qui sont d\u00e9c\u00e9d\u00e9s encore enfants, se sont consacr\u00e9s \u00e0 Dieu. Elle a une enfance tr\u00e8s heureuse durant laquelle ressortent son inclination \u00e0 la pi\u00e9t\u00e9, ses [&hellip;]","og_url":"https:\/\/www.carmelitaniscalzi.com\/fr\/qui-nous-sommes\/nos-saints\/sainte-therese-marguerite-redi\/","og_site_name":"CARMES D\u00c9CHAUX","article_publisher":"https:\/\/www.facebook.com\/Curia-Generalizia-Carmelitani-Scalzi-658766940887784\/","article_modified_time":"2021-09-19T23:49:09+00:00","og_image":[{"width":600,"height":600,"url":"https:\/\/www.carmelitaniscalzi.com\/wp-content\/uploads\/2016\/02\/margherita_redi.jpg","type":"image\/jpeg"}],"twitter_card":"summary_large_image","twitter_site":"@ocdcuria","twitter_misc":{"Dur\u00e9e de lecture estim\u00e9e":"4 minutes"},"schema":{"@context":"https:\/\/schema.org","@graph":[{"@type":"WebPage","@id":"https:\/\/www.carmelitaniscalzi.com\/fr\/qui-nous-sommes\/nos-saints\/sainte-therese-marguerite-redi\/","url":"https:\/\/www.carmelitaniscalzi.com\/fr\/qui-nous-sommes\/nos-saints\/sainte-therese-marguerite-redi\/","name":"Sainte Th\u00e9r\u00e8se Marguerite Redi - CARMES D\u00c9CHAUX","isPartOf":{"@id":"https:\/\/www.carmelitaniscalzi.com\/#website"},"primaryImageOfPage":{"@id":"https:\/\/www.carmelitaniscalzi.com\/fr\/qui-nous-sommes\/nos-saints\/sainte-therese-marguerite-redi\/#primaryimage"},"image":{"@id":"https:\/\/www.carmelitaniscalzi.com\/fr\/qui-nous-sommes\/nos-saints\/sainte-therese-marguerite-redi\/#primaryimage"},"thumbnailUrl":"https:\/\/www.carmelitaniscalzi.com\/wp-content\/uploads\/2016\/02\/margherita_redi.jpg","datePublished":"2016-06-28T17:47:12+00:00","dateModified":"2021-09-19T23:49:09+00:00","breadcrumb":{"@id":"https:\/\/www.carmelitaniscalzi.com\/fr\/qui-nous-sommes\/nos-saints\/sainte-therese-marguerite-redi\/#breadcrumb"},"inLanguage":"fr-FR","potentialAction":[{"@type":"ReadAction","target":["https:\/\/www.carmelitaniscalzi.com\/fr\/qui-nous-sommes\/nos-saints\/sainte-therese-marguerite-redi\/"]}]},{"@type":"ImageObject","inLanguage":"fr-FR","@id":"https:\/\/www.carmelitaniscalzi.com\/fr\/qui-nous-sommes\/nos-saints\/sainte-therese-marguerite-redi\/#primaryimage","url":"https:\/\/www.carmelitaniscalzi.com\/wp-content\/uploads\/2016\/02\/margherita_redi.jpg","contentUrl":"https:\/\/www.carmelitaniscalzi.com\/wp-content\/uploads\/2016\/02\/margherita_redi.jpg","width":600,"height":600},{"@type":"BreadcrumbList","@id":"https:\/\/www.carmelitaniscalzi.com\/fr\/qui-nous-sommes\/nos-saints\/sainte-therese-marguerite-redi\/#breadcrumb","itemListElement":[{"@type":"ListItem","position":1,"name":"Home","item":"https:\/\/www.carmelitaniscalzi.com\/fr\/"},{"@type":"ListItem","position":2,"name":"Qui nous sommes","item":"https:\/\/www.carmelitaniscalzi.com\/fr\/qui-nous-sommes\/"},{"@type":"ListItem","position":3,"name":"Nos Saints","item":"https:\/\/www.carmelitaniscalzi.com\/fr\/qui-nous-sommes\/nos-saints\/"},{"@type":"ListItem","position":4,"name":"Sainte Th\u00e9r\u00e8se Marguerite Redi"}]},{"@type":"WebSite","@id":"https:\/\/www.carmelitaniscalzi.com\/#website","url":"https:\/\/www.carmelitaniscalzi.com\/","name":"CARMELITANI SCALZI - Curia Generale del Carmelo Teresiano","description":"Curie G\u00e9n\u00e9ralice du Carmel D\u00e9chauss\u00e9","publisher":{"@id":"https:\/\/www.carmelitaniscalzi.com\/#organization"},"alternateName":"CARMELITANI SCALZI","potentialAction":[{"@type":"SearchAction","target":{"@type":"EntryPoint","urlTemplate":"https:\/\/www.carmelitaniscalzi.com\/?s={search_term_string}"},"query-input":{"@type":"PropertyValueSpecification","valueRequired":true,"valueName":"search_term_string"}}],"inLanguage":"fr-FR"},{"@type":"Organization","@id":"https:\/\/www.carmelitaniscalzi.com\/#organization","name":"CARMELITANI SCALZI - Curia Generale del Carmelo Teresiano","url":"https:\/\/www.carmelitaniscalzi.com\/","logo":{"@type":"ImageObject","inLanguage":"fr-FR","@id":"https:\/\/www.carmelitaniscalzi.com\/#\/schema\/logo\/image\/","url":"https:\/\/www.carmelitaniscalzi.com\/wp-content\/uploads\/2025\/11\/login-logo.png","contentUrl":"https:\/\/www.carmelitaniscalzi.com\/wp-content\/uploads\/2025\/11\/login-logo.png","width":256,"height":256,"caption":"CARMELITANI SCALZI - Curia Generale del Carmelo Teresiano"},"image":{"@id":"https:\/\/www.carmelitaniscalzi.com\/#\/schema\/logo\/image\/"},"sameAs":["https:\/\/www.facebook.com\/Curia-Generalizia-Carmelitani-Scalzi-658766940887784\/","https:\/\/x.com\/ocdcuria","https:\/\/www.youtube.com\/channel\/UC2J5ZL0ycOY0qBSTCLX_NGQ\/videos","https:\/\/www.instagram.com\/ocdinform\/"]}]}},"_links":{"self":[{"href":"https:\/\/www.carmelitaniscalzi.com\/fr\/wp-json\/wp\/v2\/chi_siamo\/5145","targetHints":{"allow":["GET"]}}],"collection":[{"href":"https:\/\/www.carmelitaniscalzi.com\/fr\/wp-json\/wp\/v2\/chi_siamo"}],"about":[{"href":"https:\/\/www.carmelitaniscalzi.com\/fr\/wp-json\/wp\/v2\/types\/chi_siamo"}],"version-history":[{"count":1,"href":"https:\/\/www.carmelitaniscalzi.com\/fr\/wp-json\/wp\/v2\/chi_siamo\/5145\/revisions"}],"predecessor-version":[{"id":80566,"href":"https:\/\/www.carmelitaniscalzi.com\/fr\/wp-json\/wp\/v2\/chi_siamo\/5145\/revisions\/80566"}],"up":[{"embeddable":true,"href":"https:\/\/www.carmelitaniscalzi.com\/fr\/wp-json\/wp\/v2\/chi_siamo\/5134"}],"wp:featuredmedia":[{"embeddable":true,"href":"https:\/\/www.carmelitaniscalzi.com\/fr\/wp-json\/wp\/v2\/media\/80560"}],"wp:attachment":[{"href":"https:\/\/www.carmelitaniscalzi.com\/fr\/wp-json\/wp\/v2\/media?parent=5145"}],"wp:term":[{"taxonomy":"elemento_chi_siamo","embeddable":true,"href":"https:\/\/www.carmelitaniscalzi.com\/fr\/wp-json\/wp\/v2\/elemento_chi_siamo?post=5145"}],"curies":[{"name":"wp","href":"https:\/\/api.w.org\/{rel}","templated":true}]}}