{"id":5143,"date":"2016-06-28T19:43:17","date_gmt":"2016-06-28T17:43:17","guid":{"rendered":"https:\/\/www.carmelitaniscalzi.com\/fr\/?page_id=5143"},"modified":"2021-09-20T01:13:29","modified_gmt":"2021-09-19T23:13:29","slug":"sainte-therese-de-los-andes","status":"publish","type":"chi_siamo","link":"https:\/\/www.carmelitaniscalzi.com\/fr\/qui-nous-sommes\/nos-saints\/sainte-therese-de-los-andes\/","title":{"rendered":"Sainte Th\u00e9r\u00e8se de Los Andes"},"content":{"rendered":"<p><a href=\"https:\/\/www.carmelitaniscalzi.com\/wp-content\/uploads\/2016\/02\/santa_teresa_de_los_andes.jpg\"><img loading=\"lazy\" decoding=\"async\" class=\"alignleft size-full wp-image-3488\" src=\"https:\/\/www.carmelitaniscalzi.com\/wp-content\/uploads\/2016\/02\/santa_teresa_de_los_andes.jpg\" alt=\"santa_teresa_de_los_andes\" width=\"189\" height=\"267\" srcset=\"https:\/\/www.carmelitaniscalzi.com\/wp-content\/uploads\/2016\/02\/santa_teresa_de_los_andes.jpg 189w, https:\/\/www.carmelitaniscalzi.com\/wp-content\/uploads\/2016\/02\/santa_teresa_de_los_andes-39x55.jpg 39w\" sizes=\"auto, (max-width: 189px) 100vw, 189px\" \/><\/a><\/p>\n<p>Juanita Fern\u00e1ndez Solar est n\u00e9e le 13 juillet 1900 \u00e0 Santiago du Chili. Eduqu\u00e9e dans la foi par ses parents depuis toute petite, elle a connu une inclination pr\u00e9coce pour la pri\u00e8re et le bien. A partir de 1907 elle entre comme externe au coll\u00e8ge des religieuses du Sacr\u00e9 C\u0153ur. Le 11 septembre 1910 elle re\u00e7oit la premi\u00e8re communion. Jour fondamental pour elle, \u00e0 partir duquel elle va vivre chaque jour une amiti\u00e9 toujours plus grande avec J\u00e9sus.<br \/>\nDe famille ais\u00e9e, elle traite les employ\u00e9s de la maison avec une affection peu commune et se pr\u00e9occupe des cat\u00e9ch\u00e8ses et des besoins mat\u00e9riels des pauvres de ses terres. Son p\u00e8re d\u00e9montre peu d\u2019habilet\u00e9 dans l\u2019administration de sa propri\u00e9t\u00e9 agricole et perd une grande partie de sa fortune, ce qui cr\u00e9\u00e9 de vives tensions au sein du couple. De plus, son fr\u00e8re Luis s\u2019est \u00e9loign\u00e9 de la foi et Miguel menait une vie de boh\u00e8me. Au milieu des difficult\u00e9s familiales, elle a \u00e9t\u00e9 l\u2019ange qui a veill\u00e9 sur tous.<br \/>\nA 15 ans, elle d\u00e9clare que le Christ l\u2019a captiv\u00e9e. Peu apr\u00e8s, elle devient interne au coll\u00e8ge et va le vivre d\u2019une mani\u00e8re tr\u00e8s difficile : Je voudrais que cet internat parte en fum\u00e9e, dira-t-elle. Jusqu\u2019\u00e0 ce qu\u2019elle se d\u00e9cide d\u2019\u00eatre fid\u00e8le \u00e0 sa vie de coll\u00e9gienne afin de s\u2019offrir \u00e0 la volont\u00e9 de Dieu et \u00e0 faire des efforts pour \u00eatre une \u00e9l\u00e8ve exemplaire. Peu de temps apr\u00e8s son entr\u00e9 \u00e0 l\u2019internat, et \u00e0 la suite d\u2019une conversation avec une de ses ma\u00eetresses, elle commence \u00e0 discerner sa future vocation.<br \/>\nA 17 ans elle lit Sainte Th\u00e9r\u00e8se de J\u00e9sus, ce qui va la pousser \u00e0 vivre la pri\u00e8re comme une amiti\u00e9 et un d\u00e9vouement envers les autres. Elle conna\u00eet \u00e9galement les \u00e9crits de Saint Th\u00e9r\u00e8se et de S\u0153ur Elisabeth de la Trinit\u00e9, avec lesquels elle va conna\u00eetre une grande harmonie. Elle aussi a voulu \u00eatre la maison de Dieu et louange de gloire. Elle entre en contact \u00e9pistolaire avec la M\u00e8re Ang\u00e9lique, prieure des Carm\u00e9lites des Andes et lui fait part de son inqui\u00e9tude vocationnelle.<br \/>\nUn an plus tard elle quitte l\u2019internat en raison de la noce de sa s\u0153ur Luc\u00eda, pour apprendre \u00e0 mener \u00e0 bien les taches de la maison et \u00e0 se pr\u00e9senter en soci\u00e9t\u00e9. C\u2019\u00e9tait une jeune fille sportive, amoureuse de la nature et joyeuse. Elle faisait le cat\u00e9chisme et donnait des cours aux enfants des familles d\u00e9favoris\u00e9es et collaborait \u00e9galement dans les missions. Le seul doute qu\u2019elle a eu \u00e0 l\u2019heure de choisir sa vocation \u00e9tait de savoir si elle allait entrer chez les s\u0153urs du Sacr\u00e9 C\u0153ur ou chez les Carm\u00e9lites D\u00e9chauss\u00e9es. Lorsque sa m\u00e8re a \u00e9t\u00e9 mise au courant de sa vocation, elle a essay\u00e9 de l\u2019en convaincre de diff\u00e9rentes mani\u00e8res et s\u2019est surprise de la douceur et de l\u2019\u00e9quilibre avec lesquels elle r\u00e9agissait. Le 11 janvier 1919, elle a connu la communaut\u00e9 des carm\u00e9lites et cela lui a permis de dissiper ses doutes. Elle a \u00e9t\u00e9 s\u00e9duite par la simplicit\u00e9, le traitement familier et la spontan\u00e9it\u00e9 des s\u0153urs.<br \/>\nLorsqu\u2019ils ont appris la nouvelle, ses fr\u00e8re ont essay\u00e9 de l\u2019en dissuad\u00e9 mais ses parents lui avaient d\u00e9j\u00e0 donn\u00e9 leur permission. Elle est entr\u00e9e au Carmel le 7 mai 1919 et a chang\u00e9 son nom en Th\u00e9r\u00e8se de J\u00e9sus. Au couvent elle a connu les \u00e9crits de Saint Jean de la Croix qui lui ont aid\u00e9 dans la maturation de ses pri\u00e8res.<br \/>\nElle a exerc\u00e9 un v\u00e9ritable apostolat avec ses lettres \u00e0 ses proches et amis, essayant de les encourager \u00e0 l\u2019amiti\u00e9 avec Dieu, \u00e0 la joie et \u00e0 la gratitude. Des Lettres \u00e9crites avec beaucoup de tendresse et de compr\u00e9hension. Ces derni\u00e8res, en plus de ses Journaux sont l\u2019h\u00e9ritage de sa spiritualit\u00e9.<br \/>\nElle tombe gravement malade durant la Semaine Sainte de 1920. Elle r\u00e9alise sa profession religieuse sur son lit, avec joie et \u00e9motion, avant de s\u2019\u00e9teindre le 12 avril.<br \/>\nSa vie et sa spiritualit\u00e9, sont l\u2019irradiation de Dieu au Chili et dans toute l\u2019Am\u00e9rique Latine. Son sanctuaire est un lieu de p\u00e8lerinage dans lequel de nombreuses personnes retrouvent Dieu et la foi.<\/p>\n","protected":false},"featured_media":80542,"parent":5134,"menu_order":4,"template":"","format":"standard","meta":{"_acf_changed":false,"footnotes":""},"elemento_chi_siamo":[840],"class_list":["post-5143","chi_siamo","type-chi_siamo","status-publish","format-standard","has-post-thumbnail","hentry","elemento_chi_siamo-nos-saints"],"acf":[],"yoast_head":"<!-- This site is optimized with the Yoast SEO plugin v26.3 - https:\/\/yoast.com\/wordpress\/plugins\/seo\/ -->\n<title>Sainte Th\u00e9r\u00e8se de Los Andes - CARMES D\u00c9CHAUX<\/title>\n<meta name=\"robots\" content=\"index, follow, max-snippet:-1, max-image-preview:large, max-video-preview:-1\" \/>\n<link rel=\"canonical\" href=\"https:\/\/www.carmelitaniscalzi.com\/fr\/qui-nous-sommes\/nos-saints\/sainte-therese-de-los-andes\/\" \/>\n<meta property=\"og:locale\" content=\"fr_FR\" \/>\n<meta property=\"og:type\" content=\"article\" \/>\n<meta property=\"og:title\" content=\"Sainte Th\u00e9r\u00e8se de Los Andes - CARMES D\u00c9CHAUX\" \/>\n<meta property=\"og:description\" content=\"Juanita Fern\u00e1ndez Solar est n\u00e9e le 13 juillet 1900 \u00e0 Santiago du Chili. Eduqu\u00e9e dans la foi par ses parents depuis toute petite, elle a connu une inclination pr\u00e9coce pour la pri\u00e8re et le bien. A partir de 1907 elle entre comme externe au coll\u00e8ge des religieuses du Sacr\u00e9 C\u0153ur. Le 11 septembre 1910 elle [&hellip;]\" \/>\n<meta property=\"og:url\" content=\"https:\/\/www.carmelitaniscalzi.com\/fr\/qui-nous-sommes\/nos-saints\/sainte-therese-de-los-andes\/\" \/>\n<meta property=\"og:site_name\" content=\"CARMES D\u00c9CHAUX\" \/>\n<meta property=\"article:publisher\" content=\"https:\/\/www.facebook.com\/Curia-Generalizia-Carmelitani-Scalzi-658766940887784\/\" \/>\n<meta property=\"article:modified_time\" content=\"2021-09-19T23:13:29+00:00\" \/>\n<meta property=\"og:image\" content=\"https:\/\/www.carmelitaniscalzi.com\/wp-content\/uploads\/2016\/02\/teresa_andes.jpg\" \/>\n\t<meta property=\"og:image:width\" content=\"600\" \/>\n\t<meta property=\"og:image:height\" content=\"600\" \/>\n\t<meta property=\"og:image:type\" content=\"image\/jpeg\" \/>\n<meta name=\"twitter:card\" content=\"summary_large_image\" \/>\n<meta name=\"twitter:site\" content=\"@ocdcuria\" \/>\n<meta name=\"twitter:label1\" content=\"Dur\u00e9e de lecture estim\u00e9e\" \/>\n\t<meta name=\"twitter:data1\" content=\"4 minutes\" \/>\n<script type=\"application\/ld+json\" class=\"yoast-schema-graph\">{\"@context\":\"https:\/\/schema.org\",\"@graph\":[{\"@type\":\"WebPage\",\"@id\":\"https:\/\/www.carmelitaniscalzi.com\/fr\/qui-nous-sommes\/nos-saints\/sainte-therese-de-los-andes\/\",\"url\":\"https:\/\/www.carmelitaniscalzi.com\/fr\/qui-nous-sommes\/nos-saints\/sainte-therese-de-los-andes\/\",\"name\":\"Sainte Th\u00e9r\u00e8se de Los Andes - CARMES D\u00c9CHAUX\",\"isPartOf\":{\"@id\":\"https:\/\/www.carmelitaniscalzi.com\/#website\"},\"primaryImageOfPage\":{\"@id\":\"https:\/\/www.carmelitaniscalzi.com\/fr\/qui-nous-sommes\/nos-saints\/sainte-therese-de-los-andes\/#primaryimage\"},\"image\":{\"@id\":\"https:\/\/www.carmelitaniscalzi.com\/fr\/qui-nous-sommes\/nos-saints\/sainte-therese-de-los-andes\/#primaryimage\"},\"thumbnailUrl\":\"https:\/\/www.carmelitaniscalzi.com\/wp-content\/uploads\/2016\/02\/teresa_andes.jpg\",\"datePublished\":\"2016-06-28T17:43:17+00:00\",\"dateModified\":\"2021-09-19T23:13:29+00:00\",\"breadcrumb\":{\"@id\":\"https:\/\/www.carmelitaniscalzi.com\/fr\/qui-nous-sommes\/nos-saints\/sainte-therese-de-los-andes\/#breadcrumb\"},\"inLanguage\":\"fr-FR\",\"potentialAction\":[{\"@type\":\"ReadAction\",\"target\":[\"https:\/\/www.carmelitaniscalzi.com\/fr\/qui-nous-sommes\/nos-saints\/sainte-therese-de-los-andes\/\"]}]},{\"@type\":\"ImageObject\",\"inLanguage\":\"fr-FR\",\"@id\":\"https:\/\/www.carmelitaniscalzi.com\/fr\/qui-nous-sommes\/nos-saints\/sainte-therese-de-los-andes\/#primaryimage\",\"url\":\"https:\/\/www.carmelitaniscalzi.com\/wp-content\/uploads\/2016\/02\/teresa_andes.jpg\",\"contentUrl\":\"https:\/\/www.carmelitaniscalzi.com\/wp-content\/uploads\/2016\/02\/teresa_andes.jpg\",\"width\":600,\"height\":600},{\"@type\":\"BreadcrumbList\",\"@id\":\"https:\/\/www.carmelitaniscalzi.com\/fr\/qui-nous-sommes\/nos-saints\/sainte-therese-de-los-andes\/#breadcrumb\",\"itemListElement\":[{\"@type\":\"ListItem\",\"position\":1,\"name\":\"Home\",\"item\":\"https:\/\/www.carmelitaniscalzi.com\/fr\/\"},{\"@type\":\"ListItem\",\"position\":2,\"name\":\"Qui nous sommes\",\"item\":\"https:\/\/www.carmelitaniscalzi.com\/fr\/qui-nous-sommes\/\"},{\"@type\":\"ListItem\",\"position\":3,\"name\":\"Nos Saints\",\"item\":\"https:\/\/www.carmelitaniscalzi.com\/fr\/qui-nous-sommes\/nos-saints\/\"},{\"@type\":\"ListItem\",\"position\":4,\"name\":\"Sainte Th\u00e9r\u00e8se de Los Andes\"}]},{\"@type\":\"WebSite\",\"@id\":\"https:\/\/www.carmelitaniscalzi.com\/#website\",\"url\":\"https:\/\/www.carmelitaniscalzi.com\/\",\"name\":\"CARMELITANI SCALZI - Curia Generale del Carmelo Teresiano\",\"description\":\"Curie G\u00e9n\u00e9ralice du Carmel D\u00e9chauss\u00e9\",\"publisher\":{\"@id\":\"https:\/\/www.carmelitaniscalzi.com\/#organization\"},\"alternateName\":\"CARMELITANI SCALZI\",\"potentialAction\":[{\"@type\":\"SearchAction\",\"target\":{\"@type\":\"EntryPoint\",\"urlTemplate\":\"https:\/\/www.carmelitaniscalzi.com\/?s={search_term_string}\"},\"query-input\":{\"@type\":\"PropertyValueSpecification\",\"valueRequired\":true,\"valueName\":\"search_term_string\"}}],\"inLanguage\":\"fr-FR\"},{\"@type\":\"Organization\",\"@id\":\"https:\/\/www.carmelitaniscalzi.com\/#organization\",\"name\":\"CARMELITANI SCALZI - Curia Generale del Carmelo Teresiano\",\"url\":\"https:\/\/www.carmelitaniscalzi.com\/\",\"logo\":{\"@type\":\"ImageObject\",\"inLanguage\":\"fr-FR\",\"@id\":\"https:\/\/www.carmelitaniscalzi.com\/#\/schema\/logo\/image\/\",\"url\":\"https:\/\/www.carmelitaniscalzi.com\/wp-content\/uploads\/2025\/11\/login-logo.png\",\"contentUrl\":\"https:\/\/www.carmelitaniscalzi.com\/wp-content\/uploads\/2025\/11\/login-logo.png\",\"width\":256,\"height\":256,\"caption\":\"CARMELITANI SCALZI - Curia Generale del Carmelo Teresiano\"},\"image\":{\"@id\":\"https:\/\/www.carmelitaniscalzi.com\/#\/schema\/logo\/image\/\"},\"sameAs\":[\"https:\/\/www.facebook.com\/Curia-Generalizia-Carmelitani-Scalzi-658766940887784\/\",\"https:\/\/x.com\/ocdcuria\",\"https:\/\/www.youtube.com\/channel\/UC2J5ZL0ycOY0qBSTCLX_NGQ\/videos\",\"https:\/\/www.instagram.com\/ocdinform\/\"]}]}<\/script>\n<!-- \/ Yoast SEO plugin. -->","yoast_head_json":{"title":"Sainte Th\u00e9r\u00e8se de Los Andes - CARMES D\u00c9CHAUX","robots":{"index":"index","follow":"follow","max-snippet":"max-snippet:-1","max-image-preview":"max-image-preview:large","max-video-preview":"max-video-preview:-1"},"canonical":"https:\/\/www.carmelitaniscalzi.com\/fr\/qui-nous-sommes\/nos-saints\/sainte-therese-de-los-andes\/","og_locale":"fr_FR","og_type":"article","og_title":"Sainte Th\u00e9r\u00e8se de Los Andes - CARMES D\u00c9CHAUX","og_description":"Juanita Fern\u00e1ndez Solar est n\u00e9e le 13 juillet 1900 \u00e0 Santiago du Chili. Eduqu\u00e9e dans la foi par ses parents depuis toute petite, elle a connu une inclination pr\u00e9coce pour la pri\u00e8re et le bien. A partir de 1907 elle entre comme externe au coll\u00e8ge des religieuses du Sacr\u00e9 C\u0153ur. Le 11 septembre 1910 elle [&hellip;]","og_url":"https:\/\/www.carmelitaniscalzi.com\/fr\/qui-nous-sommes\/nos-saints\/sainte-therese-de-los-andes\/","og_site_name":"CARMES D\u00c9CHAUX","article_publisher":"https:\/\/www.facebook.com\/Curia-Generalizia-Carmelitani-Scalzi-658766940887784\/","article_modified_time":"2021-09-19T23:13:29+00:00","og_image":[{"width":600,"height":600,"url":"https:\/\/www.carmelitaniscalzi.com\/wp-content\/uploads\/2016\/02\/teresa_andes.jpg","type":"image\/jpeg"}],"twitter_card":"summary_large_image","twitter_site":"@ocdcuria","twitter_misc":{"Dur\u00e9e de lecture estim\u00e9e":"4 minutes"},"schema":{"@context":"https:\/\/schema.org","@graph":[{"@type":"WebPage","@id":"https:\/\/www.carmelitaniscalzi.com\/fr\/qui-nous-sommes\/nos-saints\/sainte-therese-de-los-andes\/","url":"https:\/\/www.carmelitaniscalzi.com\/fr\/qui-nous-sommes\/nos-saints\/sainte-therese-de-los-andes\/","name":"Sainte Th\u00e9r\u00e8se de Los Andes - CARMES D\u00c9CHAUX","isPartOf":{"@id":"https:\/\/www.carmelitaniscalzi.com\/#website"},"primaryImageOfPage":{"@id":"https:\/\/www.carmelitaniscalzi.com\/fr\/qui-nous-sommes\/nos-saints\/sainte-therese-de-los-andes\/#primaryimage"},"image":{"@id":"https:\/\/www.carmelitaniscalzi.com\/fr\/qui-nous-sommes\/nos-saints\/sainte-therese-de-los-andes\/#primaryimage"},"thumbnailUrl":"https:\/\/www.carmelitaniscalzi.com\/wp-content\/uploads\/2016\/02\/teresa_andes.jpg","datePublished":"2016-06-28T17:43:17+00:00","dateModified":"2021-09-19T23:13:29+00:00","breadcrumb":{"@id":"https:\/\/www.carmelitaniscalzi.com\/fr\/qui-nous-sommes\/nos-saints\/sainte-therese-de-los-andes\/#breadcrumb"},"inLanguage":"fr-FR","potentialAction":[{"@type":"ReadAction","target":["https:\/\/www.carmelitaniscalzi.com\/fr\/qui-nous-sommes\/nos-saints\/sainte-therese-de-los-andes\/"]}]},{"@type":"ImageObject","inLanguage":"fr-FR","@id":"https:\/\/www.carmelitaniscalzi.com\/fr\/qui-nous-sommes\/nos-saints\/sainte-therese-de-los-andes\/#primaryimage","url":"https:\/\/www.carmelitaniscalzi.com\/wp-content\/uploads\/2016\/02\/teresa_andes.jpg","contentUrl":"https:\/\/www.carmelitaniscalzi.com\/wp-content\/uploads\/2016\/02\/teresa_andes.jpg","width":600,"height":600},{"@type":"BreadcrumbList","@id":"https:\/\/www.carmelitaniscalzi.com\/fr\/qui-nous-sommes\/nos-saints\/sainte-therese-de-los-andes\/#breadcrumb","itemListElement":[{"@type":"ListItem","position":1,"name":"Home","item":"https:\/\/www.carmelitaniscalzi.com\/fr\/"},{"@type":"ListItem","position":2,"name":"Qui nous sommes","item":"https:\/\/www.carmelitaniscalzi.com\/fr\/qui-nous-sommes\/"},{"@type":"ListItem","position":3,"name":"Nos Saints","item":"https:\/\/www.carmelitaniscalzi.com\/fr\/qui-nous-sommes\/nos-saints\/"},{"@type":"ListItem","position":4,"name":"Sainte Th\u00e9r\u00e8se de Los Andes"}]},{"@type":"WebSite","@id":"https:\/\/www.carmelitaniscalzi.com\/#website","url":"https:\/\/www.carmelitaniscalzi.com\/","name":"CARMELITANI SCALZI - Curia Generale del Carmelo Teresiano","description":"Curie G\u00e9n\u00e9ralice du Carmel D\u00e9chauss\u00e9","publisher":{"@id":"https:\/\/www.carmelitaniscalzi.com\/#organization"},"alternateName":"CARMELITANI SCALZI","potentialAction":[{"@type":"SearchAction","target":{"@type":"EntryPoint","urlTemplate":"https:\/\/www.carmelitaniscalzi.com\/?s={search_term_string}"},"query-input":{"@type":"PropertyValueSpecification","valueRequired":true,"valueName":"search_term_string"}}],"inLanguage":"fr-FR"},{"@type":"Organization","@id":"https:\/\/www.carmelitaniscalzi.com\/#organization","name":"CARMELITANI SCALZI - Curia Generale del Carmelo Teresiano","url":"https:\/\/www.carmelitaniscalzi.com\/","logo":{"@type":"ImageObject","inLanguage":"fr-FR","@id":"https:\/\/www.carmelitaniscalzi.com\/#\/schema\/logo\/image\/","url":"https:\/\/www.carmelitaniscalzi.com\/wp-content\/uploads\/2025\/11\/login-logo.png","contentUrl":"https:\/\/www.carmelitaniscalzi.com\/wp-content\/uploads\/2025\/11\/login-logo.png","width":256,"height":256,"caption":"CARMELITANI SCALZI - Curia Generale del Carmelo Teresiano"},"image":{"@id":"https:\/\/www.carmelitaniscalzi.com\/#\/schema\/logo\/image\/"},"sameAs":["https:\/\/www.facebook.com\/Curia-Generalizia-Carmelitani-Scalzi-658766940887784\/","https:\/\/x.com\/ocdcuria","https:\/\/www.youtube.com\/channel\/UC2J5ZL0ycOY0qBSTCLX_NGQ\/videos","https:\/\/www.instagram.com\/ocdinform\/"]}]}},"_links":{"self":[{"href":"https:\/\/www.carmelitaniscalzi.com\/fr\/wp-json\/wp\/v2\/chi_siamo\/5143","targetHints":{"allow":["GET"]}}],"collection":[{"href":"https:\/\/www.carmelitaniscalzi.com\/fr\/wp-json\/wp\/v2\/chi_siamo"}],"about":[{"href":"https:\/\/www.carmelitaniscalzi.com\/fr\/wp-json\/wp\/v2\/types\/chi_siamo"}],"version-history":[{"count":1,"href":"https:\/\/www.carmelitaniscalzi.com\/fr\/wp-json\/wp\/v2\/chi_siamo\/5143\/revisions"}],"predecessor-version":[{"id":80548,"href":"https:\/\/www.carmelitaniscalzi.com\/fr\/wp-json\/wp\/v2\/chi_siamo\/5143\/revisions\/80548"}],"up":[{"embeddable":true,"href":"https:\/\/www.carmelitaniscalzi.com\/fr\/wp-json\/wp\/v2\/chi_siamo\/5134"}],"wp:featuredmedia":[{"embeddable":true,"href":"https:\/\/www.carmelitaniscalzi.com\/fr\/wp-json\/wp\/v2\/media\/80542"}],"wp:attachment":[{"href":"https:\/\/www.carmelitaniscalzi.com\/fr\/wp-json\/wp\/v2\/media?parent=5143"}],"wp:term":[{"taxonomy":"elemento_chi_siamo","embeddable":true,"href":"https:\/\/www.carmelitaniscalzi.com\/fr\/wp-json\/wp\/v2\/elemento_chi_siamo?post=5143"}],"curies":[{"name":"wp","href":"https:\/\/api.w.org\/{rel}","templated":true}]}}