{"id":5141,"date":"2016-06-28T19:41:05","date_gmt":"2016-06-28T17:41:05","guid":{"rendered":"https:\/\/www.carmelitaniscalzi.com\/fr\/?page_id=5141"},"modified":"2021-09-20T00:58:13","modified_gmt":"2021-09-19T22:58:13","slug":"saint-raphael-kalinowski","status":"publish","type":"chi_siamo","link":"https:\/\/www.carmelitaniscalzi.com\/fr\/qui-nous-sommes\/nos-saints\/saint-raphael-kalinowski\/","title":{"rendered":"Saint Rapha\u00ebl Kalinowski"},"content":{"rendered":"<p><a href=\"https:\/\/www.carmelitaniscalzi.com\/wp-content\/uploads\/2016\/02\/san_rafael_kalinowski.jpg\"><img loading=\"lazy\" decoding=\"async\" class=\"alignleft size-full wp-image-3485\" src=\"https:\/\/www.carmelitaniscalzi.com\/wp-content\/uploads\/2016\/02\/san_rafael_kalinowski.jpg\" alt=\"san_rafael_kalinowski\" width=\"150\" height=\"200\" srcset=\"https:\/\/www.carmelitaniscalzi.com\/wp-content\/uploads\/2016\/02\/san_rafael_kalinowski.jpg 150w, https:\/\/www.carmelitaniscalzi.com\/wp-content\/uploads\/2016\/02\/san_rafael_kalinowski-41x55.jpg 41w\" sizes=\"auto, (max-width: 150px) 100vw, 150px\" \/><\/a><\/p>\n<p>J\u00f3zef Kalinowski, est n\u00e9 \u00e0 Wilno (Lituanie) le 1er septembre 1835. Il est le fils d\u2019Andrzej Kalinowski et de J\u00f3zefina Polonska, nobles catholiques.<br \/>\nIl \u00e9tudie \u00e0 l\u2019acad\u00e9mie militaire de Saint P\u00e9tersbourg et obtient de bons r\u00e9sultats, mais \u00e0 cause de l\u2019insurrection de son pays face \u00e0 l\u2019occupation russe, il d\u00e9cide de laisser l\u2019arm\u00e9e et, bien qu\u2019avec ses connaissances il sait que le succ\u00e8s de l\u2019insurrection est impossible, il d\u00e9cide d\u2019aider ses compatriotes en acceptant le poste de ministre de la guerre et \u00e9vite dans la mesure du possible une plus grande effusion de sang.<br \/>\nEn mars 1864 il est arr\u00eat\u00e9 et condamn\u00e9 \u00e0 la peine capitale, commu\u00e9e pour 10 ans de travaux forc\u00e9s en Sib\u00e9rie. Avec un crucifix et l\u2019Imitation de J\u00e9sus-Christ, il part pour la Sib\u00e9rie et apr\u00e8s 9 mois de dur voyage, il arrive aux c\u00f4t\u00e9s des survivants sur la rive du lac Bajkal.<br \/>\nDans ces circonstances plus que difficiles, il a d\u00e9montr\u00e9 une grande force de caract\u00e8re et une profonde charit\u00e9, supportant les souffrances et les incommodit\u00e9s et partageant avec les autres ce qu\u2019il avait et ce que ses proches lui envoyaient : \u00abJe l\u2019\u00e9cris clairement, la mis\u00e8re ici est tr\u00e8s grande ; trouver de l\u2019argent au sein de la patrie est toujours t\u00e2che plus ais\u00e9e qu\u2019en Sib\u00e9rie. Il m\u2019est inconcevable d\u2019\u00eatre indiff\u00e9rent\u00bb.<br \/>\nAvec les ann\u00e9es, il obtient la libert\u00e9 le 2 f\u00e9vrier 1874, bien qu\u2019il lui soit interdit de vivre de nouveau en Lituanie. Il accepte alors le poste de tuteur d\u2019Auguste Czartoryski \u00e2g\u00e9 de 16 ans et qui vivait la majeure partie de son temps \u00e0 Paris.<br \/>\nLe 15 juillet 1877 il entre au couvent carm\u00e9litain de Graz, sous le nom de Rapha\u00ebl de Saint-Joseph. Il prononce ses premiers v\u0153ux le 26 novembre 1878 et part pour la Hongrie afin d\u2019\u00e9tudier la philosophie et la th\u00e9ologie au couvent de Raab. Le 27 novembre 1881 il prononce ses v\u0153ux solennels et est envoy\u00e9 en Pologne au couvent de Czerna o\u00f9 il est ordonn\u00e9 pr\u00eatre le 15 janvier 1882 avant de devenir prieur l\u2019ann\u00e9e suivante.<br \/>\nIl r\u00e9organise l\u2019Ordre en Pologne et le troisi\u00e8me ordre s\u00e9culier. Il publie plusieurs biographies. En 1906 il prend la direction du coll\u00e8ge de th\u00e9ologie de Wadowice. Il est appr\u00e9ci\u00e9 de tous en tant que directeur spirituel et confesseur. Il consacre un int\u00e9r\u00eat sp\u00e9cial pour traiter ses s\u0153urs carm\u00e9lites d\u00e9chauss\u00e9es avec le plus grand d\u00e9vouement possible.<br \/>\nIl meurt le 15 novembre 1907 \u00e0 Wadowice. Il a \u00e9t\u00e9 b\u00e9atifi\u00e9 \u00e0 Cracovie le 22 juin 1983 par le Pape Jean-Paul II et canonis\u00e9 \u00e0 Rome le 17 novembre 1991. Sa f\u00eate a \u00e9t\u00e9 fix\u00e9e le 19 novembre.<br \/>\nTout au long de sa vie, il a mis en avant son esprit de charit\u00e9 et de r\u00e9conciliation ainsi que son d\u00e9vouement dans la formation des plus jeunes.<br \/>\nIl enseigne \u00e0 avoir le courage de pers\u00e9v\u00e9rer dans la foi et d\u2019avoir confiance en les difficult\u00e9s; et \u00e9galement qu\u2019il est possible d\u2019avancer vers l\u2019homme et le pardon, uniquement \u00e0 la lumi\u00e8re de la r\u00e9conciliation en provenance de Dieu. Et que pour pouvoir pardonner, il faut savoir que l\u2019on est pardonn\u00e9.<br \/>\nIl poss\u00e9dait un caract\u00e8re ouvert et cordial. De son s\u00e9jour en Sib\u00e9rie il est revenu convaincu du besoin de se consacrer \u00e0 la jeunesse puisque lors de cette \u00e9tape de la vie, l\u2019apprentissage configure la personne et que c\u2019est un moment pour d\u00e9cider du futur. Il recherchait avant tout une formation int\u00e9grale de l\u2019\u00eatre humain. Il \u00e9tait pouss\u00e9 par un int\u00e9r\u00eat spirituel et intellectuel.<br \/>\nSa vie a \u00e9t\u00e9 illumin\u00e9e par l\u2019\u00e9vangile et J\u00e9sus.<br \/>\nIl est invoqu\u00e9 comme patron des sib\u00e9riens, des \u00e9ducateurs, des cheminots, des ing\u00e9nieurs et des jeunes.<\/p>\n","protected":false},"featured_media":80524,"parent":5134,"menu_order":3,"template":"","format":"standard","meta":{"_acf_changed":false,"footnotes":""},"elemento_chi_siamo":[840],"class_list":["post-5141","chi_siamo","type-chi_siamo","status-publish","format-standard","has-post-thumbnail","hentry","elemento_chi_siamo-nos-saints"],"acf":[],"yoast_head":"<!-- This site is optimized with the Yoast SEO plugin v26.3 - https:\/\/yoast.com\/wordpress\/plugins\/seo\/ -->\n<title>Saint Rapha\u00ebl Kalinowski - CARMES D\u00c9CHAUX<\/title>\n<meta name=\"robots\" content=\"index, follow, max-snippet:-1, max-image-preview:large, max-video-preview:-1\" \/>\n<link rel=\"canonical\" href=\"https:\/\/www.carmelitaniscalzi.com\/fr\/qui-nous-sommes\/nos-saints\/saint-raphael-kalinowski\/\" \/>\n<meta property=\"og:locale\" content=\"fr_FR\" \/>\n<meta property=\"og:type\" content=\"article\" \/>\n<meta property=\"og:title\" content=\"Saint Rapha\u00ebl Kalinowski - CARMES D\u00c9CHAUX\" \/>\n<meta property=\"og:description\" content=\"J\u00f3zef Kalinowski, est n\u00e9 \u00e0 Wilno (Lituanie) le 1er septembre 1835. Il est le fils d\u2019Andrzej Kalinowski et de J\u00f3zefina Polonska, nobles catholiques. Il \u00e9tudie \u00e0 l\u2019acad\u00e9mie militaire de Saint P\u00e9tersbourg et obtient de bons r\u00e9sultats, mais \u00e0 cause de l\u2019insurrection de son pays face \u00e0 l\u2019occupation russe, il d\u00e9cide de laisser l\u2019arm\u00e9e et, bien [&hellip;]\" \/>\n<meta property=\"og:url\" content=\"https:\/\/www.carmelitaniscalzi.com\/fr\/qui-nous-sommes\/nos-saints\/saint-raphael-kalinowski\/\" \/>\n<meta property=\"og:site_name\" content=\"CARMES D\u00c9CHAUX\" \/>\n<meta property=\"article:publisher\" content=\"https:\/\/www.facebook.com\/Curia-Generalizia-Carmelitani-Scalzi-658766940887784\/\" \/>\n<meta property=\"article:modified_time\" content=\"2021-09-19T22:58:13+00:00\" \/>\n<meta property=\"og:image\" content=\"https:\/\/www.carmelitaniscalzi.com\/wp-content\/uploads\/2016\/02\/raphal.jpg\" \/>\n\t<meta property=\"og:image:width\" content=\"600\" \/>\n\t<meta property=\"og:image:height\" content=\"600\" \/>\n\t<meta property=\"og:image:type\" content=\"image\/jpeg\" \/>\n<meta name=\"twitter:card\" content=\"summary_large_image\" \/>\n<meta name=\"twitter:site\" content=\"@ocdcuria\" \/>\n<meta name=\"twitter:label1\" content=\"Dur\u00e9e de lecture estim\u00e9e\" \/>\n\t<meta name=\"twitter:data1\" content=\"3 minutes\" \/>\n<script type=\"application\/ld+json\" class=\"yoast-schema-graph\">{\"@context\":\"https:\/\/schema.org\",\"@graph\":[{\"@type\":\"WebPage\",\"@id\":\"https:\/\/www.carmelitaniscalzi.com\/fr\/qui-nous-sommes\/nos-saints\/saint-raphael-kalinowski\/\",\"url\":\"https:\/\/www.carmelitaniscalzi.com\/fr\/qui-nous-sommes\/nos-saints\/saint-raphael-kalinowski\/\",\"name\":\"Saint Rapha\u00ebl Kalinowski - CARMES D\u00c9CHAUX\",\"isPartOf\":{\"@id\":\"https:\/\/www.carmelitaniscalzi.com\/#website\"},\"primaryImageOfPage\":{\"@id\":\"https:\/\/www.carmelitaniscalzi.com\/fr\/qui-nous-sommes\/nos-saints\/saint-raphael-kalinowski\/#primaryimage\"},\"image\":{\"@id\":\"https:\/\/www.carmelitaniscalzi.com\/fr\/qui-nous-sommes\/nos-saints\/saint-raphael-kalinowski\/#primaryimage\"},\"thumbnailUrl\":\"https:\/\/www.carmelitaniscalzi.com\/wp-content\/uploads\/2016\/02\/raphal.jpg\",\"datePublished\":\"2016-06-28T17:41:05+00:00\",\"dateModified\":\"2021-09-19T22:58:13+00:00\",\"breadcrumb\":{\"@id\":\"https:\/\/www.carmelitaniscalzi.com\/fr\/qui-nous-sommes\/nos-saints\/saint-raphael-kalinowski\/#breadcrumb\"},\"inLanguage\":\"fr-FR\",\"potentialAction\":[{\"@type\":\"ReadAction\",\"target\":[\"https:\/\/www.carmelitaniscalzi.com\/fr\/qui-nous-sommes\/nos-saints\/saint-raphael-kalinowski\/\"]}]},{\"@type\":\"ImageObject\",\"inLanguage\":\"fr-FR\",\"@id\":\"https:\/\/www.carmelitaniscalzi.com\/fr\/qui-nous-sommes\/nos-saints\/saint-raphael-kalinowski\/#primaryimage\",\"url\":\"https:\/\/www.carmelitaniscalzi.com\/wp-content\/uploads\/2016\/02\/raphal.jpg\",\"contentUrl\":\"https:\/\/www.carmelitaniscalzi.com\/wp-content\/uploads\/2016\/02\/raphal.jpg\",\"width\":600,\"height\":600},{\"@type\":\"BreadcrumbList\",\"@id\":\"https:\/\/www.carmelitaniscalzi.com\/fr\/qui-nous-sommes\/nos-saints\/saint-raphael-kalinowski\/#breadcrumb\",\"itemListElement\":[{\"@type\":\"ListItem\",\"position\":1,\"name\":\"Home\",\"item\":\"https:\/\/www.carmelitaniscalzi.com\/fr\/\"},{\"@type\":\"ListItem\",\"position\":2,\"name\":\"Qui nous sommes\",\"item\":\"https:\/\/www.carmelitaniscalzi.com\/fr\/qui-nous-sommes\/\"},{\"@type\":\"ListItem\",\"position\":3,\"name\":\"Nos Saints\",\"item\":\"https:\/\/www.carmelitaniscalzi.com\/fr\/qui-nous-sommes\/nos-saints\/\"},{\"@type\":\"ListItem\",\"position\":4,\"name\":\"Saint Rapha\u00ebl Kalinowski\"}]},{\"@type\":\"WebSite\",\"@id\":\"https:\/\/www.carmelitaniscalzi.com\/#website\",\"url\":\"https:\/\/www.carmelitaniscalzi.com\/\",\"name\":\"CARMELITANI SCALZI - Curia Generale del Carmelo Teresiano\",\"description\":\"Curie G\u00e9n\u00e9ralice du Carmel D\u00e9chauss\u00e9\",\"publisher\":{\"@id\":\"https:\/\/www.carmelitaniscalzi.com\/#organization\"},\"alternateName\":\"CARMELITANI SCALZI\",\"potentialAction\":[{\"@type\":\"SearchAction\",\"target\":{\"@type\":\"EntryPoint\",\"urlTemplate\":\"https:\/\/www.carmelitaniscalzi.com\/?s={search_term_string}\"},\"query-input\":{\"@type\":\"PropertyValueSpecification\",\"valueRequired\":true,\"valueName\":\"search_term_string\"}}],\"inLanguage\":\"fr-FR\"},{\"@type\":\"Organization\",\"@id\":\"https:\/\/www.carmelitaniscalzi.com\/#organization\",\"name\":\"CARMELITANI SCALZI - Curia Generale del Carmelo Teresiano\",\"url\":\"https:\/\/www.carmelitaniscalzi.com\/\",\"logo\":{\"@type\":\"ImageObject\",\"inLanguage\":\"fr-FR\",\"@id\":\"https:\/\/www.carmelitaniscalzi.com\/#\/schema\/logo\/image\/\",\"url\":\"https:\/\/www.carmelitaniscalzi.com\/wp-content\/uploads\/2025\/11\/login-logo.png\",\"contentUrl\":\"https:\/\/www.carmelitaniscalzi.com\/wp-content\/uploads\/2025\/11\/login-logo.png\",\"width\":256,\"height\":256,\"caption\":\"CARMELITANI SCALZI - Curia Generale del Carmelo Teresiano\"},\"image\":{\"@id\":\"https:\/\/www.carmelitaniscalzi.com\/#\/schema\/logo\/image\/\"},\"sameAs\":[\"https:\/\/www.facebook.com\/Curia-Generalizia-Carmelitani-Scalzi-658766940887784\/\",\"https:\/\/x.com\/ocdcuria\",\"https:\/\/www.youtube.com\/channel\/UC2J5ZL0ycOY0qBSTCLX_NGQ\/videos\",\"https:\/\/www.instagram.com\/ocdinform\/\"]}]}<\/script>\n<!-- \/ Yoast SEO plugin. -->","yoast_head_json":{"title":"Saint Rapha\u00ebl Kalinowski - CARMES D\u00c9CHAUX","robots":{"index":"index","follow":"follow","max-snippet":"max-snippet:-1","max-image-preview":"max-image-preview:large","max-video-preview":"max-video-preview:-1"},"canonical":"https:\/\/www.carmelitaniscalzi.com\/fr\/qui-nous-sommes\/nos-saints\/saint-raphael-kalinowski\/","og_locale":"fr_FR","og_type":"article","og_title":"Saint Rapha\u00ebl Kalinowski - CARMES D\u00c9CHAUX","og_description":"J\u00f3zef Kalinowski, est n\u00e9 \u00e0 Wilno (Lituanie) le 1er septembre 1835. Il est le fils d\u2019Andrzej Kalinowski et de J\u00f3zefina Polonska, nobles catholiques. Il \u00e9tudie \u00e0 l\u2019acad\u00e9mie militaire de Saint P\u00e9tersbourg et obtient de bons r\u00e9sultats, mais \u00e0 cause de l\u2019insurrection de son pays face \u00e0 l\u2019occupation russe, il d\u00e9cide de laisser l\u2019arm\u00e9e et, bien [&hellip;]","og_url":"https:\/\/www.carmelitaniscalzi.com\/fr\/qui-nous-sommes\/nos-saints\/saint-raphael-kalinowski\/","og_site_name":"CARMES D\u00c9CHAUX","article_publisher":"https:\/\/www.facebook.com\/Curia-Generalizia-Carmelitani-Scalzi-658766940887784\/","article_modified_time":"2021-09-19T22:58:13+00:00","og_image":[{"width":600,"height":600,"url":"https:\/\/www.carmelitaniscalzi.com\/wp-content\/uploads\/2016\/02\/raphal.jpg","type":"image\/jpeg"}],"twitter_card":"summary_large_image","twitter_site":"@ocdcuria","twitter_misc":{"Dur\u00e9e de lecture estim\u00e9e":"3 minutes"},"schema":{"@context":"https:\/\/schema.org","@graph":[{"@type":"WebPage","@id":"https:\/\/www.carmelitaniscalzi.com\/fr\/qui-nous-sommes\/nos-saints\/saint-raphael-kalinowski\/","url":"https:\/\/www.carmelitaniscalzi.com\/fr\/qui-nous-sommes\/nos-saints\/saint-raphael-kalinowski\/","name":"Saint Rapha\u00ebl Kalinowski - CARMES D\u00c9CHAUX","isPartOf":{"@id":"https:\/\/www.carmelitaniscalzi.com\/#website"},"primaryImageOfPage":{"@id":"https:\/\/www.carmelitaniscalzi.com\/fr\/qui-nous-sommes\/nos-saints\/saint-raphael-kalinowski\/#primaryimage"},"image":{"@id":"https:\/\/www.carmelitaniscalzi.com\/fr\/qui-nous-sommes\/nos-saints\/saint-raphael-kalinowski\/#primaryimage"},"thumbnailUrl":"https:\/\/www.carmelitaniscalzi.com\/wp-content\/uploads\/2016\/02\/raphal.jpg","datePublished":"2016-06-28T17:41:05+00:00","dateModified":"2021-09-19T22:58:13+00:00","breadcrumb":{"@id":"https:\/\/www.carmelitaniscalzi.com\/fr\/qui-nous-sommes\/nos-saints\/saint-raphael-kalinowski\/#breadcrumb"},"inLanguage":"fr-FR","potentialAction":[{"@type":"ReadAction","target":["https:\/\/www.carmelitaniscalzi.com\/fr\/qui-nous-sommes\/nos-saints\/saint-raphael-kalinowski\/"]}]},{"@type":"ImageObject","inLanguage":"fr-FR","@id":"https:\/\/www.carmelitaniscalzi.com\/fr\/qui-nous-sommes\/nos-saints\/saint-raphael-kalinowski\/#primaryimage","url":"https:\/\/www.carmelitaniscalzi.com\/wp-content\/uploads\/2016\/02\/raphal.jpg","contentUrl":"https:\/\/www.carmelitaniscalzi.com\/wp-content\/uploads\/2016\/02\/raphal.jpg","width":600,"height":600},{"@type":"BreadcrumbList","@id":"https:\/\/www.carmelitaniscalzi.com\/fr\/qui-nous-sommes\/nos-saints\/saint-raphael-kalinowski\/#breadcrumb","itemListElement":[{"@type":"ListItem","position":1,"name":"Home","item":"https:\/\/www.carmelitaniscalzi.com\/fr\/"},{"@type":"ListItem","position":2,"name":"Qui nous sommes","item":"https:\/\/www.carmelitaniscalzi.com\/fr\/qui-nous-sommes\/"},{"@type":"ListItem","position":3,"name":"Nos Saints","item":"https:\/\/www.carmelitaniscalzi.com\/fr\/qui-nous-sommes\/nos-saints\/"},{"@type":"ListItem","position":4,"name":"Saint Rapha\u00ebl Kalinowski"}]},{"@type":"WebSite","@id":"https:\/\/www.carmelitaniscalzi.com\/#website","url":"https:\/\/www.carmelitaniscalzi.com\/","name":"CARMELITANI SCALZI - Curia Generale del Carmelo Teresiano","description":"Curie G\u00e9n\u00e9ralice du Carmel D\u00e9chauss\u00e9","publisher":{"@id":"https:\/\/www.carmelitaniscalzi.com\/#organization"},"alternateName":"CARMELITANI SCALZI","potentialAction":[{"@type":"SearchAction","target":{"@type":"EntryPoint","urlTemplate":"https:\/\/www.carmelitaniscalzi.com\/?s={search_term_string}"},"query-input":{"@type":"PropertyValueSpecification","valueRequired":true,"valueName":"search_term_string"}}],"inLanguage":"fr-FR"},{"@type":"Organization","@id":"https:\/\/www.carmelitaniscalzi.com\/#organization","name":"CARMELITANI SCALZI - Curia Generale del Carmelo Teresiano","url":"https:\/\/www.carmelitaniscalzi.com\/","logo":{"@type":"ImageObject","inLanguage":"fr-FR","@id":"https:\/\/www.carmelitaniscalzi.com\/#\/schema\/logo\/image\/","url":"https:\/\/www.carmelitaniscalzi.com\/wp-content\/uploads\/2025\/11\/login-logo.png","contentUrl":"https:\/\/www.carmelitaniscalzi.com\/wp-content\/uploads\/2025\/11\/login-logo.png","width":256,"height":256,"caption":"CARMELITANI SCALZI - Curia Generale del Carmelo Teresiano"},"image":{"@id":"https:\/\/www.carmelitaniscalzi.com\/#\/schema\/logo\/image\/"},"sameAs":["https:\/\/www.facebook.com\/Curia-Generalizia-Carmelitani-Scalzi-658766940887784\/","https:\/\/x.com\/ocdcuria","https:\/\/www.youtube.com\/channel\/UC2J5ZL0ycOY0qBSTCLX_NGQ\/videos","https:\/\/www.instagram.com\/ocdinform\/"]}]}},"_links":{"self":[{"href":"https:\/\/www.carmelitaniscalzi.com\/fr\/wp-json\/wp\/v2\/chi_siamo\/5141","targetHints":{"allow":["GET"]}}],"collection":[{"href":"https:\/\/www.carmelitaniscalzi.com\/fr\/wp-json\/wp\/v2\/chi_siamo"}],"about":[{"href":"https:\/\/www.carmelitaniscalzi.com\/fr\/wp-json\/wp\/v2\/types\/chi_siamo"}],"version-history":[{"count":1,"href":"https:\/\/www.carmelitaniscalzi.com\/fr\/wp-json\/wp\/v2\/chi_siamo\/5141\/revisions"}],"predecessor-version":[{"id":80530,"href":"https:\/\/www.carmelitaniscalzi.com\/fr\/wp-json\/wp\/v2\/chi_siamo\/5141\/revisions\/80530"}],"up":[{"embeddable":true,"href":"https:\/\/www.carmelitaniscalzi.com\/fr\/wp-json\/wp\/v2\/chi_siamo\/5134"}],"wp:featuredmedia":[{"embeddable":true,"href":"https:\/\/www.carmelitaniscalzi.com\/fr\/wp-json\/wp\/v2\/media\/80524"}],"wp:attachment":[{"href":"https:\/\/www.carmelitaniscalzi.com\/fr\/wp-json\/wp\/v2\/media?parent=5141"}],"wp:term":[{"taxonomy":"elemento_chi_siamo","embeddable":true,"href":"https:\/\/www.carmelitaniscalzi.com\/fr\/wp-json\/wp\/v2\/elemento_chi_siamo?post=5141"}],"curies":[{"name":"wp","href":"https:\/\/api.w.org\/{rel}","templated":true}]}}