{"id":5124,"date":"2016-06-28T19:06:09","date_gmt":"2016-06-28T17:06:09","guid":{"rendered":"https:\/\/www.carmelitaniscalzi.com\/fr\/?page_id=5124"},"modified":"2021-07-14T21:15:16","modified_gmt":"2021-07-14T19:15:16","slug":"spiritualite","status":"publish","type":"chi_siamo","link":"https:\/\/www.carmelitaniscalzi.com\/fr\/qui-nous-sommes\/histoire\/spiritualite\/","title":{"rendered":"Spiritualit\u00e9"},"content":{"rendered":"<p><a href=\"https:\/\/www.carmelitaniscalzi.com\/wp-content\/uploads\/2016\/02\/Spiritualita.jpg\"><img loading=\"lazy\" decoding=\"async\" class=\"alignleft size-medium wp-image-3479\" src=\"https:\/\/www.carmelitaniscalzi.com\/wp-content\/uploads\/2016\/02\/Spiritualita-300x248.jpg\" alt=\"Spiritualita\" width=\"300\" height=\"248\" srcset=\"https:\/\/www.carmelitaniscalzi.com\/wp-content\/uploads\/2016\/02\/Spiritualita-300x248.jpg 300w, https:\/\/www.carmelitaniscalzi.com\/wp-content\/uploads\/2016\/02\/Spiritualita-66x55.jpg 66w, https:\/\/www.carmelitaniscalzi.com\/wp-content\/uploads\/2016\/02\/Spiritualita.jpg 500w\" sizes=\"auto, (max-width: 300px) 100vw, 300px\" \/><\/a><\/p>\n<p>Nous comprenons la spiritualit\u00e9 carm\u00e9litaine comme une mani\u00e8re de sentir et de vivre l&rsquo;\u00c9vangile \u00e0 partir de certaines pr\u00e9misses qui d\u00e9coulent de l&rsquo;exp\u00e9rience des \u00ab grands proph\u00e8tes \u00bb de la famille du carmel d\u00e9chaux (Th\u00e9r\u00e8se d&rsquo;\u00c1vila, Jean de la Croix, Th\u00e9r\u00e8se de Lisieux, Edith Stein) : l&rsquo;exp\u00e9rience de Dieu qui conduit \u00e0 la d\u00e9couverte de sa pr\u00e9sence \u00e0 l&rsquo;int\u00e9rieur de la personne et \u00e0 donner un sens th\u00e9ologal \u00e0 la vie, l\u2019exp\u00e9rience christologique qui m\u00e8ne au Christ historique de l&rsquo;\u00c9vangile, l&rsquo;exp\u00e9rience de l&rsquo;\u00c9glise comme appartenance et comme pr\u00e9occupation pour son bien.<\/p>\n<p>Le Chapitre G\u00e9n\u00e9ral de 1985 a fait sien l&rsquo;appel du Pape Jean-Paul II pour que l&rsquo;\u00c9vangile, et, par extension les grands ma\u00eetres spirituels, soient une source de culture en tant qu\u2019ils promeuvent dans la personne une authentique sensibilit\u00e9 aux vraies valeurs de la libert\u00e9, de la justice et de la paix. Cela d\u00e9ploie \u00e9galement les horizons de la perception et du go\u00fbt des valeurs religieuses. Cela introduit dans l&rsquo;exp\u00e9rience du divin, qui est l&rsquo;endroit o\u00f9 l\u2019on peut combler le d\u00e9sir de nos c\u0153urs.<\/p>\n<p>Fort de cet appel, les p\u00e8res capitulaires veulent mettre en \u00e9vidence un certain nombre de valeurs de notre patrimoine commun qui devraient informer la vie et les activit\u00e9s de l&rsquo;Ordre, \u00ab l&rsquo;apostolat sp\u00e9cifique \u00bb du Carmel d\u00e9chaux :<\/p>\n<p>L&rsquo;exp\u00e9rience de Dieu et le d\u00e9sir de communion avec lui en tant que t\u00e9moignage et r\u00e9ponse \u00e0 la dimension religieuse de l&rsquo;homme. L&rsquo;exp\u00e9rience du salut en J\u00e9sus d\u2019une humanit\u00e9 en profonde n\u00e9cessit\u00e9 de purification et de lib\u00e9ration. La fraternit\u00e9 dans une communaut\u00e9 th\u00e9r\u00e9sienne comme contribution caract\u00e9ristique \u00e0 l\u2019aspiration \u00e0 la dimension sociale et relationnelle de l\u2019homme d\u2019aujourd&rsquo;hui, toujours en recherche de communication et d&rsquo;amiti\u00e9. La vision th\u00e9ologale et christologique de l&rsquo;homme. La contemplation du monde \u00e0 partir du Christ crucifi\u00e9 et ressuscit\u00e9 pr\u00e9sent et agissant dans l&rsquo;histoire, comme une attitude d\u2019esp\u00e9rance cr\u00e9ative pour les hommes engag\u00e9s pour un monde meilleur. La vie de pri\u00e8re comme une exp\u00e9rience de la transcendance de Dieu r\u00e9v\u00e9l\u00e9 en J\u00e9sus-Christ. L&rsquo;asc\u00e9tisme comme d\u00e9tachement du superflu et de disponibilit\u00e9 pour les hommes. Promouvoir en chaque personne la possibilit\u00e9 de r\u00e9fl\u00e9chir avec l\u2019esprit de discernement th\u00e9r\u00e9sien, la rendant capable de cr\u00e9er des liens sociaux dans le style th\u00e9r\u00e9sien de fraternit\u00e9.<\/p>\n<p>&nbsp;<\/p>\n","protected":false},"featured_media":70393,"parent":5117,"menu_order":3,"template":"","format":"standard","meta":{"_acf_changed":false,"footnotes":""},"elemento_chi_siamo":[838],"class_list":["post-5124","chi_siamo","type-chi_siamo","status-publish","format-standard","has-post-thumbnail","hentry","elemento_chi_siamo-historie"],"acf":[],"yoast_head":"<!-- This site is optimized with the Yoast SEO plugin v26.3 - https:\/\/yoast.com\/wordpress\/plugins\/seo\/ -->\n<title>Spiritualit\u00e9 - CARMES D\u00c9CHAUX<\/title>\n<meta name=\"robots\" content=\"index, follow, max-snippet:-1, max-image-preview:large, max-video-preview:-1\" \/>\n<link rel=\"canonical\" href=\"https:\/\/www.carmelitaniscalzi.com\/fr\/qui-nous-sommes\/histoire\/spiritualite\/\" \/>\n<meta property=\"og:locale\" content=\"fr_FR\" \/>\n<meta property=\"og:type\" content=\"article\" \/>\n<meta property=\"og:title\" content=\"Spiritualit\u00e9 - CARMES D\u00c9CHAUX\" \/>\n<meta property=\"og:description\" content=\"Nous comprenons la spiritualit\u00e9 carm\u00e9litaine comme une mani\u00e8re de sentir et de vivre l&rsquo;\u00c9vangile \u00e0 partir de certaines pr\u00e9misses qui d\u00e9coulent de l&rsquo;exp\u00e9rience des \u00ab grands proph\u00e8tes \u00bb de la famille du carmel d\u00e9chaux (Th\u00e9r\u00e8se d&rsquo;\u00c1vila, Jean de la Croix, Th\u00e9r\u00e8se de Lisieux, Edith Stein) : l&rsquo;exp\u00e9rience de Dieu qui conduit \u00e0 la d\u00e9couverte de [&hellip;]\" \/>\n<meta property=\"og:url\" content=\"https:\/\/www.carmelitaniscalzi.com\/fr\/qui-nous-sommes\/histoire\/spiritualite\/\" \/>\n<meta property=\"og:site_name\" content=\"CARMES D\u00c9CHAUX\" \/>\n<meta property=\"article:publisher\" content=\"https:\/\/www.facebook.com\/Curia-Generalizia-Carmelitani-Scalzi-658766940887784\/\" \/>\n<meta property=\"article:modified_time\" content=\"2021-07-14T19:15:16+00:00\" \/>\n<meta property=\"og:image\" content=\"https:\/\/www.carmelitaniscalzi.com\/wp-content\/uploads\/2016\/02\/spiritualita-1.jpg\" \/>\n\t<meta property=\"og:image:width\" content=\"625\" \/>\n\t<meta property=\"og:image:height\" content=\"625\" \/>\n\t<meta property=\"og:image:type\" content=\"image\/jpeg\" \/>\n<meta name=\"twitter:card\" content=\"summary_large_image\" \/>\n<meta name=\"twitter:site\" content=\"@ocdcuria\" \/>\n<meta name=\"twitter:label1\" content=\"Dur\u00e9e de lecture estim\u00e9e\" \/>\n\t<meta name=\"twitter:data1\" content=\"2 minutes\" \/>\n<script type=\"application\/ld+json\" class=\"yoast-schema-graph\">{\"@context\":\"https:\/\/schema.org\",\"@graph\":[{\"@type\":\"WebPage\",\"@id\":\"https:\/\/www.carmelitaniscalzi.com\/fr\/qui-nous-sommes\/histoire\/spiritualite\/\",\"url\":\"https:\/\/www.carmelitaniscalzi.com\/fr\/qui-nous-sommes\/histoire\/spiritualite\/\",\"name\":\"Spiritualit\u00e9 - CARMES D\u00c9CHAUX\",\"isPartOf\":{\"@id\":\"https:\/\/www.carmelitaniscalzi.com\/#website\"},\"primaryImageOfPage\":{\"@id\":\"https:\/\/www.carmelitaniscalzi.com\/fr\/qui-nous-sommes\/histoire\/spiritualite\/#primaryimage\"},\"image\":{\"@id\":\"https:\/\/www.carmelitaniscalzi.com\/fr\/qui-nous-sommes\/histoire\/spiritualite\/#primaryimage\"},\"thumbnailUrl\":\"https:\/\/www.carmelitaniscalzi.com\/wp-content\/uploads\/2016\/02\/spiritualita-1.jpg\",\"datePublished\":\"2016-06-28T17:06:09+00:00\",\"dateModified\":\"2021-07-14T19:15:16+00:00\",\"breadcrumb\":{\"@id\":\"https:\/\/www.carmelitaniscalzi.com\/fr\/qui-nous-sommes\/histoire\/spiritualite\/#breadcrumb\"},\"inLanguage\":\"fr-FR\",\"potentialAction\":[{\"@type\":\"ReadAction\",\"target\":[\"https:\/\/www.carmelitaniscalzi.com\/fr\/qui-nous-sommes\/histoire\/spiritualite\/\"]}]},{\"@type\":\"ImageObject\",\"inLanguage\":\"fr-FR\",\"@id\":\"https:\/\/www.carmelitaniscalzi.com\/fr\/qui-nous-sommes\/histoire\/spiritualite\/#primaryimage\",\"url\":\"https:\/\/www.carmelitaniscalzi.com\/wp-content\/uploads\/2016\/02\/spiritualita-1.jpg\",\"contentUrl\":\"https:\/\/www.carmelitaniscalzi.com\/wp-content\/uploads\/2016\/02\/spiritualita-1.jpg\",\"width\":625,\"height\":625},{\"@type\":\"BreadcrumbList\",\"@id\":\"https:\/\/www.carmelitaniscalzi.com\/fr\/qui-nous-sommes\/histoire\/spiritualite\/#breadcrumb\",\"itemListElement\":[{\"@type\":\"ListItem\",\"position\":1,\"name\":\"Home\",\"item\":\"https:\/\/www.carmelitaniscalzi.com\/fr\/\"},{\"@type\":\"ListItem\",\"position\":2,\"name\":\"Qui nous sommes\",\"item\":\"https:\/\/www.carmelitaniscalzi.com\/fr\/qui-nous-sommes\/\"},{\"@type\":\"ListItem\",\"position\":3,\"name\":\"Histoire\",\"item\":\"https:\/\/www.carmelitaniscalzi.com\/fr\/qui-nous-sommes\/histoire\/\"},{\"@type\":\"ListItem\",\"position\":4,\"name\":\"Spiritualit\u00e9\"}]},{\"@type\":\"WebSite\",\"@id\":\"https:\/\/www.carmelitaniscalzi.com\/#website\",\"url\":\"https:\/\/www.carmelitaniscalzi.com\/\",\"name\":\"CARMELITANI SCALZI - Curia Generale del Carmelo Teresiano\",\"description\":\"Curie G\u00e9n\u00e9ralice du Carmel D\u00e9chauss\u00e9\",\"publisher\":{\"@id\":\"https:\/\/www.carmelitaniscalzi.com\/#organization\"},\"alternateName\":\"CARMELITANI SCALZI\",\"potentialAction\":[{\"@type\":\"SearchAction\",\"target\":{\"@type\":\"EntryPoint\",\"urlTemplate\":\"https:\/\/www.carmelitaniscalzi.com\/?s={search_term_string}\"},\"query-input\":{\"@type\":\"PropertyValueSpecification\",\"valueRequired\":true,\"valueName\":\"search_term_string\"}}],\"inLanguage\":\"fr-FR\"},{\"@type\":\"Organization\",\"@id\":\"https:\/\/www.carmelitaniscalzi.com\/#organization\",\"name\":\"CARMELITANI SCALZI - Curia Generale del Carmelo Teresiano\",\"url\":\"https:\/\/www.carmelitaniscalzi.com\/\",\"logo\":{\"@type\":\"ImageObject\",\"inLanguage\":\"fr-FR\",\"@id\":\"https:\/\/www.carmelitaniscalzi.com\/#\/schema\/logo\/image\/\",\"url\":\"https:\/\/www.carmelitaniscalzi.com\/wp-content\/uploads\/2025\/11\/login-logo.png\",\"contentUrl\":\"https:\/\/www.carmelitaniscalzi.com\/wp-content\/uploads\/2025\/11\/login-logo.png\",\"width\":256,\"height\":256,\"caption\":\"CARMELITANI SCALZI - Curia Generale del Carmelo Teresiano\"},\"image\":{\"@id\":\"https:\/\/www.carmelitaniscalzi.com\/#\/schema\/logo\/image\/\"},\"sameAs\":[\"https:\/\/www.facebook.com\/Curia-Generalizia-Carmelitani-Scalzi-658766940887784\/\",\"https:\/\/x.com\/ocdcuria\",\"https:\/\/www.youtube.com\/channel\/UC2J5ZL0ycOY0qBSTCLX_NGQ\/videos\",\"https:\/\/www.instagram.com\/ocdinform\/\"]}]}<\/script>\n<!-- \/ Yoast SEO plugin. -->","yoast_head_json":{"title":"Spiritualit\u00e9 - CARMES D\u00c9CHAUX","robots":{"index":"index","follow":"follow","max-snippet":"max-snippet:-1","max-image-preview":"max-image-preview:large","max-video-preview":"max-video-preview:-1"},"canonical":"https:\/\/www.carmelitaniscalzi.com\/fr\/qui-nous-sommes\/histoire\/spiritualite\/","og_locale":"fr_FR","og_type":"article","og_title":"Spiritualit\u00e9 - CARMES D\u00c9CHAUX","og_description":"Nous comprenons la spiritualit\u00e9 carm\u00e9litaine comme une mani\u00e8re de sentir et de vivre l&rsquo;\u00c9vangile \u00e0 partir de certaines pr\u00e9misses qui d\u00e9coulent de l&rsquo;exp\u00e9rience des \u00ab grands proph\u00e8tes \u00bb de la famille du carmel d\u00e9chaux (Th\u00e9r\u00e8se d&rsquo;\u00c1vila, Jean de la Croix, Th\u00e9r\u00e8se de Lisieux, Edith Stein) : l&rsquo;exp\u00e9rience de Dieu qui conduit \u00e0 la d\u00e9couverte de [&hellip;]","og_url":"https:\/\/www.carmelitaniscalzi.com\/fr\/qui-nous-sommes\/histoire\/spiritualite\/","og_site_name":"CARMES D\u00c9CHAUX","article_publisher":"https:\/\/www.facebook.com\/Curia-Generalizia-Carmelitani-Scalzi-658766940887784\/","article_modified_time":"2021-07-14T19:15:16+00:00","og_image":[{"width":625,"height":625,"url":"https:\/\/www.carmelitaniscalzi.com\/wp-content\/uploads\/2016\/02\/spiritualita-1.jpg","type":"image\/jpeg"}],"twitter_card":"summary_large_image","twitter_site":"@ocdcuria","twitter_misc":{"Dur\u00e9e de lecture estim\u00e9e":"2 minutes"},"schema":{"@context":"https:\/\/schema.org","@graph":[{"@type":"WebPage","@id":"https:\/\/www.carmelitaniscalzi.com\/fr\/qui-nous-sommes\/histoire\/spiritualite\/","url":"https:\/\/www.carmelitaniscalzi.com\/fr\/qui-nous-sommes\/histoire\/spiritualite\/","name":"Spiritualit\u00e9 - CARMES D\u00c9CHAUX","isPartOf":{"@id":"https:\/\/www.carmelitaniscalzi.com\/#website"},"primaryImageOfPage":{"@id":"https:\/\/www.carmelitaniscalzi.com\/fr\/qui-nous-sommes\/histoire\/spiritualite\/#primaryimage"},"image":{"@id":"https:\/\/www.carmelitaniscalzi.com\/fr\/qui-nous-sommes\/histoire\/spiritualite\/#primaryimage"},"thumbnailUrl":"https:\/\/www.carmelitaniscalzi.com\/wp-content\/uploads\/2016\/02\/spiritualita-1.jpg","datePublished":"2016-06-28T17:06:09+00:00","dateModified":"2021-07-14T19:15:16+00:00","breadcrumb":{"@id":"https:\/\/www.carmelitaniscalzi.com\/fr\/qui-nous-sommes\/histoire\/spiritualite\/#breadcrumb"},"inLanguage":"fr-FR","potentialAction":[{"@type":"ReadAction","target":["https:\/\/www.carmelitaniscalzi.com\/fr\/qui-nous-sommes\/histoire\/spiritualite\/"]}]},{"@type":"ImageObject","inLanguage":"fr-FR","@id":"https:\/\/www.carmelitaniscalzi.com\/fr\/qui-nous-sommes\/histoire\/spiritualite\/#primaryimage","url":"https:\/\/www.carmelitaniscalzi.com\/wp-content\/uploads\/2016\/02\/spiritualita-1.jpg","contentUrl":"https:\/\/www.carmelitaniscalzi.com\/wp-content\/uploads\/2016\/02\/spiritualita-1.jpg","width":625,"height":625},{"@type":"BreadcrumbList","@id":"https:\/\/www.carmelitaniscalzi.com\/fr\/qui-nous-sommes\/histoire\/spiritualite\/#breadcrumb","itemListElement":[{"@type":"ListItem","position":1,"name":"Home","item":"https:\/\/www.carmelitaniscalzi.com\/fr\/"},{"@type":"ListItem","position":2,"name":"Qui nous sommes","item":"https:\/\/www.carmelitaniscalzi.com\/fr\/qui-nous-sommes\/"},{"@type":"ListItem","position":3,"name":"Histoire","item":"https:\/\/www.carmelitaniscalzi.com\/fr\/qui-nous-sommes\/histoire\/"},{"@type":"ListItem","position":4,"name":"Spiritualit\u00e9"}]},{"@type":"WebSite","@id":"https:\/\/www.carmelitaniscalzi.com\/#website","url":"https:\/\/www.carmelitaniscalzi.com\/","name":"CARMELITANI SCALZI - Curia Generale del Carmelo Teresiano","description":"Curie G\u00e9n\u00e9ralice du Carmel D\u00e9chauss\u00e9","publisher":{"@id":"https:\/\/www.carmelitaniscalzi.com\/#organization"},"alternateName":"CARMELITANI SCALZI","potentialAction":[{"@type":"SearchAction","target":{"@type":"EntryPoint","urlTemplate":"https:\/\/www.carmelitaniscalzi.com\/?s={search_term_string}"},"query-input":{"@type":"PropertyValueSpecification","valueRequired":true,"valueName":"search_term_string"}}],"inLanguage":"fr-FR"},{"@type":"Organization","@id":"https:\/\/www.carmelitaniscalzi.com\/#organization","name":"CARMELITANI SCALZI - Curia Generale del Carmelo Teresiano","url":"https:\/\/www.carmelitaniscalzi.com\/","logo":{"@type":"ImageObject","inLanguage":"fr-FR","@id":"https:\/\/www.carmelitaniscalzi.com\/#\/schema\/logo\/image\/","url":"https:\/\/www.carmelitaniscalzi.com\/wp-content\/uploads\/2025\/11\/login-logo.png","contentUrl":"https:\/\/www.carmelitaniscalzi.com\/wp-content\/uploads\/2025\/11\/login-logo.png","width":256,"height":256,"caption":"CARMELITANI SCALZI - Curia Generale del Carmelo Teresiano"},"image":{"@id":"https:\/\/www.carmelitaniscalzi.com\/#\/schema\/logo\/image\/"},"sameAs":["https:\/\/www.facebook.com\/Curia-Generalizia-Carmelitani-Scalzi-658766940887784\/","https:\/\/x.com\/ocdcuria","https:\/\/www.youtube.com\/channel\/UC2J5ZL0ycOY0qBSTCLX_NGQ\/videos","https:\/\/www.instagram.com\/ocdinform\/"]}]}},"_links":{"self":[{"href":"https:\/\/www.carmelitaniscalzi.com\/fr\/wp-json\/wp\/v2\/chi_siamo\/5124","targetHints":{"allow":["GET"]}}],"collection":[{"href":"https:\/\/www.carmelitaniscalzi.com\/fr\/wp-json\/wp\/v2\/chi_siamo"}],"about":[{"href":"https:\/\/www.carmelitaniscalzi.com\/fr\/wp-json\/wp\/v2\/types\/chi_siamo"}],"version-history":[{"count":1,"href":"https:\/\/www.carmelitaniscalzi.com\/fr\/wp-json\/wp\/v2\/chi_siamo\/5124\/revisions"}],"predecessor-version":[{"id":70399,"href":"https:\/\/www.carmelitaniscalzi.com\/fr\/wp-json\/wp\/v2\/chi_siamo\/5124\/revisions\/70399"}],"up":[{"embeddable":true,"href":"https:\/\/www.carmelitaniscalzi.com\/fr\/wp-json\/wp\/v2\/chi_siamo\/5117"}],"wp:featuredmedia":[{"embeddable":true,"href":"https:\/\/www.carmelitaniscalzi.com\/fr\/wp-json\/wp\/v2\/media\/70393"}],"wp:attachment":[{"href":"https:\/\/www.carmelitaniscalzi.com\/fr\/wp-json\/wp\/v2\/media?parent=5124"}],"wp:term":[{"taxonomy":"elemento_chi_siamo","embeddable":true,"href":"https:\/\/www.carmelitaniscalzi.com\/fr\/wp-json\/wp\/v2\/elemento_chi_siamo?post=5124"}],"curies":[{"name":"wp","href":"https:\/\/api.w.org\/{rel}","templated":true}]}}