{"version":"1.0","provider_name":"CARMES D\u00c9CHAUX","provider_url":"https:\/\/www.carmelitaniscalzi.com\/fr\/","title":"Burundi : Festival Tereza Mwiza 2024 - CARMES D\u00c9CHAUX","type":"rich","width":600,"height":338,"html":"<blockquote class=\"wp-embedded-content\" data-secret=\"w8SoQN2XSJ\"><a href=\"https:\/\/www.carmelitaniscalzi.com\/fr\/2025\/12\/28\/burundi-festival-tereza-mwiza-2024\/\">Burundi : Festival Tereza Mwiza 2024<\/a><\/blockquote><iframe sandbox=\"allow-scripts\" security=\"restricted\" src=\"https:\/\/www.carmelitaniscalzi.com\/fr\/2025\/12\/28\/burundi-festival-tereza-mwiza-2024\/embed\/#?secret=w8SoQN2XSJ\" width=\"600\" height=\"338\" title=\"\u00ab\u00a0Burundi : Festival Tereza Mwiza 2024\u00a0\u00bb &#8212; CARMES D\u00c9CHAUX\" data-secret=\"w8SoQN2XSJ\" frameborder=\"0\" marginwidth=\"0\" marginheight=\"0\" scrolling=\"no\" class=\"wp-embedded-content\"><\/iframe><script type=\"text\/javascript\">\n\/* <![CDATA[ *\/\n\/*! This file is auto-generated *\/\n!function(d,l){\"use strict\";l.querySelector&&d.addEventListener&&\"undefined\"!=typeof URL&&(d.wp=d.wp||{},d.wp.receiveEmbedMessage||(d.wp.receiveEmbedMessage=function(e){var t=e.data;if((t||t.secret||t.message||t.value)&&!\/[^a-zA-Z0-9]\/.test(t.secret)){for(var s,r,n,a=l.querySelectorAll('iframe[data-secret=\"'+t.secret+'\"]'),o=l.querySelectorAll('blockquote[data-secret=\"'+t.secret+'\"]'),c=new RegExp(\"^https?:$\",\"i\"),i=0;i<o.length;i++)o[i].style.display=\"none\";for(i=0;i<a.length;i++)s=a[i],e.source===s.contentWindow&&(s.removeAttribute(\"style\"),\"height\"===t.message?(1e3<(r=parseInt(t.value,10))?r=1e3:~~r<200&&(r=200),s.height=r):\"link\"===t.message&&(r=new URL(s.getAttribute(\"src\")),n=new URL(t.value),c.test(n.protocol))&&n.host===r.host&&l.activeElement===s&&(d.top.location.href=t.value))}},d.addEventListener(\"message\",d.wp.receiveEmbedMessage,!1),l.addEventListener(\"DOMContentLoaded\",function(){for(var e,t,s=l.querySelectorAll(\"iframe.wp-embedded-content\"),r=0;r<s.length;r++)(t=(e=s[r]).getAttribute(\"data-secret\"))||(t=Math.random().toString(36).substring(2,12),e.src+=\"#?secret=\"+t,e.setAttribute(\"data-secret\",t)),e.contentWindow.postMessage({message:\"ready\",secret:t},\"*\")},!1)))}(window,document);\n\/\/# sourceURL=https:\/\/www.carmelitaniscalzi.com\/wp-includes\/js\/wp-embed.min.js\n\/* ]]> *\/\n<\/script>\n","thumbnail_url":"https:\/\/www.carmelitaniscalzi.com\/wp-content\/uploads\/2025\/12\/cover_burundi_11.2025.jpg","thumbnail_width":1200,"thumbnail_height":800,"description":"Le 4 octobre 2025 avait lieu l&rsquo;anniversaire du Festival Teresa Mwiza, organis\u00e9 chaque ann\u00e9e par les Fr\u00e8res Carmes en collaboration avec l&rsquo;archidioc\u00e8se de Bujumbura. Douze chorales ont pu participer \u00e0 la derni\u00e8re \u00e9tape des festivit\u00e9s. Chacune poss\u00e9dait des comp\u00e9tences diff\u00e9rentes, mais les responsables du suivi ont finalement s\u00e9lectionn\u00e9 les trois qui se sont distingu\u00e9es : [&hellip;]"}