{"version":"1.0","provider_name":"CARMES D\u00c9CHAUX","provider_url":"https:\/\/www.carmelitaniscalzi.com\/fr\/","title":"C\u00f4te d\u2019Ivoire : Ouverture du double jubil\u00e9 \u00e0 Abidjan - CARMES D\u00c9CHAUX","type":"rich","width":600,"height":338,"html":"<blockquote class=\"wp-embedded-content\" data-secret=\"76oz6DiDGg\"><a href=\"https:\/\/www.carmelitaniscalzi.com\/fr\/2025\/12\/08\/cote-divoire-ouverture-du-double-jubile-a-abidjan\/\">C\u00f4te d\u2019Ivoire : Ouverture du double jubil\u00e9 \u00e0 Abidjan<\/a><\/blockquote><iframe sandbox=\"allow-scripts\" security=\"restricted\" src=\"https:\/\/www.carmelitaniscalzi.com\/fr\/2025\/12\/08\/cote-divoire-ouverture-du-double-jubile-a-abidjan\/embed\/#?secret=76oz6DiDGg\" width=\"600\" height=\"338\" title=\"\u00ab\u00a0C\u00f4te d\u2019Ivoire : Ouverture du double jubil\u00e9 \u00e0 Abidjan\u00a0\u00bb &#8212; CARMES D\u00c9CHAUX\" data-secret=\"76oz6DiDGg\" frameborder=\"0\" marginwidth=\"0\" marginheight=\"0\" scrolling=\"no\" class=\"wp-embedded-content\"><\/iframe><script type=\"text\/javascript\">\n\/* <![CDATA[ *\/\n\/*! This file is auto-generated *\/\n!function(d,l){\"use strict\";l.querySelector&&d.addEventListener&&\"undefined\"!=typeof URL&&(d.wp=d.wp||{},d.wp.receiveEmbedMessage||(d.wp.receiveEmbedMessage=function(e){var t=e.data;if((t||t.secret||t.message||t.value)&&!\/[^a-zA-Z0-9]\/.test(t.secret)){for(var s,r,n,a=l.querySelectorAll('iframe[data-secret=\"'+t.secret+'\"]'),o=l.querySelectorAll('blockquote[data-secret=\"'+t.secret+'\"]'),c=new RegExp(\"^https?:$\",\"i\"),i=0;i<o.length;i++)o[i].style.display=\"none\";for(i=0;i<a.length;i++)s=a[i],e.source===s.contentWindow&&(s.removeAttribute(\"style\"),\"height\"===t.message?(1e3<(r=parseInt(t.value,10))?r=1e3:~~r<200&&(r=200),s.height=r):\"link\"===t.message&&(r=new URL(s.getAttribute(\"src\")),n=new URL(t.value),c.test(n.protocol))&&n.host===r.host&&l.activeElement===s&&(d.top.location.href=t.value))}},d.addEventListener(\"message\",d.wp.receiveEmbedMessage,!1),l.addEventListener(\"DOMContentLoaded\",function(){for(var e,t,s=l.querySelectorAll(\"iframe.wp-embedded-content\"),r=0;r<s.length;r++)(t=(e=s[r]).getAttribute(\"data-secret\"))||(t=Math.random().toString(36).substring(2,12),e.src+=\"#?secret=\"+t,e.setAttribute(\"data-secret\",t)),e.contentWindow.postMessage({message:\"ready\",secret:t},\"*\")},!1)))}(window,document);\n\/\/# sourceURL=https:\/\/www.carmelitaniscalzi.com\/wp-includes\/js\/wp-embed.min.js\n\/* ]]> *\/\n<\/script>\n","thumbnail_url":"https:\/\/www.carmelitaniscalzi.com\/wp-content\/uploads\/2025\/12\/cover_costa-avorio_11.2025.jpg","thumbnail_width":1200,"thumbnail_height":800,"description":"Le dimanche 19 octobre 2025, a eu lieu \u00e0 Abidjan la messe solennelle d\u2019ouverture du jubil\u00e9 d\u2019argent de la pr\u00e9sence des Fr\u00e8res Carmes D\u00e9chaux en C\u00f4te d\u2019Ivoire et de la cr\u00e9ation de la paroisse Saint Louis de Gonzague. Dans une ambiance festive, les fr\u00e8res de la D\u00e9l\u00e9gation Provinciale Sainte Th\u00e9r\u00e8se B\u00e9n\u00e9dicte de la Croix et [&hellip;]"}