{"version":"1.0","provider_name":"CARMES D\u00c9CHAUX","provider_url":"https:\/\/www.carmelitaniscalzi.com\/fr\/","title":"Chant du Jubil\u00e9 : Une voix, une communaut\u00e9 - CARMES D\u00c9CHAUX","type":"rich","width":600,"height":338,"html":"<blockquote class=\"wp-embedded-content\" data-secret=\"X3fIidPGFT\"><a href=\"https:\/\/www.carmelitaniscalzi.com\/fr\/2025\/11\/08\/chant-du-jubile-une-voix-une-communaute\/\">Chant du Jubil\u00e9 : Une voix, une communaut\u00e9<\/a><\/blockquote><iframe sandbox=\"allow-scripts\" security=\"restricted\" src=\"https:\/\/www.carmelitaniscalzi.com\/fr\/2025\/11\/08\/chant-du-jubile-une-voix-une-communaute\/embed\/#?secret=X3fIidPGFT\" width=\"600\" height=\"338\" title=\"\u00ab\u00a0Chant du Jubil\u00e9 : Une voix, une communaut\u00e9\u00a0\u00bb &#8212; CARMES D\u00c9CHAUX\" data-secret=\"X3fIidPGFT\" frameborder=\"0\" marginwidth=\"0\" marginheight=\"0\" scrolling=\"no\" class=\"wp-embedded-content\"><\/iframe><script type=\"text\/javascript\">\n\/* <![CDATA[ *\/\n\/*! This file is auto-generated *\/\n!function(d,l){\"use strict\";l.querySelector&&d.addEventListener&&\"undefined\"!=typeof URL&&(d.wp=d.wp||{},d.wp.receiveEmbedMessage||(d.wp.receiveEmbedMessage=function(e){var t=e.data;if((t||t.secret||t.message||t.value)&&!\/[^a-zA-Z0-9]\/.test(t.secret)){for(var s,r,n,a=l.querySelectorAll('iframe[data-secret=\"'+t.secret+'\"]'),o=l.querySelectorAll('blockquote[data-secret=\"'+t.secret+'\"]'),c=new RegExp(\"^https?:$\",\"i\"),i=0;i<o.length;i++)o[i].style.display=\"none\";for(i=0;i<a.length;i++)s=a[i],e.source===s.contentWindow&&(s.removeAttribute(\"style\"),\"height\"===t.message?(1e3<(r=parseInt(t.value,10))?r=1e3:~~r<200&&(r=200),s.height=r):\"link\"===t.message&&(r=new URL(s.getAttribute(\"src\")),n=new URL(t.value),c.test(n.protocol))&&n.host===r.host&&l.activeElement===s&&(d.top.location.href=t.value))}},d.addEventListener(\"message\",d.wp.receiveEmbedMessage,!1),l.addEventListener(\"DOMContentLoaded\",function(){for(var e,t,s=l.querySelectorAll(\"iframe.wp-embedded-content\"),r=0;r<s.length;r++)(t=(e=s[r]).getAttribute(\"data-secret\"))||(t=Math.random().toString(36).substring(2,12),e.src+=\"#?secret=\"+t,e.setAttribute(\"data-secret\",t)),e.contentWindow.postMessage({message:\"ready\",secret:t},\"*\")},!1)))}(window,document);\n\/\/# sourceURL=https:\/\/www.carmelitaniscalzi.com\/wp-includes\/js\/wp-embed.min.js\n\/* ]]> *\/\n<\/script>\n","thumbnail_url":"https:\/\/www.carmelitaniscalzi.com\/wp-content\/uploads\/2025\/11\/cover_seminarium_10.2025.jpg","thumbnail_width":1200,"thumbnail_height":800,"description":"La communaut\u00e9 de sp\u00e9cialisation OCD de Rome, le Seminarium Missionum, s&rsquo;est vu confier par le D\u00e9finitoire G\u00e9n\u00e9ral le soin de la formation permanente (licence et doctorat) des religieux Carmes du monde entier. Int\u00e9gr\u00e9e au Teresianum, elle propose une vie carm\u00e9litaine \u00e9quilibr\u00e9e, fond\u00e9e sur des temps spirituels communs, le dialogue interculturel et une formation acad\u00e9mique de [&hellip;]"}