{"version":"1.0","provider_name":"CARMES D\u00c9CHAUX","provider_url":"https:\/\/www.carmelitaniscalzi.com\/fr\/","title":"Burundi : Approbation des statuts des \u00ab Amis du Carmel \u00bb - CARMES D\u00c9CHAUX","type":"rich","width":600,"height":338,"html":"<blockquote class=\"wp-embedded-content\" data-secret=\"PfqpDutl3Z\"><a href=\"https:\/\/www.carmelitaniscalzi.com\/fr\/2023\/05\/25\/burundi-approbation-des-statuts-des-amis-du-carmel\/\">Burundi : Approbation des statuts des \u00ab Amis du Carmel \u00bb<\/a><\/blockquote><iframe sandbox=\"allow-scripts\" security=\"restricted\" src=\"https:\/\/www.carmelitaniscalzi.com\/fr\/2023\/05\/25\/burundi-approbation-des-statuts-des-amis-du-carmel\/embed\/#?secret=PfqpDutl3Z\" width=\"600\" height=\"338\" title=\"\u00ab\u00a0Burundi : Approbation des statuts des \u00ab Amis du Carmel \u00bb\u00a0\u00bb &#8212; CARMES D\u00c9CHAUX\" data-secret=\"PfqpDutl3Z\" frameborder=\"0\" marginwidth=\"0\" marginheight=\"0\" scrolling=\"no\" class=\"wp-embedded-content\"><\/iframe><script type=\"text\/javascript\">\n\/* <![CDATA[ *\/\n\/*! This file is auto-generated *\/\n!function(d,l){\"use strict\";l.querySelector&&d.addEventListener&&\"undefined\"!=typeof URL&&(d.wp=d.wp||{},d.wp.receiveEmbedMessage||(d.wp.receiveEmbedMessage=function(e){var t=e.data;if((t||t.secret||t.message||t.value)&&!\/[^a-zA-Z0-9]\/.test(t.secret)){for(var s,r,n,a=l.querySelectorAll('iframe[data-secret=\"'+t.secret+'\"]'),o=l.querySelectorAll('blockquote[data-secret=\"'+t.secret+'\"]'),c=new RegExp(\"^https?:$\",\"i\"),i=0;i<o.length;i++)o[i].style.display=\"none\";for(i=0;i<a.length;i++)s=a[i],e.source===s.contentWindow&&(s.removeAttribute(\"style\"),\"height\"===t.message?(1e3<(r=parseInt(t.value,10))?r=1e3:~~r<200&&(r=200),s.height=r):\"link\"===t.message&&(r=new URL(s.getAttribute(\"src\")),n=new URL(t.value),c.test(n.protocol))&&n.host===r.host&&l.activeElement===s&&(d.top.location.href=t.value))}},d.addEventListener(\"message\",d.wp.receiveEmbedMessage,!1),l.addEventListener(\"DOMContentLoaded\",function(){for(var e,t,s=l.querySelectorAll(\"iframe.wp-embedded-content\"),r=0;r<s.length;r++)(t=(e=s[r]).getAttribute(\"data-secret\"))||(t=Math.random().toString(36).substring(2,12),e.src+=\"#?secret=\"+t,e.setAttribute(\"data-secret\",t)),e.contentWindow.postMessage({message:\"ready\",secret:t},\"*\")},!1)))}(window,document);\n\/\/# sourceURL=https:\/\/www.carmelitaniscalzi.com\/wp-includes\/js\/wp-embed.min.js\n\/* ]]> *\/\n<\/script>\n","thumbnail_url":"https:\/\/www.carmelitaniscalzi.com\/wp-content\/uploads\/2023\/05\/cover_burundi_04.2023.jpg","thumbnail_width":1200,"thumbnail_height":800,"description":"Le dimanche 19 mars 2023 ont \u00e9t\u00e9 approuv\u00e9s pour cinq ans Ad experimentum les Statuts des \u00ab\u00a0Amis du Carmel\u00a0\u00bb surgis le 12 janvier 2017 aupr\u00e8s du Couvent des Carmes de Bujumbura, le jour de l\u2019inauguration de leur r\u00e9sidence actuelle. Parmi ces Amis, certains ont commenc\u00e9 \u00e0 fr\u00e9quenter le couvent d\u00e8s les premiers jours de son [&hellip;]"}