{"version":"1.0","provider_name":"CARMES D\u00c9CHAUX","provider_url":"https:\/\/www.carmelitaniscalzi.com\/fr\/","title":"Lisieux (France) : p\u00e8lerinage de la famille du Carmel - CARMES D\u00c9CHAUX","type":"rich","width":600,"height":338,"html":"<blockquote class=\"wp-embedded-content\" data-secret=\"2ocSbM4PjH\"><a href=\"https:\/\/www.carmelitaniscalzi.com\/fr\/2022\/11\/05\/lisieux-france-pelerinage-de-la-famille-du-carmel\/\">Lisieux (France) : p\u00e8lerinage de la famille du Carmel<\/a><\/blockquote><iframe sandbox=\"allow-scripts\" security=\"restricted\" src=\"https:\/\/www.carmelitaniscalzi.com\/fr\/2022\/11\/05\/lisieux-france-pelerinage-de-la-famille-du-carmel\/embed\/#?secret=2ocSbM4PjH\" width=\"600\" height=\"338\" title=\"\u00ab\u00a0Lisieux (France) : p\u00e8lerinage de la famille du Carmel\u00a0\u00bb &#8212; CARMES D\u00c9CHAUX\" data-secret=\"2ocSbM4PjH\" frameborder=\"0\" marginwidth=\"0\" marginheight=\"0\" scrolling=\"no\" class=\"wp-embedded-content\"><\/iframe><script type=\"text\/javascript\">\n\/* <![CDATA[ *\/\n\/*! This file is auto-generated *\/\n!function(d,l){\"use strict\";l.querySelector&&d.addEventListener&&\"undefined\"!=typeof URL&&(d.wp=d.wp||{},d.wp.receiveEmbedMessage||(d.wp.receiveEmbedMessage=function(e){var t=e.data;if((t||t.secret||t.message||t.value)&&!\/[^a-zA-Z0-9]\/.test(t.secret)){for(var s,r,n,a=l.querySelectorAll('iframe[data-secret=\"'+t.secret+'\"]'),o=l.querySelectorAll('blockquote[data-secret=\"'+t.secret+'\"]'),c=new RegExp(\"^https?:$\",\"i\"),i=0;i<o.length;i++)o[i].style.display=\"none\";for(i=0;i<a.length;i++)s=a[i],e.source===s.contentWindow&&(s.removeAttribute(\"style\"),\"height\"===t.message?(1e3<(r=parseInt(t.value,10))?r=1e3:~~r<200&&(r=200),s.height=r):\"link\"===t.message&&(r=new URL(s.getAttribute(\"src\")),n=new URL(t.value),c.test(n.protocol))&&n.host===r.host&&l.activeElement===s&&(d.top.location.href=t.value))}},d.addEventListener(\"message\",d.wp.receiveEmbedMessage,!1),l.addEventListener(\"DOMContentLoaded\",function(){for(var e,t,s=l.querySelectorAll(\"iframe.wp-embedded-content\"),r=0;r<s.length;r++)(t=(e=s[r]).getAttribute(\"data-secret\"))||(t=Math.random().toString(36).substring(2,12),e.src+=\"#?secret=\"+t,e.setAttribute(\"data-secret\",t)),e.contentWindow.postMessage({message:\"ready\",secret:t},\"*\")},!1)))}(window,document);\n\/\/# sourceURL=https:\/\/www.carmelitaniscalzi.com\/wp-includes\/js\/wp-embed.min.js\n\/* ]]> *\/\n<\/script>\n","thumbnail_url":"https:\/\/www.carmelitaniscalzi.com\/wp-content\/uploads\/2022\/11\/Cover_francia_10.2022.jpg","thumbnail_width":1200,"thumbnail_height":800,"description":"Le samedi 1er octobre, toute la famille carm\u00e9litaine de la Province de Paris se retrouvait \u00e0 Lieux pour la dixi\u00e8me ann\u00e9e cons\u00e9cutive. Profitant de la visite pastorale, le P\u00e8re G\u00e9n\u00e9ral, P. Miguel M\u00e1rquez Calle, ainsi que fr. Roberto Maria Pirastu, d\u00e9finiteur, ont particip\u00e9 \u00e0 ces journ\u00e9es. Nous \u00e9tions pr\u00e8s de 160 personnes, fr\u00e8res, s\u00e9culiers du [&hellip;]"}