{"version":"1.0","provider_name":"CARMES D\u00c9CHAUX","provider_url":"https:\/\/www.carmelitaniscalzi.com\/fr\/","title":"Carm\u00e9lites D\u00e9chauss\u00e9s au Teresianum - CARMES D\u00c9CHAUX","type":"rich","width":600,"height":338,"html":"<blockquote class=\"wp-embedded-content\" data-secret=\"9gSS1Ftir6\"><a href=\"https:\/\/www.carmelitaniscalzi.com\/fr\/2019\/07\/26\/carmelites-dechausses-au-teresianum\/\">Carm\u00e9lites D\u00e9chauss\u00e9s au Teresianum<\/a><\/blockquote><iframe sandbox=\"allow-scripts\" security=\"restricted\" src=\"https:\/\/www.carmelitaniscalzi.com\/fr\/2019\/07\/26\/carmelites-dechausses-au-teresianum\/embed\/#?secret=9gSS1Ftir6\" width=\"600\" height=\"338\" title=\"\u00ab\u00a0Carm\u00e9lites D\u00e9chauss\u00e9s au Teresianum\u00a0\u00bb &#8212; CARMES D\u00c9CHAUX\" data-secret=\"9gSS1Ftir6\" frameborder=\"0\" marginwidth=\"0\" marginheight=\"0\" scrolling=\"no\" class=\"wp-embedded-content\"><\/iframe><script type=\"text\/javascript\">\n\/* <![CDATA[ *\/\n\/*! This file is auto-generated *\/\n!function(d,l){\"use strict\";l.querySelector&&d.addEventListener&&\"undefined\"!=typeof URL&&(d.wp=d.wp||{},d.wp.receiveEmbedMessage||(d.wp.receiveEmbedMessage=function(e){var t=e.data;if((t||t.secret||t.message||t.value)&&!\/[^a-zA-Z0-9]\/.test(t.secret)){for(var s,r,n,a=l.querySelectorAll('iframe[data-secret=\"'+t.secret+'\"]'),o=l.querySelectorAll('blockquote[data-secret=\"'+t.secret+'\"]'),c=new RegExp(\"^https?:$\",\"i\"),i=0;i<o.length;i++)o[i].style.display=\"none\";for(i=0;i<a.length;i++)s=a[i],e.source===s.contentWindow&&(s.removeAttribute(\"style\"),\"height\"===t.message?(1e3<(r=parseInt(t.value,10))?r=1e3:~~r<200&&(r=200),s.height=r):\"link\"===t.message&&(r=new URL(s.getAttribute(\"src\")),n=new URL(t.value),c.test(n.protocol))&&n.host===r.host&&l.activeElement===s&&(d.top.location.href=t.value))}},d.addEventListener(\"message\",d.wp.receiveEmbedMessage,!1),l.addEventListener(\"DOMContentLoaded\",function(){for(var e,t,s=l.querySelectorAll(\"iframe.wp-embedded-content\"),r=0;r<s.length;r++)(t=(e=s[r]).getAttribute(\"data-secret\"))||(t=Math.random().toString(36).substring(2,12),e.src+=\"#?secret=\"+t,e.setAttribute(\"data-secret\",t)),e.contentWindow.postMessage({message:\"ready\",secret:t},\"*\")},!1)))}(window,document);\n\/\/# sourceURL=https:\/\/www.carmelitaniscalzi.com\/wp-includes\/js\/wp-embed.min.js\n\/* ]]> *\/\n<\/script>\n","thumbnail_url":"https:\/\/www.carmelitaniscalzi.com\/wp-content\/uploads\/2019\/08\/00.jpeg","thumbnail_width":1440,"thumbnail_height":1080,"description":"La Facult\u00e9 de Th\u00e9ologie Pontificale et l&rsquo;Institut Pontifical de Spiritualit\u00e9 \u00ab\u00a0Teresianum\u00a0\u00bb de Rome ont\u00a0 offert un cours \u00e0 un groupe de Carm\u00e9lites D\u00e9chauss\u00e9s italiennes entre le 25 et le 28 juin de cette ann\u00e9e. Les S\u0153urs avaient pu participer, au moins en partie, au cours de Th\u00e9ologie Spirituelle en ligne propos\u00e9 par le Teresianum et [&hellip;]"}