{"version":"1.0","provider_name":"CARMES D\u00c9CHAUX","provider_url":"https:\/\/www.carmelitaniscalzi.com\/fr\/","title":"Rencontre des nouveaux provinciaux Indiens - CARMES D\u00c9CHAUX","type":"rich","width":600,"height":338,"html":"<blockquote class=\"wp-embedded-content\" data-secret=\"eWFhq7g1uI\"><a href=\"https:\/\/www.carmelitaniscalzi.com\/fr\/2017\/07\/19\/rencontre-des-nouveaux-provinciaux-indiens\/\">Rencontre des nouveaux provinciaux Indiens<\/a><\/blockquote><iframe sandbox=\"allow-scripts\" security=\"restricted\" src=\"https:\/\/www.carmelitaniscalzi.com\/fr\/2017\/07\/19\/rencontre-des-nouveaux-provinciaux-indiens\/embed\/#?secret=eWFhq7g1uI\" width=\"600\" height=\"338\" title=\"\u00ab\u00a0Rencontre des nouveaux provinciaux Indiens\u00a0\u00bb &#8212; CARMES D\u00c9CHAUX\" data-secret=\"eWFhq7g1uI\" frameborder=\"0\" marginwidth=\"0\" marginheight=\"0\" scrolling=\"no\" class=\"wp-embedded-content\"><\/iframe><script type=\"text\/javascript\">\n\/* <![CDATA[ *\/\n\/*! This file is auto-generated *\/\n!function(d,l){\"use strict\";l.querySelector&&d.addEventListener&&\"undefined\"!=typeof URL&&(d.wp=d.wp||{},d.wp.receiveEmbedMessage||(d.wp.receiveEmbedMessage=function(e){var t=e.data;if((t||t.secret||t.message||t.value)&&!\/[^a-zA-Z0-9]\/.test(t.secret)){for(var s,r,n,a=l.querySelectorAll('iframe[data-secret=\"'+t.secret+'\"]'),o=l.querySelectorAll('blockquote[data-secret=\"'+t.secret+'\"]'),c=new RegExp(\"^https?:$\",\"i\"),i=0;i<o.length;i++)o[i].style.display=\"none\";for(i=0;i<a.length;i++)s=a[i],e.source===s.contentWindow&&(s.removeAttribute(\"style\"),\"height\"===t.message?(1e3<(r=parseInt(t.value,10))?r=1e3:~~r<200&&(r=200),s.height=r):\"link\"===t.message&&(r=new URL(s.getAttribute(\"src\")),n=new URL(t.value),c.test(n.protocol))&&n.host===r.host&&l.activeElement===s&&(d.top.location.href=t.value))}},d.addEventListener(\"message\",d.wp.receiveEmbedMessage,!1),l.addEventListener(\"DOMContentLoaded\",function(){for(var e,t,s=l.querySelectorAll(\"iframe.wp-embedded-content\"),r=0;r<s.length;r++)(t=(e=s[r]).getAttribute(\"data-secret\"))||(t=Math.random().toString(36).substring(2,12),e.src+=\"#?secret=\"+t,e.setAttribute(\"data-secret\",t)),e.contentWindow.postMessage({message:\"ready\",secret:t},\"*\")},!1)))}(window,document);\n\/\/# sourceURL=https:\/\/www.carmelitaniscalzi.com\/wp-includes\/js\/wp-embed.min.js\n\/* ]]> *\/\n<\/script>\n","thumbnail_url":"https:\/\/www.carmelitaniscalzi.com\/wp-content\/uploads\/2017\/07\/01.jpg","thumbnail_width":640,"thumbnail_height":480,"description":"Le 1er Juillet, 2017, les sept provinciaux Indiens ont eu leur premi\u00e8re rencontre du triennat \u00e0 Trivandrum en pr\u00e9sence du D\u00e9finiteur le P. Johannes. Ils ont parl\u00e9 des programmes organis\u00e9s en collaboration entre toutes les provinces : second noviciat, rencontre des \u00e9tudiants de th\u00e9ologie, rencontre des jeunes religieux de cinq ans d\u2019ordination. En particulier, on [&hellip;]"}