{"version":"1.0","provider_name":"CARMES D\u00c9CHAUX","provider_url":"https:\/\/www.carmelitaniscalzi.com\/fr\/","title":"Nouveau cardinal dans l\u2019Ordre du Carmel Th\u00e9r\u00e9sien - CARMES D\u00c9CHAUX","type":"rich","width":600,"height":338,"html":"<blockquote class=\"wp-embedded-content\" data-secret=\"vDy1awrnfb\"><a href=\"https:\/\/www.carmelitaniscalzi.com\/fr\/2017\/06\/03\/nouveau-cardinal-dans-lordre-du-carmel-theresien\/\">Nouveau cardinal dans l\u2019Ordre du  Carmel Th\u00e9r\u00e9sien<\/a><\/blockquote><iframe sandbox=\"allow-scripts\" security=\"restricted\" src=\"https:\/\/www.carmelitaniscalzi.com\/fr\/2017\/06\/03\/nouveau-cardinal-dans-lordre-du-carmel-theresien\/embed\/#?secret=vDy1awrnfb\" width=\"600\" height=\"338\" title=\"\u00ab\u00a0Nouveau cardinal dans l\u2019Ordre du  Carmel Th\u00e9r\u00e9sien\u00a0\u00bb &#8212; CARMES D\u00c9CHAUX\" data-secret=\"vDy1awrnfb\" frameborder=\"0\" marginwidth=\"0\" marginheight=\"0\" scrolling=\"no\" class=\"wp-embedded-content\"><\/iframe><script type=\"text\/javascript\">\n\/* <![CDATA[ *\/\n\/*! This file is auto-generated *\/\n!function(d,l){\"use strict\";l.querySelector&&d.addEventListener&&\"undefined\"!=typeof URL&&(d.wp=d.wp||{},d.wp.receiveEmbedMessage||(d.wp.receiveEmbedMessage=function(e){var t=e.data;if((t||t.secret||t.message||t.value)&&!\/[^a-zA-Z0-9]\/.test(t.secret)){for(var s,r,n,a=l.querySelectorAll('iframe[data-secret=\"'+t.secret+'\"]'),o=l.querySelectorAll('blockquote[data-secret=\"'+t.secret+'\"]'),c=new RegExp(\"^https?:$\",\"i\"),i=0;i<o.length;i++)o[i].style.display=\"none\";for(i=0;i<a.length;i++)s=a[i],e.source===s.contentWindow&&(s.removeAttribute(\"style\"),\"height\"===t.message?(1e3<(r=parseInt(t.value,10))?r=1e3:~~r<200&&(r=200),s.height=r):\"link\"===t.message&&(r=new URL(s.getAttribute(\"src\")),n=new URL(t.value),c.test(n.protocol))&&n.host===r.host&&l.activeElement===s&&(d.top.location.href=t.value))}},d.addEventListener(\"message\",d.wp.receiveEmbedMessage,!1),l.addEventListener(\"DOMContentLoaded\",function(){for(var e,t,s=l.querySelectorAll(\"iframe.wp-embedded-content\"),r=0;r<s.length;r++)(t=(e=s[r]).getAttribute(\"data-secret\"))||(t=Math.random().toString(36).substring(2,12),e.src+=\"#?secret=\"+t,e.setAttribute(\"data-secret\",t)),e.contentWindow.postMessage({message:\"ready\",secret:t},\"*\")},!1)))}(window,document);\n\/\/# sourceURL=https:\/\/www.carmelitaniscalzi.com\/wp-includes\/js\/wp-embed.min.js\n\/* ]]> *\/\n<\/script>\n","thumbnail_url":"https:\/\/www.carmelitaniscalzi.com\/wp-content\/uploads\/2017\/06\/0.jpg","thumbnail_width":2228,"thumbnail_height":2941,"description":"Le 21 mai, au cours de l\u2019allocution qui accompagne la pri\u00e8re du\u00a0 \u00abRegina Coeli \u00bb sur la place Saint-Pierre, le Pape a annonc\u00e9 la c\u00e9l\u00e9bration d\u2019un consistoire le 28 juin prochain pour la nomination de cinq nouveaux cardinaux, parmi lesquels se trouve Monseigneur Lars Anders Arborelius, ocd,\u00a0 \u00e9v\u00eaque de Stockholm depuis 1998. Monseigneur Arborelius\u00a0 est [&hellip;]"}