{"id":493057,"date":"2025-07-15T23:55:47","date_gmt":"2025-07-15T21:55:47","guid":{"rendered":"https:\/\/www.carmelitaniscalzi.com\/?post_type=documenti_ocd&#038;p=493057"},"modified":"2025-07-15T23:55:47","modified_gmt":"2025-07-15T21:55:47","slug":"2025_carta-del-preposito-general-stella-maris-una-paz-desarmada-y-desarmante","status":"publish","type":"documenti_ocd","link":"https:\/\/www.carmelitaniscalzi.com\/es\/documentos\/preposito-general\/2025_carta-del-preposito-general-stella-maris-una-paz-desarmada-y-desarmante\/","title":{"rendered":"2025_Carta del Prep\u00f3sito General \u201cStella Maris, una paz desarmada y desarmante.\u201c"},"content":{"rendered":"<h2 class=\"p1\"><a href=\"https:\/\/www.carmelitaniscalzi.com\/wp-content\/uploads\/2025\/07\/2025-07-16-SP-Carta-Stella-Maris-Una-paz-desarmada.pdf\" target=\"_blank\" rel=\"noopener\">DESCARGAR PDF &#8211; CARTA DEL PREP\u00d3SITO GENERAL<\/a><\/h2>\n<h2 class=\"p1\"><a href=\"https:\/\/www.carmelitaniscalzi.com\/wp-content\/uploads\/2025\/07\/2025-07-16-SP-Sintesis-de-la-encuesta-de-Vida-Mariana.pdf\" target=\"_blank\" rel=\"noopener\">DESCARGAR PDF &#8211; RESULTADOS DE LAS ENCUESTAS MARIANAS<\/a><\/h2>\n<h2 class=\"p1\"><a href=\"https:\/\/www.carmelitaniscalzi.com\/wp-content\/uploads\/2025\/07\/2025-07-16-SP-Gra\u0301ficos.pdf\" target=\"_blank\" rel=\"noopener\">DESCARGAR PDF &#8211; GR\u00c1FICOS DE LOS RESULTADOS DE LA ENCUESTA<\/a><\/h2>\n<p>&nbsp;<\/p>\n<a href=\"https:\/\/www.carmelitaniscalzi.com\/wp-content\/uploads\/2025\/07\/2025-07-16-SP-Carta-Stella-Maris-Una-paz-desarmada.pdf\" class=\"pdfemb-viewer\" style=\"\" data-width=\"max\" data-height=\"max\" data-toolbar=\"both\" data-toolbar-fixed=\"on\">2025 07 16 SP Carta Stella Maris Una Paz Desarmada<\/a>\n<h2 class=\"p1\"><a href=\"https:\/\/www.carmelitaniscalzi.com\/wp-content\/uploads\/2025\/07\/2025-07-16-SP-Carta-Stella-Maris-Una-paz-desarmada.pdf\" target=\"_blank\" rel=\"noopener\">DESCARGAR PDF &#8211; CARTA DEL PREP\u00d3SITO GENERAL<\/a><\/h2>\n<a href=\"https:\/\/www.carmelitaniscalzi.com\/wp-content\/uploads\/2025\/07\/2025-07-16-SP-Sintesis-de-la-encuesta-de-Vida-Mariana.pdf\" class=\"pdfemb-viewer\" style=\"\" data-width=\"max\" data-height=\"max\" data-toolbar=\"both\" data-toolbar-fixed=\"on\">2025 07 16 SP Sintesis De La Encuesta De Vida Mariana<\/a>\n<h2 class=\"p1\"><a href=\"https:\/\/www.carmelitaniscalzi.com\/wp-content\/uploads\/2025\/07\/2025-07-16-SP-Sintesis-de-la-encuesta-de-Vida-Mariana.pdf\" target=\"_blank\" rel=\"noopener\">DESCARGAR PDF &#8211; RESULTADOS DE LAS ENCUESTAS MARIANAS<\/a><\/h2>\n<a href=\"https:\/\/www.carmelitaniscalzi.com\/wp-content\/uploads\/2025\/07\/2025-07-16-SP-Gra\u0301ficos.pdf\" class=\"pdfemb-viewer\" style=\"\" data-width=\"max\" data-height=\"max\" data-toolbar=\"both\" data-toolbar-fixed=\"on\">2025 07 16 SP Gra\u0301ficos<\/a>\n<h2 class=\"p1\"><a href=\"https:\/\/www.carmelitaniscalzi.com\/wp-content\/uploads\/2025\/07\/2025-07-16-SP-Gra\u0301ficos.pdf\" target=\"_blank\" rel=\"noopener\">DESCARGAR PDF &#8211; GR\u00c1FICOS DE LOS RESULTADOS DE LA ENCUESTA<\/a><\/h2>\n","protected":false},"featured_media":493127,"parent":4595,"menu_order":-48,"template":"","format":"standard","meta":{"_acf_changed":false,"footnotes":""},"categoria_documenti":[938],"class_list":["post-493057","documenti_ocd","type-documenti_ocd","status-publish","format-standard","has-post-thumbnail","hentry","categoria_documenti-preposito-general"],"acf":[],"yoast_head":"<!-- This site is optimized with the Yoast SEO plugin v26.3 - https:\/\/yoast.com\/wordpress\/plugins\/seo\/ -->\n<title>2025_Carta del Prep\u00f3sito General \u201cStella Maris, una paz desarmada y desarmante.\u201c - CARMELITAS DESCALZOS<\/title>\n<meta name=\"robots\" content=\"index, follow, max-snippet:-1, max-image-preview:large, max-video-preview:-1\" \/>\n<link rel=\"canonical\" href=\"https:\/\/www.carmelitaniscalzi.com\/es\/documentos\/preposito-general\/2025_carta-del-preposito-general-stella-maris-una-paz-desarmada-y-desarmante\/\" \/>\n<meta property=\"og:locale\" content=\"es_ES\" \/>\n<meta property=\"og:type\" content=\"article\" \/>\n<meta property=\"og:title\" content=\"2025_Carta del Prep\u00f3sito General \u201cStella Maris, una paz desarmada y desarmante.\u201c - CARMELITAS DESCALZOS\" \/>\n<meta property=\"og:description\" content=\"DESCARGAR PDF &#8211; CARTA DEL PREP\u00d3SITO GENERAL DESCARGAR PDF &#8211; RESULTADOS DE LAS ENCUESTAS MARIANAS DESCARGAR PDF &#8211; GR\u00c1FICOS DE LOS RESULTADOS DE LA ENCUESTA &nbsp; DESCARGAR PDF &#8211; CARTA DEL PREP\u00d3SITO GENERAL DESCARGAR PDF &#8211; RESULTADOS DE LAS ENCUESTAS MARIANAS DESCARGAR PDF &#8211; GR\u00c1FICOS DE LOS RESULTADOS DE LA ENCUESTA\" \/>\n<meta property=\"og:url\" content=\"https:\/\/www.carmelitaniscalzi.com\/es\/documentos\/preposito-general\/2025_carta-del-preposito-general-stella-maris-una-paz-desarmada-y-desarmante\/\" \/>\n<meta property=\"og:site_name\" content=\"CARMELITAS DESCALZOS\" \/>\n<meta property=\"article:publisher\" content=\"https:\/\/www.facebook.com\/Curia-Generalizia-Carmelitani-Scalzi-658766940887784\/\" \/>\n<meta property=\"og:image\" content=\"https:\/\/www.carmelitaniscalzi.com\/wp-content\/uploads\/2025\/07\/cover_letter_stellamaris2.jpg\" \/>\n\t<meta property=\"og:image:width\" content=\"1200\" \/>\n\t<meta property=\"og:image:height\" content=\"800\" \/>\n\t<meta property=\"og:image:type\" content=\"image\/jpeg\" \/>\n<meta name=\"twitter:card\" content=\"summary_large_image\" \/>\n<meta name=\"twitter:site\" content=\"@ocdcuria\" \/>\n<meta name=\"twitter:label1\" content=\"Tiempo de lectura\" \/>\n\t<meta name=\"twitter:data1\" content=\"1 minuto\" \/>\n<script type=\"application\/ld+json\" class=\"yoast-schema-graph\">{\"@context\":\"https:\/\/schema.org\",\"@graph\":[{\"@type\":\"WebPage\",\"@id\":\"https:\/\/www.carmelitaniscalzi.com\/es\/documentos\/preposito-general\/2025_carta-del-preposito-general-stella-maris-una-paz-desarmada-y-desarmante\/\",\"url\":\"https:\/\/www.carmelitaniscalzi.com\/es\/documentos\/preposito-general\/2025_carta-del-preposito-general-stella-maris-una-paz-desarmada-y-desarmante\/\",\"name\":\"2025_Carta del Prep\u00f3sito General \u201cStella Maris, una paz desarmada y desarmante.\u201c - CARMELITAS DESCALZOS\",\"isPartOf\":{\"@id\":\"https:\/\/www.carmelitaniscalzi.com\/#website\"},\"primaryImageOfPage\":{\"@id\":\"https:\/\/www.carmelitaniscalzi.com\/es\/documentos\/preposito-general\/2025_carta-del-preposito-general-stella-maris-una-paz-desarmada-y-desarmante\/#primaryimage\"},\"image\":{\"@id\":\"https:\/\/www.carmelitaniscalzi.com\/es\/documentos\/preposito-general\/2025_carta-del-preposito-general-stella-maris-una-paz-desarmada-y-desarmante\/#primaryimage\"},\"thumbnailUrl\":\"https:\/\/www.carmelitaniscalzi.com\/wp-content\/uploads\/2025\/07\/cover_letter_stellamaris2.jpg\",\"datePublished\":\"2025-07-15T21:55:47+00:00\",\"breadcrumb\":{\"@id\":\"https:\/\/www.carmelitaniscalzi.com\/es\/documentos\/preposito-general\/2025_carta-del-preposito-general-stella-maris-una-paz-desarmada-y-desarmante\/#breadcrumb\"},\"inLanguage\":\"es\",\"potentialAction\":[{\"@type\":\"ReadAction\",\"target\":[\"https:\/\/www.carmelitaniscalzi.com\/es\/documentos\/preposito-general\/2025_carta-del-preposito-general-stella-maris-una-paz-desarmada-y-desarmante\/\"]}]},{\"@type\":\"ImageObject\",\"inLanguage\":\"es\",\"@id\":\"https:\/\/www.carmelitaniscalzi.com\/es\/documentos\/preposito-general\/2025_carta-del-preposito-general-stella-maris-una-paz-desarmada-y-desarmante\/#primaryimage\",\"url\":\"https:\/\/www.carmelitaniscalzi.com\/wp-content\/uploads\/2025\/07\/cover_letter_stellamaris2.jpg\",\"contentUrl\":\"https:\/\/www.carmelitaniscalzi.com\/wp-content\/uploads\/2025\/07\/cover_letter_stellamaris2.jpg\",\"width\":1200,\"height\":800},{\"@type\":\"BreadcrumbList\",\"@id\":\"https:\/\/www.carmelitaniscalzi.com\/es\/documentos\/preposito-general\/2025_carta-del-preposito-general-stella-maris-una-paz-desarmada-y-desarmante\/#breadcrumb\",\"itemListElement\":[{\"@type\":\"ListItem\",\"position\":1,\"name\":\"Home\",\"item\":\"https:\/\/www.carmelitaniscalzi.com\/es\/\"},{\"@type\":\"ListItem\",\"position\":2,\"name\":\"Documentos\",\"item\":\"https:\/\/www.carmelitaniscalzi.com\/es\/documentos\/\"},{\"@type\":\"ListItem\",\"position\":3,\"name\":\"Prep\u00f3sito General\",\"item\":\"https:\/\/www.carmelitaniscalzi.com\/es\/documentos\/preposito-general\/\"},{\"@type\":\"ListItem\",\"position\":4,\"name\":\"2025_Carta del Prep\u00f3sito General \u201cStella Maris, una paz desarmada y desarmante.\u201c\"}]},{\"@type\":\"WebSite\",\"@id\":\"https:\/\/www.carmelitaniscalzi.com\/#website\",\"url\":\"https:\/\/www.carmelitaniscalzi.com\/\",\"name\":\"CARMELITANI SCALZI - Curia Generale del Carmelo Teresiano\",\"description\":\"Curia General del Carmelo Teresiano\",\"publisher\":{\"@id\":\"https:\/\/www.carmelitaniscalzi.com\/#organization\"},\"alternateName\":\"CARMELITANI SCALZI\",\"potentialAction\":[{\"@type\":\"SearchAction\",\"target\":{\"@type\":\"EntryPoint\",\"urlTemplate\":\"https:\/\/www.carmelitaniscalzi.com\/?s={search_term_string}\"},\"query-input\":{\"@type\":\"PropertyValueSpecification\",\"valueRequired\":true,\"valueName\":\"search_term_string\"}}],\"inLanguage\":\"es\"},{\"@type\":\"Organization\",\"@id\":\"https:\/\/www.carmelitaniscalzi.com\/#organization\",\"name\":\"CARMELITANI SCALZI - Curia Generale del Carmelo Teresiano\",\"url\":\"https:\/\/www.carmelitaniscalzi.com\/\",\"logo\":{\"@type\":\"ImageObject\",\"inLanguage\":\"es\",\"@id\":\"https:\/\/www.carmelitaniscalzi.com\/#\/schema\/logo\/image\/\",\"url\":\"https:\/\/www.carmelitaniscalzi.com\/wp-content\/uploads\/2025\/11\/login-logo.png\",\"contentUrl\":\"https:\/\/www.carmelitaniscalzi.com\/wp-content\/uploads\/2025\/11\/login-logo.png\",\"width\":256,\"height\":256,\"caption\":\"CARMELITANI SCALZI - Curia Generale del Carmelo Teresiano\"},\"image\":{\"@id\":\"https:\/\/www.carmelitaniscalzi.com\/#\/schema\/logo\/image\/\"},\"sameAs\":[\"https:\/\/www.facebook.com\/Curia-Generalizia-Carmelitani-Scalzi-658766940887784\/\",\"https:\/\/x.com\/ocdcuria\",\"https:\/\/www.youtube.com\/channel\/UC2J5ZL0ycOY0qBSTCLX_NGQ\/videos\",\"https:\/\/www.instagram.com\/ocdinform\/\"]}]}<\/script>\n<!-- \/ Yoast SEO plugin. -->","yoast_head_json":{"title":"2025_Carta del Prep\u00f3sito General \u201cStella Maris, una paz desarmada y desarmante.\u201c - CARMELITAS DESCALZOS","robots":{"index":"index","follow":"follow","max-snippet":"max-snippet:-1","max-image-preview":"max-image-preview:large","max-video-preview":"max-video-preview:-1"},"canonical":"https:\/\/www.carmelitaniscalzi.com\/es\/documentos\/preposito-general\/2025_carta-del-preposito-general-stella-maris-una-paz-desarmada-y-desarmante\/","og_locale":"es_ES","og_type":"article","og_title":"2025_Carta del Prep\u00f3sito General \u201cStella Maris, una paz desarmada y desarmante.\u201c - CARMELITAS DESCALZOS","og_description":"DESCARGAR PDF &#8211; CARTA DEL PREP\u00d3SITO GENERAL DESCARGAR PDF &#8211; RESULTADOS DE LAS ENCUESTAS MARIANAS DESCARGAR PDF &#8211; GR\u00c1FICOS DE LOS RESULTADOS DE LA ENCUESTA &nbsp; DESCARGAR PDF &#8211; CARTA DEL PREP\u00d3SITO GENERAL DESCARGAR PDF &#8211; RESULTADOS DE LAS ENCUESTAS MARIANAS DESCARGAR PDF &#8211; GR\u00c1FICOS DE LOS RESULTADOS DE LA ENCUESTA","og_url":"https:\/\/www.carmelitaniscalzi.com\/es\/documentos\/preposito-general\/2025_carta-del-preposito-general-stella-maris-una-paz-desarmada-y-desarmante\/","og_site_name":"CARMELITAS DESCALZOS","article_publisher":"https:\/\/www.facebook.com\/Curia-Generalizia-Carmelitani-Scalzi-658766940887784\/","og_image":[{"width":1200,"height":800,"url":"https:\/\/www.carmelitaniscalzi.com\/wp-content\/uploads\/2025\/07\/cover_letter_stellamaris2.jpg","type":"image\/jpeg"}],"twitter_card":"summary_large_image","twitter_site":"@ocdcuria","twitter_misc":{"Tiempo de lectura":"1 minuto"},"schema":{"@context":"https:\/\/schema.org","@graph":[{"@type":"WebPage","@id":"https:\/\/www.carmelitaniscalzi.com\/es\/documentos\/preposito-general\/2025_carta-del-preposito-general-stella-maris-una-paz-desarmada-y-desarmante\/","url":"https:\/\/www.carmelitaniscalzi.com\/es\/documentos\/preposito-general\/2025_carta-del-preposito-general-stella-maris-una-paz-desarmada-y-desarmante\/","name":"2025_Carta del Prep\u00f3sito General \u201cStella Maris, una paz desarmada y desarmante.\u201c - CARMELITAS DESCALZOS","isPartOf":{"@id":"https:\/\/www.carmelitaniscalzi.com\/#website"},"primaryImageOfPage":{"@id":"https:\/\/www.carmelitaniscalzi.com\/es\/documentos\/preposito-general\/2025_carta-del-preposito-general-stella-maris-una-paz-desarmada-y-desarmante\/#primaryimage"},"image":{"@id":"https:\/\/www.carmelitaniscalzi.com\/es\/documentos\/preposito-general\/2025_carta-del-preposito-general-stella-maris-una-paz-desarmada-y-desarmante\/#primaryimage"},"thumbnailUrl":"https:\/\/www.carmelitaniscalzi.com\/wp-content\/uploads\/2025\/07\/cover_letter_stellamaris2.jpg","datePublished":"2025-07-15T21:55:47+00:00","breadcrumb":{"@id":"https:\/\/www.carmelitaniscalzi.com\/es\/documentos\/preposito-general\/2025_carta-del-preposito-general-stella-maris-una-paz-desarmada-y-desarmante\/#breadcrumb"},"inLanguage":"es","potentialAction":[{"@type":"ReadAction","target":["https:\/\/www.carmelitaniscalzi.com\/es\/documentos\/preposito-general\/2025_carta-del-preposito-general-stella-maris-una-paz-desarmada-y-desarmante\/"]}]},{"@type":"ImageObject","inLanguage":"es","@id":"https:\/\/www.carmelitaniscalzi.com\/es\/documentos\/preposito-general\/2025_carta-del-preposito-general-stella-maris-una-paz-desarmada-y-desarmante\/#primaryimage","url":"https:\/\/www.carmelitaniscalzi.com\/wp-content\/uploads\/2025\/07\/cover_letter_stellamaris2.jpg","contentUrl":"https:\/\/www.carmelitaniscalzi.com\/wp-content\/uploads\/2025\/07\/cover_letter_stellamaris2.jpg","width":1200,"height":800},{"@type":"BreadcrumbList","@id":"https:\/\/www.carmelitaniscalzi.com\/es\/documentos\/preposito-general\/2025_carta-del-preposito-general-stella-maris-una-paz-desarmada-y-desarmante\/#breadcrumb","itemListElement":[{"@type":"ListItem","position":1,"name":"Home","item":"https:\/\/www.carmelitaniscalzi.com\/es\/"},{"@type":"ListItem","position":2,"name":"Documentos","item":"https:\/\/www.carmelitaniscalzi.com\/es\/documentos\/"},{"@type":"ListItem","position":3,"name":"Prep\u00f3sito General","item":"https:\/\/www.carmelitaniscalzi.com\/es\/documentos\/preposito-general\/"},{"@type":"ListItem","position":4,"name":"2025_Carta del Prep\u00f3sito General \u201cStella Maris, una paz desarmada y desarmante.\u201c"}]},{"@type":"WebSite","@id":"https:\/\/www.carmelitaniscalzi.com\/#website","url":"https:\/\/www.carmelitaniscalzi.com\/","name":"CARMELITANI SCALZI - Curia Generale del Carmelo Teresiano","description":"Curia General del Carmelo Teresiano","publisher":{"@id":"https:\/\/www.carmelitaniscalzi.com\/#organization"},"alternateName":"CARMELITANI SCALZI","potentialAction":[{"@type":"SearchAction","target":{"@type":"EntryPoint","urlTemplate":"https:\/\/www.carmelitaniscalzi.com\/?s={search_term_string}"},"query-input":{"@type":"PropertyValueSpecification","valueRequired":true,"valueName":"search_term_string"}}],"inLanguage":"es"},{"@type":"Organization","@id":"https:\/\/www.carmelitaniscalzi.com\/#organization","name":"CARMELITANI SCALZI - Curia Generale del Carmelo Teresiano","url":"https:\/\/www.carmelitaniscalzi.com\/","logo":{"@type":"ImageObject","inLanguage":"es","@id":"https:\/\/www.carmelitaniscalzi.com\/#\/schema\/logo\/image\/","url":"https:\/\/www.carmelitaniscalzi.com\/wp-content\/uploads\/2025\/11\/login-logo.png","contentUrl":"https:\/\/www.carmelitaniscalzi.com\/wp-content\/uploads\/2025\/11\/login-logo.png","width":256,"height":256,"caption":"CARMELITANI SCALZI - Curia Generale del Carmelo Teresiano"},"image":{"@id":"https:\/\/www.carmelitaniscalzi.com\/#\/schema\/logo\/image\/"},"sameAs":["https:\/\/www.facebook.com\/Curia-Generalizia-Carmelitani-Scalzi-658766940887784\/","https:\/\/x.com\/ocdcuria","https:\/\/www.youtube.com\/channel\/UC2J5ZL0ycOY0qBSTCLX_NGQ\/videos","https:\/\/www.instagram.com\/ocdinform\/"]}]}},"_links":{"self":[{"href":"https:\/\/www.carmelitaniscalzi.com\/es\/wp-json\/wp\/v2\/documenti_ocd\/493057","targetHints":{"allow":["GET"]}}],"collection":[{"href":"https:\/\/www.carmelitaniscalzi.com\/es\/wp-json\/wp\/v2\/documenti_ocd"}],"about":[{"href":"https:\/\/www.carmelitaniscalzi.com\/es\/wp-json\/wp\/v2\/types\/documenti_ocd"}],"version-history":[{"count":1,"href":"https:\/\/www.carmelitaniscalzi.com\/es\/wp-json\/wp\/v2\/documenti_ocd\/493057\/revisions"}],"predecessor-version":[{"id":493076,"href":"https:\/\/www.carmelitaniscalzi.com\/es\/wp-json\/wp\/v2\/documenti_ocd\/493057\/revisions\/493076"}],"up":[{"embeddable":true,"href":"https:\/\/www.carmelitaniscalzi.com\/es\/wp-json\/wp\/v2\/documenti_ocd\/4595"}],"wp:featuredmedia":[{"embeddable":true,"href":"https:\/\/www.carmelitaniscalzi.com\/es\/wp-json\/wp\/v2\/media\/493127"}],"wp:attachment":[{"href":"https:\/\/www.carmelitaniscalzi.com\/es\/wp-json\/wp\/v2\/media?parent=493057"}],"wp:term":[{"taxonomy":"categoria_documenti","embeddable":true,"href":"https:\/\/www.carmelitaniscalzi.com\/es\/wp-json\/wp\/v2\/categoria_documenti?post=493057"}],"curies":[{"name":"wp","href":"https:\/\/api.w.org\/{rel}","templated":true}]}}