{"id":88107,"date":"2021-10-14T15:09:38","date_gmt":"2021-10-14T13:09:38","guid":{"rendered":"https:\/\/www.carmelitaniscalzi.com\/?post_type=curia&#038;p=88107"},"modified":"2022-01-21T00:23:22","modified_gmt":"2022-01-20T23:23:22","slug":"p-jean-baptiste-pagabeleguem","status":"publish","type":"curia","link":"https:\/\/www.carmelitaniscalzi.com\/es\/curia-general\/definidores\/p-jean-baptiste-pagabeleguem\/","title":{"rendered":"VIII Definidor \u2022 De la Delegaci\u00f3n de Santa Teresa Benedicta de la Cruz (Burkina Faso, Costa de Marfil y Togo) de la Provincia Ib\u00e9rica"},"content":{"rendered":"<p>&nbsp;<\/p>\n<h2>Biograf\u00eca<\/h2>\n<p>Naci\u00f3 el 31 de diciembre de 1980. Tras conseguir el bachillerato A4 en filosof\u00eda y letras realiz\u00f3 su primera experiencia de vida fraterna en el convento de carmelitas descalzos de D\u00e9dougou en Burkina Faso en el mes de octubre de 2002. Entre 2003 y 2005 realiz\u00f3 su postulantado, estudiando filosof\u00eda en el seminario mayor de San Pedro y San Pablo en Ouagadougou durante el mismo periodo. En el 2005 comenz\u00f3 su noviciado en D\u00e9dougou y emiti\u00f3 los votos simples el 8 de septiembre de 2006. Entre 2006 y 2009 estudi\u00f3 teolog\u00eda en el entonces Centro de formaci\u00f3n misionera de Abidjan (Costa de Marfil), actualmente Instituto cat\u00f3lico de Abidjan, afiliado a la Universidad Cat\u00f3lica de la misma ciudad. Terminados sus estudios hizo la profesi\u00f3n solemne el 12 de diciembre de 2009 y fue ordenado di\u00e1cono el 14 de diciembre del mismo a\u00f1o. El 10 de julio de 2010 fue ordenado sacerdote en D\u00e9dougou.<\/p>\n<p>Despu\u00e9s de dos a\u00f1os de ministerio parroquial como responsable de los j\u00f3venes y ec\u00f3nomo de la comunidad, se traslad\u00f3 a Espa\u00f1a, donde obtuvo la licencia en Derecho Can\u00f3nico por la Universidad Pontificia de Salamanca (Espa\u00f1a), en el 2014. En septiembre de 2014 fue nombrado maestro de estudiantes de la delegaci\u00f3n y el 8 de septiembre de 2020 fue elegido delegado provincial, cargos que desempe\u00f1\u00f3 hasta su elecci\u00f3n como definidor general en el Cap\u00edtulo general celebrado en Roma en septiembre de 2021.<\/p>\n","protected":false},"featured_media":111598,"parent":4585,"menu_order":8,"template":"","format":"standard","meta":{"_acf_changed":false,"footnotes":""},"carica_cauria":[829],"class_list":["post-88107","curia","type-curia","status-publish","format-standard","has-post-thumbnail","hentry","carica_cauria-definidores-es"],"acf":[],"yoast_head":"<!-- This site is optimized with the Yoast SEO plugin v26.3 - https:\/\/yoast.com\/wordpress\/plugins\/seo\/ -->\n<title>VIII Definidor \u2022 De la Delegaci\u00f3n de Santa Teresa Benedicta de la Cruz (Burkina Faso, Costa de Marfil y Togo) de la Provincia Ib\u00e9rica - CARMELITAS DESCALZOS<\/title>\n<meta name=\"robots\" content=\"index, follow, max-snippet:-1, max-image-preview:large, max-video-preview:-1\" \/>\n<link rel=\"canonical\" href=\"https:\/\/www.carmelitaniscalzi.com\/es\/curia-general\/definidores\/p-jean-baptiste-pagabeleguem\/\" \/>\n<meta property=\"og:locale\" content=\"es_ES\" \/>\n<meta property=\"og:type\" content=\"article\" \/>\n<meta property=\"og:title\" content=\"VIII Definidor \u2022 De la Delegaci\u00f3n de Santa Teresa Benedicta de la Cruz (Burkina Faso, Costa de Marfil y Togo) de la Provincia Ib\u00e9rica - CARMELITAS DESCALZOS\" \/>\n<meta property=\"og:description\" content=\"&nbsp; Biograf\u00eca Naci\u00f3 el 31 de diciembre de 1980. Tras conseguir el bachillerato A4 en filosof\u00eda y letras realiz\u00f3 su primera experiencia de vida fraterna en el convento de carmelitas descalzos de D\u00e9dougou en Burkina Faso en el mes de octubre de 2002. Entre 2003 y 2005 realiz\u00f3 su postulantado, estudiando filosof\u00eda en el seminario [&hellip;]\" \/>\n<meta property=\"og:url\" content=\"https:\/\/www.carmelitaniscalzi.com\/es\/curia-general\/definidores\/p-jean-baptiste-pagabeleguem\/\" \/>\n<meta property=\"og:site_name\" content=\"CARMELITAS DESCALZOS\" \/>\n<meta property=\"article:publisher\" content=\"https:\/\/www.facebook.com\/Curia-Generalizia-Carmelitani-Scalzi-658766940887784\/\" \/>\n<meta property=\"article:modified_time\" content=\"2022-01-20T23:23:22+00:00\" \/>\n<meta property=\"og:image\" content=\"https:\/\/www.carmelitaniscalzi.com\/wp-content\/uploads\/2022\/01\/pagabelguem_profile.jpg\" \/>\n\t<meta property=\"og:image:width\" content=\"600\" \/>\n\t<meta property=\"og:image:height\" content=\"600\" \/>\n\t<meta property=\"og:image:type\" content=\"image\/jpeg\" \/>\n<meta name=\"twitter:card\" content=\"summary_large_image\" \/>\n<meta name=\"twitter:site\" content=\"@ocdcuria\" \/>\n<meta name=\"twitter:label1\" content=\"Tiempo de lectura\" \/>\n\t<meta name=\"twitter:data1\" content=\"1 minuto\" \/>\n<script type=\"application\/ld+json\" class=\"yoast-schema-graph\">{\"@context\":\"https:\/\/schema.org\",\"@graph\":[{\"@type\":\"WebPage\",\"@id\":\"https:\/\/www.carmelitaniscalzi.com\/es\/curia-general\/definidores\/p-jean-baptiste-pagabeleguem\/\",\"url\":\"https:\/\/www.carmelitaniscalzi.com\/es\/curia-general\/definidores\/p-jean-baptiste-pagabeleguem\/\",\"name\":\"VIII Definidor \u2022 De la Delegaci\u00f3n de Santa Teresa Benedicta de la Cruz (Burkina Faso, Costa de Marfil y Togo) de la Provincia Ib\u00e9rica - CARMELITAS DESCALZOS\",\"isPartOf\":{\"@id\":\"https:\/\/www.carmelitaniscalzi.com\/#website\"},\"primaryImageOfPage\":{\"@id\":\"https:\/\/www.carmelitaniscalzi.com\/es\/curia-general\/definidores\/p-jean-baptiste-pagabeleguem\/#primaryimage\"},\"image\":{\"@id\":\"https:\/\/www.carmelitaniscalzi.com\/es\/curia-general\/definidores\/p-jean-baptiste-pagabeleguem\/#primaryimage\"},\"thumbnailUrl\":\"https:\/\/www.carmelitaniscalzi.com\/wp-content\/uploads\/2022\/01\/pagabelguem_profile.jpg\",\"datePublished\":\"2021-10-14T13:09:38+00:00\",\"dateModified\":\"2022-01-20T23:23:22+00:00\",\"breadcrumb\":{\"@id\":\"https:\/\/www.carmelitaniscalzi.com\/es\/curia-general\/definidores\/p-jean-baptiste-pagabeleguem\/#breadcrumb\"},\"inLanguage\":\"es\",\"potentialAction\":[{\"@type\":\"ReadAction\",\"target\":[\"https:\/\/www.carmelitaniscalzi.com\/es\/curia-general\/definidores\/p-jean-baptiste-pagabeleguem\/\"]}]},{\"@type\":\"ImageObject\",\"inLanguage\":\"es\",\"@id\":\"https:\/\/www.carmelitaniscalzi.com\/es\/curia-general\/definidores\/p-jean-baptiste-pagabeleguem\/#primaryimage\",\"url\":\"https:\/\/www.carmelitaniscalzi.com\/wp-content\/uploads\/2022\/01\/pagabelguem_profile.jpg\",\"contentUrl\":\"https:\/\/www.carmelitaniscalzi.com\/wp-content\/uploads\/2022\/01\/pagabelguem_profile.jpg\",\"width\":600,\"height\":600},{\"@type\":\"BreadcrumbList\",\"@id\":\"https:\/\/www.carmelitaniscalzi.com\/es\/curia-general\/definidores\/p-jean-baptiste-pagabeleguem\/#breadcrumb\",\"itemListElement\":[{\"@type\":\"ListItem\",\"position\":1,\"name\":\"Home\",\"item\":\"https:\/\/www.carmelitaniscalzi.com\/es\/\"},{\"@type\":\"ListItem\",\"position\":2,\"name\":\"Curia General\",\"item\":\"https:\/\/www.carmelitaniscalzi.com\/es\/curia-general\/\"},{\"@type\":\"ListItem\",\"position\":3,\"name\":\"Definidores\",\"item\":\"https:\/\/www.carmelitaniscalzi.com\/es\/curia-general\/definidores\/\"},{\"@type\":\"ListItem\",\"position\":4,\"name\":\"VIII Definidor \u2022 De la Delegaci\u00f3n de Santa Teresa Benedicta de la Cruz (Burkina Faso, Costa de Marfil y Togo) de la Provincia Ib\u00e9rica\"}]},{\"@type\":\"WebSite\",\"@id\":\"https:\/\/www.carmelitaniscalzi.com\/#website\",\"url\":\"https:\/\/www.carmelitaniscalzi.com\/\",\"name\":\"CARMELITANI SCALZI - Curia Generale del Carmelo Teresiano\",\"description\":\"Curia General del Carmelo Teresiano\",\"publisher\":{\"@id\":\"https:\/\/www.carmelitaniscalzi.com\/#organization\"},\"alternateName\":\"CARMELITANI SCALZI\",\"potentialAction\":[{\"@type\":\"SearchAction\",\"target\":{\"@type\":\"EntryPoint\",\"urlTemplate\":\"https:\/\/www.carmelitaniscalzi.com\/?s={search_term_string}\"},\"query-input\":{\"@type\":\"PropertyValueSpecification\",\"valueRequired\":true,\"valueName\":\"search_term_string\"}}],\"inLanguage\":\"es\"},{\"@type\":\"Organization\",\"@id\":\"https:\/\/www.carmelitaniscalzi.com\/#organization\",\"name\":\"CARMELITANI SCALZI - Curia Generale del Carmelo Teresiano\",\"url\":\"https:\/\/www.carmelitaniscalzi.com\/\",\"logo\":{\"@type\":\"ImageObject\",\"inLanguage\":\"es\",\"@id\":\"https:\/\/www.carmelitaniscalzi.com\/#\/schema\/logo\/image\/\",\"url\":\"https:\/\/www.carmelitaniscalzi.com\/wp-content\/uploads\/2025\/11\/login-logo.png\",\"contentUrl\":\"https:\/\/www.carmelitaniscalzi.com\/wp-content\/uploads\/2025\/11\/login-logo.png\",\"width\":256,\"height\":256,\"caption\":\"CARMELITANI SCALZI - Curia Generale del Carmelo Teresiano\"},\"image\":{\"@id\":\"https:\/\/www.carmelitaniscalzi.com\/#\/schema\/logo\/image\/\"},\"sameAs\":[\"https:\/\/www.facebook.com\/Curia-Generalizia-Carmelitani-Scalzi-658766940887784\/\",\"https:\/\/x.com\/ocdcuria\",\"https:\/\/www.youtube.com\/channel\/UC2J5ZL0ycOY0qBSTCLX_NGQ\/videos\",\"https:\/\/www.instagram.com\/ocdinform\/\"]}]}<\/script>\n<!-- \/ Yoast SEO plugin. -->","yoast_head_json":{"title":"VIII Definidor \u2022 De la Delegaci\u00f3n de Santa Teresa Benedicta de la Cruz (Burkina Faso, Costa de Marfil y Togo) de la Provincia Ib\u00e9rica - CARMELITAS DESCALZOS","robots":{"index":"index","follow":"follow","max-snippet":"max-snippet:-1","max-image-preview":"max-image-preview:large","max-video-preview":"max-video-preview:-1"},"canonical":"https:\/\/www.carmelitaniscalzi.com\/es\/curia-general\/definidores\/p-jean-baptiste-pagabeleguem\/","og_locale":"es_ES","og_type":"article","og_title":"VIII Definidor \u2022 De la Delegaci\u00f3n de Santa Teresa Benedicta de la Cruz (Burkina Faso, Costa de Marfil y Togo) de la Provincia Ib\u00e9rica - CARMELITAS DESCALZOS","og_description":"&nbsp; Biograf\u00eca Naci\u00f3 el 31 de diciembre de 1980. Tras conseguir el bachillerato A4 en filosof\u00eda y letras realiz\u00f3 su primera experiencia de vida fraterna en el convento de carmelitas descalzos de D\u00e9dougou en Burkina Faso en el mes de octubre de 2002. Entre 2003 y 2005 realiz\u00f3 su postulantado, estudiando filosof\u00eda en el seminario [&hellip;]","og_url":"https:\/\/www.carmelitaniscalzi.com\/es\/curia-general\/definidores\/p-jean-baptiste-pagabeleguem\/","og_site_name":"CARMELITAS DESCALZOS","article_publisher":"https:\/\/www.facebook.com\/Curia-Generalizia-Carmelitani-Scalzi-658766940887784\/","article_modified_time":"2022-01-20T23:23:22+00:00","og_image":[{"width":600,"height":600,"url":"https:\/\/www.carmelitaniscalzi.com\/wp-content\/uploads\/2022\/01\/pagabelguem_profile.jpg","type":"image\/jpeg"}],"twitter_card":"summary_large_image","twitter_site":"@ocdcuria","twitter_misc":{"Tiempo de lectura":"1 minuto"},"schema":{"@context":"https:\/\/schema.org","@graph":[{"@type":"WebPage","@id":"https:\/\/www.carmelitaniscalzi.com\/es\/curia-general\/definidores\/p-jean-baptiste-pagabeleguem\/","url":"https:\/\/www.carmelitaniscalzi.com\/es\/curia-general\/definidores\/p-jean-baptiste-pagabeleguem\/","name":"VIII Definidor \u2022 De la Delegaci\u00f3n de Santa Teresa Benedicta de la Cruz (Burkina Faso, Costa de Marfil y Togo) de la Provincia Ib\u00e9rica - CARMELITAS DESCALZOS","isPartOf":{"@id":"https:\/\/www.carmelitaniscalzi.com\/#website"},"primaryImageOfPage":{"@id":"https:\/\/www.carmelitaniscalzi.com\/es\/curia-general\/definidores\/p-jean-baptiste-pagabeleguem\/#primaryimage"},"image":{"@id":"https:\/\/www.carmelitaniscalzi.com\/es\/curia-general\/definidores\/p-jean-baptiste-pagabeleguem\/#primaryimage"},"thumbnailUrl":"https:\/\/www.carmelitaniscalzi.com\/wp-content\/uploads\/2022\/01\/pagabelguem_profile.jpg","datePublished":"2021-10-14T13:09:38+00:00","dateModified":"2022-01-20T23:23:22+00:00","breadcrumb":{"@id":"https:\/\/www.carmelitaniscalzi.com\/es\/curia-general\/definidores\/p-jean-baptiste-pagabeleguem\/#breadcrumb"},"inLanguage":"es","potentialAction":[{"@type":"ReadAction","target":["https:\/\/www.carmelitaniscalzi.com\/es\/curia-general\/definidores\/p-jean-baptiste-pagabeleguem\/"]}]},{"@type":"ImageObject","inLanguage":"es","@id":"https:\/\/www.carmelitaniscalzi.com\/es\/curia-general\/definidores\/p-jean-baptiste-pagabeleguem\/#primaryimage","url":"https:\/\/www.carmelitaniscalzi.com\/wp-content\/uploads\/2022\/01\/pagabelguem_profile.jpg","contentUrl":"https:\/\/www.carmelitaniscalzi.com\/wp-content\/uploads\/2022\/01\/pagabelguem_profile.jpg","width":600,"height":600},{"@type":"BreadcrumbList","@id":"https:\/\/www.carmelitaniscalzi.com\/es\/curia-general\/definidores\/p-jean-baptiste-pagabeleguem\/#breadcrumb","itemListElement":[{"@type":"ListItem","position":1,"name":"Home","item":"https:\/\/www.carmelitaniscalzi.com\/es\/"},{"@type":"ListItem","position":2,"name":"Curia General","item":"https:\/\/www.carmelitaniscalzi.com\/es\/curia-general\/"},{"@type":"ListItem","position":3,"name":"Definidores","item":"https:\/\/www.carmelitaniscalzi.com\/es\/curia-general\/definidores\/"},{"@type":"ListItem","position":4,"name":"VIII Definidor \u2022 De la Delegaci\u00f3n de Santa Teresa Benedicta de la Cruz (Burkina Faso, Costa de Marfil y Togo) de la Provincia Ib\u00e9rica"}]},{"@type":"WebSite","@id":"https:\/\/www.carmelitaniscalzi.com\/#website","url":"https:\/\/www.carmelitaniscalzi.com\/","name":"CARMELITANI SCALZI - Curia Generale del Carmelo Teresiano","description":"Curia General del Carmelo Teresiano","publisher":{"@id":"https:\/\/www.carmelitaniscalzi.com\/#organization"},"alternateName":"CARMELITANI SCALZI","potentialAction":[{"@type":"SearchAction","target":{"@type":"EntryPoint","urlTemplate":"https:\/\/www.carmelitaniscalzi.com\/?s={search_term_string}"},"query-input":{"@type":"PropertyValueSpecification","valueRequired":true,"valueName":"search_term_string"}}],"inLanguage":"es"},{"@type":"Organization","@id":"https:\/\/www.carmelitaniscalzi.com\/#organization","name":"CARMELITANI SCALZI - Curia Generale del Carmelo Teresiano","url":"https:\/\/www.carmelitaniscalzi.com\/","logo":{"@type":"ImageObject","inLanguage":"es","@id":"https:\/\/www.carmelitaniscalzi.com\/#\/schema\/logo\/image\/","url":"https:\/\/www.carmelitaniscalzi.com\/wp-content\/uploads\/2025\/11\/login-logo.png","contentUrl":"https:\/\/www.carmelitaniscalzi.com\/wp-content\/uploads\/2025\/11\/login-logo.png","width":256,"height":256,"caption":"CARMELITANI SCALZI - Curia Generale del Carmelo Teresiano"},"image":{"@id":"https:\/\/www.carmelitaniscalzi.com\/#\/schema\/logo\/image\/"},"sameAs":["https:\/\/www.facebook.com\/Curia-Generalizia-Carmelitani-Scalzi-658766940887784\/","https:\/\/x.com\/ocdcuria","https:\/\/www.youtube.com\/channel\/UC2J5ZL0ycOY0qBSTCLX_NGQ\/videos","https:\/\/www.instagram.com\/ocdinform\/"]}]}},"_links":{"self":[{"href":"https:\/\/www.carmelitaniscalzi.com\/es\/wp-json\/wp\/v2\/curia\/88107","targetHints":{"allow":["GET"]}}],"collection":[{"href":"https:\/\/www.carmelitaniscalzi.com\/es\/wp-json\/wp\/v2\/curia"}],"about":[{"href":"https:\/\/www.carmelitaniscalzi.com\/es\/wp-json\/wp\/v2\/types\/curia"}],"version-history":[{"count":7,"href":"https:\/\/www.carmelitaniscalzi.com\/es\/wp-json\/wp\/v2\/curia\/88107\/revisions"}],"predecessor-version":[{"id":112045,"href":"https:\/\/www.carmelitaniscalzi.com\/es\/wp-json\/wp\/v2\/curia\/88107\/revisions\/112045"}],"up":[{"embeddable":true,"href":"https:\/\/www.carmelitaniscalzi.com\/es\/wp-json\/wp\/v2\/curia\/4585"}],"wp:featuredmedia":[{"embeddable":true,"href":"https:\/\/www.carmelitaniscalzi.com\/es\/wp-json\/wp\/v2\/media\/111598"}],"wp:attachment":[{"href":"https:\/\/www.carmelitaniscalzi.com\/es\/wp-json\/wp\/v2\/media?parent=88107"}],"wp:term":[{"taxonomy":"carica_cauria","embeddable":true,"href":"https:\/\/www.carmelitaniscalzi.com\/es\/wp-json\/wp\/v2\/carica_cauria?post=88107"}],"curies":[{"name":"wp","href":"https:\/\/api.w.org\/{rel}","templated":true}]}}