{"id":4629,"date":"2016-06-26T20:46:16","date_gmt":"2016-06-26T18:46:16","guid":{"rendered":"https:\/\/www.carmelitaniscalzi.com\/es\/?page_id=4629"},"modified":"2026-04-17T03:05:57","modified_gmt":"2026-04-17T01:05:57","slug":"economo-general","status":"publish","type":"curia","link":"https:\/\/www.carmelitaniscalzi.com\/es\/curia-general\/economo-general\/","title":{"rendered":"Ec\u00f3nomo General"},"content":{"rendered":"<h3>Biograf\u00eda<\/h3>\n<p>El P. Paolo naci\u00f3 en 1965 en Trento y despu\u00e9s de los estudios del liceo (es perito electrot\u00e9cnico) entr\u00f3 en el convento de la \u201cMadonna delle Laste\u201d en Trento, donde hizo su primera profesi\u00f3n el a\u00f1o 1987. Fue ordenado sacerdote en Brescia el a\u00f1o 1993 y en 1995 nombrado maestro de estudiantes en la misma comunidad. En 1999 fue elegido Prior del convento y casa del noviciado de Trento. Entre los a\u00f1os 2005 y 2011 desempe\u00f1\u00f3 el cargo de Vicedirector del Instituto Nuestra Se\u00f1ora de las Nieves de Adro, del cual fue director entre 2014 y 2017. En el Trienio 2011-2014 fue Vicario provincial de la Provincia de Venecia y Ec\u00f3nomo Provincial.<\/p>\n<h3>Actividad<\/h3>\n<p>Ec\u00f3nomo General desde\u00a06 de diciembre de 2017, su compleja labor abarca los siguientes campos: Administraci\u00f3n de la Casa Generalicia, relaciones econ\u00f3micas con conventos y monasterios ( Fondo Com\u00fan), gesti\u00f3n de los inmuebles de propiedad de la Curia Generalicia, , relaciones con los consultores legales y fiscales, cuidado de las otras estructuras del Centro de la Orden ( Teresianum), balances econ\u00f3micos y financieros ( inversiones mobiliares), balances semestrales a las Provincias, manutenci\u00f3n ordinaria y extraordinaria de la Casa Generalicia y de los otros edificios, relaciones con los proveedores ( alimentos, canciller\u00eda y edificios), contratos de seguros y de alquiler, mantenimiento de los libros contables, gesti\u00f3n del personal dedicado a los servicios de la curia, correspondencia, permisos y licencias urban\u00edsticas, asesor\u00eda econ\u00f3mica a los monasterios.<\/p>\n<h3><\/h3>\n<h3><strong>Para enviar dinero a la Casa General<\/strong><\/h3>\n<h3 class=\"p1\"><span style=\"color: #339966;\"><strong>Datos actualizados a <\/strong><\/span><span style=\"color: #339966;\">30\/04\/2026<\/span><\/h3>\n<p>Nombre de la cuenta:\u00a0<strong>CASA GENERALIZIA DELL\u2019ORDINE DEI PADRI CARMELITANI SCALZI<\/strong><\/p>\n<p>Direcci\u00f3n:\u00a0<strong>CORSO D\u2019ITALIA 38 \u2013 00198 ROMA<\/strong><\/p>\n<h4><\/h4>\n<p>&nbsp;<\/p>\n<h1><span style=\"color: #339966;\"><strong>1. Banco:<\/strong>\u00a0<strong>FINECO BANK<\/strong><\/span><\/h1>\n<p>Direcci\u00f3n: <strong>P.zza DURANTE 11 \u2013 20131 MILANO<\/strong><\/p>\n<p><a href=\"https:\/\/www.carmelitaniscalzi.com\/wp-content\/uploads\/2020\/01\/trasf_sp.png\"><img loading=\"lazy\" decoding=\"async\" class=\"alignnone wp-image-27300 \" src=\"https:\/\/www.carmelitaniscalzi.com\/wp-content\/uploads\/2020\/01\/trasf_sp.png\" width=\"651\" height=\"52\" srcset=\"https:\/\/www.carmelitaniscalzi.com\/wp-content\/uploads\/2020\/01\/trasf_sp.png 2836w, https:\/\/www.carmelitaniscalzi.com\/wp-content\/uploads\/2020\/01\/trasf_sp-300x24.png 300w, https:\/\/www.carmelitaniscalzi.com\/wp-content\/uploads\/2020\/01\/trasf_sp-768x61.png 768w, https:\/\/www.carmelitaniscalzi.com\/wp-content\/uploads\/2020\/01\/trasf_sp-1024x82.png 1024w, https:\/\/www.carmelitaniscalzi.com\/wp-content\/uploads\/2020\/01\/trasf_sp-690x55.png 690w, https:\/\/www.carmelitaniscalzi.com\/wp-content\/uploads\/2020\/01\/trasf_sp-1600x128.png 1600w, https:\/\/www.carmelitaniscalzi.com\/wp-content\/uploads\/2020\/01\/trasf_sp-800x64.png 800w, https:\/\/www.carmelitaniscalzi.com\/wp-content\/uploads\/2020\/01\/trasf_sp-580x46.png 580w\" sizes=\"auto, (max-width: 651px) 100vw, 651px\" \/><\/a><\/p>\n<p><strong>IBAN<\/strong>: IT52S 03015 03200 00000 3646278<\/p>\n<p class=\"x_MsoNormal\"><strong>SWIFT (BIC) transacciones en Europa zona SEPA:<\/strong> FEBIITM1<\/p>\n<p class=\"x_MsoNormal\"><strong>SWIFT (BIC) transacciones fuera zona SEPA:<\/strong> FEBIITM2<\/p>\n<h4><\/h4>\n<p>&nbsp;<\/p>\n<h1><span style=\"color: #339966;\"><strong>2. Banco:<\/strong>\u00a0<strong>ISTITUTO OPERE DI RELIGIONE (IOR)<\/strong><\/span><\/h1>\n<p>Direcci\u00f3n: <strong>Cortile Sisto V \u2013 00120 CITTA\u2019 DEL VATICANO<\/strong><\/p>\n<p class=\"p1\">Trasferencia en<strong> EUR<\/strong><\/p>\n<p class=\"p1\"><strong>IBAN<\/strong>: VA 0900 1000 0000 1000 9014<\/p>\n<p class=\"p1\">Trasferencia en\u00a0<strong>USD<\/strong><\/p>\n<p class=\"p1\"><strong>IBAN<\/strong>: VA 9000 1000 0000 1000 9011<\/p>\n<p><strong>SWIFT (BIC):\u00a0<\/strong>IOPRVAVX<\/p>\n","protected":false},"featured_media":68985,"parent":4575,"menu_order":6,"template":"","format":"standard","meta":{"_acf_changed":false,"footnotes":""},"carica_cauria":[830],"class_list":["post-4629","curia","type-curia","status-publish","format-standard","has-post-thumbnail","hentry","carica_cauria-otras"],"acf":[],"yoast_head":"<!-- This site is optimized with the Yoast SEO plugin v26.3 - https:\/\/yoast.com\/wordpress\/plugins\/seo\/ -->\n<title>Ec\u00f3nomo General - CARMELITAS DESCALZOS<\/title>\n<meta name=\"robots\" content=\"index, follow, max-snippet:-1, max-image-preview:large, max-video-preview:-1\" \/>\n<link rel=\"canonical\" href=\"https:\/\/www.carmelitaniscalzi.com\/es\/curia-general\/economo-general\/\" \/>\n<meta property=\"og:locale\" content=\"es_ES\" \/>\n<meta property=\"og:type\" content=\"article\" \/>\n<meta property=\"og:title\" content=\"Ec\u00f3nomo General - CARMELITAS DESCALZOS\" \/>\n<meta property=\"og:description\" content=\"Biograf\u00eda El P. Paolo naci\u00f3 en 1965 en Trento y despu\u00e9s de los estudios del liceo (es perito electrot\u00e9cnico) entr\u00f3 en el convento de la \u201cMadonna delle Laste\u201d en Trento, donde hizo su primera profesi\u00f3n el a\u00f1o 1987. Fue ordenado sacerdote en Brescia el a\u00f1o 1993 y en 1995 nombrado maestro de estudiantes en la [&hellip;]\" \/>\n<meta property=\"og:url\" content=\"https:\/\/www.carmelitaniscalzi.com\/es\/curia-general\/economo-general\/\" \/>\n<meta property=\"og:site_name\" content=\"CARMELITAS DESCALZOS\" \/>\n<meta property=\"article:publisher\" content=\"https:\/\/www.facebook.com\/Curia-Generalizia-Carmelitani-Scalzi-658766940887784\/\" \/>\n<meta property=\"article:modified_time\" content=\"2026-04-17T01:05:57+00:00\" \/>\n<meta property=\"og:image\" content=\"https:\/\/www.carmelitaniscalzi.com\/wp-content\/uploads\/2016\/02\/Economo_Generale_2.jpg\" \/>\n\t<meta property=\"og:image:width\" content=\"600\" \/>\n\t<meta property=\"og:image:height\" content=\"600\" \/>\n\t<meta property=\"og:image:type\" content=\"image\/jpeg\" \/>\n<meta name=\"twitter:card\" content=\"summary_large_image\" \/>\n<meta name=\"twitter:site\" content=\"@ocdcuria\" \/>\n<meta name=\"twitter:label1\" content=\"Tiempo de lectura\" \/>\n\t<meta name=\"twitter:data1\" content=\"3 minutos\" \/>\n<script type=\"application\/ld+json\" class=\"yoast-schema-graph\">{\"@context\":\"https:\/\/schema.org\",\"@graph\":[{\"@type\":\"WebPage\",\"@id\":\"https:\/\/www.carmelitaniscalzi.com\/es\/curia-general\/economo-general\/\",\"url\":\"https:\/\/www.carmelitaniscalzi.com\/es\/curia-general\/economo-general\/\",\"name\":\"Ec\u00f3nomo General - CARMELITAS DESCALZOS\",\"isPartOf\":{\"@id\":\"https:\/\/www.carmelitaniscalzi.com\/#website\"},\"primaryImageOfPage\":{\"@id\":\"https:\/\/www.carmelitaniscalzi.com\/es\/curia-general\/economo-general\/#primaryimage\"},\"image\":{\"@id\":\"https:\/\/www.carmelitaniscalzi.com\/es\/curia-general\/economo-general\/#primaryimage\"},\"thumbnailUrl\":\"https:\/\/www.carmelitaniscalzi.com\/wp-content\/uploads\/2016\/02\/Economo_Generale_2.jpg\",\"datePublished\":\"2016-06-26T18:46:16+00:00\",\"dateModified\":\"2026-04-17T01:05:57+00:00\",\"breadcrumb\":{\"@id\":\"https:\/\/www.carmelitaniscalzi.com\/es\/curia-general\/economo-general\/#breadcrumb\"},\"inLanguage\":\"es\",\"potentialAction\":[{\"@type\":\"ReadAction\",\"target\":[\"https:\/\/www.carmelitaniscalzi.com\/es\/curia-general\/economo-general\/\"]}]},{\"@type\":\"ImageObject\",\"inLanguage\":\"es\",\"@id\":\"https:\/\/www.carmelitaniscalzi.com\/es\/curia-general\/economo-general\/#primaryimage\",\"url\":\"https:\/\/www.carmelitaniscalzi.com\/wp-content\/uploads\/2016\/02\/Economo_Generale_2.jpg\",\"contentUrl\":\"https:\/\/www.carmelitaniscalzi.com\/wp-content\/uploads\/2016\/02\/Economo_Generale_2.jpg\",\"width\":600,\"height\":600},{\"@type\":\"BreadcrumbList\",\"@id\":\"https:\/\/www.carmelitaniscalzi.com\/es\/curia-general\/economo-general\/#breadcrumb\",\"itemListElement\":[{\"@type\":\"ListItem\",\"position\":1,\"name\":\"Home\",\"item\":\"https:\/\/www.carmelitaniscalzi.com\/es\/\"},{\"@type\":\"ListItem\",\"position\":2,\"name\":\"Curia General\",\"item\":\"https:\/\/www.carmelitaniscalzi.com\/es\/curia-general\/\"},{\"@type\":\"ListItem\",\"position\":3,\"name\":\"Ec\u00f3nomo General\"}]},{\"@type\":\"WebSite\",\"@id\":\"https:\/\/www.carmelitaniscalzi.com\/#website\",\"url\":\"https:\/\/www.carmelitaniscalzi.com\/\",\"name\":\"CARMELITANI SCALZI - Curia Generale del Carmelo Teresiano\",\"description\":\"Curia General del Carmelo Teresiano\",\"publisher\":{\"@id\":\"https:\/\/www.carmelitaniscalzi.com\/#organization\"},\"alternateName\":\"CARMELITANI SCALZI\",\"potentialAction\":[{\"@type\":\"SearchAction\",\"target\":{\"@type\":\"EntryPoint\",\"urlTemplate\":\"https:\/\/www.carmelitaniscalzi.com\/?s={search_term_string}\"},\"query-input\":{\"@type\":\"PropertyValueSpecification\",\"valueRequired\":true,\"valueName\":\"search_term_string\"}}],\"inLanguage\":\"es\"},{\"@type\":\"Organization\",\"@id\":\"https:\/\/www.carmelitaniscalzi.com\/#organization\",\"name\":\"CARMELITANI SCALZI - Curia Generale del Carmelo Teresiano\",\"url\":\"https:\/\/www.carmelitaniscalzi.com\/\",\"logo\":{\"@type\":\"ImageObject\",\"inLanguage\":\"es\",\"@id\":\"https:\/\/www.carmelitaniscalzi.com\/#\/schema\/logo\/image\/\",\"url\":\"https:\/\/www.carmelitaniscalzi.com\/wp-content\/uploads\/2025\/11\/login-logo.png\",\"contentUrl\":\"https:\/\/www.carmelitaniscalzi.com\/wp-content\/uploads\/2025\/11\/login-logo.png\",\"width\":256,\"height\":256,\"caption\":\"CARMELITANI SCALZI - Curia Generale del Carmelo Teresiano\"},\"image\":{\"@id\":\"https:\/\/www.carmelitaniscalzi.com\/#\/schema\/logo\/image\/\"},\"sameAs\":[\"https:\/\/www.facebook.com\/Curia-Generalizia-Carmelitani-Scalzi-658766940887784\/\",\"https:\/\/x.com\/ocdcuria\",\"https:\/\/www.youtube.com\/channel\/UC2J5ZL0ycOY0qBSTCLX_NGQ\/videos\",\"https:\/\/www.instagram.com\/ocdinform\/\"]}]}<\/script>\n<!-- \/ Yoast SEO plugin. -->","yoast_head_json":{"title":"Ec\u00f3nomo General - CARMELITAS DESCALZOS","robots":{"index":"index","follow":"follow","max-snippet":"max-snippet:-1","max-image-preview":"max-image-preview:large","max-video-preview":"max-video-preview:-1"},"canonical":"https:\/\/www.carmelitaniscalzi.com\/es\/curia-general\/economo-general\/","og_locale":"es_ES","og_type":"article","og_title":"Ec\u00f3nomo General - CARMELITAS DESCALZOS","og_description":"Biograf\u00eda El P. Paolo naci\u00f3 en 1965 en Trento y despu\u00e9s de los estudios del liceo (es perito electrot\u00e9cnico) entr\u00f3 en el convento de la \u201cMadonna delle Laste\u201d en Trento, donde hizo su primera profesi\u00f3n el a\u00f1o 1987. Fue ordenado sacerdote en Brescia el a\u00f1o 1993 y en 1995 nombrado maestro de estudiantes en la [&hellip;]","og_url":"https:\/\/www.carmelitaniscalzi.com\/es\/curia-general\/economo-general\/","og_site_name":"CARMELITAS DESCALZOS","article_publisher":"https:\/\/www.facebook.com\/Curia-Generalizia-Carmelitani-Scalzi-658766940887784\/","article_modified_time":"2026-04-17T01:05:57+00:00","og_image":[{"width":600,"height":600,"url":"https:\/\/www.carmelitaniscalzi.com\/wp-content\/uploads\/2016\/02\/Economo_Generale_2.jpg","type":"image\/jpeg"}],"twitter_card":"summary_large_image","twitter_site":"@ocdcuria","twitter_misc":{"Tiempo de lectura":"3 minutos"},"schema":{"@context":"https:\/\/schema.org","@graph":[{"@type":"WebPage","@id":"https:\/\/www.carmelitaniscalzi.com\/es\/curia-general\/economo-general\/","url":"https:\/\/www.carmelitaniscalzi.com\/es\/curia-general\/economo-general\/","name":"Ec\u00f3nomo General - CARMELITAS DESCALZOS","isPartOf":{"@id":"https:\/\/www.carmelitaniscalzi.com\/#website"},"primaryImageOfPage":{"@id":"https:\/\/www.carmelitaniscalzi.com\/es\/curia-general\/economo-general\/#primaryimage"},"image":{"@id":"https:\/\/www.carmelitaniscalzi.com\/es\/curia-general\/economo-general\/#primaryimage"},"thumbnailUrl":"https:\/\/www.carmelitaniscalzi.com\/wp-content\/uploads\/2016\/02\/Economo_Generale_2.jpg","datePublished":"2016-06-26T18:46:16+00:00","dateModified":"2026-04-17T01:05:57+00:00","breadcrumb":{"@id":"https:\/\/www.carmelitaniscalzi.com\/es\/curia-general\/economo-general\/#breadcrumb"},"inLanguage":"es","potentialAction":[{"@type":"ReadAction","target":["https:\/\/www.carmelitaniscalzi.com\/es\/curia-general\/economo-general\/"]}]},{"@type":"ImageObject","inLanguage":"es","@id":"https:\/\/www.carmelitaniscalzi.com\/es\/curia-general\/economo-general\/#primaryimage","url":"https:\/\/www.carmelitaniscalzi.com\/wp-content\/uploads\/2016\/02\/Economo_Generale_2.jpg","contentUrl":"https:\/\/www.carmelitaniscalzi.com\/wp-content\/uploads\/2016\/02\/Economo_Generale_2.jpg","width":600,"height":600},{"@type":"BreadcrumbList","@id":"https:\/\/www.carmelitaniscalzi.com\/es\/curia-general\/economo-general\/#breadcrumb","itemListElement":[{"@type":"ListItem","position":1,"name":"Home","item":"https:\/\/www.carmelitaniscalzi.com\/es\/"},{"@type":"ListItem","position":2,"name":"Curia General","item":"https:\/\/www.carmelitaniscalzi.com\/es\/curia-general\/"},{"@type":"ListItem","position":3,"name":"Ec\u00f3nomo General"}]},{"@type":"WebSite","@id":"https:\/\/www.carmelitaniscalzi.com\/#website","url":"https:\/\/www.carmelitaniscalzi.com\/","name":"CARMELITANI SCALZI - Curia Generale del Carmelo Teresiano","description":"Curia General del Carmelo Teresiano","publisher":{"@id":"https:\/\/www.carmelitaniscalzi.com\/#organization"},"alternateName":"CARMELITANI SCALZI","potentialAction":[{"@type":"SearchAction","target":{"@type":"EntryPoint","urlTemplate":"https:\/\/www.carmelitaniscalzi.com\/?s={search_term_string}"},"query-input":{"@type":"PropertyValueSpecification","valueRequired":true,"valueName":"search_term_string"}}],"inLanguage":"es"},{"@type":"Organization","@id":"https:\/\/www.carmelitaniscalzi.com\/#organization","name":"CARMELITANI SCALZI - Curia Generale del Carmelo Teresiano","url":"https:\/\/www.carmelitaniscalzi.com\/","logo":{"@type":"ImageObject","inLanguage":"es","@id":"https:\/\/www.carmelitaniscalzi.com\/#\/schema\/logo\/image\/","url":"https:\/\/www.carmelitaniscalzi.com\/wp-content\/uploads\/2025\/11\/login-logo.png","contentUrl":"https:\/\/www.carmelitaniscalzi.com\/wp-content\/uploads\/2025\/11\/login-logo.png","width":256,"height":256,"caption":"CARMELITANI SCALZI - Curia Generale del Carmelo Teresiano"},"image":{"@id":"https:\/\/www.carmelitaniscalzi.com\/#\/schema\/logo\/image\/"},"sameAs":["https:\/\/www.facebook.com\/Curia-Generalizia-Carmelitani-Scalzi-658766940887784\/","https:\/\/x.com\/ocdcuria","https:\/\/www.youtube.com\/channel\/UC2J5ZL0ycOY0qBSTCLX_NGQ\/videos","https:\/\/www.instagram.com\/ocdinform\/"]}]}},"_links":{"self":[{"href":"https:\/\/www.carmelitaniscalzi.com\/es\/wp-json\/wp\/v2\/curia\/4629","targetHints":{"allow":["GET"]}}],"collection":[{"href":"https:\/\/www.carmelitaniscalzi.com\/es\/wp-json\/wp\/v2\/curia"}],"about":[{"href":"https:\/\/www.carmelitaniscalzi.com\/es\/wp-json\/wp\/v2\/types\/curia"}],"version-history":[{"count":11,"href":"https:\/\/www.carmelitaniscalzi.com\/es\/wp-json\/wp\/v2\/curia\/4629\/revisions"}],"predecessor-version":[{"id":582685,"href":"https:\/\/www.carmelitaniscalzi.com\/es\/wp-json\/wp\/v2\/curia\/4629\/revisions\/582685"}],"up":[{"embeddable":true,"href":"https:\/\/www.carmelitaniscalzi.com\/es\/wp-json\/wp\/v2\/curia\/4575"}],"wp:featuredmedia":[{"embeddable":true,"href":"https:\/\/www.carmelitaniscalzi.com\/es\/wp-json\/wp\/v2\/media\/68985"}],"wp:attachment":[{"href":"https:\/\/www.carmelitaniscalzi.com\/es\/wp-json\/wp\/v2\/media?parent=4629"}],"wp:term":[{"taxonomy":"carica_cauria","embeddable":true,"href":"https:\/\/www.carmelitaniscalzi.com\/es\/wp-json\/wp\/v2\/carica_cauria?post=4629"}],"curies":[{"name":"wp","href":"https:\/\/api.w.org\/{rel}","templated":true}]}}