{"id":4625,"date":"2016-06-26T20:35:53","date_gmt":"2016-06-26T18:35:53","guid":{"rendered":"https:\/\/www.carmelitaniscalzi.com\/es\/?page_id=4625"},"modified":"2023-06-15T17:53:50","modified_gmt":"2023-06-15T15:53:50","slug":"procurador-general","status":"publish","type":"curia","link":"https:\/\/www.carmelitaniscalzi.com\/es\/curia-general\/procurador-general\/","title":{"rendered":"Procurador General"},"content":{"rendered":"<h3>Biograf\u00eda<\/h3>\n<p>Naci\u00f3 en Masaya, Nicaragua, el 1 de mayo de 1965. Pertenece a la Provincia Centroamericana, en la que emiti\u00f3 su primera profesi\u00f3n el 08 de febrero de 1986 y la profesi\u00f3n solemne el 05 de enero de 1990. Fue ordenado sacerdote el 06 de junio de 1990.<\/p>\n<p>Tras estudiar Filosof\u00eda y Teolog\u00eda en Guatemala (1990-1994), obtuvo la Licenciatura y el Doctorado en Derecho Can\u00f3nico (<em>utroque iure<\/em>) en la Pontificia Universidad Lateranense de Roma (1992-1998).<\/p>\n<p>Fue Juez (1998-2002) y Vicario Judicial (2003-2022) del Tribunal Eclesi\u00e1stico de Guatemala.<\/p>\n<p>Tambi\u00e9n fue Asistente de la Federaci\u00f3n de Carmelitas Descalzas de Centroam\u00e9rica (2011-2022), as\u00ed como Profesor de Derecho Can\u00f3nico en el Teologado Salesiano &#8211; Universidad Mesoamericana (1998-2010), y en el Seminario Mayor de Guatemala (1998-2011). Igualmente fue Superior de la Iglesia de Santa Teresa de Guatemala (2008-2014) y Consejero Provincial (2011-2014).<\/p>\n<p>&nbsp;<\/p>\n<h3>Actividad<\/h3>\n<p>La definici\u00f3n del oficio del Procurador General y sus competencias lo encontramos en los puntos 189 y 190 de las Constituciones:<br \/>\n<em>Cost. 189. Entre nosotros son Oficiales mayores con elecci\u00f3n del Definitorio: el Procurador general, el Secretario general y el Ec\u00f3nomo general.<\/em><br \/>\n<em>Cost. 190. Compete al Procurador general tramitar los negocios de la Orden ante la Santa Sede, bajo la dependencia del Prep\u00f3sito o del Definitorio, seg\u00fan lo exija la \u00edndole de\u00a0 la materia.<\/em><br \/>\nEs el Representante legal ante el Vaticano y tiene que acudir a los diferentes Dicasterios y Congregaciones de la Curia romana para resolver los diferentes y variados casos de frailes y monjas que requieren una intervenci\u00f3n de la Sede Apost\u00f3lica.<br \/>\nPara ayudar a las Provincias y a todos los monasterios que lo requieran, la Procura General ha elaborado y puesto a disposici\u00f3n de todos una Gu\u00eda pr\u00e1ctica de los procedimientos administrativos a seguir para los distintos casos. En ella se explican detalladamente los pasos que hay que dar y los documentos que se deben presentar y enviar para la resoluci\u00f3n de cada caso, seg\u00fan las Constituciones de la Orden y el Derecho can\u00f3nico.<br \/>\nEl Procurador General puede ser consultado para ayudar a resolver todos los casos jur\u00eddicos, de distinta \u00edndole, que se presenten, o sobre la praxis a seguir en cada uno de ellos.<\/p>\n","protected":false},"featured_media":251304,"parent":4575,"menu_order":4,"template":"","format":"standard","meta":{"_acf_changed":false,"footnotes":""},"carica_cauria":[830],"class_list":["post-4625","curia","type-curia","status-publish","format-standard","has-post-thumbnail","hentry","carica_cauria-otras"],"acf":[],"yoast_head":"<!-- This site is optimized with the Yoast SEO plugin v26.3 - https:\/\/yoast.com\/wordpress\/plugins\/seo\/ -->\n<title>Procurador General - CARMELITAS DESCALZOS<\/title>\n<meta name=\"robots\" content=\"index, follow, max-snippet:-1, max-image-preview:large, max-video-preview:-1\" \/>\n<link rel=\"canonical\" href=\"https:\/\/www.carmelitaniscalzi.com\/es\/curia-general\/procurador-general\/\" \/>\n<meta property=\"og:locale\" content=\"es_ES\" \/>\n<meta property=\"og:type\" content=\"article\" \/>\n<meta property=\"og:title\" content=\"Procurador General - CARMELITAS DESCALZOS\" \/>\n<meta property=\"og:description\" content=\"Biograf\u00eda Naci\u00f3 en Masaya, Nicaragua, el 1 de mayo de 1965. Pertenece a la Provincia Centroamericana, en la que emiti\u00f3 su primera profesi\u00f3n el 08 de febrero de 1986 y la profesi\u00f3n solemne el 05 de enero de 1990. Fue ordenado sacerdote el 06 de junio de 1990. Tras estudiar Filosof\u00eda y Teolog\u00eda en Guatemala [&hellip;]\" \/>\n<meta property=\"og:url\" content=\"https:\/\/www.carmelitaniscalzi.com\/es\/curia-general\/procurador-general\/\" \/>\n<meta property=\"og:site_name\" content=\"CARMELITAS DESCALZOS\" \/>\n<meta property=\"article:publisher\" content=\"https:\/\/www.facebook.com\/Curia-Generalizia-Carmelitani-Scalzi-658766940887784\/\" \/>\n<meta property=\"article:modified_time\" content=\"2023-06-15T15:53:50+00:00\" \/>\n<meta property=\"og:image\" content=\"https:\/\/www.carmelitaniscalzi.com\/wp-content\/uploads\/2023\/06\/juan_david_profile.jpg\" \/>\n\t<meta property=\"og:image:width\" content=\"600\" \/>\n\t<meta property=\"og:image:height\" content=\"600\" \/>\n\t<meta property=\"og:image:type\" content=\"image\/jpeg\" \/>\n<meta name=\"twitter:card\" content=\"summary_large_image\" \/>\n<meta name=\"twitter:site\" content=\"@ocdcuria\" \/>\n<meta name=\"twitter:label1\" content=\"Tiempo de lectura\" \/>\n\t<meta name=\"twitter:data1\" content=\"2 minutos\" \/>\n<script type=\"application\/ld+json\" class=\"yoast-schema-graph\">{\"@context\":\"https:\/\/schema.org\",\"@graph\":[{\"@type\":\"WebPage\",\"@id\":\"https:\/\/www.carmelitaniscalzi.com\/es\/curia-general\/procurador-general\/\",\"url\":\"https:\/\/www.carmelitaniscalzi.com\/es\/curia-general\/procurador-general\/\",\"name\":\"Procurador General - CARMELITAS DESCALZOS\",\"isPartOf\":{\"@id\":\"https:\/\/www.carmelitaniscalzi.com\/#website\"},\"primaryImageOfPage\":{\"@id\":\"https:\/\/www.carmelitaniscalzi.com\/es\/curia-general\/procurador-general\/#primaryimage\"},\"image\":{\"@id\":\"https:\/\/www.carmelitaniscalzi.com\/es\/curia-general\/procurador-general\/#primaryimage\"},\"thumbnailUrl\":\"https:\/\/www.carmelitaniscalzi.com\/wp-content\/uploads\/2023\/06\/juan_david_profile.jpg\",\"datePublished\":\"2016-06-26T18:35:53+00:00\",\"dateModified\":\"2023-06-15T15:53:50+00:00\",\"breadcrumb\":{\"@id\":\"https:\/\/www.carmelitaniscalzi.com\/es\/curia-general\/procurador-general\/#breadcrumb\"},\"inLanguage\":\"es\",\"potentialAction\":[{\"@type\":\"ReadAction\",\"target\":[\"https:\/\/www.carmelitaniscalzi.com\/es\/curia-general\/procurador-general\/\"]}]},{\"@type\":\"ImageObject\",\"inLanguage\":\"es\",\"@id\":\"https:\/\/www.carmelitaniscalzi.com\/es\/curia-general\/procurador-general\/#primaryimage\",\"url\":\"https:\/\/www.carmelitaniscalzi.com\/wp-content\/uploads\/2023\/06\/juan_david_profile.jpg\",\"contentUrl\":\"https:\/\/www.carmelitaniscalzi.com\/wp-content\/uploads\/2023\/06\/juan_david_profile.jpg\",\"width\":600,\"height\":600},{\"@type\":\"BreadcrumbList\",\"@id\":\"https:\/\/www.carmelitaniscalzi.com\/es\/curia-general\/procurador-general\/#breadcrumb\",\"itemListElement\":[{\"@type\":\"ListItem\",\"position\":1,\"name\":\"Home\",\"item\":\"https:\/\/www.carmelitaniscalzi.com\/es\/\"},{\"@type\":\"ListItem\",\"position\":2,\"name\":\"Curia General\",\"item\":\"https:\/\/www.carmelitaniscalzi.com\/es\/curia-general\/\"},{\"@type\":\"ListItem\",\"position\":3,\"name\":\"Procurador General\"}]},{\"@type\":\"WebSite\",\"@id\":\"https:\/\/www.carmelitaniscalzi.com\/#website\",\"url\":\"https:\/\/www.carmelitaniscalzi.com\/\",\"name\":\"CARMELITANI SCALZI - Curia Generale del Carmelo Teresiano\",\"description\":\"Curia General del Carmelo Teresiano\",\"publisher\":{\"@id\":\"https:\/\/www.carmelitaniscalzi.com\/#organization\"},\"alternateName\":\"CARMELITANI SCALZI\",\"potentialAction\":[{\"@type\":\"SearchAction\",\"target\":{\"@type\":\"EntryPoint\",\"urlTemplate\":\"https:\/\/www.carmelitaniscalzi.com\/?s={search_term_string}\"},\"query-input\":{\"@type\":\"PropertyValueSpecification\",\"valueRequired\":true,\"valueName\":\"search_term_string\"}}],\"inLanguage\":\"es\"},{\"@type\":\"Organization\",\"@id\":\"https:\/\/www.carmelitaniscalzi.com\/#organization\",\"name\":\"CARMELITANI SCALZI - Curia Generale del Carmelo Teresiano\",\"url\":\"https:\/\/www.carmelitaniscalzi.com\/\",\"logo\":{\"@type\":\"ImageObject\",\"inLanguage\":\"es\",\"@id\":\"https:\/\/www.carmelitaniscalzi.com\/#\/schema\/logo\/image\/\",\"url\":\"https:\/\/www.carmelitaniscalzi.com\/wp-content\/uploads\/2025\/11\/login-logo.png\",\"contentUrl\":\"https:\/\/www.carmelitaniscalzi.com\/wp-content\/uploads\/2025\/11\/login-logo.png\",\"width\":256,\"height\":256,\"caption\":\"CARMELITANI SCALZI - Curia Generale del Carmelo Teresiano\"},\"image\":{\"@id\":\"https:\/\/www.carmelitaniscalzi.com\/#\/schema\/logo\/image\/\"},\"sameAs\":[\"https:\/\/www.facebook.com\/Curia-Generalizia-Carmelitani-Scalzi-658766940887784\/\",\"https:\/\/x.com\/ocdcuria\",\"https:\/\/www.youtube.com\/channel\/UC2J5ZL0ycOY0qBSTCLX_NGQ\/videos\",\"https:\/\/www.instagram.com\/ocdinform\/\"]}]}<\/script>\n<!-- \/ Yoast SEO plugin. -->","yoast_head_json":{"title":"Procurador General - CARMELITAS DESCALZOS","robots":{"index":"index","follow":"follow","max-snippet":"max-snippet:-1","max-image-preview":"max-image-preview:large","max-video-preview":"max-video-preview:-1"},"canonical":"https:\/\/www.carmelitaniscalzi.com\/es\/curia-general\/procurador-general\/","og_locale":"es_ES","og_type":"article","og_title":"Procurador General - CARMELITAS DESCALZOS","og_description":"Biograf\u00eda Naci\u00f3 en Masaya, Nicaragua, el 1 de mayo de 1965. Pertenece a la Provincia Centroamericana, en la que emiti\u00f3 su primera profesi\u00f3n el 08 de febrero de 1986 y la profesi\u00f3n solemne el 05 de enero de 1990. Fue ordenado sacerdote el 06 de junio de 1990. Tras estudiar Filosof\u00eda y Teolog\u00eda en Guatemala [&hellip;]","og_url":"https:\/\/www.carmelitaniscalzi.com\/es\/curia-general\/procurador-general\/","og_site_name":"CARMELITAS DESCALZOS","article_publisher":"https:\/\/www.facebook.com\/Curia-Generalizia-Carmelitani-Scalzi-658766940887784\/","article_modified_time":"2023-06-15T15:53:50+00:00","og_image":[{"width":600,"height":600,"url":"https:\/\/www.carmelitaniscalzi.com\/wp-content\/uploads\/2023\/06\/juan_david_profile.jpg","type":"image\/jpeg"}],"twitter_card":"summary_large_image","twitter_site":"@ocdcuria","twitter_misc":{"Tiempo de lectura":"2 minutos"},"schema":{"@context":"https:\/\/schema.org","@graph":[{"@type":"WebPage","@id":"https:\/\/www.carmelitaniscalzi.com\/es\/curia-general\/procurador-general\/","url":"https:\/\/www.carmelitaniscalzi.com\/es\/curia-general\/procurador-general\/","name":"Procurador General - CARMELITAS DESCALZOS","isPartOf":{"@id":"https:\/\/www.carmelitaniscalzi.com\/#website"},"primaryImageOfPage":{"@id":"https:\/\/www.carmelitaniscalzi.com\/es\/curia-general\/procurador-general\/#primaryimage"},"image":{"@id":"https:\/\/www.carmelitaniscalzi.com\/es\/curia-general\/procurador-general\/#primaryimage"},"thumbnailUrl":"https:\/\/www.carmelitaniscalzi.com\/wp-content\/uploads\/2023\/06\/juan_david_profile.jpg","datePublished":"2016-06-26T18:35:53+00:00","dateModified":"2023-06-15T15:53:50+00:00","breadcrumb":{"@id":"https:\/\/www.carmelitaniscalzi.com\/es\/curia-general\/procurador-general\/#breadcrumb"},"inLanguage":"es","potentialAction":[{"@type":"ReadAction","target":["https:\/\/www.carmelitaniscalzi.com\/es\/curia-general\/procurador-general\/"]}]},{"@type":"ImageObject","inLanguage":"es","@id":"https:\/\/www.carmelitaniscalzi.com\/es\/curia-general\/procurador-general\/#primaryimage","url":"https:\/\/www.carmelitaniscalzi.com\/wp-content\/uploads\/2023\/06\/juan_david_profile.jpg","contentUrl":"https:\/\/www.carmelitaniscalzi.com\/wp-content\/uploads\/2023\/06\/juan_david_profile.jpg","width":600,"height":600},{"@type":"BreadcrumbList","@id":"https:\/\/www.carmelitaniscalzi.com\/es\/curia-general\/procurador-general\/#breadcrumb","itemListElement":[{"@type":"ListItem","position":1,"name":"Home","item":"https:\/\/www.carmelitaniscalzi.com\/es\/"},{"@type":"ListItem","position":2,"name":"Curia General","item":"https:\/\/www.carmelitaniscalzi.com\/es\/curia-general\/"},{"@type":"ListItem","position":3,"name":"Procurador General"}]},{"@type":"WebSite","@id":"https:\/\/www.carmelitaniscalzi.com\/#website","url":"https:\/\/www.carmelitaniscalzi.com\/","name":"CARMELITANI SCALZI - Curia Generale del Carmelo Teresiano","description":"Curia General del Carmelo Teresiano","publisher":{"@id":"https:\/\/www.carmelitaniscalzi.com\/#organization"},"alternateName":"CARMELITANI SCALZI","potentialAction":[{"@type":"SearchAction","target":{"@type":"EntryPoint","urlTemplate":"https:\/\/www.carmelitaniscalzi.com\/?s={search_term_string}"},"query-input":{"@type":"PropertyValueSpecification","valueRequired":true,"valueName":"search_term_string"}}],"inLanguage":"es"},{"@type":"Organization","@id":"https:\/\/www.carmelitaniscalzi.com\/#organization","name":"CARMELITANI SCALZI - Curia Generale del Carmelo Teresiano","url":"https:\/\/www.carmelitaniscalzi.com\/","logo":{"@type":"ImageObject","inLanguage":"es","@id":"https:\/\/www.carmelitaniscalzi.com\/#\/schema\/logo\/image\/","url":"https:\/\/www.carmelitaniscalzi.com\/wp-content\/uploads\/2025\/11\/login-logo.png","contentUrl":"https:\/\/www.carmelitaniscalzi.com\/wp-content\/uploads\/2025\/11\/login-logo.png","width":256,"height":256,"caption":"CARMELITANI SCALZI - Curia Generale del Carmelo Teresiano"},"image":{"@id":"https:\/\/www.carmelitaniscalzi.com\/#\/schema\/logo\/image\/"},"sameAs":["https:\/\/www.facebook.com\/Curia-Generalizia-Carmelitani-Scalzi-658766940887784\/","https:\/\/x.com\/ocdcuria","https:\/\/www.youtube.com\/channel\/UC2J5ZL0ycOY0qBSTCLX_NGQ\/videos","https:\/\/www.instagram.com\/ocdinform\/"]}]}},"_links":{"self":[{"href":"https:\/\/www.carmelitaniscalzi.com\/es\/wp-json\/wp\/v2\/curia\/4625","targetHints":{"allow":["GET"]}}],"collection":[{"href":"https:\/\/www.carmelitaniscalzi.com\/es\/wp-json\/wp\/v2\/curia"}],"about":[{"href":"https:\/\/www.carmelitaniscalzi.com\/es\/wp-json\/wp\/v2\/types\/curia"}],"version-history":[{"count":4,"href":"https:\/\/www.carmelitaniscalzi.com\/es\/wp-json\/wp\/v2\/curia\/4625\/revisions"}],"predecessor-version":[{"id":251348,"href":"https:\/\/www.carmelitaniscalzi.com\/es\/wp-json\/wp\/v2\/curia\/4625\/revisions\/251348"}],"up":[{"embeddable":true,"href":"https:\/\/www.carmelitaniscalzi.com\/es\/wp-json\/wp\/v2\/curia\/4575"}],"wp:featuredmedia":[{"embeddable":true,"href":"https:\/\/www.carmelitaniscalzi.com\/es\/wp-json\/wp\/v2\/media\/251304"}],"wp:attachment":[{"href":"https:\/\/www.carmelitaniscalzi.com\/es\/wp-json\/wp\/v2\/media?parent=4625"}],"wp:term":[{"taxonomy":"carica_cauria","embeddable":true,"href":"https:\/\/www.carmelitaniscalzi.com\/es\/wp-json\/wp\/v2\/carica_cauria?post=4625"}],"curies":[{"name":"wp","href":"https:\/\/api.w.org\/{rel}","templated":true}]}}