{"id":4621,"date":"2016-06-26T20:01:36","date_gmt":"2016-06-26T18:01:36","guid":{"rendered":"https:\/\/www.carmelitaniscalzi.com\/es\/?page_id=4621"},"modified":"2022-01-21T00:21:34","modified_gmt":"2022-01-20T23:21:34","slug":"vii-definidor","status":"publish","type":"curia","link":"https:\/\/www.carmelitaniscalzi.com\/es\/curia-general\/definidores\/vii-definidor\/","title":{"rendered":"VII Definidor \u2022 De la Provincia de Par\u00eds"},"content":{"rendered":"<h3><\/h3>\n<h3>Biograf\u00eda<\/h3>\n<p>Naci\u00f3 el 25 de noviembre de 1971 en Avi\u00f1\u00f3n, Francia. El 15 de agosto de 1995 hizo su profesi\u00f3n simple en Gommerville y el 26 de septiembre de 1998 la solemne en Avon. Fue ordenado sacerdote el 23 de junio de 2002 en Fontainebleau.<\/p>\n<p>Estudi\u00f3 filosof\u00eda y teolog\u00eda en la Facultad de teolog\u00eda de Lille, obteniendo el bachillerato en 1999 y se licenci\u00f3 en la especialidad de ecumenismo por la Facultad de teolog\u00eda de Par\u00eds. Ha publicado un libro sobre la espiritualidad ortodoxa titulado \u201cLa oraci\u00f3n del coraz\u00f3n\u201d (1984).<\/p>\n<p>Ha desempe\u00f1ado diversos encargos en su provincia: entre 2002 y 2014 fue ec\u00f3nomo provincial y en los trienios 2005-2008 y 2014-2020 form\u00f3 parte del consejo provincial. Adem\u00e1s, ha sido superior de Par\u00eds (2008-2014), de Lille (2014-2017) y de Avon (2017-2020). En 2020 fue elegido superior provincial, cargo que desempe\u00f1\u00f3 hasta ser nombrado definidor general en el Cap\u00edtulo General celebrado en Roma en septiembre de 2021. En el definitorio se encargar\u00e1 particularmente de la pastoral juvenil y de la pastoral de la ecolog\u00eda y el cuidado de la creaci\u00f3n.<\/p>\n","protected":false},"featured_media":111586,"parent":4585,"menu_order":7,"template":"","format":"standard","meta":{"_acf_changed":false,"footnotes":""},"carica_cauria":[829],"class_list":["post-4621","curia","type-curia","status-publish","format-standard","has-post-thumbnail","hentry","carica_cauria-definidores-es"],"acf":[],"yoast_head":"<!-- This site is optimized with the Yoast SEO plugin v26.3 - https:\/\/yoast.com\/wordpress\/plugins\/seo\/ -->\n<title>VII Definidor \u2022 De la Provincia de Par\u00eds - CARMELITAS DESCALZOS<\/title>\n<meta name=\"robots\" content=\"index, follow, max-snippet:-1, max-image-preview:large, max-video-preview:-1\" \/>\n<link rel=\"canonical\" href=\"https:\/\/www.carmelitaniscalzi.com\/es\/curia-general\/definidores\/vii-definidor\/\" \/>\n<meta property=\"og:locale\" content=\"es_ES\" \/>\n<meta property=\"og:type\" content=\"article\" \/>\n<meta property=\"og:title\" content=\"VII Definidor \u2022 De la Provincia de Par\u00eds - CARMELITAS DESCALZOS\" \/>\n<meta property=\"og:description\" content=\"Biograf\u00eda Naci\u00f3 el 25 de noviembre de 1971 en Avi\u00f1\u00f3n, Francia. El 15 de agosto de 1995 hizo su profesi\u00f3n simple en Gommerville y el 26 de septiembre de 1998 la solemne en Avon. Fue ordenado sacerdote el 23 de junio de 2002 en Fontainebleau. Estudi\u00f3 filosof\u00eda y teolog\u00eda en la Facultad de teolog\u00eda de [&hellip;]\" \/>\n<meta property=\"og:url\" content=\"https:\/\/www.carmelitaniscalzi.com\/es\/curia-general\/definidores\/vii-definidor\/\" \/>\n<meta property=\"og:site_name\" content=\"CARMELITAS DESCALZOS\" \/>\n<meta property=\"article:publisher\" content=\"https:\/\/www.facebook.com\/Curia-Generalizia-Carmelitani-Scalzi-658766940887784\/\" \/>\n<meta property=\"article:modified_time\" content=\"2022-01-20T23:21:34+00:00\" \/>\n<meta property=\"og:image\" content=\"https:\/\/www.carmelitaniscalzi.com\/wp-content\/uploads\/2022\/01\/boudouin_profile.jpg\" \/>\n\t<meta property=\"og:image:width\" content=\"600\" \/>\n\t<meta property=\"og:image:height\" content=\"600\" \/>\n\t<meta property=\"og:image:type\" content=\"image\/jpeg\" \/>\n<meta name=\"twitter:card\" content=\"summary_large_image\" \/>\n<meta name=\"twitter:site\" content=\"@ocdcuria\" \/>\n<meta name=\"twitter:label1\" content=\"Tiempo de lectura\" \/>\n\t<meta name=\"twitter:data1\" content=\"1 minuto\" \/>\n<script type=\"application\/ld+json\" class=\"yoast-schema-graph\">{\"@context\":\"https:\/\/schema.org\",\"@graph\":[{\"@type\":\"WebPage\",\"@id\":\"https:\/\/www.carmelitaniscalzi.com\/es\/curia-general\/definidores\/vii-definidor\/\",\"url\":\"https:\/\/www.carmelitaniscalzi.com\/es\/curia-general\/definidores\/vii-definidor\/\",\"name\":\"VII Definidor \u2022 De la Provincia de Par\u00eds - CARMELITAS DESCALZOS\",\"isPartOf\":{\"@id\":\"https:\/\/www.carmelitaniscalzi.com\/#website\"},\"primaryImageOfPage\":{\"@id\":\"https:\/\/www.carmelitaniscalzi.com\/es\/curia-general\/definidores\/vii-definidor\/#primaryimage\"},\"image\":{\"@id\":\"https:\/\/www.carmelitaniscalzi.com\/es\/curia-general\/definidores\/vii-definidor\/#primaryimage\"},\"thumbnailUrl\":\"https:\/\/www.carmelitaniscalzi.com\/wp-content\/uploads\/2022\/01\/boudouin_profile.jpg\",\"datePublished\":\"2016-06-26T18:01:36+00:00\",\"dateModified\":\"2022-01-20T23:21:34+00:00\",\"breadcrumb\":{\"@id\":\"https:\/\/www.carmelitaniscalzi.com\/es\/curia-general\/definidores\/vii-definidor\/#breadcrumb\"},\"inLanguage\":\"es\",\"potentialAction\":[{\"@type\":\"ReadAction\",\"target\":[\"https:\/\/www.carmelitaniscalzi.com\/es\/curia-general\/definidores\/vii-definidor\/\"]}]},{\"@type\":\"ImageObject\",\"inLanguage\":\"es\",\"@id\":\"https:\/\/www.carmelitaniscalzi.com\/es\/curia-general\/definidores\/vii-definidor\/#primaryimage\",\"url\":\"https:\/\/www.carmelitaniscalzi.com\/wp-content\/uploads\/2022\/01\/boudouin_profile.jpg\",\"contentUrl\":\"https:\/\/www.carmelitaniscalzi.com\/wp-content\/uploads\/2022\/01\/boudouin_profile.jpg\",\"width\":600,\"height\":600},{\"@type\":\"BreadcrumbList\",\"@id\":\"https:\/\/www.carmelitaniscalzi.com\/es\/curia-general\/definidores\/vii-definidor\/#breadcrumb\",\"itemListElement\":[{\"@type\":\"ListItem\",\"position\":1,\"name\":\"Home\",\"item\":\"https:\/\/www.carmelitaniscalzi.com\/es\/\"},{\"@type\":\"ListItem\",\"position\":2,\"name\":\"Curia General\",\"item\":\"https:\/\/www.carmelitaniscalzi.com\/es\/curia-general\/\"},{\"@type\":\"ListItem\",\"position\":3,\"name\":\"Definidores\",\"item\":\"https:\/\/www.carmelitaniscalzi.com\/es\/curia-general\/definidores\/\"},{\"@type\":\"ListItem\",\"position\":4,\"name\":\"VII Definidor \u2022 De la Provincia de Par\u00eds\"}]},{\"@type\":\"WebSite\",\"@id\":\"https:\/\/www.carmelitaniscalzi.com\/#website\",\"url\":\"https:\/\/www.carmelitaniscalzi.com\/\",\"name\":\"CARMELITANI SCALZI - Curia Generale del Carmelo Teresiano\",\"description\":\"Curia General del Carmelo Teresiano\",\"publisher\":{\"@id\":\"https:\/\/www.carmelitaniscalzi.com\/#organization\"},\"alternateName\":\"CARMELITANI SCALZI\",\"potentialAction\":[{\"@type\":\"SearchAction\",\"target\":{\"@type\":\"EntryPoint\",\"urlTemplate\":\"https:\/\/www.carmelitaniscalzi.com\/?s={search_term_string}\"},\"query-input\":{\"@type\":\"PropertyValueSpecification\",\"valueRequired\":true,\"valueName\":\"search_term_string\"}}],\"inLanguage\":\"es\"},{\"@type\":\"Organization\",\"@id\":\"https:\/\/www.carmelitaniscalzi.com\/#organization\",\"name\":\"CARMELITANI SCALZI - Curia Generale del Carmelo Teresiano\",\"url\":\"https:\/\/www.carmelitaniscalzi.com\/\",\"logo\":{\"@type\":\"ImageObject\",\"inLanguage\":\"es\",\"@id\":\"https:\/\/www.carmelitaniscalzi.com\/#\/schema\/logo\/image\/\",\"url\":\"https:\/\/www.carmelitaniscalzi.com\/wp-content\/uploads\/2025\/11\/login-logo.png\",\"contentUrl\":\"https:\/\/www.carmelitaniscalzi.com\/wp-content\/uploads\/2025\/11\/login-logo.png\",\"width\":256,\"height\":256,\"caption\":\"CARMELITANI SCALZI - Curia Generale del Carmelo Teresiano\"},\"image\":{\"@id\":\"https:\/\/www.carmelitaniscalzi.com\/#\/schema\/logo\/image\/\"},\"sameAs\":[\"https:\/\/www.facebook.com\/Curia-Generalizia-Carmelitani-Scalzi-658766940887784\/\",\"https:\/\/x.com\/ocdcuria\",\"https:\/\/www.youtube.com\/channel\/UC2J5ZL0ycOY0qBSTCLX_NGQ\/videos\",\"https:\/\/www.instagram.com\/ocdinform\/\"]}]}<\/script>\n<!-- \/ Yoast SEO plugin. -->","yoast_head_json":{"title":"VII Definidor \u2022 De la Provincia de Par\u00eds - CARMELITAS DESCALZOS","robots":{"index":"index","follow":"follow","max-snippet":"max-snippet:-1","max-image-preview":"max-image-preview:large","max-video-preview":"max-video-preview:-1"},"canonical":"https:\/\/www.carmelitaniscalzi.com\/es\/curia-general\/definidores\/vii-definidor\/","og_locale":"es_ES","og_type":"article","og_title":"VII Definidor \u2022 De la Provincia de Par\u00eds - CARMELITAS DESCALZOS","og_description":"Biograf\u00eda Naci\u00f3 el 25 de noviembre de 1971 en Avi\u00f1\u00f3n, Francia. El 15 de agosto de 1995 hizo su profesi\u00f3n simple en Gommerville y el 26 de septiembre de 1998 la solemne en Avon. Fue ordenado sacerdote el 23 de junio de 2002 en Fontainebleau. Estudi\u00f3 filosof\u00eda y teolog\u00eda en la Facultad de teolog\u00eda de [&hellip;]","og_url":"https:\/\/www.carmelitaniscalzi.com\/es\/curia-general\/definidores\/vii-definidor\/","og_site_name":"CARMELITAS DESCALZOS","article_publisher":"https:\/\/www.facebook.com\/Curia-Generalizia-Carmelitani-Scalzi-658766940887784\/","article_modified_time":"2022-01-20T23:21:34+00:00","og_image":[{"width":600,"height":600,"url":"https:\/\/www.carmelitaniscalzi.com\/wp-content\/uploads\/2022\/01\/boudouin_profile.jpg","type":"image\/jpeg"}],"twitter_card":"summary_large_image","twitter_site":"@ocdcuria","twitter_misc":{"Tiempo de lectura":"1 minuto"},"schema":{"@context":"https:\/\/schema.org","@graph":[{"@type":"WebPage","@id":"https:\/\/www.carmelitaniscalzi.com\/es\/curia-general\/definidores\/vii-definidor\/","url":"https:\/\/www.carmelitaniscalzi.com\/es\/curia-general\/definidores\/vii-definidor\/","name":"VII Definidor \u2022 De la Provincia de Par\u00eds - CARMELITAS DESCALZOS","isPartOf":{"@id":"https:\/\/www.carmelitaniscalzi.com\/#website"},"primaryImageOfPage":{"@id":"https:\/\/www.carmelitaniscalzi.com\/es\/curia-general\/definidores\/vii-definidor\/#primaryimage"},"image":{"@id":"https:\/\/www.carmelitaniscalzi.com\/es\/curia-general\/definidores\/vii-definidor\/#primaryimage"},"thumbnailUrl":"https:\/\/www.carmelitaniscalzi.com\/wp-content\/uploads\/2022\/01\/boudouin_profile.jpg","datePublished":"2016-06-26T18:01:36+00:00","dateModified":"2022-01-20T23:21:34+00:00","breadcrumb":{"@id":"https:\/\/www.carmelitaniscalzi.com\/es\/curia-general\/definidores\/vii-definidor\/#breadcrumb"},"inLanguage":"es","potentialAction":[{"@type":"ReadAction","target":["https:\/\/www.carmelitaniscalzi.com\/es\/curia-general\/definidores\/vii-definidor\/"]}]},{"@type":"ImageObject","inLanguage":"es","@id":"https:\/\/www.carmelitaniscalzi.com\/es\/curia-general\/definidores\/vii-definidor\/#primaryimage","url":"https:\/\/www.carmelitaniscalzi.com\/wp-content\/uploads\/2022\/01\/boudouin_profile.jpg","contentUrl":"https:\/\/www.carmelitaniscalzi.com\/wp-content\/uploads\/2022\/01\/boudouin_profile.jpg","width":600,"height":600},{"@type":"BreadcrumbList","@id":"https:\/\/www.carmelitaniscalzi.com\/es\/curia-general\/definidores\/vii-definidor\/#breadcrumb","itemListElement":[{"@type":"ListItem","position":1,"name":"Home","item":"https:\/\/www.carmelitaniscalzi.com\/es\/"},{"@type":"ListItem","position":2,"name":"Curia General","item":"https:\/\/www.carmelitaniscalzi.com\/es\/curia-general\/"},{"@type":"ListItem","position":3,"name":"Definidores","item":"https:\/\/www.carmelitaniscalzi.com\/es\/curia-general\/definidores\/"},{"@type":"ListItem","position":4,"name":"VII Definidor \u2022 De la Provincia de Par\u00eds"}]},{"@type":"WebSite","@id":"https:\/\/www.carmelitaniscalzi.com\/#website","url":"https:\/\/www.carmelitaniscalzi.com\/","name":"CARMELITANI SCALZI - Curia Generale del Carmelo Teresiano","description":"Curia General del Carmelo Teresiano","publisher":{"@id":"https:\/\/www.carmelitaniscalzi.com\/#organization"},"alternateName":"CARMELITANI SCALZI","potentialAction":[{"@type":"SearchAction","target":{"@type":"EntryPoint","urlTemplate":"https:\/\/www.carmelitaniscalzi.com\/?s={search_term_string}"},"query-input":{"@type":"PropertyValueSpecification","valueRequired":true,"valueName":"search_term_string"}}],"inLanguage":"es"},{"@type":"Organization","@id":"https:\/\/www.carmelitaniscalzi.com\/#organization","name":"CARMELITANI SCALZI - Curia Generale del Carmelo Teresiano","url":"https:\/\/www.carmelitaniscalzi.com\/","logo":{"@type":"ImageObject","inLanguage":"es","@id":"https:\/\/www.carmelitaniscalzi.com\/#\/schema\/logo\/image\/","url":"https:\/\/www.carmelitaniscalzi.com\/wp-content\/uploads\/2025\/11\/login-logo.png","contentUrl":"https:\/\/www.carmelitaniscalzi.com\/wp-content\/uploads\/2025\/11\/login-logo.png","width":256,"height":256,"caption":"CARMELITANI SCALZI - Curia Generale del Carmelo Teresiano"},"image":{"@id":"https:\/\/www.carmelitaniscalzi.com\/#\/schema\/logo\/image\/"},"sameAs":["https:\/\/www.facebook.com\/Curia-Generalizia-Carmelitani-Scalzi-658766940887784\/","https:\/\/x.com\/ocdcuria","https:\/\/www.youtube.com\/channel\/UC2J5ZL0ycOY0qBSTCLX_NGQ\/videos","https:\/\/www.instagram.com\/ocdinform\/"]}]}},"_links":{"self":[{"href":"https:\/\/www.carmelitaniscalzi.com\/es\/wp-json\/wp\/v2\/curia\/4621","targetHints":{"allow":["GET"]}}],"collection":[{"href":"https:\/\/www.carmelitaniscalzi.com\/es\/wp-json\/wp\/v2\/curia"}],"about":[{"href":"https:\/\/www.carmelitaniscalzi.com\/es\/wp-json\/wp\/v2\/types\/curia"}],"version-history":[{"count":5,"href":"https:\/\/www.carmelitaniscalzi.com\/es\/wp-json\/wp\/v2\/curia\/4621\/revisions"}],"predecessor-version":[{"id":112043,"href":"https:\/\/www.carmelitaniscalzi.com\/es\/wp-json\/wp\/v2\/curia\/4621\/revisions\/112043"}],"up":[{"embeddable":true,"href":"https:\/\/www.carmelitaniscalzi.com\/es\/wp-json\/wp\/v2\/curia\/4585"}],"wp:featuredmedia":[{"embeddable":true,"href":"https:\/\/www.carmelitaniscalzi.com\/es\/wp-json\/wp\/v2\/media\/111586"}],"wp:attachment":[{"href":"https:\/\/www.carmelitaniscalzi.com\/es\/wp-json\/wp\/v2\/media?parent=4621"}],"wp:term":[{"taxonomy":"carica_cauria","embeddable":true,"href":"https:\/\/www.carmelitaniscalzi.com\/es\/wp-json\/wp\/v2\/carica_cauria?post=4621"}],"curies":[{"name":"wp","href":"https:\/\/api.w.org\/{rel}","templated":true}]}}