{"id":4618,"date":"2016-06-26T19:57:20","date_gmt":"2016-06-26T17:57:20","guid":{"rendered":"https:\/\/www.carmelitaniscalzi.com\/es\/?page_id=4618"},"modified":"2022-01-21T00:19:49","modified_gmt":"2022-01-20T23:19:49","slug":"vi-definidor","status":"publish","type":"curia","link":"https:\/\/www.carmelitaniscalzi.com\/es\/curia-general\/definidores\/vi-definidor\/","title":{"rendered":"VI Definidor \u2022 De la Provincia de San Alberto, M\u00e9xico"},"content":{"rendered":"<h3><\/h3>\n<h3>Biograf\u00eda<\/h3>\n<p>Nacido en Apatzing\u00e1n, Michoac\u00e1n (M\u00e9xico) el 29 de julio de 1966, entr\u00f3 en la Orden el 1 de septiembre de 1984, emitiendo su primera profesi\u00f3n el 7 de agosto de 1986. Entre 1986 y 1988 realiz\u00f3 los estudios de bachillerato en filosof\u00eda en el Seminario Palafoxiano de Puebla y del 1988 a 1992 estudi\u00f3 el bachillerato en teolog\u00eda en el Colegio M\u00e1ximo de Cristo Rey de los jesuitas en Ciudad de M\u00e9xico. El 7 de agosto de 1991 hizo su profesi\u00f3n solemne, fue ordenado di\u00e1cono en Pisa, en la iglesia de los carmelitas descalzos de San Torp\u00e9 en 1993 y fue ordenado sacerdote en Guadalajara, Jalisco el 20 de julio de 1994.<\/p>\n<p>Es licenciado en Sagrada Escritura por el Pontificio Instituto B\u00edblico de Roma desde el 1996 y posee el M\u00e1ster en M\u00edstica por el CITeS de \u00c1vila (2007-2008). En diciembre de 2015 obtuvo el doctorado en la facultad de teolog\u00eda de la Universidad Pontificia Comillas en Madrid con la tesis \u201cRa\u00edces b\u00edblicas de la m\u00edstica teresiana\u201d.<\/p>\n<p>Ha sido formador de los te\u00f3logos de su provincia (1997-1998), maestro de novicios (1999-2001) y maestro de postulantes (2003-2004). Entre 1999 y 2004 fue consejero provincial, encargado de la formaci\u00f3n y ha sido superior de los conventos de San Joaqu\u00edn (2005-2007), Alba de Tormes, Espa\u00f1a (2009-2012) y San \u00c1ngel (2015).<\/p>\n<p>Ha impartido cursos de Introducci\u00f3n a la Sagrada Escritura y Escritos Paulinos en el Colegio M\u00e1ximo de Cristo Rey y ha sido tambi\u00e9n profesor en el Centro de Estudio de los Valores Humanos de los Carmelitas descalzos en M\u00e9xico (CEVHAC), en el Instituto de Formaci\u00f3n Teol\u00f3gica Intercongregacional y en el Instituto de Teolog\u00eda de la Orden de Franciscanos Menores. Fue vicedirector (1996-1999) y director (2005-2007; 2016-2021) del CEVHAC.<\/p>\n<p>Ha publicado dos libros: \u201cEl\u00edas que est\u00e1 de pie ante el rostro de Dios\u201d (2004) y \u201cSor Isabel, disc\u00edpula de San Pablo\u201d (2007), as\u00ed como diversos art\u00edculos de car\u00e1cter b\u00edblico.<\/p>\n","protected":false},"featured_media":111574,"parent":4585,"menu_order":6,"template":"","format":"standard","meta":{"_acf_changed":false,"footnotes":""},"carica_cauria":[829],"class_list":["post-4618","curia","type-curia","status-publish","format-standard","has-post-thumbnail","hentry","carica_cauria-definidores-es"],"acf":[],"yoast_head":"<!-- This site is optimized with the Yoast SEO plugin v26.3 - https:\/\/yoast.com\/wordpress\/plugins\/seo\/ -->\n<title>VI Definidor \u2022 De la Provincia de San Alberto, M\u00e9xico - CARMELITAS DESCALZOS<\/title>\n<meta name=\"robots\" content=\"index, follow, max-snippet:-1, max-image-preview:large, max-video-preview:-1\" \/>\n<link rel=\"canonical\" href=\"https:\/\/www.carmelitaniscalzi.com\/es\/curia-general\/definidores\/vi-definidor\/\" \/>\n<meta property=\"og:locale\" content=\"es_ES\" \/>\n<meta property=\"og:type\" content=\"article\" \/>\n<meta property=\"og:title\" content=\"VI Definidor \u2022 De la Provincia de San Alberto, M\u00e9xico - CARMELITAS DESCALZOS\" \/>\n<meta property=\"og:description\" content=\"Biograf\u00eda Nacido en Apatzing\u00e1n, Michoac\u00e1n (M\u00e9xico) el 29 de julio de 1966, entr\u00f3 en la Orden el 1 de septiembre de 1984, emitiendo su primera profesi\u00f3n el 7 de agosto de 1986. Entre 1986 y 1988 realiz\u00f3 los estudios de bachillerato en filosof\u00eda en el Seminario Palafoxiano de Puebla y del 1988 a 1992 estudi\u00f3 [&hellip;]\" \/>\n<meta property=\"og:url\" content=\"https:\/\/www.carmelitaniscalzi.com\/es\/curia-general\/definidores\/vi-definidor\/\" \/>\n<meta property=\"og:site_name\" content=\"CARMELITAS DESCALZOS\" \/>\n<meta property=\"article:publisher\" content=\"https:\/\/www.facebook.com\/Curia-Generalizia-Carmelitani-Scalzi-658766940887784\/\" \/>\n<meta property=\"article:modified_time\" content=\"2022-01-20T23:19:49+00:00\" \/>\n<meta property=\"og:image\" content=\"https:\/\/www.carmelitaniscalzi.com\/wp-content\/uploads\/2022\/01\/martin_profile.jpg\" \/>\n\t<meta property=\"og:image:width\" content=\"600\" \/>\n\t<meta property=\"og:image:height\" content=\"600\" \/>\n\t<meta property=\"og:image:type\" content=\"image\/jpeg\" \/>\n<meta name=\"twitter:card\" content=\"summary_large_image\" \/>\n<meta name=\"twitter:site\" content=\"@ocdcuria\" \/>\n<meta name=\"twitter:label1\" content=\"Tiempo de lectura\" \/>\n\t<meta name=\"twitter:data1\" content=\"1 minuto\" \/>\n<script type=\"application\/ld+json\" class=\"yoast-schema-graph\">{\"@context\":\"https:\/\/schema.org\",\"@graph\":[{\"@type\":\"WebPage\",\"@id\":\"https:\/\/www.carmelitaniscalzi.com\/es\/curia-general\/definidores\/vi-definidor\/\",\"url\":\"https:\/\/www.carmelitaniscalzi.com\/es\/curia-general\/definidores\/vi-definidor\/\",\"name\":\"VI Definidor \u2022 De la Provincia de San Alberto, M\u00e9xico - CARMELITAS DESCALZOS\",\"isPartOf\":{\"@id\":\"https:\/\/www.carmelitaniscalzi.com\/#website\"},\"primaryImageOfPage\":{\"@id\":\"https:\/\/www.carmelitaniscalzi.com\/es\/curia-general\/definidores\/vi-definidor\/#primaryimage\"},\"image\":{\"@id\":\"https:\/\/www.carmelitaniscalzi.com\/es\/curia-general\/definidores\/vi-definidor\/#primaryimage\"},\"thumbnailUrl\":\"https:\/\/www.carmelitaniscalzi.com\/wp-content\/uploads\/2022\/01\/martin_profile.jpg\",\"datePublished\":\"2016-06-26T17:57:20+00:00\",\"dateModified\":\"2022-01-20T23:19:49+00:00\",\"breadcrumb\":{\"@id\":\"https:\/\/www.carmelitaniscalzi.com\/es\/curia-general\/definidores\/vi-definidor\/#breadcrumb\"},\"inLanguage\":\"es\",\"potentialAction\":[{\"@type\":\"ReadAction\",\"target\":[\"https:\/\/www.carmelitaniscalzi.com\/es\/curia-general\/definidores\/vi-definidor\/\"]}]},{\"@type\":\"ImageObject\",\"inLanguage\":\"es\",\"@id\":\"https:\/\/www.carmelitaniscalzi.com\/es\/curia-general\/definidores\/vi-definidor\/#primaryimage\",\"url\":\"https:\/\/www.carmelitaniscalzi.com\/wp-content\/uploads\/2022\/01\/martin_profile.jpg\",\"contentUrl\":\"https:\/\/www.carmelitaniscalzi.com\/wp-content\/uploads\/2022\/01\/martin_profile.jpg\",\"width\":600,\"height\":600},{\"@type\":\"BreadcrumbList\",\"@id\":\"https:\/\/www.carmelitaniscalzi.com\/es\/curia-general\/definidores\/vi-definidor\/#breadcrumb\",\"itemListElement\":[{\"@type\":\"ListItem\",\"position\":1,\"name\":\"Home\",\"item\":\"https:\/\/www.carmelitaniscalzi.com\/es\/\"},{\"@type\":\"ListItem\",\"position\":2,\"name\":\"Curia General\",\"item\":\"https:\/\/www.carmelitaniscalzi.com\/es\/curia-general\/\"},{\"@type\":\"ListItem\",\"position\":3,\"name\":\"Definidores\",\"item\":\"https:\/\/www.carmelitaniscalzi.com\/es\/curia-general\/definidores\/\"},{\"@type\":\"ListItem\",\"position\":4,\"name\":\"VI Definidor \u2022 De la Provincia de San Alberto, M\u00e9xico\"}]},{\"@type\":\"WebSite\",\"@id\":\"https:\/\/www.carmelitaniscalzi.com\/#website\",\"url\":\"https:\/\/www.carmelitaniscalzi.com\/\",\"name\":\"CARMELITANI SCALZI - Curia Generale del Carmelo Teresiano\",\"description\":\"Curia General del Carmelo Teresiano\",\"publisher\":{\"@id\":\"https:\/\/www.carmelitaniscalzi.com\/#organization\"},\"alternateName\":\"CARMELITANI SCALZI\",\"potentialAction\":[{\"@type\":\"SearchAction\",\"target\":{\"@type\":\"EntryPoint\",\"urlTemplate\":\"https:\/\/www.carmelitaniscalzi.com\/?s={search_term_string}\"},\"query-input\":{\"@type\":\"PropertyValueSpecification\",\"valueRequired\":true,\"valueName\":\"search_term_string\"}}],\"inLanguage\":\"es\"},{\"@type\":\"Organization\",\"@id\":\"https:\/\/www.carmelitaniscalzi.com\/#organization\",\"name\":\"CARMELITANI SCALZI - Curia Generale del Carmelo Teresiano\",\"url\":\"https:\/\/www.carmelitaniscalzi.com\/\",\"logo\":{\"@type\":\"ImageObject\",\"inLanguage\":\"es\",\"@id\":\"https:\/\/www.carmelitaniscalzi.com\/#\/schema\/logo\/image\/\",\"url\":\"https:\/\/www.carmelitaniscalzi.com\/wp-content\/uploads\/2025\/11\/login-logo.png\",\"contentUrl\":\"https:\/\/www.carmelitaniscalzi.com\/wp-content\/uploads\/2025\/11\/login-logo.png\",\"width\":256,\"height\":256,\"caption\":\"CARMELITANI SCALZI - Curia Generale del Carmelo Teresiano\"},\"image\":{\"@id\":\"https:\/\/www.carmelitaniscalzi.com\/#\/schema\/logo\/image\/\"},\"sameAs\":[\"https:\/\/www.facebook.com\/Curia-Generalizia-Carmelitani-Scalzi-658766940887784\/\",\"https:\/\/x.com\/ocdcuria\",\"https:\/\/www.youtube.com\/channel\/UC2J5ZL0ycOY0qBSTCLX_NGQ\/videos\",\"https:\/\/www.instagram.com\/ocdinform\/\"]}]}<\/script>\n<!-- \/ Yoast SEO plugin. -->","yoast_head_json":{"title":"VI Definidor \u2022 De la Provincia de San Alberto, M\u00e9xico - CARMELITAS DESCALZOS","robots":{"index":"index","follow":"follow","max-snippet":"max-snippet:-1","max-image-preview":"max-image-preview:large","max-video-preview":"max-video-preview:-1"},"canonical":"https:\/\/www.carmelitaniscalzi.com\/es\/curia-general\/definidores\/vi-definidor\/","og_locale":"es_ES","og_type":"article","og_title":"VI Definidor \u2022 De la Provincia de San Alberto, M\u00e9xico - CARMELITAS DESCALZOS","og_description":"Biograf\u00eda Nacido en Apatzing\u00e1n, Michoac\u00e1n (M\u00e9xico) el 29 de julio de 1966, entr\u00f3 en la Orden el 1 de septiembre de 1984, emitiendo su primera profesi\u00f3n el 7 de agosto de 1986. Entre 1986 y 1988 realiz\u00f3 los estudios de bachillerato en filosof\u00eda en el Seminario Palafoxiano de Puebla y del 1988 a 1992 estudi\u00f3 [&hellip;]","og_url":"https:\/\/www.carmelitaniscalzi.com\/es\/curia-general\/definidores\/vi-definidor\/","og_site_name":"CARMELITAS DESCALZOS","article_publisher":"https:\/\/www.facebook.com\/Curia-Generalizia-Carmelitani-Scalzi-658766940887784\/","article_modified_time":"2022-01-20T23:19:49+00:00","og_image":[{"width":600,"height":600,"url":"https:\/\/www.carmelitaniscalzi.com\/wp-content\/uploads\/2022\/01\/martin_profile.jpg","type":"image\/jpeg"}],"twitter_card":"summary_large_image","twitter_site":"@ocdcuria","twitter_misc":{"Tiempo de lectura":"1 minuto"},"schema":{"@context":"https:\/\/schema.org","@graph":[{"@type":"WebPage","@id":"https:\/\/www.carmelitaniscalzi.com\/es\/curia-general\/definidores\/vi-definidor\/","url":"https:\/\/www.carmelitaniscalzi.com\/es\/curia-general\/definidores\/vi-definidor\/","name":"VI Definidor \u2022 De la Provincia de San Alberto, M\u00e9xico - CARMELITAS DESCALZOS","isPartOf":{"@id":"https:\/\/www.carmelitaniscalzi.com\/#website"},"primaryImageOfPage":{"@id":"https:\/\/www.carmelitaniscalzi.com\/es\/curia-general\/definidores\/vi-definidor\/#primaryimage"},"image":{"@id":"https:\/\/www.carmelitaniscalzi.com\/es\/curia-general\/definidores\/vi-definidor\/#primaryimage"},"thumbnailUrl":"https:\/\/www.carmelitaniscalzi.com\/wp-content\/uploads\/2022\/01\/martin_profile.jpg","datePublished":"2016-06-26T17:57:20+00:00","dateModified":"2022-01-20T23:19:49+00:00","breadcrumb":{"@id":"https:\/\/www.carmelitaniscalzi.com\/es\/curia-general\/definidores\/vi-definidor\/#breadcrumb"},"inLanguage":"es","potentialAction":[{"@type":"ReadAction","target":["https:\/\/www.carmelitaniscalzi.com\/es\/curia-general\/definidores\/vi-definidor\/"]}]},{"@type":"ImageObject","inLanguage":"es","@id":"https:\/\/www.carmelitaniscalzi.com\/es\/curia-general\/definidores\/vi-definidor\/#primaryimage","url":"https:\/\/www.carmelitaniscalzi.com\/wp-content\/uploads\/2022\/01\/martin_profile.jpg","contentUrl":"https:\/\/www.carmelitaniscalzi.com\/wp-content\/uploads\/2022\/01\/martin_profile.jpg","width":600,"height":600},{"@type":"BreadcrumbList","@id":"https:\/\/www.carmelitaniscalzi.com\/es\/curia-general\/definidores\/vi-definidor\/#breadcrumb","itemListElement":[{"@type":"ListItem","position":1,"name":"Home","item":"https:\/\/www.carmelitaniscalzi.com\/es\/"},{"@type":"ListItem","position":2,"name":"Curia General","item":"https:\/\/www.carmelitaniscalzi.com\/es\/curia-general\/"},{"@type":"ListItem","position":3,"name":"Definidores","item":"https:\/\/www.carmelitaniscalzi.com\/es\/curia-general\/definidores\/"},{"@type":"ListItem","position":4,"name":"VI Definidor \u2022 De la Provincia de San Alberto, M\u00e9xico"}]},{"@type":"WebSite","@id":"https:\/\/www.carmelitaniscalzi.com\/#website","url":"https:\/\/www.carmelitaniscalzi.com\/","name":"CARMELITANI SCALZI - Curia Generale del Carmelo Teresiano","description":"Curia General del Carmelo Teresiano","publisher":{"@id":"https:\/\/www.carmelitaniscalzi.com\/#organization"},"alternateName":"CARMELITANI SCALZI","potentialAction":[{"@type":"SearchAction","target":{"@type":"EntryPoint","urlTemplate":"https:\/\/www.carmelitaniscalzi.com\/?s={search_term_string}"},"query-input":{"@type":"PropertyValueSpecification","valueRequired":true,"valueName":"search_term_string"}}],"inLanguage":"es"},{"@type":"Organization","@id":"https:\/\/www.carmelitaniscalzi.com\/#organization","name":"CARMELITANI SCALZI - Curia Generale del Carmelo Teresiano","url":"https:\/\/www.carmelitaniscalzi.com\/","logo":{"@type":"ImageObject","inLanguage":"es","@id":"https:\/\/www.carmelitaniscalzi.com\/#\/schema\/logo\/image\/","url":"https:\/\/www.carmelitaniscalzi.com\/wp-content\/uploads\/2025\/11\/login-logo.png","contentUrl":"https:\/\/www.carmelitaniscalzi.com\/wp-content\/uploads\/2025\/11\/login-logo.png","width":256,"height":256,"caption":"CARMELITANI SCALZI - Curia Generale del Carmelo Teresiano"},"image":{"@id":"https:\/\/www.carmelitaniscalzi.com\/#\/schema\/logo\/image\/"},"sameAs":["https:\/\/www.facebook.com\/Curia-Generalizia-Carmelitani-Scalzi-658766940887784\/","https:\/\/x.com\/ocdcuria","https:\/\/www.youtube.com\/channel\/UC2J5ZL0ycOY0qBSTCLX_NGQ\/videos","https:\/\/www.instagram.com\/ocdinform\/"]}]}},"_links":{"self":[{"href":"https:\/\/www.carmelitaniscalzi.com\/es\/wp-json\/wp\/v2\/curia\/4618","targetHints":{"allow":["GET"]}}],"collection":[{"href":"https:\/\/www.carmelitaniscalzi.com\/es\/wp-json\/wp\/v2\/curia"}],"about":[{"href":"https:\/\/www.carmelitaniscalzi.com\/es\/wp-json\/wp\/v2\/types\/curia"}],"version-history":[{"count":5,"href":"https:\/\/www.carmelitaniscalzi.com\/es\/wp-json\/wp\/v2\/curia\/4618\/revisions"}],"predecessor-version":[{"id":112042,"href":"https:\/\/www.carmelitaniscalzi.com\/es\/wp-json\/wp\/v2\/curia\/4618\/revisions\/112042"}],"up":[{"embeddable":true,"href":"https:\/\/www.carmelitaniscalzi.com\/es\/wp-json\/wp\/v2\/curia\/4585"}],"wp:featuredmedia":[{"embeddable":true,"href":"https:\/\/www.carmelitaniscalzi.com\/es\/wp-json\/wp\/v2\/media\/111574"}],"wp:attachment":[{"href":"https:\/\/www.carmelitaniscalzi.com\/es\/wp-json\/wp\/v2\/media?parent=4618"}],"wp:term":[{"taxonomy":"carica_cauria","embeddable":true,"href":"https:\/\/www.carmelitaniscalzi.com\/es\/wp-json\/wp\/v2\/carica_cauria?post=4618"}],"curies":[{"name":"wp","href":"https:\/\/api.w.org\/{rel}","templated":true}]}}