{"id":4608,"date":"2016-06-26T19:18:49","date_gmt":"2016-06-26T17:18:49","guid":{"rendered":"https:\/\/www.carmelitaniscalzi.com\/es\/?page_id=4608"},"modified":"2022-01-21T00:14:55","modified_gmt":"2022-01-20T23:14:55","slug":"iii-definidor","status":"publish","type":"curia","link":"https:\/\/www.carmelitaniscalzi.com\/es\/curia-general\/definidores\/iii-definidor\/","title":{"rendered":"III Definidor \u2022 De la Delegaci\u00f3n Provincial de Malawi \u2013 Provincia de Navarra"},"content":{"rendered":"<h3><\/h3>\n<h3>Biograf\u00eda<\/h3>\n<p>Nacido el 20 de mayo de 1968 en el distrito de Zomba, en Malawi, hizo su primera profesi\u00f3n el 31 de julio de 1991 y emiti\u00f3 sus votos solemnes el 4 de agosto de 1996. Estudi\u00f3 filosof\u00eda en el seminario inter-congregacional de Balaka, en Malawi y en el seminario \u201cap\u00f3stoles de Jes\u00fas\u201d en Kenya, mientras que realiz\u00f3 los estudios teol\u00f3gicos en Tangaza, Kenya. Fue ordenado di\u00e1cono el 17 de noviembre de 1997 y sacerdote el 6 de junio de 1998. Posee la licencia en Teolog\u00eda Espiritual por la Universidad Cat\u00f3lica de \u00c1frica Oriental (CUEA), en Kenya.<\/p>\n<p>Ha cumplido numerosos servicios: vice p\u00e1rroco, maestro de estudiantes de teolog\u00eda (Kenya), maestro de postulantes, decano acad\u00e9mico y, m\u00e1s tarde, rector del seminario mayor de filosof\u00eda (ICS) de Balaka, profesor, formador y director espiritual del seminario nacional de teolog\u00eda para sacerdotes diocesanos de Zomba. Adem\u00e1s ha sido director del centro espiritual de Nyungwe, maestro de novicios, delegado provincial de Malawi, presidente de la conferencia OCD de superiores de la zona angl\u00f3fona, miembro y moderador del colegio de consejeros de la archidi\u00f3cesis de Lilongwe y p\u00e1rroco de la parroquia de Nuestra Se\u00f1ora de la Esperanza en Chiphaso, Kasungu (Malawi).<\/p>\n<p>&nbsp;<\/p>\n<h3><\/h3>\n<p>&nbsp;<\/p>\n","protected":false},"featured_media":111538,"parent":4585,"menu_order":3,"template":"","format":"standard","meta":{"_acf_changed":false,"footnotes":""},"carica_cauria":[829],"class_list":["post-4608","curia","type-curia","status-publish","format-standard","has-post-thumbnail","hentry","carica_cauria-definidores-es"],"acf":[],"yoast_head":"<!-- This site is optimized with the Yoast SEO plugin v26.3 - https:\/\/yoast.com\/wordpress\/plugins\/seo\/ -->\n<title>III Definidor \u2022 De la Delegaci\u00f3n Provincial de Malawi \u2013 Provincia de Navarra - CARMELITAS DESCALZOS<\/title>\n<meta name=\"robots\" content=\"index, follow, max-snippet:-1, max-image-preview:large, max-video-preview:-1\" \/>\n<link rel=\"canonical\" href=\"https:\/\/www.carmelitaniscalzi.com\/es\/curia-general\/definidores\/iii-definidor\/\" \/>\n<meta property=\"og:locale\" content=\"es_ES\" \/>\n<meta property=\"og:type\" content=\"article\" \/>\n<meta property=\"og:title\" content=\"III Definidor \u2022 De la Delegaci\u00f3n Provincial de Malawi \u2013 Provincia de Navarra - CARMELITAS DESCALZOS\" \/>\n<meta property=\"og:description\" content=\"Biograf\u00eda Nacido el 20 de mayo de 1968 en el distrito de Zomba, en Malawi, hizo su primera profesi\u00f3n el 31 de julio de 1991 y emiti\u00f3 sus votos solemnes el 4 de agosto de 1996. Estudi\u00f3 filosof\u00eda en el seminario inter-congregacional de Balaka, en Malawi y en el seminario \u201cap\u00f3stoles de Jes\u00fas\u201d en Kenya, [&hellip;]\" \/>\n<meta property=\"og:url\" content=\"https:\/\/www.carmelitaniscalzi.com\/es\/curia-general\/definidores\/iii-definidor\/\" \/>\n<meta property=\"og:site_name\" content=\"CARMELITAS DESCALZOS\" \/>\n<meta property=\"article:publisher\" content=\"https:\/\/www.facebook.com\/Curia-Generalizia-Carmelitani-Scalzi-658766940887784\/\" \/>\n<meta property=\"article:modified_time\" content=\"2022-01-20T23:14:55+00:00\" \/>\n<meta property=\"og:image\" content=\"https:\/\/www.carmelitaniscalzi.com\/wp-content\/uploads\/2022\/01\/philbert_namphande_profile.jpg\" \/>\n\t<meta property=\"og:image:width\" content=\"600\" \/>\n\t<meta property=\"og:image:height\" content=\"600\" \/>\n\t<meta property=\"og:image:type\" content=\"image\/jpeg\" \/>\n<meta name=\"twitter:card\" content=\"summary_large_image\" \/>\n<meta name=\"twitter:site\" content=\"@ocdcuria\" \/>\n<meta name=\"twitter:label1\" content=\"Tiempo de lectura\" \/>\n\t<meta name=\"twitter:data1\" content=\"1 minuto\" \/>\n<script type=\"application\/ld+json\" class=\"yoast-schema-graph\">{\"@context\":\"https:\/\/schema.org\",\"@graph\":[{\"@type\":\"WebPage\",\"@id\":\"https:\/\/www.carmelitaniscalzi.com\/es\/curia-general\/definidores\/iii-definidor\/\",\"url\":\"https:\/\/www.carmelitaniscalzi.com\/es\/curia-general\/definidores\/iii-definidor\/\",\"name\":\"III Definidor \u2022 De la Delegaci\u00f3n Provincial de Malawi \u2013 Provincia de Navarra - CARMELITAS DESCALZOS\",\"isPartOf\":{\"@id\":\"https:\/\/www.carmelitaniscalzi.com\/#website\"},\"primaryImageOfPage\":{\"@id\":\"https:\/\/www.carmelitaniscalzi.com\/es\/curia-general\/definidores\/iii-definidor\/#primaryimage\"},\"image\":{\"@id\":\"https:\/\/www.carmelitaniscalzi.com\/es\/curia-general\/definidores\/iii-definidor\/#primaryimage\"},\"thumbnailUrl\":\"https:\/\/www.carmelitaniscalzi.com\/wp-content\/uploads\/2022\/01\/philbert_namphande_profile.jpg\",\"datePublished\":\"2016-06-26T17:18:49+00:00\",\"dateModified\":\"2022-01-20T23:14:55+00:00\",\"breadcrumb\":{\"@id\":\"https:\/\/www.carmelitaniscalzi.com\/es\/curia-general\/definidores\/iii-definidor\/#breadcrumb\"},\"inLanguage\":\"es\",\"potentialAction\":[{\"@type\":\"ReadAction\",\"target\":[\"https:\/\/www.carmelitaniscalzi.com\/es\/curia-general\/definidores\/iii-definidor\/\"]}]},{\"@type\":\"ImageObject\",\"inLanguage\":\"es\",\"@id\":\"https:\/\/www.carmelitaniscalzi.com\/es\/curia-general\/definidores\/iii-definidor\/#primaryimage\",\"url\":\"https:\/\/www.carmelitaniscalzi.com\/wp-content\/uploads\/2022\/01\/philbert_namphande_profile.jpg\",\"contentUrl\":\"https:\/\/www.carmelitaniscalzi.com\/wp-content\/uploads\/2022\/01\/philbert_namphande_profile.jpg\",\"width\":600,\"height\":600},{\"@type\":\"BreadcrumbList\",\"@id\":\"https:\/\/www.carmelitaniscalzi.com\/es\/curia-general\/definidores\/iii-definidor\/#breadcrumb\",\"itemListElement\":[{\"@type\":\"ListItem\",\"position\":1,\"name\":\"Home\",\"item\":\"https:\/\/www.carmelitaniscalzi.com\/es\/\"},{\"@type\":\"ListItem\",\"position\":2,\"name\":\"Curia General\",\"item\":\"https:\/\/www.carmelitaniscalzi.com\/es\/curia-general\/\"},{\"@type\":\"ListItem\",\"position\":3,\"name\":\"Definidores\",\"item\":\"https:\/\/www.carmelitaniscalzi.com\/es\/curia-general\/definidores\/\"},{\"@type\":\"ListItem\",\"position\":4,\"name\":\"III Definidor \u2022 De la Delegaci\u00f3n Provincial de Malawi \u2013 Provincia de Navarra\"}]},{\"@type\":\"WebSite\",\"@id\":\"https:\/\/www.carmelitaniscalzi.com\/#website\",\"url\":\"https:\/\/www.carmelitaniscalzi.com\/\",\"name\":\"CARMELITANI SCALZI - Curia Generale del Carmelo Teresiano\",\"description\":\"Curia General del Carmelo Teresiano\",\"publisher\":{\"@id\":\"https:\/\/www.carmelitaniscalzi.com\/#organization\"},\"alternateName\":\"CARMELITANI SCALZI\",\"potentialAction\":[{\"@type\":\"SearchAction\",\"target\":{\"@type\":\"EntryPoint\",\"urlTemplate\":\"https:\/\/www.carmelitaniscalzi.com\/?s={search_term_string}\"},\"query-input\":{\"@type\":\"PropertyValueSpecification\",\"valueRequired\":true,\"valueName\":\"search_term_string\"}}],\"inLanguage\":\"es\"},{\"@type\":\"Organization\",\"@id\":\"https:\/\/www.carmelitaniscalzi.com\/#organization\",\"name\":\"CARMELITANI SCALZI - Curia Generale del Carmelo Teresiano\",\"url\":\"https:\/\/www.carmelitaniscalzi.com\/\",\"logo\":{\"@type\":\"ImageObject\",\"inLanguage\":\"es\",\"@id\":\"https:\/\/www.carmelitaniscalzi.com\/#\/schema\/logo\/image\/\",\"url\":\"https:\/\/www.carmelitaniscalzi.com\/wp-content\/uploads\/2025\/11\/login-logo.png\",\"contentUrl\":\"https:\/\/www.carmelitaniscalzi.com\/wp-content\/uploads\/2025\/11\/login-logo.png\",\"width\":256,\"height\":256,\"caption\":\"CARMELITANI SCALZI - Curia Generale del Carmelo Teresiano\"},\"image\":{\"@id\":\"https:\/\/www.carmelitaniscalzi.com\/#\/schema\/logo\/image\/\"},\"sameAs\":[\"https:\/\/www.facebook.com\/Curia-Generalizia-Carmelitani-Scalzi-658766940887784\/\",\"https:\/\/x.com\/ocdcuria\",\"https:\/\/www.youtube.com\/channel\/UC2J5ZL0ycOY0qBSTCLX_NGQ\/videos\",\"https:\/\/www.instagram.com\/ocdinform\/\"]}]}<\/script>\n<!-- \/ Yoast SEO plugin. -->","yoast_head_json":{"title":"III Definidor \u2022 De la Delegaci\u00f3n Provincial de Malawi \u2013 Provincia de Navarra - CARMELITAS DESCALZOS","robots":{"index":"index","follow":"follow","max-snippet":"max-snippet:-1","max-image-preview":"max-image-preview:large","max-video-preview":"max-video-preview:-1"},"canonical":"https:\/\/www.carmelitaniscalzi.com\/es\/curia-general\/definidores\/iii-definidor\/","og_locale":"es_ES","og_type":"article","og_title":"III Definidor \u2022 De la Delegaci\u00f3n Provincial de Malawi \u2013 Provincia de Navarra - CARMELITAS DESCALZOS","og_description":"Biograf\u00eda Nacido el 20 de mayo de 1968 en el distrito de Zomba, en Malawi, hizo su primera profesi\u00f3n el 31 de julio de 1991 y emiti\u00f3 sus votos solemnes el 4 de agosto de 1996. Estudi\u00f3 filosof\u00eda en el seminario inter-congregacional de Balaka, en Malawi y en el seminario \u201cap\u00f3stoles de Jes\u00fas\u201d en Kenya, [&hellip;]","og_url":"https:\/\/www.carmelitaniscalzi.com\/es\/curia-general\/definidores\/iii-definidor\/","og_site_name":"CARMELITAS DESCALZOS","article_publisher":"https:\/\/www.facebook.com\/Curia-Generalizia-Carmelitani-Scalzi-658766940887784\/","article_modified_time":"2022-01-20T23:14:55+00:00","og_image":[{"width":600,"height":600,"url":"https:\/\/www.carmelitaniscalzi.com\/wp-content\/uploads\/2022\/01\/philbert_namphande_profile.jpg","type":"image\/jpeg"}],"twitter_card":"summary_large_image","twitter_site":"@ocdcuria","twitter_misc":{"Tiempo de lectura":"1 minuto"},"schema":{"@context":"https:\/\/schema.org","@graph":[{"@type":"WebPage","@id":"https:\/\/www.carmelitaniscalzi.com\/es\/curia-general\/definidores\/iii-definidor\/","url":"https:\/\/www.carmelitaniscalzi.com\/es\/curia-general\/definidores\/iii-definidor\/","name":"III Definidor \u2022 De la Delegaci\u00f3n Provincial de Malawi \u2013 Provincia de Navarra - CARMELITAS DESCALZOS","isPartOf":{"@id":"https:\/\/www.carmelitaniscalzi.com\/#website"},"primaryImageOfPage":{"@id":"https:\/\/www.carmelitaniscalzi.com\/es\/curia-general\/definidores\/iii-definidor\/#primaryimage"},"image":{"@id":"https:\/\/www.carmelitaniscalzi.com\/es\/curia-general\/definidores\/iii-definidor\/#primaryimage"},"thumbnailUrl":"https:\/\/www.carmelitaniscalzi.com\/wp-content\/uploads\/2022\/01\/philbert_namphande_profile.jpg","datePublished":"2016-06-26T17:18:49+00:00","dateModified":"2022-01-20T23:14:55+00:00","breadcrumb":{"@id":"https:\/\/www.carmelitaniscalzi.com\/es\/curia-general\/definidores\/iii-definidor\/#breadcrumb"},"inLanguage":"es","potentialAction":[{"@type":"ReadAction","target":["https:\/\/www.carmelitaniscalzi.com\/es\/curia-general\/definidores\/iii-definidor\/"]}]},{"@type":"ImageObject","inLanguage":"es","@id":"https:\/\/www.carmelitaniscalzi.com\/es\/curia-general\/definidores\/iii-definidor\/#primaryimage","url":"https:\/\/www.carmelitaniscalzi.com\/wp-content\/uploads\/2022\/01\/philbert_namphande_profile.jpg","contentUrl":"https:\/\/www.carmelitaniscalzi.com\/wp-content\/uploads\/2022\/01\/philbert_namphande_profile.jpg","width":600,"height":600},{"@type":"BreadcrumbList","@id":"https:\/\/www.carmelitaniscalzi.com\/es\/curia-general\/definidores\/iii-definidor\/#breadcrumb","itemListElement":[{"@type":"ListItem","position":1,"name":"Home","item":"https:\/\/www.carmelitaniscalzi.com\/es\/"},{"@type":"ListItem","position":2,"name":"Curia General","item":"https:\/\/www.carmelitaniscalzi.com\/es\/curia-general\/"},{"@type":"ListItem","position":3,"name":"Definidores","item":"https:\/\/www.carmelitaniscalzi.com\/es\/curia-general\/definidores\/"},{"@type":"ListItem","position":4,"name":"III Definidor \u2022 De la Delegaci\u00f3n Provincial de Malawi \u2013 Provincia de Navarra"}]},{"@type":"WebSite","@id":"https:\/\/www.carmelitaniscalzi.com\/#website","url":"https:\/\/www.carmelitaniscalzi.com\/","name":"CARMELITANI SCALZI - Curia Generale del Carmelo Teresiano","description":"Curia General del Carmelo Teresiano","publisher":{"@id":"https:\/\/www.carmelitaniscalzi.com\/#organization"},"alternateName":"CARMELITANI SCALZI","potentialAction":[{"@type":"SearchAction","target":{"@type":"EntryPoint","urlTemplate":"https:\/\/www.carmelitaniscalzi.com\/?s={search_term_string}"},"query-input":{"@type":"PropertyValueSpecification","valueRequired":true,"valueName":"search_term_string"}}],"inLanguage":"es"},{"@type":"Organization","@id":"https:\/\/www.carmelitaniscalzi.com\/#organization","name":"CARMELITANI SCALZI - Curia Generale del Carmelo Teresiano","url":"https:\/\/www.carmelitaniscalzi.com\/","logo":{"@type":"ImageObject","inLanguage":"es","@id":"https:\/\/www.carmelitaniscalzi.com\/#\/schema\/logo\/image\/","url":"https:\/\/www.carmelitaniscalzi.com\/wp-content\/uploads\/2025\/11\/login-logo.png","contentUrl":"https:\/\/www.carmelitaniscalzi.com\/wp-content\/uploads\/2025\/11\/login-logo.png","width":256,"height":256,"caption":"CARMELITANI SCALZI - Curia Generale del Carmelo Teresiano"},"image":{"@id":"https:\/\/www.carmelitaniscalzi.com\/#\/schema\/logo\/image\/"},"sameAs":["https:\/\/www.facebook.com\/Curia-Generalizia-Carmelitani-Scalzi-658766940887784\/","https:\/\/x.com\/ocdcuria","https:\/\/www.youtube.com\/channel\/UC2J5ZL0ycOY0qBSTCLX_NGQ\/videos","https:\/\/www.instagram.com\/ocdinform\/"]}]}},"_links":{"self":[{"href":"https:\/\/www.carmelitaniscalzi.com\/es\/wp-json\/wp\/v2\/curia\/4608","targetHints":{"allow":["GET"]}}],"collection":[{"href":"https:\/\/www.carmelitaniscalzi.com\/es\/wp-json\/wp\/v2\/curia"}],"about":[{"href":"https:\/\/www.carmelitaniscalzi.com\/es\/wp-json\/wp\/v2\/types\/curia"}],"version-history":[{"count":7,"href":"https:\/\/www.carmelitaniscalzi.com\/es\/wp-json\/wp\/v2\/curia\/4608\/revisions"}],"predecessor-version":[{"id":112037,"href":"https:\/\/www.carmelitaniscalzi.com\/es\/wp-json\/wp\/v2\/curia\/4608\/revisions\/112037"}],"up":[{"embeddable":true,"href":"https:\/\/www.carmelitaniscalzi.com\/es\/wp-json\/wp\/v2\/curia\/4585"}],"wp:featuredmedia":[{"embeddable":true,"href":"https:\/\/www.carmelitaniscalzi.com\/es\/wp-json\/wp\/v2\/media\/111538"}],"wp:attachment":[{"href":"https:\/\/www.carmelitaniscalzi.com\/es\/wp-json\/wp\/v2\/media?parent=4608"}],"wp:term":[{"taxonomy":"carica_cauria","embeddable":true,"href":"https:\/\/www.carmelitaniscalzi.com\/es\/wp-json\/wp\/v2\/carica_cauria?post=4608"}],"curies":[{"name":"wp","href":"https:\/\/api.w.org\/{rel}","templated":true}]}}