{"id":4588,"date":"2016-06-26T14:00:25","date_gmt":"2016-06-26T12:00:25","guid":{"rendered":"https:\/\/www.carmelitaniscalzi.com\/es\/?page_id=4588"},"modified":"2021-06-05T21:18:44","modified_gmt":"2021-06-05T19:18:44","slug":"i-definidor","status":"publish","type":"curia","link":"https:\/\/www.carmelitaniscalzi.com\/es\/curia-general\/definidores\/i-definidor\/","title":{"rendered":"I Definidor"},"content":{"rendered":"<h3>Biograf\u00eda<\/h3>\n<p>Nacido el 21 de diciembre de 1959 en Caldes de Malavella (Girona, Catalu\u00f1a, Espa\u00f1a).<\/p>\n<p>Carmelita descalzo. Profesi\u00f3n simple en Reinosa (Cantabria) el 15 de septiembre de 1978. Profesi\u00f3n solemne en Barcelona el 1984. Ordenaci\u00f3n presbiteral el 24 de junio de 1985 en Barcelona.<\/p>\n<p>De 1990 a 2008 ha sido consejero provincial y de 2008 a 2015 superior provincial de los Carmelitas Descalzos de Catalunya i Balears. En febrero de 2015 fue elegido consejero provincial de la nueva provincia Ib\u00e9rica de Santa Teresa de Jes\u00fas.<\/p>\n<p>Estudi\u00f3 Filosof\u00eda y Teolog\u00eda en la Facultat de Teologia de Catalunya (Barcelona) y Sagrada Escritura en el Pontificio Instituto B\u00edblico de Roma; t\u00edtulos de Bachiller en Teolog\u00eda por la Facultat de Teologia de Catalunya (1985) y de Doctor en Sagrada Escritura por el Pontificio Instituto B\u00edblico de Roma (1998).<\/p>\n<p>Desde el curso 1996-1997 es profesor de la Facultat de Teologia de Catalunya, donde ha impartido los cursos de Introducci\u00f3n al Nuevo Testamento y de Cartas Apost\u00f3licas, y ha ofrecido diversos cursos de Licencia en Sagrada Escritura, la mayor\u00eda sobre teolog\u00eda paulina. Tamb\u00e9 es profesor de los Institutos Superiores de Ciencias Religiosas de Lleida y Barcelona. Ha impartido clases en otros centros acad\u00e9micos.<\/p>\n<p>Desde diciembre de 1997 es secretario de la Associaci\u00f3 B\u00edblica de Catalunya. Particip\u00f3 en la traducci\u00f3n y edici\u00f3n de la BCI (B\u00edblia Catalana Interconfessional) y del Nou Testament Grec-Llat\u00ed-Catal\u00e0. Ha publicado diversos libros y art\u00edculos, principalmente sobre temas b\u00edblicos y de espiritualidad carmelitana.<\/p>\n<p>Entre las publicaciones, cabe destacar la tesis doctoral: The Good News of Peter&#8217;s Denial. A Narrative and Rhetorical Reading of Mark 14:54.66-72 (International Studies in Formative Christianity and Judaism 7), Atlanta, Georgia: Scholars Press 1998. Tambi\u00e9n ha publicado un comentario sobre el Padrenuestro.<\/p>\n<p>Ha participado en la elaboraci\u00f3n de las Concordancias de los escritos de san Juan de la Cruz (Roma: Teresianum 1990), y de las Concordancias de los escritos de santa Teresa de Jes\u00fas (Roma: Editoriales OCD 2000).<\/p>\n<p>Fue uno de los traductores al catal\u00e1n del Libro de la Vida de santa Teresa y del C\u00e1ntico espiritual de san Juan de la Cruz, publicados en la colecci\u00f3n \u00abCl\u00e0ssics del Cristianisme\u00bb. Es coordinador del Congr\u00e9s d&#8217;Espiritualitat, que ha celebrado cuatro ediciones, dedicadas a san Juan de la Cruz (1991), Teresa de Lisieux (1997), Edith Stein (2003) i san Pablo (2009).<\/p>\n<p>En el Cap\u00edtulo General ocd celebrado en \u00c1vila en mayo de 2015 fue elegido definidor General.<\/p>\n<h3>Actividad<\/h3>\n<p>En su condici\u00f3n de primer Definidor, corresponde al P. Agust\u00ed Borrell como responsabilidad m\u00e1s importante desempe\u00f1ar el cargo de Vicario en los casos previstos por las Constituciones (cf. n\u00ba 177). Es el Presidente de la Comisi\u00f3n para la relectura de las Constituciones.<\/p>\n","protected":false},"featured_media":51852,"parent":4585,"menu_order":1,"template":"","format":"standard","meta":{"_acf_changed":false,"footnotes":""},"carica_cauria":[829],"class_list":["post-4588","curia","type-curia","status-publish","format-standard","has-post-thumbnail","hentry","carica_cauria-definidores-es"],"acf":[],"yoast_head":"<!-- This site is optimized with the Yoast SEO plugin v26.3 - https:\/\/yoast.com\/wordpress\/plugins\/seo\/ -->\n<title>I Definidor - CARMELITAS DESCALZOS<\/title>\n<meta name=\"robots\" content=\"index, follow, max-snippet:-1, max-image-preview:large, max-video-preview:-1\" \/>\n<link rel=\"canonical\" href=\"https:\/\/www.carmelitaniscalzi.com\/es\/curia-general\/definidores\/i-definidor\/\" \/>\n<meta property=\"og:locale\" content=\"es_ES\" \/>\n<meta property=\"og:type\" content=\"article\" \/>\n<meta property=\"og:title\" content=\"I Definidor - CARMELITAS DESCALZOS\" \/>\n<meta property=\"og:description\" content=\"Biograf\u00eda Nacido el 21 de diciembre de 1959 en Caldes de Malavella (Girona, Catalu\u00f1a, Espa\u00f1a). Carmelita descalzo. Profesi\u00f3n simple en Reinosa (Cantabria) el 15 de septiembre de 1978. Profesi\u00f3n solemne en Barcelona el 1984. Ordenaci\u00f3n presbiteral el 24 de junio de 1985 en Barcelona. De 1990 a 2008 ha sido consejero provincial y de 2008 [&hellip;]\" \/>\n<meta property=\"og:url\" content=\"https:\/\/www.carmelitaniscalzi.com\/es\/curia-general\/definidores\/i-definidor\/\" \/>\n<meta property=\"og:site_name\" content=\"CARMELITAS DESCALZOS\" \/>\n<meta property=\"article:publisher\" content=\"https:\/\/www.facebook.com\/Curia-Generalizia-Carmelitani-Scalzi-658766940887784\/\" \/>\n<meta property=\"article:modified_time\" content=\"2021-06-05T19:18:44+00:00\" \/>\n<meta property=\"og:image\" content=\"https:\/\/www.carmelitaniscalzi.com\/wp-content\/uploads\/2016\/02\/I-Definitore.jpeg\" \/>\n\t<meta property=\"og:image:width\" content=\"600\" \/>\n\t<meta property=\"og:image:height\" content=\"600\" \/>\n\t<meta property=\"og:image:type\" content=\"image\/jpeg\" \/>\n<meta name=\"twitter:card\" content=\"summary_large_image\" \/>\n<meta name=\"twitter:site\" content=\"@ocdcuria\" \/>\n<meta name=\"twitter:label1\" content=\"Tiempo de lectura\" \/>\n\t<meta name=\"twitter:data1\" content=\"2 minutos\" \/>\n<script type=\"application\/ld+json\" class=\"yoast-schema-graph\">{\"@context\":\"https:\/\/schema.org\",\"@graph\":[{\"@type\":\"WebPage\",\"@id\":\"https:\/\/www.carmelitaniscalzi.com\/es\/curia-general\/definidores\/i-definidor\/\",\"url\":\"https:\/\/www.carmelitaniscalzi.com\/es\/curia-general\/definidores\/i-definidor\/\",\"name\":\"I Definidor - CARMELITAS DESCALZOS\",\"isPartOf\":{\"@id\":\"https:\/\/www.carmelitaniscalzi.com\/#website\"},\"primaryImageOfPage\":{\"@id\":\"https:\/\/www.carmelitaniscalzi.com\/es\/curia-general\/definidores\/i-definidor\/#primaryimage\"},\"image\":{\"@id\":\"https:\/\/www.carmelitaniscalzi.com\/es\/curia-general\/definidores\/i-definidor\/#primaryimage\"},\"thumbnailUrl\":\"https:\/\/www.carmelitaniscalzi.com\/wp-content\/uploads\/2016\/02\/I-Definitore.jpeg\",\"datePublished\":\"2016-06-26T12:00:25+00:00\",\"dateModified\":\"2021-06-05T19:18:44+00:00\",\"breadcrumb\":{\"@id\":\"https:\/\/www.carmelitaniscalzi.com\/es\/curia-general\/definidores\/i-definidor\/#breadcrumb\"},\"inLanguage\":\"es\",\"potentialAction\":[{\"@type\":\"ReadAction\",\"target\":[\"https:\/\/www.carmelitaniscalzi.com\/es\/curia-general\/definidores\/i-definidor\/\"]}]},{\"@type\":\"ImageObject\",\"inLanguage\":\"es\",\"@id\":\"https:\/\/www.carmelitaniscalzi.com\/es\/curia-general\/definidores\/i-definidor\/#primaryimage\",\"url\":\"https:\/\/www.carmelitaniscalzi.com\/wp-content\/uploads\/2016\/02\/I-Definitore.jpeg\",\"contentUrl\":\"https:\/\/www.carmelitaniscalzi.com\/wp-content\/uploads\/2016\/02\/I-Definitore.jpeg\",\"width\":600,\"height\":600},{\"@type\":\"BreadcrumbList\",\"@id\":\"https:\/\/www.carmelitaniscalzi.com\/es\/curia-general\/definidores\/i-definidor\/#breadcrumb\",\"itemListElement\":[{\"@type\":\"ListItem\",\"position\":1,\"name\":\"Home\",\"item\":\"https:\/\/www.carmelitaniscalzi.com\/es\/\"},{\"@type\":\"ListItem\",\"position\":2,\"name\":\"Curia General\",\"item\":\"https:\/\/www.carmelitaniscalzi.com\/es\/curia-general\/\"},{\"@type\":\"ListItem\",\"position\":3,\"name\":\"Definidores\",\"item\":\"https:\/\/www.carmelitaniscalzi.com\/es\/curia-general\/definidores\/\"},{\"@type\":\"ListItem\",\"position\":4,\"name\":\"I Definidor\"}]},{\"@type\":\"WebSite\",\"@id\":\"https:\/\/www.carmelitaniscalzi.com\/#website\",\"url\":\"https:\/\/www.carmelitaniscalzi.com\/\",\"name\":\"CARMELITANI SCALZI - Curia Generale del Carmelo Teresiano\",\"description\":\"Curia General del Carmelo Teresiano\",\"publisher\":{\"@id\":\"https:\/\/www.carmelitaniscalzi.com\/#organization\"},\"alternateName\":\"CARMELITANI SCALZI\",\"potentialAction\":[{\"@type\":\"SearchAction\",\"target\":{\"@type\":\"EntryPoint\",\"urlTemplate\":\"https:\/\/www.carmelitaniscalzi.com\/?s={search_term_string}\"},\"query-input\":{\"@type\":\"PropertyValueSpecification\",\"valueRequired\":true,\"valueName\":\"search_term_string\"}}],\"inLanguage\":\"es\"},{\"@type\":\"Organization\",\"@id\":\"https:\/\/www.carmelitaniscalzi.com\/#organization\",\"name\":\"CARMELITANI SCALZI - Curia Generale del Carmelo Teresiano\",\"url\":\"https:\/\/www.carmelitaniscalzi.com\/\",\"logo\":{\"@type\":\"ImageObject\",\"inLanguage\":\"es\",\"@id\":\"https:\/\/www.carmelitaniscalzi.com\/#\/schema\/logo\/image\/\",\"url\":\"https:\/\/www.carmelitaniscalzi.com\/wp-content\/uploads\/2025\/11\/login-logo.png\",\"contentUrl\":\"https:\/\/www.carmelitaniscalzi.com\/wp-content\/uploads\/2025\/11\/login-logo.png\",\"width\":256,\"height\":256,\"caption\":\"CARMELITANI SCALZI - Curia Generale del Carmelo Teresiano\"},\"image\":{\"@id\":\"https:\/\/www.carmelitaniscalzi.com\/#\/schema\/logo\/image\/\"},\"sameAs\":[\"https:\/\/www.facebook.com\/Curia-Generalizia-Carmelitani-Scalzi-658766940887784\/\",\"https:\/\/x.com\/ocdcuria\",\"https:\/\/www.youtube.com\/channel\/UC2J5ZL0ycOY0qBSTCLX_NGQ\/videos\",\"https:\/\/www.instagram.com\/ocdinform\/\"]}]}<\/script>\n<!-- \/ Yoast SEO plugin. -->","yoast_head_json":{"title":"I Definidor - CARMELITAS DESCALZOS","robots":{"index":"index","follow":"follow","max-snippet":"max-snippet:-1","max-image-preview":"max-image-preview:large","max-video-preview":"max-video-preview:-1"},"canonical":"https:\/\/www.carmelitaniscalzi.com\/es\/curia-general\/definidores\/i-definidor\/","og_locale":"es_ES","og_type":"article","og_title":"I Definidor - CARMELITAS DESCALZOS","og_description":"Biograf\u00eda Nacido el 21 de diciembre de 1959 en Caldes de Malavella (Girona, Catalu\u00f1a, Espa\u00f1a). Carmelita descalzo. Profesi\u00f3n simple en Reinosa (Cantabria) el 15 de septiembre de 1978. Profesi\u00f3n solemne en Barcelona el 1984. Ordenaci\u00f3n presbiteral el 24 de junio de 1985 en Barcelona. De 1990 a 2008 ha sido consejero provincial y de 2008 [&hellip;]","og_url":"https:\/\/www.carmelitaniscalzi.com\/es\/curia-general\/definidores\/i-definidor\/","og_site_name":"CARMELITAS DESCALZOS","article_publisher":"https:\/\/www.facebook.com\/Curia-Generalizia-Carmelitani-Scalzi-658766940887784\/","article_modified_time":"2021-06-05T19:18:44+00:00","og_image":[{"width":600,"height":600,"url":"https:\/\/www.carmelitaniscalzi.com\/wp-content\/uploads\/2016\/02\/I-Definitore.jpeg","type":"image\/jpeg"}],"twitter_card":"summary_large_image","twitter_site":"@ocdcuria","twitter_misc":{"Tiempo de lectura":"2 minutos"},"schema":{"@context":"https:\/\/schema.org","@graph":[{"@type":"WebPage","@id":"https:\/\/www.carmelitaniscalzi.com\/es\/curia-general\/definidores\/i-definidor\/","url":"https:\/\/www.carmelitaniscalzi.com\/es\/curia-general\/definidores\/i-definidor\/","name":"I Definidor - CARMELITAS DESCALZOS","isPartOf":{"@id":"https:\/\/www.carmelitaniscalzi.com\/#website"},"primaryImageOfPage":{"@id":"https:\/\/www.carmelitaniscalzi.com\/es\/curia-general\/definidores\/i-definidor\/#primaryimage"},"image":{"@id":"https:\/\/www.carmelitaniscalzi.com\/es\/curia-general\/definidores\/i-definidor\/#primaryimage"},"thumbnailUrl":"https:\/\/www.carmelitaniscalzi.com\/wp-content\/uploads\/2016\/02\/I-Definitore.jpeg","datePublished":"2016-06-26T12:00:25+00:00","dateModified":"2021-06-05T19:18:44+00:00","breadcrumb":{"@id":"https:\/\/www.carmelitaniscalzi.com\/es\/curia-general\/definidores\/i-definidor\/#breadcrumb"},"inLanguage":"es","potentialAction":[{"@type":"ReadAction","target":["https:\/\/www.carmelitaniscalzi.com\/es\/curia-general\/definidores\/i-definidor\/"]}]},{"@type":"ImageObject","inLanguage":"es","@id":"https:\/\/www.carmelitaniscalzi.com\/es\/curia-general\/definidores\/i-definidor\/#primaryimage","url":"https:\/\/www.carmelitaniscalzi.com\/wp-content\/uploads\/2016\/02\/I-Definitore.jpeg","contentUrl":"https:\/\/www.carmelitaniscalzi.com\/wp-content\/uploads\/2016\/02\/I-Definitore.jpeg","width":600,"height":600},{"@type":"BreadcrumbList","@id":"https:\/\/www.carmelitaniscalzi.com\/es\/curia-general\/definidores\/i-definidor\/#breadcrumb","itemListElement":[{"@type":"ListItem","position":1,"name":"Home","item":"https:\/\/www.carmelitaniscalzi.com\/es\/"},{"@type":"ListItem","position":2,"name":"Curia General","item":"https:\/\/www.carmelitaniscalzi.com\/es\/curia-general\/"},{"@type":"ListItem","position":3,"name":"Definidores","item":"https:\/\/www.carmelitaniscalzi.com\/es\/curia-general\/definidores\/"},{"@type":"ListItem","position":4,"name":"I Definidor"}]},{"@type":"WebSite","@id":"https:\/\/www.carmelitaniscalzi.com\/#website","url":"https:\/\/www.carmelitaniscalzi.com\/","name":"CARMELITANI SCALZI - Curia Generale del Carmelo Teresiano","description":"Curia General del Carmelo Teresiano","publisher":{"@id":"https:\/\/www.carmelitaniscalzi.com\/#organization"},"alternateName":"CARMELITANI SCALZI","potentialAction":[{"@type":"SearchAction","target":{"@type":"EntryPoint","urlTemplate":"https:\/\/www.carmelitaniscalzi.com\/?s={search_term_string}"},"query-input":{"@type":"PropertyValueSpecification","valueRequired":true,"valueName":"search_term_string"}}],"inLanguage":"es"},{"@type":"Organization","@id":"https:\/\/www.carmelitaniscalzi.com\/#organization","name":"CARMELITANI SCALZI - Curia Generale del Carmelo Teresiano","url":"https:\/\/www.carmelitaniscalzi.com\/","logo":{"@type":"ImageObject","inLanguage":"es","@id":"https:\/\/www.carmelitaniscalzi.com\/#\/schema\/logo\/image\/","url":"https:\/\/www.carmelitaniscalzi.com\/wp-content\/uploads\/2025\/11\/login-logo.png","contentUrl":"https:\/\/www.carmelitaniscalzi.com\/wp-content\/uploads\/2025\/11\/login-logo.png","width":256,"height":256,"caption":"CARMELITANI SCALZI - Curia Generale del Carmelo Teresiano"},"image":{"@id":"https:\/\/www.carmelitaniscalzi.com\/#\/schema\/logo\/image\/"},"sameAs":["https:\/\/www.facebook.com\/Curia-Generalizia-Carmelitani-Scalzi-658766940887784\/","https:\/\/x.com\/ocdcuria","https:\/\/www.youtube.com\/channel\/UC2J5ZL0ycOY0qBSTCLX_NGQ\/videos","https:\/\/www.instagram.com\/ocdinform\/"]}]}},"_links":{"self":[{"href":"https:\/\/www.carmelitaniscalzi.com\/es\/wp-json\/wp\/v2\/curia\/4588","targetHints":{"allow":["GET"]}}],"collection":[{"href":"https:\/\/www.carmelitaniscalzi.com\/es\/wp-json\/wp\/v2\/curia"}],"about":[{"href":"https:\/\/www.carmelitaniscalzi.com\/es\/wp-json\/wp\/v2\/types\/curia"}],"version-history":[{"count":0,"href":"https:\/\/www.carmelitaniscalzi.com\/es\/wp-json\/wp\/v2\/curia\/4588\/revisions"}],"up":[{"embeddable":true,"href":"https:\/\/www.carmelitaniscalzi.com\/es\/wp-json\/wp\/v2\/curia\/4585"}],"wp:featuredmedia":[{"embeddable":true,"href":"https:\/\/www.carmelitaniscalzi.com\/es\/wp-json\/wp\/v2\/media\/51852"}],"wp:attachment":[{"href":"https:\/\/www.carmelitaniscalzi.com\/es\/wp-json\/wp\/v2\/media?parent=4588"}],"wp:term":[{"taxonomy":"carica_cauria","embeddable":true,"href":"https:\/\/www.carmelitaniscalzi.com\/es\/wp-json\/wp\/v2\/carica_cauria?post=4588"}],"curies":[{"name":"wp","href":"https:\/\/api.w.org\/{rel}","templated":true}]}}