{"id":4566,"date":"2016-06-26T13:14:19","date_gmt":"2016-06-26T11:14:19","guid":{"rendered":"https:\/\/www.carmelitaniscalzi.com\/es\/?page_id=4566"},"modified":"2021-06-03T21:35:10","modified_gmt":"2021-06-03T19:35:10","slug":"beato-francisco-palau","status":"publish","type":"chi_siamo","link":"https:\/\/www.carmelitaniscalzi.com\/es\/quienes-somos\/nuestros-santos\/beato-francisco-palau\/","title":{"rendered":"Beato Francisco Palau"},"content":{"rendered":"<p><a href=\"https:\/\/www.carmelitaniscalzi.com\/wp-content\/uploads\/2016\/02\/beato_francisco_palau.jpg\"><img loading=\"lazy\" decoding=\"async\" class=\"alignleft size-medium wp-image-3484\" src=\"https:\/\/www.carmelitaniscalzi.com\/wp-content\/uploads\/2016\/02\/beato_francisco_palau-125x300.jpg\" alt=\"beato_francisco_palau\" width=\"125\" height=\"300\" srcset=\"https:\/\/www.carmelitaniscalzi.com\/wp-content\/uploads\/2016\/02\/beato_francisco_palau-125x300.jpg 125w, https:\/\/www.carmelitaniscalzi.com\/wp-content\/uploads\/2016\/02\/beato_francisco_palau-23x55.jpg 23w, https:\/\/www.carmelitaniscalzi.com\/wp-content\/uploads\/2016\/02\/beato_francisco_palau.jpg 237w\" sizes=\"auto, (max-width: 125px) 100vw, 125px\" \/><\/a><\/p>\n<p>El Beato Francisco Palau, un carmelita espa\u00f1ol que nace en Aytona en 1810 y muere en Taragona en 1871, es un personaje t\u00edpico del siglo XIX, de quien afirma el P. Alejo de la Virgen del Carmen que entre las grandes figuras del siglo XIX, sobre todo en Catalu\u00f1a, y entre los ap\u00f3stoles de la palabra cristiana, al lado del Venerable Claret, el P. Coll y el P. Planas, habr\u00eda que colocar al P. Palau, \u201cm\u00e1s afligido, m\u00e1s calumniado y menos conocido hoy que todos ellos\u201d.<\/p>\n<p>&nbsp;<\/p>\n<p>Es un hombre insatisfecho con el esp\u00edritu del siglo, a\u00f1orante del mundo que ha ca\u00eddo por tierra con los procesos revolucionarios, y siempre esperando el surgimiento de una nueva sociedad en las que poder ver realizadas sus esperanzas.<\/p>\n<p>&nbsp;<\/p>\n<p>La vocaci\u00f3n; paulatinamente descubre que su sitio est\u00e1 en el claustro, y cuando las circunstancias le expulsen del mismo, reafirmar\u00e1 su vocaci\u00f3n de religioso y carmelita, a la cual permanece fiel frente a presiones, prohibiciones, c\u00e1rceles y destierros, y ya que en \u00e9l la \u201cllama del amor\u201d era m\u00e1s fuerte que todas las dificultades que se le presentaban \u201cse resolvi\u00f3 \u00abvivir solitario en los desiertos, dentro del seno de los montes\u201d.<\/p>\n<p>&nbsp;<\/p>\n<p>El amor a la Iglesia, su gran pasi\u00f3n que terminar\u00e1 por revelarse como una realidad m\u00e1s all\u00e1 de lo estructura, como en un principio la pudo sentir, para comprenderla como comuni\u00f3n de amor entre Dios y el pr\u00f3jimo. Cuando descubra este misterio, a la altura de 1860 encontrar\u00e1 el sentido definitivo a su vida, una vida gastada al servicio de la Iglesia.<\/p>\n<p>&nbsp;<\/p>\n<p>Francisco Palau, el solitario por vocaci\u00f3n, se siente\u00a0 un ap\u00f3stol, un evangelizador, dispuesto a gastar esta\u00a0 causa contra todos aquellos que intentan arrinconar y silenciar a Dios. El entiende que evangelizar es toda actividad, la predicaci\u00f3n, la ense\u00f1anza, la catequesis, la beneficencia, el ejercicio del periodismo, estilo a su estilo, propaganda y denuncia, que ayudase a cristianizar el ambiente cada vez m\u00e1s alejado de los principios religiosos que, para \u00e9l, son la base sobre la que debe levantarse el edificio social.<\/p>\n<p>&nbsp;<\/p>\n<p>Pero esta pasi\u00f3n no s\u00f3lo se dirige al adoctrinamiento cristiano, sino tambi\u00e9n a la atenci\u00f3n de los necesitados, los enfermos, y entre estos a los \u201clocos\u201d, a los dementes, que a veces aparec\u00edan como dejados de la mano de Dios. De hecho \u00e9l, que desde joven ha sentido que la soledad y la contemplaci\u00f3n \u2013la vocaci\u00f3n de Mar\u00eda- era el \u00e1mbito natural para el desarrollo de su vocaci\u00f3n, recomienda a sus hijas la vocaci\u00f3n de Marta.<\/p>\n<p>Este es el P. Palau, un carmelita descalzos que al ser expulsado del convento descubri\u00f3 su vocaci\u00f3n de ermita\u00f1o solitario que, encontr\u00e1ndose a gusto en las cuevas y soledades de las monta\u00f1as, supo estar al lago de la gente, como predicador, reformador de las costumbres, catequistas, animador de grupos y comunidades que se formaban alrededor de su persona.<\/p>\n<p>Misionero Apost\u00f3lico. Fundador de lo que hoy conocemos como dos\u00a0 congregaciones, Carmelitas Misionaras Teresianas y Carmelitas Misoneras.<\/p>\n<p>Escritor de obras de car\u00e1cter devocional y apolog\u00e9tico. Pero, ante todo y sobre todo, es un buscador,\u00a0 que anduvo siempre \u201cen pos de lo bueno y de lo bello\u201d.<\/p>\n","protected":false},"featured_media":51458,"parent":4550,"menu_order":8,"template":"","format":"standard","meta":{"_acf_changed":false,"footnotes":""},"elemento_chi_siamo":[849],"class_list":["post-4566","chi_siamo","type-chi_siamo","status-publish","format-standard","has-post-thumbnail","hentry","elemento_chi_siamo-nuestros-santos"],"acf":[],"yoast_head":"<!-- This site is optimized with the Yoast SEO plugin v26.3 - https:\/\/yoast.com\/wordpress\/plugins\/seo\/ -->\n<title>Beato Francisco Palau - CARMELITAS DESCALZOS<\/title>\n<meta name=\"robots\" content=\"index, follow, max-snippet:-1, max-image-preview:large, max-video-preview:-1\" \/>\n<link rel=\"canonical\" href=\"https:\/\/www.carmelitaniscalzi.com\/es\/quienes-somos\/nuestros-santos\/beato-francisco-palau\/\" \/>\n<meta property=\"og:locale\" content=\"es_ES\" \/>\n<meta property=\"og:type\" content=\"article\" \/>\n<meta property=\"og:title\" content=\"Beato Francisco Palau - CARMELITAS DESCALZOS\" \/>\n<meta property=\"og:description\" content=\"El Beato Francisco Palau, un carmelita espa\u00f1ol que nace en Aytona en 1810 y muere en Taragona en 1871, es un personaje t\u00edpico del siglo XIX, de quien afirma el P. Alejo de la Virgen del Carmen que entre las grandes figuras del siglo XIX, sobre todo en Catalu\u00f1a, y entre los ap\u00f3stoles de la [&hellip;]\" \/>\n<meta property=\"og:url\" content=\"https:\/\/www.carmelitaniscalzi.com\/es\/quienes-somos\/nuestros-santos\/beato-francisco-palau\/\" \/>\n<meta property=\"og:site_name\" content=\"CARMELITAS DESCALZOS\" \/>\n<meta property=\"article:publisher\" content=\"https:\/\/www.facebook.com\/Curia-Generalizia-Carmelitani-Scalzi-658766940887784\/\" \/>\n<meta property=\"article:modified_time\" content=\"2021-06-03T19:35:10+00:00\" \/>\n<meta property=\"og:image\" content=\"https:\/\/www.carmelitaniscalzi.com\/wp-content\/uploads\/2016\/02\/placeholder_profile.jpg\" \/>\n\t<meta property=\"og:image:width\" content=\"600\" \/>\n\t<meta property=\"og:image:height\" content=\"600\" \/>\n\t<meta property=\"og:image:type\" content=\"image\/jpeg\" \/>\n<meta name=\"twitter:card\" content=\"summary_large_image\" \/>\n<meta name=\"twitter:site\" content=\"@ocdcuria\" \/>\n<meta name=\"twitter:label1\" content=\"Tiempo de lectura\" \/>\n\t<meta name=\"twitter:data1\" content=\"3 minutos\" \/>\n<script type=\"application\/ld+json\" class=\"yoast-schema-graph\">{\"@context\":\"https:\/\/schema.org\",\"@graph\":[{\"@type\":\"WebPage\",\"@id\":\"https:\/\/www.carmelitaniscalzi.com\/es\/quienes-somos\/nuestros-santos\/beato-francisco-palau\/\",\"url\":\"https:\/\/www.carmelitaniscalzi.com\/es\/quienes-somos\/nuestros-santos\/beato-francisco-palau\/\",\"name\":\"Beato Francisco Palau - CARMELITAS DESCALZOS\",\"isPartOf\":{\"@id\":\"https:\/\/www.carmelitaniscalzi.com\/#website\"},\"primaryImageOfPage\":{\"@id\":\"https:\/\/www.carmelitaniscalzi.com\/es\/quienes-somos\/nuestros-santos\/beato-francisco-palau\/#primaryimage\"},\"image\":{\"@id\":\"https:\/\/www.carmelitaniscalzi.com\/es\/quienes-somos\/nuestros-santos\/beato-francisco-palau\/#primaryimage\"},\"thumbnailUrl\":\"https:\/\/www.carmelitaniscalzi.com\/wp-content\/uploads\/2016\/02\/placeholder_profile.jpg\",\"datePublished\":\"2016-06-26T11:14:19+00:00\",\"dateModified\":\"2021-06-03T19:35:10+00:00\",\"breadcrumb\":{\"@id\":\"https:\/\/www.carmelitaniscalzi.com\/es\/quienes-somos\/nuestros-santos\/beato-francisco-palau\/#breadcrumb\"},\"inLanguage\":\"es\",\"potentialAction\":[{\"@type\":\"ReadAction\",\"target\":[\"https:\/\/www.carmelitaniscalzi.com\/es\/quienes-somos\/nuestros-santos\/beato-francisco-palau\/\"]}]},{\"@type\":\"ImageObject\",\"inLanguage\":\"es\",\"@id\":\"https:\/\/www.carmelitaniscalzi.com\/es\/quienes-somos\/nuestros-santos\/beato-francisco-palau\/#primaryimage\",\"url\":\"https:\/\/www.carmelitaniscalzi.com\/wp-content\/uploads\/2016\/02\/placeholder_profile.jpg\",\"contentUrl\":\"https:\/\/www.carmelitaniscalzi.com\/wp-content\/uploads\/2016\/02\/placeholder_profile.jpg\",\"width\":600,\"height\":600},{\"@type\":\"BreadcrumbList\",\"@id\":\"https:\/\/www.carmelitaniscalzi.com\/es\/quienes-somos\/nuestros-santos\/beato-francisco-palau\/#breadcrumb\",\"itemListElement\":[{\"@type\":\"ListItem\",\"position\":1,\"name\":\"Home\",\"item\":\"https:\/\/www.carmelitaniscalzi.com\/es\/\"},{\"@type\":\"ListItem\",\"position\":2,\"name\":\"Qui\u00e9nes somos\",\"item\":\"https:\/\/www.carmelitaniscalzi.com\/es\/quienes-somos\/\"},{\"@type\":\"ListItem\",\"position\":3,\"name\":\"Nuestros Santos\",\"item\":\"https:\/\/www.carmelitaniscalzi.com\/es\/quienes-somos\/nuestros-santos\/\"},{\"@type\":\"ListItem\",\"position\":4,\"name\":\"Beato Francisco Palau\"}]},{\"@type\":\"WebSite\",\"@id\":\"https:\/\/www.carmelitaniscalzi.com\/#website\",\"url\":\"https:\/\/www.carmelitaniscalzi.com\/\",\"name\":\"CARMELITANI SCALZI - Curia Generale del Carmelo Teresiano\",\"description\":\"Curia General del Carmelo Teresiano\",\"publisher\":{\"@id\":\"https:\/\/www.carmelitaniscalzi.com\/#organization\"},\"alternateName\":\"CARMELITANI SCALZI\",\"potentialAction\":[{\"@type\":\"SearchAction\",\"target\":{\"@type\":\"EntryPoint\",\"urlTemplate\":\"https:\/\/www.carmelitaniscalzi.com\/?s={search_term_string}\"},\"query-input\":{\"@type\":\"PropertyValueSpecification\",\"valueRequired\":true,\"valueName\":\"search_term_string\"}}],\"inLanguage\":\"es\"},{\"@type\":\"Organization\",\"@id\":\"https:\/\/www.carmelitaniscalzi.com\/#organization\",\"name\":\"CARMELITANI SCALZI - Curia Generale del Carmelo Teresiano\",\"url\":\"https:\/\/www.carmelitaniscalzi.com\/\",\"logo\":{\"@type\":\"ImageObject\",\"inLanguage\":\"es\",\"@id\":\"https:\/\/www.carmelitaniscalzi.com\/#\/schema\/logo\/image\/\",\"url\":\"https:\/\/www.carmelitaniscalzi.com\/wp-content\/uploads\/2025\/11\/login-logo.png\",\"contentUrl\":\"https:\/\/www.carmelitaniscalzi.com\/wp-content\/uploads\/2025\/11\/login-logo.png\",\"width\":256,\"height\":256,\"caption\":\"CARMELITANI SCALZI - Curia Generale del Carmelo Teresiano\"},\"image\":{\"@id\":\"https:\/\/www.carmelitaniscalzi.com\/#\/schema\/logo\/image\/\"},\"sameAs\":[\"https:\/\/www.facebook.com\/Curia-Generalizia-Carmelitani-Scalzi-658766940887784\/\",\"https:\/\/x.com\/ocdcuria\",\"https:\/\/www.youtube.com\/channel\/UC2J5ZL0ycOY0qBSTCLX_NGQ\/videos\",\"https:\/\/www.instagram.com\/ocdinform\/\"]}]}<\/script>\n<!-- \/ Yoast SEO plugin. -->","yoast_head_json":{"title":"Beato Francisco Palau - CARMELITAS DESCALZOS","robots":{"index":"index","follow":"follow","max-snippet":"max-snippet:-1","max-image-preview":"max-image-preview:large","max-video-preview":"max-video-preview:-1"},"canonical":"https:\/\/www.carmelitaniscalzi.com\/es\/quienes-somos\/nuestros-santos\/beato-francisco-palau\/","og_locale":"es_ES","og_type":"article","og_title":"Beato Francisco Palau - CARMELITAS DESCALZOS","og_description":"El Beato Francisco Palau, un carmelita espa\u00f1ol que nace en Aytona en 1810 y muere en Taragona en 1871, es un personaje t\u00edpico del siglo XIX, de quien afirma el P. Alejo de la Virgen del Carmen que entre las grandes figuras del siglo XIX, sobre todo en Catalu\u00f1a, y entre los ap\u00f3stoles de la [&hellip;]","og_url":"https:\/\/www.carmelitaniscalzi.com\/es\/quienes-somos\/nuestros-santos\/beato-francisco-palau\/","og_site_name":"CARMELITAS DESCALZOS","article_publisher":"https:\/\/www.facebook.com\/Curia-Generalizia-Carmelitani-Scalzi-658766940887784\/","article_modified_time":"2021-06-03T19:35:10+00:00","og_image":[{"width":600,"height":600,"url":"https:\/\/www.carmelitaniscalzi.com\/wp-content\/uploads\/2016\/02\/placeholder_profile.jpg","type":"image\/jpeg"}],"twitter_card":"summary_large_image","twitter_site":"@ocdcuria","twitter_misc":{"Tiempo de lectura":"3 minutos"},"schema":{"@context":"https:\/\/schema.org","@graph":[{"@type":"WebPage","@id":"https:\/\/www.carmelitaniscalzi.com\/es\/quienes-somos\/nuestros-santos\/beato-francisco-palau\/","url":"https:\/\/www.carmelitaniscalzi.com\/es\/quienes-somos\/nuestros-santos\/beato-francisco-palau\/","name":"Beato Francisco Palau - CARMELITAS DESCALZOS","isPartOf":{"@id":"https:\/\/www.carmelitaniscalzi.com\/#website"},"primaryImageOfPage":{"@id":"https:\/\/www.carmelitaniscalzi.com\/es\/quienes-somos\/nuestros-santos\/beato-francisco-palau\/#primaryimage"},"image":{"@id":"https:\/\/www.carmelitaniscalzi.com\/es\/quienes-somos\/nuestros-santos\/beato-francisco-palau\/#primaryimage"},"thumbnailUrl":"https:\/\/www.carmelitaniscalzi.com\/wp-content\/uploads\/2016\/02\/placeholder_profile.jpg","datePublished":"2016-06-26T11:14:19+00:00","dateModified":"2021-06-03T19:35:10+00:00","breadcrumb":{"@id":"https:\/\/www.carmelitaniscalzi.com\/es\/quienes-somos\/nuestros-santos\/beato-francisco-palau\/#breadcrumb"},"inLanguage":"es","potentialAction":[{"@type":"ReadAction","target":["https:\/\/www.carmelitaniscalzi.com\/es\/quienes-somos\/nuestros-santos\/beato-francisco-palau\/"]}]},{"@type":"ImageObject","inLanguage":"es","@id":"https:\/\/www.carmelitaniscalzi.com\/es\/quienes-somos\/nuestros-santos\/beato-francisco-palau\/#primaryimage","url":"https:\/\/www.carmelitaniscalzi.com\/wp-content\/uploads\/2016\/02\/placeholder_profile.jpg","contentUrl":"https:\/\/www.carmelitaniscalzi.com\/wp-content\/uploads\/2016\/02\/placeholder_profile.jpg","width":600,"height":600},{"@type":"BreadcrumbList","@id":"https:\/\/www.carmelitaniscalzi.com\/es\/quienes-somos\/nuestros-santos\/beato-francisco-palau\/#breadcrumb","itemListElement":[{"@type":"ListItem","position":1,"name":"Home","item":"https:\/\/www.carmelitaniscalzi.com\/es\/"},{"@type":"ListItem","position":2,"name":"Qui\u00e9nes somos","item":"https:\/\/www.carmelitaniscalzi.com\/es\/quienes-somos\/"},{"@type":"ListItem","position":3,"name":"Nuestros Santos","item":"https:\/\/www.carmelitaniscalzi.com\/es\/quienes-somos\/nuestros-santos\/"},{"@type":"ListItem","position":4,"name":"Beato Francisco Palau"}]},{"@type":"WebSite","@id":"https:\/\/www.carmelitaniscalzi.com\/#website","url":"https:\/\/www.carmelitaniscalzi.com\/","name":"CARMELITANI SCALZI - Curia Generale del Carmelo Teresiano","description":"Curia General del Carmelo Teresiano","publisher":{"@id":"https:\/\/www.carmelitaniscalzi.com\/#organization"},"alternateName":"CARMELITANI SCALZI","potentialAction":[{"@type":"SearchAction","target":{"@type":"EntryPoint","urlTemplate":"https:\/\/www.carmelitaniscalzi.com\/?s={search_term_string}"},"query-input":{"@type":"PropertyValueSpecification","valueRequired":true,"valueName":"search_term_string"}}],"inLanguage":"es"},{"@type":"Organization","@id":"https:\/\/www.carmelitaniscalzi.com\/#organization","name":"CARMELITANI SCALZI - Curia Generale del Carmelo Teresiano","url":"https:\/\/www.carmelitaniscalzi.com\/","logo":{"@type":"ImageObject","inLanguage":"es","@id":"https:\/\/www.carmelitaniscalzi.com\/#\/schema\/logo\/image\/","url":"https:\/\/www.carmelitaniscalzi.com\/wp-content\/uploads\/2025\/11\/login-logo.png","contentUrl":"https:\/\/www.carmelitaniscalzi.com\/wp-content\/uploads\/2025\/11\/login-logo.png","width":256,"height":256,"caption":"CARMELITANI SCALZI - Curia Generale del Carmelo Teresiano"},"image":{"@id":"https:\/\/www.carmelitaniscalzi.com\/#\/schema\/logo\/image\/"},"sameAs":["https:\/\/www.facebook.com\/Curia-Generalizia-Carmelitani-Scalzi-658766940887784\/","https:\/\/x.com\/ocdcuria","https:\/\/www.youtube.com\/channel\/UC2J5ZL0ycOY0qBSTCLX_NGQ\/videos","https:\/\/www.instagram.com\/ocdinform\/"]}]}},"_links":{"self":[{"href":"https:\/\/www.carmelitaniscalzi.com\/es\/wp-json\/wp\/v2\/chi_siamo\/4566","targetHints":{"allow":["GET"]}}],"collection":[{"href":"https:\/\/www.carmelitaniscalzi.com\/es\/wp-json\/wp\/v2\/chi_siamo"}],"about":[{"href":"https:\/\/www.carmelitaniscalzi.com\/es\/wp-json\/wp\/v2\/types\/chi_siamo"}],"version-history":[{"count":0,"href":"https:\/\/www.carmelitaniscalzi.com\/es\/wp-json\/wp\/v2\/chi_siamo\/4566\/revisions"}],"up":[{"embeddable":true,"href":"https:\/\/www.carmelitaniscalzi.com\/es\/wp-json\/wp\/v2\/chi_siamo\/4550"}],"wp:featuredmedia":[{"embeddable":true,"href":"https:\/\/www.carmelitaniscalzi.com\/es\/wp-json\/wp\/v2\/media\/51458"}],"wp:attachment":[{"href":"https:\/\/www.carmelitaniscalzi.com\/es\/wp-json\/wp\/v2\/media?parent=4566"}],"wp:term":[{"taxonomy":"elemento_chi_siamo","embeddable":true,"href":"https:\/\/www.carmelitaniscalzi.com\/es\/wp-json\/wp\/v2\/elemento_chi_siamo?post=4566"}],"curies":[{"name":"wp","href":"https:\/\/api.w.org\/{rel}","templated":true}]}}