{"id":4564,"date":"2016-06-26T13:12:47","date_gmt":"2016-06-26T11:12:47","guid":{"rendered":"https:\/\/www.carmelitaniscalzi.com\/es\/?page_id=4564"},"modified":"2021-09-20T23:11:10","modified_gmt":"2021-09-20T21:11:10","slug":"beata-isabel-de-la-trinidad","status":"publish","type":"chi_siamo","link":"https:\/\/www.carmelitaniscalzi.com\/es\/quienes-somos\/nuestros-santos\/beata-isabel-de-la-trinidad\/","title":{"rendered":"Santa Isabel de la Trinidad"},"content":{"rendered":"<p><a href=\"https:\/\/www.carmelitaniscalzi.com\/wp-content\/uploads\/2016\/02\/beata_isabel_de_la_trinidad.jpg\"><img loading=\"lazy\" decoding=\"async\" class=\"alignleft size-full wp-image-3483\" src=\"https:\/\/www.carmelitaniscalzi.com\/wp-content\/uploads\/2016\/02\/beata_isabel_de_la_trinidad.jpg\" alt=\"beata_isabel_de_la_trinidad\" width=\"165\" height=\"237\" srcset=\"https:\/\/www.carmelitaniscalzi.com\/wp-content\/uploads\/2016\/02\/beata_isabel_de_la_trinidad.jpg 165w, https:\/\/www.carmelitaniscalzi.com\/wp-content\/uploads\/2016\/02\/beata_isabel_de_la_trinidad-38x55.jpg 38w\" sizes=\"auto, (max-width: 165px) 100vw, 165px\" \/><\/a><\/p>\n<p>Isabel Catez naci\u00f3 el 18 de julio de 1880 cerca de Bourges (Francia). Tres a\u00f1os despu\u00e9s nacer\u00e1 su hermana Marguarita (Guita).\u00a0 En 1887 fallecen su abuelo y su padre y quedan las dos ni\u00f1as al cuidado de su madre, una mujer muy en\u00e9rgica y recta.<\/p>\n<p>La peque\u00f1a Isabel tambi\u00e9n tiene un car\u00e1cter muy marcado, sus rabietas infantiles eran temibles. Pero tambi\u00e9n desde muy temprana edad, trata de vencer su temperamento. Al morir el padre, cambian de domicilio cerca de las Carmelitas Descalzas de Dijon. El sonido de las campanas del convento y la huerta de las monjas ejercer\u00e1n una gran atracci\u00f3n sobre Isabel.<\/p>\n<p>El d\u00eda de su primera comuni\u00f3n, 19 de abril de 1891, es fundamental para ella: siente que Jes\u00fas la ha llenado. Esa tarde va de visita por primera vez al Carmelo y la priora le explica el significado de su nombre hebreo. Isabel es \u201ccasa de Dios\u201d. Esto impacta profundamente a la ni\u00f1a, que comprende la hondura de esas palabras. Desde entonces, se propone ser morada de Dios en su vida, con m\u00e1s oraci\u00f3n, controlando su temperamento, olvid\u00e1ndose de s\u00ed misma.<\/p>\n<p>A pesar de su viva inteligencia, la joven Isabel recibe una cultura general deficiente, pero est\u00e1 muy dotada para la m\u00fasica y gana un primer premio de piano a los 13 a\u00f1os. Tiene un alma sensible a la m\u00fasica y la naturaleza, hermosuras que le refieren siempre a Dios, en las que ve reflejada la armon\u00eda del Creador.<\/p>\n<p>Isabel desea ser carmelita, pero su madre se lo proh\u00edbe hasta los 21 a\u00f1os. Leyendo a Santa Teresa, siente una gran sinton\u00eda. Comprende que la contemplaci\u00f3n es dejarse obrar por Dios, que la mortificaci\u00f3n ha de ser interior y que la amistad es una actitud de anteponer tus intereses a los de la otra persona. Tambi\u00e9n le ayud\u00f3 mucho la lectura de <em>la Historia de un alma, <\/em>donde la joven Teresa de Lisieux, reci\u00e9n fallecida, la impuls\u00f3 en el camino de la confianza en Dios.<\/p>\n<p>El 2 de agosto de 1901, la postulante ingresa en el Carmelo de Dijon con el nombre de Isabel de la Trinidad. La Madre Germana ser\u00e1 su priora, maestra y, finalmente, admiradora y disc\u00edpula. Isabel vive una vida completamente ordinaria, una vida de fe, sin revelaciones ni \u00e9xtasis, sin embargo, enseguida llama la atenci\u00f3n de toda la comunidad la fidelidad y entrega de la joven. Ella, a su vez, se sumerge en la lectura y profundizaci\u00f3n de la Escritura (fundamentalmente San Pablo) y de San Juan de la Cruz. De su mano, va encontrando su propio camino interior y madurando en su fe.<\/p>\n<p>Leyendo a San Pablo, descubre una intensa llamada a ser Alabanza de Gloria de Dios Trino en cada instante del d\u00eda, viviendo en una constante acci\u00f3n de gracias. Llega a tener tal identificaci\u00f3n, que al final de su vida firma algunas cartas con ese nombre: \u201cLaudem Gloriae\u201d.<\/p>\n<p>En la cuaresma de 1905, Isabel enferma y tras una penosa y larga enfermedad, muere el 9 de noviembre de 1906. Sus \u00faltimas palabras fueron: \u201cVoy a la Luz, al Amor, a la Vida\u201d.<\/p>\n<p>Su vida y escritos tuvieron una difusi\u00f3n sorprendente. Estos son: sus <em>Diarios<\/em>, las <em>Cartas<\/em>, sus <em>Poemas<\/em> (reflejo de su alma, pero de poca calidad literaria), unas <em>Oraciones<\/em> entre las que es c\u00e9lebre su <em>elevaci\u00f3n a la Sant\u00edsima Trinidad, <\/em>y los siguientes escritos: <em>El cielo en la fe,<\/em> que anima a vivir el cielo en la tierra adorando a Dios en fe y amor, a su hermana Guita, casada y madre; <em>grandeza de nuestra vocaci\u00f3n<\/em>, <em>\u00faltimos ejercicios <\/em>y <em>d\u00e9jate amar<\/em> (dedicado a su priora).<\/p>\n","protected":false},"featured_media":80606,"parent":4550,"menu_order":7,"template":"","format":"standard","meta":{"_acf_changed":false,"footnotes":""},"elemento_chi_siamo":[849],"class_list":["post-4564","chi_siamo","type-chi_siamo","status-publish","format-standard","has-post-thumbnail","hentry","elemento_chi_siamo-nuestros-santos"],"acf":[],"yoast_head":"<!-- This site is optimized with the Yoast SEO plugin v26.3 - https:\/\/yoast.com\/wordpress\/plugins\/seo\/ -->\n<title>Santa Isabel de la Trinidad - CARMELITAS DESCALZOS<\/title>\n<meta name=\"robots\" content=\"index, follow, max-snippet:-1, max-image-preview:large, max-video-preview:-1\" \/>\n<link rel=\"canonical\" href=\"https:\/\/www.carmelitaniscalzi.com\/es\/quienes-somos\/nuestros-santos\/beata-isabel-de-la-trinidad\/\" \/>\n<meta property=\"og:locale\" content=\"es_ES\" \/>\n<meta property=\"og:type\" content=\"article\" \/>\n<meta property=\"og:title\" content=\"Santa Isabel de la Trinidad - CARMELITAS DESCALZOS\" \/>\n<meta property=\"og:description\" content=\"Isabel Catez naci\u00f3 el 18 de julio de 1880 cerca de Bourges (Francia). Tres a\u00f1os despu\u00e9s nacer\u00e1 su hermana Marguarita (Guita).\u00a0 En 1887 fallecen su abuelo y su padre y quedan las dos ni\u00f1as al cuidado de su madre, una mujer muy en\u00e9rgica y recta. La peque\u00f1a Isabel tambi\u00e9n tiene un car\u00e1cter muy marcado, sus [&hellip;]\" \/>\n<meta property=\"og:url\" content=\"https:\/\/www.carmelitaniscalzi.com\/es\/quienes-somos\/nuestros-santos\/beata-isabel-de-la-trinidad\/\" \/>\n<meta property=\"og:site_name\" content=\"CARMELITAS DESCALZOS\" \/>\n<meta property=\"article:publisher\" content=\"https:\/\/www.facebook.com\/Curia-Generalizia-Carmelitani-Scalzi-658766940887784\/\" \/>\n<meta property=\"article:modified_time\" content=\"2021-09-20T21:11:10+00:00\" \/>\n<meta property=\"og:image\" content=\"https:\/\/www.carmelitaniscalzi.com\/wp-content\/uploads\/2021\/09\/elisabetta.jpg\" \/>\n\t<meta property=\"og:image:width\" content=\"600\" \/>\n\t<meta property=\"og:image:height\" content=\"600\" \/>\n\t<meta property=\"og:image:type\" content=\"image\/jpeg\" \/>\n<meta name=\"twitter:card\" content=\"summary_large_image\" \/>\n<meta name=\"twitter:site\" content=\"@ocdcuria\" \/>\n<meta name=\"twitter:label1\" content=\"Tiempo de lectura\" \/>\n\t<meta name=\"twitter:data1\" content=\"3 minutos\" \/>\n<script type=\"application\/ld+json\" class=\"yoast-schema-graph\">{\"@context\":\"https:\/\/schema.org\",\"@graph\":[{\"@type\":\"WebPage\",\"@id\":\"https:\/\/www.carmelitaniscalzi.com\/es\/quienes-somos\/nuestros-santos\/beata-isabel-de-la-trinidad\/\",\"url\":\"https:\/\/www.carmelitaniscalzi.com\/es\/quienes-somos\/nuestros-santos\/beata-isabel-de-la-trinidad\/\",\"name\":\"Santa Isabel de la Trinidad - CARMELITAS DESCALZOS\",\"isPartOf\":{\"@id\":\"https:\/\/www.carmelitaniscalzi.com\/#website\"},\"primaryImageOfPage\":{\"@id\":\"https:\/\/www.carmelitaniscalzi.com\/es\/quienes-somos\/nuestros-santos\/beata-isabel-de-la-trinidad\/#primaryimage\"},\"image\":{\"@id\":\"https:\/\/www.carmelitaniscalzi.com\/es\/quienes-somos\/nuestros-santos\/beata-isabel-de-la-trinidad\/#primaryimage\"},\"thumbnailUrl\":\"https:\/\/www.carmelitaniscalzi.com\/wp-content\/uploads\/2021\/09\/elisabetta.jpg\",\"datePublished\":\"2016-06-26T11:12:47+00:00\",\"dateModified\":\"2021-09-20T21:11:10+00:00\",\"breadcrumb\":{\"@id\":\"https:\/\/www.carmelitaniscalzi.com\/es\/quienes-somos\/nuestros-santos\/beata-isabel-de-la-trinidad\/#breadcrumb\"},\"inLanguage\":\"es\",\"potentialAction\":[{\"@type\":\"ReadAction\",\"target\":[\"https:\/\/www.carmelitaniscalzi.com\/es\/quienes-somos\/nuestros-santos\/beata-isabel-de-la-trinidad\/\"]}]},{\"@type\":\"ImageObject\",\"inLanguage\":\"es\",\"@id\":\"https:\/\/www.carmelitaniscalzi.com\/es\/quienes-somos\/nuestros-santos\/beata-isabel-de-la-trinidad\/#primaryimage\",\"url\":\"https:\/\/www.carmelitaniscalzi.com\/wp-content\/uploads\/2021\/09\/elisabetta.jpg\",\"contentUrl\":\"https:\/\/www.carmelitaniscalzi.com\/wp-content\/uploads\/2021\/09\/elisabetta.jpg\",\"width\":600,\"height\":600},{\"@type\":\"BreadcrumbList\",\"@id\":\"https:\/\/www.carmelitaniscalzi.com\/es\/quienes-somos\/nuestros-santos\/beata-isabel-de-la-trinidad\/#breadcrumb\",\"itemListElement\":[{\"@type\":\"ListItem\",\"position\":1,\"name\":\"Home\",\"item\":\"https:\/\/www.carmelitaniscalzi.com\/es\/\"},{\"@type\":\"ListItem\",\"position\":2,\"name\":\"Qui\u00e9nes somos\",\"item\":\"https:\/\/www.carmelitaniscalzi.com\/es\/quienes-somos\/\"},{\"@type\":\"ListItem\",\"position\":3,\"name\":\"Nuestros Santos\",\"item\":\"https:\/\/www.carmelitaniscalzi.com\/es\/quienes-somos\/nuestros-santos\/\"},{\"@type\":\"ListItem\",\"position\":4,\"name\":\"Santa Isabel de la Trinidad\"}]},{\"@type\":\"WebSite\",\"@id\":\"https:\/\/www.carmelitaniscalzi.com\/#website\",\"url\":\"https:\/\/www.carmelitaniscalzi.com\/\",\"name\":\"CARMELITANI SCALZI - Curia Generale del Carmelo Teresiano\",\"description\":\"Curia General del Carmelo Teresiano\",\"publisher\":{\"@id\":\"https:\/\/www.carmelitaniscalzi.com\/#organization\"},\"alternateName\":\"CARMELITANI SCALZI\",\"potentialAction\":[{\"@type\":\"SearchAction\",\"target\":{\"@type\":\"EntryPoint\",\"urlTemplate\":\"https:\/\/www.carmelitaniscalzi.com\/?s={search_term_string}\"},\"query-input\":{\"@type\":\"PropertyValueSpecification\",\"valueRequired\":true,\"valueName\":\"search_term_string\"}}],\"inLanguage\":\"es\"},{\"@type\":\"Organization\",\"@id\":\"https:\/\/www.carmelitaniscalzi.com\/#organization\",\"name\":\"CARMELITANI SCALZI - Curia Generale del Carmelo Teresiano\",\"url\":\"https:\/\/www.carmelitaniscalzi.com\/\",\"logo\":{\"@type\":\"ImageObject\",\"inLanguage\":\"es\",\"@id\":\"https:\/\/www.carmelitaniscalzi.com\/#\/schema\/logo\/image\/\",\"url\":\"https:\/\/www.carmelitaniscalzi.com\/wp-content\/uploads\/2025\/11\/login-logo.png\",\"contentUrl\":\"https:\/\/www.carmelitaniscalzi.com\/wp-content\/uploads\/2025\/11\/login-logo.png\",\"width\":256,\"height\":256,\"caption\":\"CARMELITANI SCALZI - Curia Generale del Carmelo Teresiano\"},\"image\":{\"@id\":\"https:\/\/www.carmelitaniscalzi.com\/#\/schema\/logo\/image\/\"},\"sameAs\":[\"https:\/\/www.facebook.com\/Curia-Generalizia-Carmelitani-Scalzi-658766940887784\/\",\"https:\/\/x.com\/ocdcuria\",\"https:\/\/www.youtube.com\/channel\/UC2J5ZL0ycOY0qBSTCLX_NGQ\/videos\",\"https:\/\/www.instagram.com\/ocdinform\/\"]}]}<\/script>\n<!-- \/ Yoast SEO plugin. -->","yoast_head_json":{"title":"Santa Isabel de la Trinidad - CARMELITAS DESCALZOS","robots":{"index":"index","follow":"follow","max-snippet":"max-snippet:-1","max-image-preview":"max-image-preview:large","max-video-preview":"max-video-preview:-1"},"canonical":"https:\/\/www.carmelitaniscalzi.com\/es\/quienes-somos\/nuestros-santos\/beata-isabel-de-la-trinidad\/","og_locale":"es_ES","og_type":"article","og_title":"Santa Isabel de la Trinidad - CARMELITAS DESCALZOS","og_description":"Isabel Catez naci\u00f3 el 18 de julio de 1880 cerca de Bourges (Francia). Tres a\u00f1os despu\u00e9s nacer\u00e1 su hermana Marguarita (Guita).\u00a0 En 1887 fallecen su abuelo y su padre y quedan las dos ni\u00f1as al cuidado de su madre, una mujer muy en\u00e9rgica y recta. La peque\u00f1a Isabel tambi\u00e9n tiene un car\u00e1cter muy marcado, sus [&hellip;]","og_url":"https:\/\/www.carmelitaniscalzi.com\/es\/quienes-somos\/nuestros-santos\/beata-isabel-de-la-trinidad\/","og_site_name":"CARMELITAS DESCALZOS","article_publisher":"https:\/\/www.facebook.com\/Curia-Generalizia-Carmelitani-Scalzi-658766940887784\/","article_modified_time":"2021-09-20T21:11:10+00:00","og_image":[{"width":600,"height":600,"url":"https:\/\/www.carmelitaniscalzi.com\/wp-content\/uploads\/2021\/09\/elisabetta.jpg","type":"image\/jpeg"}],"twitter_card":"summary_large_image","twitter_site":"@ocdcuria","twitter_misc":{"Tiempo de lectura":"3 minutos"},"schema":{"@context":"https:\/\/schema.org","@graph":[{"@type":"WebPage","@id":"https:\/\/www.carmelitaniscalzi.com\/es\/quienes-somos\/nuestros-santos\/beata-isabel-de-la-trinidad\/","url":"https:\/\/www.carmelitaniscalzi.com\/es\/quienes-somos\/nuestros-santos\/beata-isabel-de-la-trinidad\/","name":"Santa Isabel de la Trinidad - CARMELITAS DESCALZOS","isPartOf":{"@id":"https:\/\/www.carmelitaniscalzi.com\/#website"},"primaryImageOfPage":{"@id":"https:\/\/www.carmelitaniscalzi.com\/es\/quienes-somos\/nuestros-santos\/beata-isabel-de-la-trinidad\/#primaryimage"},"image":{"@id":"https:\/\/www.carmelitaniscalzi.com\/es\/quienes-somos\/nuestros-santos\/beata-isabel-de-la-trinidad\/#primaryimage"},"thumbnailUrl":"https:\/\/www.carmelitaniscalzi.com\/wp-content\/uploads\/2021\/09\/elisabetta.jpg","datePublished":"2016-06-26T11:12:47+00:00","dateModified":"2021-09-20T21:11:10+00:00","breadcrumb":{"@id":"https:\/\/www.carmelitaniscalzi.com\/es\/quienes-somos\/nuestros-santos\/beata-isabel-de-la-trinidad\/#breadcrumb"},"inLanguage":"es","potentialAction":[{"@type":"ReadAction","target":["https:\/\/www.carmelitaniscalzi.com\/es\/quienes-somos\/nuestros-santos\/beata-isabel-de-la-trinidad\/"]}]},{"@type":"ImageObject","inLanguage":"es","@id":"https:\/\/www.carmelitaniscalzi.com\/es\/quienes-somos\/nuestros-santos\/beata-isabel-de-la-trinidad\/#primaryimage","url":"https:\/\/www.carmelitaniscalzi.com\/wp-content\/uploads\/2021\/09\/elisabetta.jpg","contentUrl":"https:\/\/www.carmelitaniscalzi.com\/wp-content\/uploads\/2021\/09\/elisabetta.jpg","width":600,"height":600},{"@type":"BreadcrumbList","@id":"https:\/\/www.carmelitaniscalzi.com\/es\/quienes-somos\/nuestros-santos\/beata-isabel-de-la-trinidad\/#breadcrumb","itemListElement":[{"@type":"ListItem","position":1,"name":"Home","item":"https:\/\/www.carmelitaniscalzi.com\/es\/"},{"@type":"ListItem","position":2,"name":"Qui\u00e9nes somos","item":"https:\/\/www.carmelitaniscalzi.com\/es\/quienes-somos\/"},{"@type":"ListItem","position":3,"name":"Nuestros Santos","item":"https:\/\/www.carmelitaniscalzi.com\/es\/quienes-somos\/nuestros-santos\/"},{"@type":"ListItem","position":4,"name":"Santa Isabel de la Trinidad"}]},{"@type":"WebSite","@id":"https:\/\/www.carmelitaniscalzi.com\/#website","url":"https:\/\/www.carmelitaniscalzi.com\/","name":"CARMELITANI SCALZI - Curia Generale del Carmelo Teresiano","description":"Curia General del Carmelo Teresiano","publisher":{"@id":"https:\/\/www.carmelitaniscalzi.com\/#organization"},"alternateName":"CARMELITANI SCALZI","potentialAction":[{"@type":"SearchAction","target":{"@type":"EntryPoint","urlTemplate":"https:\/\/www.carmelitaniscalzi.com\/?s={search_term_string}"},"query-input":{"@type":"PropertyValueSpecification","valueRequired":true,"valueName":"search_term_string"}}],"inLanguage":"es"},{"@type":"Organization","@id":"https:\/\/www.carmelitaniscalzi.com\/#organization","name":"CARMELITANI SCALZI - Curia Generale del Carmelo Teresiano","url":"https:\/\/www.carmelitaniscalzi.com\/","logo":{"@type":"ImageObject","inLanguage":"es","@id":"https:\/\/www.carmelitaniscalzi.com\/#\/schema\/logo\/image\/","url":"https:\/\/www.carmelitaniscalzi.com\/wp-content\/uploads\/2025\/11\/login-logo.png","contentUrl":"https:\/\/www.carmelitaniscalzi.com\/wp-content\/uploads\/2025\/11\/login-logo.png","width":256,"height":256,"caption":"CARMELITANI SCALZI - Curia Generale del Carmelo Teresiano"},"image":{"@id":"https:\/\/www.carmelitaniscalzi.com\/#\/schema\/logo\/image\/"},"sameAs":["https:\/\/www.facebook.com\/Curia-Generalizia-Carmelitani-Scalzi-658766940887784\/","https:\/\/x.com\/ocdcuria","https:\/\/www.youtube.com\/channel\/UC2J5ZL0ycOY0qBSTCLX_NGQ\/videos","https:\/\/www.instagram.com\/ocdinform\/"]}]}},"_links":{"self":[{"href":"https:\/\/www.carmelitaniscalzi.com\/es\/wp-json\/wp\/v2\/chi_siamo\/4564","targetHints":{"allow":["GET"]}}],"collection":[{"href":"https:\/\/www.carmelitaniscalzi.com\/es\/wp-json\/wp\/v2\/chi_siamo"}],"about":[{"href":"https:\/\/www.carmelitaniscalzi.com\/es\/wp-json\/wp\/v2\/types\/chi_siamo"}],"version-history":[{"count":1,"href":"https:\/\/www.carmelitaniscalzi.com\/es\/wp-json\/wp\/v2\/chi_siamo\/4564\/revisions"}],"predecessor-version":[{"id":80618,"href":"https:\/\/www.carmelitaniscalzi.com\/es\/wp-json\/wp\/v2\/chi_siamo\/4564\/revisions\/80618"}],"up":[{"embeddable":true,"href":"https:\/\/www.carmelitaniscalzi.com\/es\/wp-json\/wp\/v2\/chi_siamo\/4550"}],"wp:featuredmedia":[{"embeddable":true,"href":"https:\/\/www.carmelitaniscalzi.com\/es\/wp-json\/wp\/v2\/media\/80606"}],"wp:attachment":[{"href":"https:\/\/www.carmelitaniscalzi.com\/es\/wp-json\/wp\/v2\/media?parent=4564"}],"wp:term":[{"taxonomy":"elemento_chi_siamo","embeddable":true,"href":"https:\/\/www.carmelitaniscalzi.com\/es\/wp-json\/wp\/v2\/elemento_chi_siamo?post=4564"}],"curies":[{"name":"wp","href":"https:\/\/api.w.org\/{rel}","templated":true}]}}