{"id":4562,"date":"2016-06-26T13:11:00","date_gmt":"2016-06-26T11:11:00","guid":{"rendered":"https:\/\/www.carmelitaniscalzi.com\/es\/?page_id=4562"},"modified":"2021-09-21T00:17:27","modified_gmt":"2021-09-20T22:17:27","slug":"santa-maravillas-de-jesus","status":"publish","type":"chi_siamo","link":"https:\/\/www.carmelitaniscalzi.com\/es\/quienes-somos\/nuestros-santos\/santa-maravillas-de-jesus\/","title":{"rendered":"Santa Maravillas de Jes\u00fas"},"content":{"rendered":"<p><a href=\"https:\/\/www.carmelitaniscalzi.com\/wp-content\/uploads\/2016\/02\/santa_maravillas_de_jesus.jpg\"><img loading=\"lazy\" decoding=\"async\" class=\"alignleft size-medium wp-image-3486\" src=\"https:\/\/www.carmelitaniscalzi.com\/wp-content\/uploads\/2016\/02\/santa_maravillas_de_jesus-251x300.jpg\" alt=\"santa_maravillas_de_jesus\" width=\"251\" height=\"300\" srcset=\"https:\/\/www.carmelitaniscalzi.com\/wp-content\/uploads\/2016\/02\/santa_maravillas_de_jesus-251x300.jpg 251w, https:\/\/www.carmelitaniscalzi.com\/wp-content\/uploads\/2016\/02\/santa_maravillas_de_jesus-46x55.jpg 46w, https:\/\/www.carmelitaniscalzi.com\/wp-content\/uploads\/2016\/02\/santa_maravillas_de_jesus.jpg 300w\" sizes=\"auto, (max-width: 251px) 100vw, 251px\" \/><\/a><\/p>\n<p>Mar\u00eda de las Maravillas Pidal y Chico de Guzm\u00e1n, OCD (1891-1974).<\/p>\n<p>Nace en Madrid\u00a0el 4 de noviembre de\u00a0<a href=\"http:\/\/es.wikipedia.org\/wiki\/1891\">1891<\/a> en una familia profundamente cat\u00f3lica, la de los Marqueses de Pidal. Despu\u00e9s de una infancia y juventud propias de su estado social, lo abandon\u00f3 todo para ingresar en el Carmelo del Escorial en el a\u00f1o 1919.<\/p>\n<p>En el a\u00f1o 1924, por inspiraci\u00f3n divina, funda el Carmelo del Cerro de los \u00c1ngeles junto al monumento del Coraz\u00f3n de Jes\u00fas.<\/p>\n<p>En 1933 funda un Carmelo en Kottayam (India).<\/p>\n<p>De 1936 a 1939 arrecia la persecuci\u00f3n contra la Iglesia espa\u00f1ola y las Carmelitas Descalzas del Cerro, emprenden una arriesgada peregrinaci\u00f3n\u00a0 que culminar\u00e1 en el Desierto carmelitano de Batuecas (Salamanca) recuperando este monasterio para la Orden.<\/p>\n<p>En 1939, la M. Maravillas regresa al Cerro y emprende numerosas fundaciones con el esp\u00edritu de Santa Teresa de Jes\u00fas: En 1944 Mancera de Abajo, (Salamanca), en 1947 Duruelo, en 1950 Cabrera, (Salamanca), en 1954 Arenas de san Pedro, (\u00c1vila), en 1956 San Calixto (C\u00f3rdoba), en 1958 Aravaca, (Madrid), en 1961 La Aldehuela, (Madrid), donde vive hasta su muerte.<\/p>\n<p>Desde aqu\u00ed, esta hija de Santa Teresa, audaz y actual, siempre atenta a las necesidades del pr\u00f3jimo, realiza su gran obra social; sirva de ejemplo la edificaci\u00f3n de una iglesia, barriada y colegio para pobres.<\/p>\n<p>Posteriormente, realiza la Fundaci\u00f3n de\u00a0 Montemar, (M\u00e1laga), en 1964.<\/p>\n<p>Adem\u00e1s, en 1964 el Arzobispado de Madrid-Alcal\u00e1 le pide la restauraci\u00f3n del Carmelo del Escorial donde vivi\u00f3 sus primeros a\u00f1os en la Orden y en 1966, a petici\u00f3n del Obispado de \u00c1vila, salva de la extinci\u00f3n el monasterio de La Encarnaci\u00f3n, donde santa Teresa de Jes\u00fas vivi\u00f3 30 a\u00f1os.<\/p>\n<p>El 11 de diciembre de 1974 se durmi\u00f3 en el Se\u00f1or en su convento de La Aldehuela, dejando tras de s\u00ed una r\u00e1faga de luz y amor despu\u00e9s de poner al servicio de Dios y\u00a0 del Carmelo Descalzo todos sus dones y vocaci\u00f3n, su vida entera. En la iglesia conventual su sepulcro recibe cada a\u00f1o miles de peregrinos.<\/p>\n<p>&nbsp;<\/p>\n<p>En 1974, el P. Finiano, General del Carmelo Descalzo, dirige al Papa Pablo VI una emotiva carta con un elocuente retrato de la Madre, pidiendo la pronta introducci\u00f3n de la causa. La Orden del Carmelo Descalzo la lleva adelante y la Madre Maravillas es beatificada en Roma en 1998 y canonizada en Madrid en 2003 por S.S. Juan Pablo II, quien dijo de ella que <em>\u201c\u2026 vivi\u00f3 animada por una fe heroica, plasmada en la respuesta a una vocaci\u00f3n austera, poniendo a Dios como centro de su existencia. Realiz\u00f3 nuevas fundaciones de la Orden del Carmelo presididas por el esp\u00edritu caracter\u00edstico de la Reforma Teresiana\u201d.<\/em><\/p>\n","protected":false},"featured_media":80612,"parent":4550,"menu_order":6,"template":"","format":"standard","meta":{"_acf_changed":false,"footnotes":""},"elemento_chi_siamo":[849],"class_list":["post-4562","chi_siamo","type-chi_siamo","status-publish","format-standard","has-post-thumbnail","hentry","elemento_chi_siamo-nuestros-santos"],"acf":[],"yoast_head":"<!-- This site is optimized with the Yoast SEO plugin v26.3 - https:\/\/yoast.com\/wordpress\/plugins\/seo\/ -->\n<title>Santa Maravillas de Jes\u00fas - CARMELITAS DESCALZOS<\/title>\n<meta name=\"robots\" content=\"index, follow, max-snippet:-1, max-image-preview:large, max-video-preview:-1\" \/>\n<link rel=\"canonical\" href=\"https:\/\/www.carmelitaniscalzi.com\/es\/quienes-somos\/nuestros-santos\/santa-maravillas-de-jesus\/\" \/>\n<meta property=\"og:locale\" content=\"es_ES\" \/>\n<meta property=\"og:type\" content=\"article\" \/>\n<meta property=\"og:title\" content=\"Santa Maravillas de Jes\u00fas - CARMELITAS DESCALZOS\" \/>\n<meta property=\"og:description\" content=\"Mar\u00eda de las Maravillas Pidal y Chico de Guzm\u00e1n, OCD (1891-1974). Nace en Madrid\u00a0el 4 de noviembre de\u00a01891 en una familia profundamente cat\u00f3lica, la de los Marqueses de Pidal. Despu\u00e9s de una infancia y juventud propias de su estado social, lo abandon\u00f3 todo para ingresar en el Carmelo del Escorial en el a\u00f1o 1919. En [&hellip;]\" \/>\n<meta property=\"og:url\" content=\"https:\/\/www.carmelitaniscalzi.com\/es\/quienes-somos\/nuestros-santos\/santa-maravillas-de-jesus\/\" \/>\n<meta property=\"og:site_name\" content=\"CARMELITAS DESCALZOS\" \/>\n<meta property=\"article:publisher\" content=\"https:\/\/www.facebook.com\/Curia-Generalizia-Carmelitani-Scalzi-658766940887784\/\" \/>\n<meta property=\"article:modified_time\" content=\"2021-09-20T22:17:27+00:00\" \/>\n<meta property=\"og:image\" content=\"https:\/\/www.carmelitaniscalzi.com\/wp-content\/uploads\/2021\/09\/maravillas.jpg\" \/>\n\t<meta property=\"og:image:width\" content=\"600\" \/>\n\t<meta property=\"og:image:height\" content=\"600\" \/>\n\t<meta property=\"og:image:type\" content=\"image\/jpeg\" \/>\n<meta name=\"twitter:card\" content=\"summary_large_image\" \/>\n<meta name=\"twitter:site\" content=\"@ocdcuria\" \/>\n<meta name=\"twitter:label1\" content=\"Tiempo de lectura\" \/>\n\t<meta name=\"twitter:data1\" content=\"2 minutos\" \/>\n<script type=\"application\/ld+json\" class=\"yoast-schema-graph\">{\"@context\":\"https:\/\/schema.org\",\"@graph\":[{\"@type\":\"WebPage\",\"@id\":\"https:\/\/www.carmelitaniscalzi.com\/es\/quienes-somos\/nuestros-santos\/santa-maravillas-de-jesus\/\",\"url\":\"https:\/\/www.carmelitaniscalzi.com\/es\/quienes-somos\/nuestros-santos\/santa-maravillas-de-jesus\/\",\"name\":\"Santa Maravillas de Jes\u00fas - CARMELITAS DESCALZOS\",\"isPartOf\":{\"@id\":\"https:\/\/www.carmelitaniscalzi.com\/#website\"},\"primaryImageOfPage\":{\"@id\":\"https:\/\/www.carmelitaniscalzi.com\/es\/quienes-somos\/nuestros-santos\/santa-maravillas-de-jesus\/#primaryimage\"},\"image\":{\"@id\":\"https:\/\/www.carmelitaniscalzi.com\/es\/quienes-somos\/nuestros-santos\/santa-maravillas-de-jesus\/#primaryimage\"},\"thumbnailUrl\":\"https:\/\/www.carmelitaniscalzi.com\/wp-content\/uploads\/2021\/09\/maravillas.jpg\",\"datePublished\":\"2016-06-26T11:11:00+00:00\",\"dateModified\":\"2021-09-20T22:17:27+00:00\",\"breadcrumb\":{\"@id\":\"https:\/\/www.carmelitaniscalzi.com\/es\/quienes-somos\/nuestros-santos\/santa-maravillas-de-jesus\/#breadcrumb\"},\"inLanguage\":\"es\",\"potentialAction\":[{\"@type\":\"ReadAction\",\"target\":[\"https:\/\/www.carmelitaniscalzi.com\/es\/quienes-somos\/nuestros-santos\/santa-maravillas-de-jesus\/\"]}]},{\"@type\":\"ImageObject\",\"inLanguage\":\"es\",\"@id\":\"https:\/\/www.carmelitaniscalzi.com\/es\/quienes-somos\/nuestros-santos\/santa-maravillas-de-jesus\/#primaryimage\",\"url\":\"https:\/\/www.carmelitaniscalzi.com\/wp-content\/uploads\/2021\/09\/maravillas.jpg\",\"contentUrl\":\"https:\/\/www.carmelitaniscalzi.com\/wp-content\/uploads\/2021\/09\/maravillas.jpg\",\"width\":600,\"height\":600},{\"@type\":\"BreadcrumbList\",\"@id\":\"https:\/\/www.carmelitaniscalzi.com\/es\/quienes-somos\/nuestros-santos\/santa-maravillas-de-jesus\/#breadcrumb\",\"itemListElement\":[{\"@type\":\"ListItem\",\"position\":1,\"name\":\"Home\",\"item\":\"https:\/\/www.carmelitaniscalzi.com\/es\/\"},{\"@type\":\"ListItem\",\"position\":2,\"name\":\"Qui\u00e9nes somos\",\"item\":\"https:\/\/www.carmelitaniscalzi.com\/es\/quienes-somos\/\"},{\"@type\":\"ListItem\",\"position\":3,\"name\":\"Nuestros Santos\",\"item\":\"https:\/\/www.carmelitaniscalzi.com\/es\/quienes-somos\/nuestros-santos\/\"},{\"@type\":\"ListItem\",\"position\":4,\"name\":\"Santa Maravillas de Jes\u00fas\"}]},{\"@type\":\"WebSite\",\"@id\":\"https:\/\/www.carmelitaniscalzi.com\/#website\",\"url\":\"https:\/\/www.carmelitaniscalzi.com\/\",\"name\":\"CARMELITANI SCALZI - Curia Generale del Carmelo Teresiano\",\"description\":\"Curia General del Carmelo Teresiano\",\"publisher\":{\"@id\":\"https:\/\/www.carmelitaniscalzi.com\/#organization\"},\"alternateName\":\"CARMELITANI SCALZI\",\"potentialAction\":[{\"@type\":\"SearchAction\",\"target\":{\"@type\":\"EntryPoint\",\"urlTemplate\":\"https:\/\/www.carmelitaniscalzi.com\/?s={search_term_string}\"},\"query-input\":{\"@type\":\"PropertyValueSpecification\",\"valueRequired\":true,\"valueName\":\"search_term_string\"}}],\"inLanguage\":\"es\"},{\"@type\":\"Organization\",\"@id\":\"https:\/\/www.carmelitaniscalzi.com\/#organization\",\"name\":\"CARMELITANI SCALZI - Curia Generale del Carmelo Teresiano\",\"url\":\"https:\/\/www.carmelitaniscalzi.com\/\",\"logo\":{\"@type\":\"ImageObject\",\"inLanguage\":\"es\",\"@id\":\"https:\/\/www.carmelitaniscalzi.com\/#\/schema\/logo\/image\/\",\"url\":\"https:\/\/www.carmelitaniscalzi.com\/wp-content\/uploads\/2025\/11\/login-logo.png\",\"contentUrl\":\"https:\/\/www.carmelitaniscalzi.com\/wp-content\/uploads\/2025\/11\/login-logo.png\",\"width\":256,\"height\":256,\"caption\":\"CARMELITANI SCALZI - Curia Generale del Carmelo Teresiano\"},\"image\":{\"@id\":\"https:\/\/www.carmelitaniscalzi.com\/#\/schema\/logo\/image\/\"},\"sameAs\":[\"https:\/\/www.facebook.com\/Curia-Generalizia-Carmelitani-Scalzi-658766940887784\/\",\"https:\/\/x.com\/ocdcuria\",\"https:\/\/www.youtube.com\/channel\/UC2J5ZL0ycOY0qBSTCLX_NGQ\/videos\",\"https:\/\/www.instagram.com\/ocdinform\/\"]}]}<\/script>\n<!-- \/ Yoast SEO plugin. -->","yoast_head_json":{"title":"Santa Maravillas de Jes\u00fas - CARMELITAS DESCALZOS","robots":{"index":"index","follow":"follow","max-snippet":"max-snippet:-1","max-image-preview":"max-image-preview:large","max-video-preview":"max-video-preview:-1"},"canonical":"https:\/\/www.carmelitaniscalzi.com\/es\/quienes-somos\/nuestros-santos\/santa-maravillas-de-jesus\/","og_locale":"es_ES","og_type":"article","og_title":"Santa Maravillas de Jes\u00fas - CARMELITAS DESCALZOS","og_description":"Mar\u00eda de las Maravillas Pidal y Chico de Guzm\u00e1n, OCD (1891-1974). Nace en Madrid\u00a0el 4 de noviembre de\u00a01891 en una familia profundamente cat\u00f3lica, la de los Marqueses de Pidal. Despu\u00e9s de una infancia y juventud propias de su estado social, lo abandon\u00f3 todo para ingresar en el Carmelo del Escorial en el a\u00f1o 1919. En [&hellip;]","og_url":"https:\/\/www.carmelitaniscalzi.com\/es\/quienes-somos\/nuestros-santos\/santa-maravillas-de-jesus\/","og_site_name":"CARMELITAS DESCALZOS","article_publisher":"https:\/\/www.facebook.com\/Curia-Generalizia-Carmelitani-Scalzi-658766940887784\/","article_modified_time":"2021-09-20T22:17:27+00:00","og_image":[{"width":600,"height":600,"url":"https:\/\/www.carmelitaniscalzi.com\/wp-content\/uploads\/2021\/09\/maravillas.jpg","type":"image\/jpeg"}],"twitter_card":"summary_large_image","twitter_site":"@ocdcuria","twitter_misc":{"Tiempo de lectura":"2 minutos"},"schema":{"@context":"https:\/\/schema.org","@graph":[{"@type":"WebPage","@id":"https:\/\/www.carmelitaniscalzi.com\/es\/quienes-somos\/nuestros-santos\/santa-maravillas-de-jesus\/","url":"https:\/\/www.carmelitaniscalzi.com\/es\/quienes-somos\/nuestros-santos\/santa-maravillas-de-jesus\/","name":"Santa Maravillas de Jes\u00fas - CARMELITAS DESCALZOS","isPartOf":{"@id":"https:\/\/www.carmelitaniscalzi.com\/#website"},"primaryImageOfPage":{"@id":"https:\/\/www.carmelitaniscalzi.com\/es\/quienes-somos\/nuestros-santos\/santa-maravillas-de-jesus\/#primaryimage"},"image":{"@id":"https:\/\/www.carmelitaniscalzi.com\/es\/quienes-somos\/nuestros-santos\/santa-maravillas-de-jesus\/#primaryimage"},"thumbnailUrl":"https:\/\/www.carmelitaniscalzi.com\/wp-content\/uploads\/2021\/09\/maravillas.jpg","datePublished":"2016-06-26T11:11:00+00:00","dateModified":"2021-09-20T22:17:27+00:00","breadcrumb":{"@id":"https:\/\/www.carmelitaniscalzi.com\/es\/quienes-somos\/nuestros-santos\/santa-maravillas-de-jesus\/#breadcrumb"},"inLanguage":"es","potentialAction":[{"@type":"ReadAction","target":["https:\/\/www.carmelitaniscalzi.com\/es\/quienes-somos\/nuestros-santos\/santa-maravillas-de-jesus\/"]}]},{"@type":"ImageObject","inLanguage":"es","@id":"https:\/\/www.carmelitaniscalzi.com\/es\/quienes-somos\/nuestros-santos\/santa-maravillas-de-jesus\/#primaryimage","url":"https:\/\/www.carmelitaniscalzi.com\/wp-content\/uploads\/2021\/09\/maravillas.jpg","contentUrl":"https:\/\/www.carmelitaniscalzi.com\/wp-content\/uploads\/2021\/09\/maravillas.jpg","width":600,"height":600},{"@type":"BreadcrumbList","@id":"https:\/\/www.carmelitaniscalzi.com\/es\/quienes-somos\/nuestros-santos\/santa-maravillas-de-jesus\/#breadcrumb","itemListElement":[{"@type":"ListItem","position":1,"name":"Home","item":"https:\/\/www.carmelitaniscalzi.com\/es\/"},{"@type":"ListItem","position":2,"name":"Qui\u00e9nes somos","item":"https:\/\/www.carmelitaniscalzi.com\/es\/quienes-somos\/"},{"@type":"ListItem","position":3,"name":"Nuestros Santos","item":"https:\/\/www.carmelitaniscalzi.com\/es\/quienes-somos\/nuestros-santos\/"},{"@type":"ListItem","position":4,"name":"Santa Maravillas de Jes\u00fas"}]},{"@type":"WebSite","@id":"https:\/\/www.carmelitaniscalzi.com\/#website","url":"https:\/\/www.carmelitaniscalzi.com\/","name":"CARMELITANI SCALZI - Curia Generale del Carmelo Teresiano","description":"Curia General del Carmelo Teresiano","publisher":{"@id":"https:\/\/www.carmelitaniscalzi.com\/#organization"},"alternateName":"CARMELITANI SCALZI","potentialAction":[{"@type":"SearchAction","target":{"@type":"EntryPoint","urlTemplate":"https:\/\/www.carmelitaniscalzi.com\/?s={search_term_string}"},"query-input":{"@type":"PropertyValueSpecification","valueRequired":true,"valueName":"search_term_string"}}],"inLanguage":"es"},{"@type":"Organization","@id":"https:\/\/www.carmelitaniscalzi.com\/#organization","name":"CARMELITANI SCALZI - Curia Generale del Carmelo Teresiano","url":"https:\/\/www.carmelitaniscalzi.com\/","logo":{"@type":"ImageObject","inLanguage":"es","@id":"https:\/\/www.carmelitaniscalzi.com\/#\/schema\/logo\/image\/","url":"https:\/\/www.carmelitaniscalzi.com\/wp-content\/uploads\/2025\/11\/login-logo.png","contentUrl":"https:\/\/www.carmelitaniscalzi.com\/wp-content\/uploads\/2025\/11\/login-logo.png","width":256,"height":256,"caption":"CARMELITANI SCALZI - Curia Generale del Carmelo Teresiano"},"image":{"@id":"https:\/\/www.carmelitaniscalzi.com\/#\/schema\/logo\/image\/"},"sameAs":["https:\/\/www.facebook.com\/Curia-Generalizia-Carmelitani-Scalzi-658766940887784\/","https:\/\/x.com\/ocdcuria","https:\/\/www.youtube.com\/channel\/UC2J5ZL0ycOY0qBSTCLX_NGQ\/videos","https:\/\/www.instagram.com\/ocdinform\/"]}]}},"_links":{"self":[{"href":"https:\/\/www.carmelitaniscalzi.com\/es\/wp-json\/wp\/v2\/chi_siamo\/4562","targetHints":{"allow":["GET"]}}],"collection":[{"href":"https:\/\/www.carmelitaniscalzi.com\/es\/wp-json\/wp\/v2\/chi_siamo"}],"about":[{"href":"https:\/\/www.carmelitaniscalzi.com\/es\/wp-json\/wp\/v2\/types\/chi_siamo"}],"version-history":[{"count":1,"href":"https:\/\/www.carmelitaniscalzi.com\/es\/wp-json\/wp\/v2\/chi_siamo\/4562\/revisions"}],"predecessor-version":[{"id":80624,"href":"https:\/\/www.carmelitaniscalzi.com\/es\/wp-json\/wp\/v2\/chi_siamo\/4562\/revisions\/80624"}],"up":[{"embeddable":true,"href":"https:\/\/www.carmelitaniscalzi.com\/es\/wp-json\/wp\/v2\/chi_siamo\/4550"}],"wp:featuredmedia":[{"embeddable":true,"href":"https:\/\/www.carmelitaniscalzi.com\/es\/wp-json\/wp\/v2\/media\/80612"}],"wp:attachment":[{"href":"https:\/\/www.carmelitaniscalzi.com\/es\/wp-json\/wp\/v2\/media?parent=4562"}],"wp:term":[{"taxonomy":"elemento_chi_siamo","embeddable":true,"href":"https:\/\/www.carmelitaniscalzi.com\/es\/wp-json\/wp\/v2\/elemento_chi_siamo?post=4562"}],"curies":[{"name":"wp","href":"https:\/\/api.w.org\/{rel}","templated":true}]}}