{"id":4558,"date":"2016-06-26T13:06:29","date_gmt":"2016-06-26T11:06:29","guid":{"rendered":"https:\/\/www.carmelitaniscalzi.com\/es\/?page_id=4558"},"modified":"2021-09-20T01:13:53","modified_gmt":"2021-09-19T23:13:53","slug":"santa-teresa-de-los-andes","status":"publish","type":"chi_siamo","link":"https:\/\/www.carmelitaniscalzi.com\/es\/quienes-somos\/nuestros-santos\/santa-teresa-de-los-andes\/","title":{"rendered":"Santa Teresa de Los Andes"},"content":{"rendered":"<p><a href=\"https:\/\/www.carmelitaniscalzi.com\/wp-content\/uploads\/2016\/02\/santa_teresa_de_los_andes.jpg\"><img loading=\"lazy\" decoding=\"async\" class=\"alignleft size-full wp-image-3488\" src=\"https:\/\/www.carmelitaniscalzi.com\/wp-content\/uploads\/2016\/02\/santa_teresa_de_los_andes.jpg\" alt=\"santa_teresa_de_los_andes\" width=\"189\" height=\"267\" srcset=\"https:\/\/www.carmelitaniscalzi.com\/wp-content\/uploads\/2016\/02\/santa_teresa_de_los_andes.jpg 189w, https:\/\/www.carmelitaniscalzi.com\/wp-content\/uploads\/2016\/02\/santa_teresa_de_los_andes-39x55.jpg 39w\" sizes=\"auto, (max-width: 189px) 100vw, 189px\" \/><\/a><\/p>\n<p>Juanita Fern\u00e1ndez Solar naci\u00f3 el 13 de Julio de 1900 en Santiago de Chile. Educada en la fe desde muy ni\u00f1a por sus padres, tuvo una precoz inclinaci\u00f3n a la oraci\u00f3n y al bien. Desde 1907 ingres\u00f3 como externa en el colegio de las religiosas del Sagrado Coraz\u00f3n. El 11 de septiembre de 1910 recibi\u00f3 la primera comuni\u00f3n. D\u00eda fundamental para ella, desde el cual vivi\u00f3 cada vez una m\u00e1s intensa amistad con Jes\u00fas.<\/p>\n<p>De familia acomodada, trat\u00f3 con inusual afecto a los empleados del hogar y se preocup\u00f3 por las catequesis y las necesidades materiales de los pobres de sus tierras. Su padre demostr\u00f3 poco acierto en la administraci\u00f3n de su hacienda y perdi\u00f3 gran parte de su fortuna, creando no pocas tensiones en el matrimonio. Adem\u00e1s, su hermano Lucho se alej\u00f3 de la fe y Miguel llevaba una vida un tanto bohemia. En medio de las dificultades familiares, ella fue el \u00e1ngel que vel\u00f3 por todos.<\/p>\n<p>Con 15 a\u00f1os, declar\u00f3 que Cristo la hab\u00eda cautivado. Poco despu\u00e9s fue internada en el colegio, lo que ella vivi\u00f3 con una gran pena: <em>Hiciera cenizas el internado,<\/em> llega a decir. Hasta que decidi\u00f3 ser fiel en su vida de colegiala como un modo de entregarse a la voluntad de Dios y trat\u00f3 de esforzarse en ser una alumna ejemplar. Al poco de su ingreso, a ra\u00edz de unas conversaciones con una de sus maestras, comenz\u00f3 el discernimiento sobre su posible vocaci\u00f3n.<\/p>\n<p>A los 17 a\u00f1os, ley\u00f3 a Santa Teresa de Jes\u00fas, lo que la impuls\u00f3 a vivir la oraci\u00f3n como amistad y entrega a los dem\u00e1s. Tambi\u00e9n conoci\u00f3 los escritos de Santa Teresita y Sor Isabel de la Trinidad, con las que experiment\u00f3 una gran sinton\u00eda. Ella tambi\u00e9n dese\u00f3 ser casa de Dios, y alabanza de gloria. Entr\u00f3 en contacto epistolar con la Madre Ang\u00e9lica, priora de las Carmelitas de los Andes y le plante\u00f3 su inquietud vocacional.<\/p>\n<p>Un a\u00f1o despu\u00e9s, dej\u00f3 el internado debido a la boda de su hermana Luc\u00eda, para aprender a llevar las tareas de la casa y presentarse en sociedad. Era una joven deportista, amante de la naturaleza y alegre. Tambi\u00e9n daba catequesis y clases a ni\u00f1os de familias desfavorecidas y colaboraba en las misiones No tuvo dudas de su vocaci\u00f3n, pero s\u00ed de si deb\u00eda ser monja del Sagrado Coraz\u00f3n o Carmelita Descalza. Cuando su madre se enter\u00f3 de su vocaci\u00f3n, trat\u00f3 de probarla de diversas maneras para disuadirla, sorprendi\u00e9ndose de la dulzura y equilibrio con que reaccionaba. El 11 de enero de 1919, conoci\u00f3 a la comunidad de carmelitas y desaparecieron las dudas, seducida por la sencillez, familiaridad de trato y espontaneidad de las hermanas.<\/p>\n<p>Al conocer la noticia en su familia, sus hermanos trataron de disuadirla, pero sus padres le dieron el permiso. Ingres\u00f3 el 7 de mayo de 1919, cambiando su nombre por el de Teresa de Jes\u00fas. All\u00ed conoci\u00f3 los escritos de San Juan de la Cruz, que le ayudaron en la maduraci\u00f3n de su oraci\u00f3n.<\/p>\n<p>Ejerci\u00f3 un verdadero apostolado con sus cartas a familiares y amigos, tratando de animarles a la amistad con Dios, a la alegr\u00eda y la gratitud. <em>Cartas<\/em> escritas con grandes dosis de cari\u00f1o y comprensi\u00f3n. Ellas y sus <em>Diarios<\/em> quedaron como legados de su espiritualidad.<\/p>\n<p>En semana santa de 1920, enferm\u00f3 gravemente. Hizo su profesi\u00f3n religiosa en el lecho, con alegr\u00eda y emoci\u00f3n, y falleci\u00f3 el 12 de abril.<\/p>\n<p>Su vida y espiritualidad, son irradiaci\u00f3n de Dios en Chile y toda Latinoam\u00e9rica. Su santuario es un lugar de peregrinaci\u00f3n donde muchas personas se reencuentran con Dios y con la fe.<\/p>\n","protected":false},"featured_media":80545,"parent":4550,"menu_order":4,"template":"","format":"standard","meta":{"_acf_changed":false,"footnotes":""},"elemento_chi_siamo":[849],"class_list":["post-4558","chi_siamo","type-chi_siamo","status-publish","format-standard","has-post-thumbnail","hentry","elemento_chi_siamo-nuestros-santos"],"acf":[],"yoast_head":"<!-- This site is optimized with the Yoast SEO plugin v26.3 - https:\/\/yoast.com\/wordpress\/plugins\/seo\/ -->\n<title>Santa Teresa de Los Andes - CARMELITAS DESCALZOS<\/title>\n<meta name=\"robots\" content=\"index, follow, max-snippet:-1, max-image-preview:large, max-video-preview:-1\" \/>\n<link rel=\"canonical\" href=\"https:\/\/www.carmelitaniscalzi.com\/es\/quienes-somos\/nuestros-santos\/santa-teresa-de-los-andes\/\" \/>\n<meta property=\"og:locale\" content=\"es_ES\" \/>\n<meta property=\"og:type\" content=\"article\" \/>\n<meta property=\"og:title\" content=\"Santa Teresa de Los Andes - CARMELITAS DESCALZOS\" \/>\n<meta property=\"og:description\" content=\"Juanita Fern\u00e1ndez Solar naci\u00f3 el 13 de Julio de 1900 en Santiago de Chile. Educada en la fe desde muy ni\u00f1a por sus padres, tuvo una precoz inclinaci\u00f3n a la oraci\u00f3n y al bien. Desde 1907 ingres\u00f3 como externa en el colegio de las religiosas del Sagrado Coraz\u00f3n. El 11 de septiembre de 1910 recibi\u00f3 [&hellip;]\" \/>\n<meta property=\"og:url\" content=\"https:\/\/www.carmelitaniscalzi.com\/es\/quienes-somos\/nuestros-santos\/santa-teresa-de-los-andes\/\" \/>\n<meta property=\"og:site_name\" content=\"CARMELITAS DESCALZOS\" \/>\n<meta property=\"article:publisher\" content=\"https:\/\/www.facebook.com\/Curia-Generalizia-Carmelitani-Scalzi-658766940887784\/\" \/>\n<meta property=\"article:modified_time\" content=\"2021-09-19T23:13:53+00:00\" \/>\n<meta property=\"og:image\" content=\"https:\/\/www.carmelitaniscalzi.com\/wp-content\/uploads\/2016\/02\/teresa_andes.jpg\" \/>\n\t<meta property=\"og:image:width\" content=\"600\" \/>\n\t<meta property=\"og:image:height\" content=\"600\" \/>\n\t<meta property=\"og:image:type\" content=\"image\/jpeg\" \/>\n<meta name=\"twitter:card\" content=\"summary_large_image\" \/>\n<meta name=\"twitter:site\" content=\"@ocdcuria\" \/>\n<meta name=\"twitter:label1\" content=\"Tiempo de lectura\" \/>\n\t<meta name=\"twitter:data1\" content=\"3 minutos\" \/>\n<script type=\"application\/ld+json\" class=\"yoast-schema-graph\">{\"@context\":\"https:\/\/schema.org\",\"@graph\":[{\"@type\":\"WebPage\",\"@id\":\"https:\/\/www.carmelitaniscalzi.com\/es\/quienes-somos\/nuestros-santos\/santa-teresa-de-los-andes\/\",\"url\":\"https:\/\/www.carmelitaniscalzi.com\/es\/quienes-somos\/nuestros-santos\/santa-teresa-de-los-andes\/\",\"name\":\"Santa Teresa de Los Andes - CARMELITAS DESCALZOS\",\"isPartOf\":{\"@id\":\"https:\/\/www.carmelitaniscalzi.com\/#website\"},\"primaryImageOfPage\":{\"@id\":\"https:\/\/www.carmelitaniscalzi.com\/es\/quienes-somos\/nuestros-santos\/santa-teresa-de-los-andes\/#primaryimage\"},\"image\":{\"@id\":\"https:\/\/www.carmelitaniscalzi.com\/es\/quienes-somos\/nuestros-santos\/santa-teresa-de-los-andes\/#primaryimage\"},\"thumbnailUrl\":\"https:\/\/www.carmelitaniscalzi.com\/wp-content\/uploads\/2016\/02\/teresa_andes.jpg\",\"datePublished\":\"2016-06-26T11:06:29+00:00\",\"dateModified\":\"2021-09-19T23:13:53+00:00\",\"breadcrumb\":{\"@id\":\"https:\/\/www.carmelitaniscalzi.com\/es\/quienes-somos\/nuestros-santos\/santa-teresa-de-los-andes\/#breadcrumb\"},\"inLanguage\":\"es\",\"potentialAction\":[{\"@type\":\"ReadAction\",\"target\":[\"https:\/\/www.carmelitaniscalzi.com\/es\/quienes-somos\/nuestros-santos\/santa-teresa-de-los-andes\/\"]}]},{\"@type\":\"ImageObject\",\"inLanguage\":\"es\",\"@id\":\"https:\/\/www.carmelitaniscalzi.com\/es\/quienes-somos\/nuestros-santos\/santa-teresa-de-los-andes\/#primaryimage\",\"url\":\"https:\/\/www.carmelitaniscalzi.com\/wp-content\/uploads\/2016\/02\/teresa_andes.jpg\",\"contentUrl\":\"https:\/\/www.carmelitaniscalzi.com\/wp-content\/uploads\/2016\/02\/teresa_andes.jpg\",\"width\":600,\"height\":600},{\"@type\":\"BreadcrumbList\",\"@id\":\"https:\/\/www.carmelitaniscalzi.com\/es\/quienes-somos\/nuestros-santos\/santa-teresa-de-los-andes\/#breadcrumb\",\"itemListElement\":[{\"@type\":\"ListItem\",\"position\":1,\"name\":\"Home\",\"item\":\"https:\/\/www.carmelitaniscalzi.com\/es\/\"},{\"@type\":\"ListItem\",\"position\":2,\"name\":\"Qui\u00e9nes somos\",\"item\":\"https:\/\/www.carmelitaniscalzi.com\/es\/quienes-somos\/\"},{\"@type\":\"ListItem\",\"position\":3,\"name\":\"Nuestros Santos\",\"item\":\"https:\/\/www.carmelitaniscalzi.com\/es\/quienes-somos\/nuestros-santos\/\"},{\"@type\":\"ListItem\",\"position\":4,\"name\":\"Santa Teresa de Los Andes\"}]},{\"@type\":\"WebSite\",\"@id\":\"https:\/\/www.carmelitaniscalzi.com\/#website\",\"url\":\"https:\/\/www.carmelitaniscalzi.com\/\",\"name\":\"CARMELITANI SCALZI - Curia Generale del Carmelo Teresiano\",\"description\":\"Curia General del Carmelo Teresiano\",\"publisher\":{\"@id\":\"https:\/\/www.carmelitaniscalzi.com\/#organization\"},\"alternateName\":\"CARMELITANI SCALZI\",\"potentialAction\":[{\"@type\":\"SearchAction\",\"target\":{\"@type\":\"EntryPoint\",\"urlTemplate\":\"https:\/\/www.carmelitaniscalzi.com\/?s={search_term_string}\"},\"query-input\":{\"@type\":\"PropertyValueSpecification\",\"valueRequired\":true,\"valueName\":\"search_term_string\"}}],\"inLanguage\":\"es\"},{\"@type\":\"Organization\",\"@id\":\"https:\/\/www.carmelitaniscalzi.com\/#organization\",\"name\":\"CARMELITANI SCALZI - Curia Generale del Carmelo Teresiano\",\"url\":\"https:\/\/www.carmelitaniscalzi.com\/\",\"logo\":{\"@type\":\"ImageObject\",\"inLanguage\":\"es\",\"@id\":\"https:\/\/www.carmelitaniscalzi.com\/#\/schema\/logo\/image\/\",\"url\":\"https:\/\/www.carmelitaniscalzi.com\/wp-content\/uploads\/2025\/11\/login-logo.png\",\"contentUrl\":\"https:\/\/www.carmelitaniscalzi.com\/wp-content\/uploads\/2025\/11\/login-logo.png\",\"width\":256,\"height\":256,\"caption\":\"CARMELITANI SCALZI - Curia Generale del Carmelo Teresiano\"},\"image\":{\"@id\":\"https:\/\/www.carmelitaniscalzi.com\/#\/schema\/logo\/image\/\"},\"sameAs\":[\"https:\/\/www.facebook.com\/Curia-Generalizia-Carmelitani-Scalzi-658766940887784\/\",\"https:\/\/x.com\/ocdcuria\",\"https:\/\/www.youtube.com\/channel\/UC2J5ZL0ycOY0qBSTCLX_NGQ\/videos\",\"https:\/\/www.instagram.com\/ocdinform\/\"]}]}<\/script>\n<!-- \/ Yoast SEO plugin. -->","yoast_head_json":{"title":"Santa Teresa de Los Andes - CARMELITAS DESCALZOS","robots":{"index":"index","follow":"follow","max-snippet":"max-snippet:-1","max-image-preview":"max-image-preview:large","max-video-preview":"max-video-preview:-1"},"canonical":"https:\/\/www.carmelitaniscalzi.com\/es\/quienes-somos\/nuestros-santos\/santa-teresa-de-los-andes\/","og_locale":"es_ES","og_type":"article","og_title":"Santa Teresa de Los Andes - CARMELITAS DESCALZOS","og_description":"Juanita Fern\u00e1ndez Solar naci\u00f3 el 13 de Julio de 1900 en Santiago de Chile. Educada en la fe desde muy ni\u00f1a por sus padres, tuvo una precoz inclinaci\u00f3n a la oraci\u00f3n y al bien. Desde 1907 ingres\u00f3 como externa en el colegio de las religiosas del Sagrado Coraz\u00f3n. El 11 de septiembre de 1910 recibi\u00f3 [&hellip;]","og_url":"https:\/\/www.carmelitaniscalzi.com\/es\/quienes-somos\/nuestros-santos\/santa-teresa-de-los-andes\/","og_site_name":"CARMELITAS DESCALZOS","article_publisher":"https:\/\/www.facebook.com\/Curia-Generalizia-Carmelitani-Scalzi-658766940887784\/","article_modified_time":"2021-09-19T23:13:53+00:00","og_image":[{"width":600,"height":600,"url":"https:\/\/www.carmelitaniscalzi.com\/wp-content\/uploads\/2016\/02\/teresa_andes.jpg","type":"image\/jpeg"}],"twitter_card":"summary_large_image","twitter_site":"@ocdcuria","twitter_misc":{"Tiempo de lectura":"3 minutos"},"schema":{"@context":"https:\/\/schema.org","@graph":[{"@type":"WebPage","@id":"https:\/\/www.carmelitaniscalzi.com\/es\/quienes-somos\/nuestros-santos\/santa-teresa-de-los-andes\/","url":"https:\/\/www.carmelitaniscalzi.com\/es\/quienes-somos\/nuestros-santos\/santa-teresa-de-los-andes\/","name":"Santa Teresa de Los Andes - CARMELITAS DESCALZOS","isPartOf":{"@id":"https:\/\/www.carmelitaniscalzi.com\/#website"},"primaryImageOfPage":{"@id":"https:\/\/www.carmelitaniscalzi.com\/es\/quienes-somos\/nuestros-santos\/santa-teresa-de-los-andes\/#primaryimage"},"image":{"@id":"https:\/\/www.carmelitaniscalzi.com\/es\/quienes-somos\/nuestros-santos\/santa-teresa-de-los-andes\/#primaryimage"},"thumbnailUrl":"https:\/\/www.carmelitaniscalzi.com\/wp-content\/uploads\/2016\/02\/teresa_andes.jpg","datePublished":"2016-06-26T11:06:29+00:00","dateModified":"2021-09-19T23:13:53+00:00","breadcrumb":{"@id":"https:\/\/www.carmelitaniscalzi.com\/es\/quienes-somos\/nuestros-santos\/santa-teresa-de-los-andes\/#breadcrumb"},"inLanguage":"es","potentialAction":[{"@type":"ReadAction","target":["https:\/\/www.carmelitaniscalzi.com\/es\/quienes-somos\/nuestros-santos\/santa-teresa-de-los-andes\/"]}]},{"@type":"ImageObject","inLanguage":"es","@id":"https:\/\/www.carmelitaniscalzi.com\/es\/quienes-somos\/nuestros-santos\/santa-teresa-de-los-andes\/#primaryimage","url":"https:\/\/www.carmelitaniscalzi.com\/wp-content\/uploads\/2016\/02\/teresa_andes.jpg","contentUrl":"https:\/\/www.carmelitaniscalzi.com\/wp-content\/uploads\/2016\/02\/teresa_andes.jpg","width":600,"height":600},{"@type":"BreadcrumbList","@id":"https:\/\/www.carmelitaniscalzi.com\/es\/quienes-somos\/nuestros-santos\/santa-teresa-de-los-andes\/#breadcrumb","itemListElement":[{"@type":"ListItem","position":1,"name":"Home","item":"https:\/\/www.carmelitaniscalzi.com\/es\/"},{"@type":"ListItem","position":2,"name":"Qui\u00e9nes somos","item":"https:\/\/www.carmelitaniscalzi.com\/es\/quienes-somos\/"},{"@type":"ListItem","position":3,"name":"Nuestros Santos","item":"https:\/\/www.carmelitaniscalzi.com\/es\/quienes-somos\/nuestros-santos\/"},{"@type":"ListItem","position":4,"name":"Santa Teresa de Los Andes"}]},{"@type":"WebSite","@id":"https:\/\/www.carmelitaniscalzi.com\/#website","url":"https:\/\/www.carmelitaniscalzi.com\/","name":"CARMELITANI SCALZI - Curia Generale del Carmelo Teresiano","description":"Curia General del Carmelo Teresiano","publisher":{"@id":"https:\/\/www.carmelitaniscalzi.com\/#organization"},"alternateName":"CARMELITANI SCALZI","potentialAction":[{"@type":"SearchAction","target":{"@type":"EntryPoint","urlTemplate":"https:\/\/www.carmelitaniscalzi.com\/?s={search_term_string}"},"query-input":{"@type":"PropertyValueSpecification","valueRequired":true,"valueName":"search_term_string"}}],"inLanguage":"es"},{"@type":"Organization","@id":"https:\/\/www.carmelitaniscalzi.com\/#organization","name":"CARMELITANI SCALZI - Curia Generale del Carmelo Teresiano","url":"https:\/\/www.carmelitaniscalzi.com\/","logo":{"@type":"ImageObject","inLanguage":"es","@id":"https:\/\/www.carmelitaniscalzi.com\/#\/schema\/logo\/image\/","url":"https:\/\/www.carmelitaniscalzi.com\/wp-content\/uploads\/2025\/11\/login-logo.png","contentUrl":"https:\/\/www.carmelitaniscalzi.com\/wp-content\/uploads\/2025\/11\/login-logo.png","width":256,"height":256,"caption":"CARMELITANI SCALZI - Curia Generale del Carmelo Teresiano"},"image":{"@id":"https:\/\/www.carmelitaniscalzi.com\/#\/schema\/logo\/image\/"},"sameAs":["https:\/\/www.facebook.com\/Curia-Generalizia-Carmelitani-Scalzi-658766940887784\/","https:\/\/x.com\/ocdcuria","https:\/\/www.youtube.com\/channel\/UC2J5ZL0ycOY0qBSTCLX_NGQ\/videos","https:\/\/www.instagram.com\/ocdinform\/"]}]}},"_links":{"self":[{"href":"https:\/\/www.carmelitaniscalzi.com\/es\/wp-json\/wp\/v2\/chi_siamo\/4558","targetHints":{"allow":["GET"]}}],"collection":[{"href":"https:\/\/www.carmelitaniscalzi.com\/es\/wp-json\/wp\/v2\/chi_siamo"}],"about":[{"href":"https:\/\/www.carmelitaniscalzi.com\/es\/wp-json\/wp\/v2\/types\/chi_siamo"}],"version-history":[{"count":1,"href":"https:\/\/www.carmelitaniscalzi.com\/es\/wp-json\/wp\/v2\/chi_siamo\/4558\/revisions"}],"predecessor-version":[{"id":80549,"href":"https:\/\/www.carmelitaniscalzi.com\/es\/wp-json\/wp\/v2\/chi_siamo\/4558\/revisions\/80549"}],"up":[{"embeddable":true,"href":"https:\/\/www.carmelitaniscalzi.com\/es\/wp-json\/wp\/v2\/chi_siamo\/4550"}],"wp:featuredmedia":[{"embeddable":true,"href":"https:\/\/www.carmelitaniscalzi.com\/es\/wp-json\/wp\/v2\/media\/80545"}],"wp:attachment":[{"href":"https:\/\/www.carmelitaniscalzi.com\/es\/wp-json\/wp\/v2\/media?parent=4558"}],"wp:term":[{"taxonomy":"elemento_chi_siamo","embeddable":true,"href":"https:\/\/www.carmelitaniscalzi.com\/es\/wp-json\/wp\/v2\/elemento_chi_siamo?post=4558"}],"curies":[{"name":"wp","href":"https:\/\/api.w.org\/{rel}","templated":true}]}}