{"id":4554,"date":"2016-06-26T13:03:45","date_gmt":"2016-06-26T11:03:45","guid":{"rendered":"https:\/\/www.carmelitaniscalzi.com\/es\/?page_id=4554"},"modified":"2021-09-20T00:29:54","modified_gmt":"2021-09-19T22:29:54","slug":"santa-teresa-benedicta-de-la-cruz","status":"publish","type":"chi_siamo","link":"https:\/\/www.carmelitaniscalzi.com\/es\/quienes-somos\/nuestros-santos\/santa-teresa-benedicta-de-la-cruz\/","title":{"rendered":"Santa Teresa Benedicta de la Cruz"},"content":{"rendered":"<p><a href=\"https:\/\/www.carmelitaniscalzi.com\/wp-content\/uploads\/2016\/02\/santa_teresa_benedictina.jpg\"><img loading=\"lazy\" decoding=\"async\" class=\"alignleft size-full wp-image-3487\" src=\"https:\/\/www.carmelitaniscalzi.com\/wp-content\/uploads\/2016\/02\/santa_teresa_benedictina.jpg\" alt=\"santa_teresa_benedictina\" width=\"200\" height=\"269\" srcset=\"https:\/\/www.carmelitaniscalzi.com\/wp-content\/uploads\/2016\/02\/santa_teresa_benedictina.jpg 200w, https:\/\/www.carmelitaniscalzi.com\/wp-content\/uploads\/2016\/02\/santa_teresa_benedictina-41x55.jpg 41w\" sizes=\"auto, (max-width: 200px) 100vw, 200px\" \/><\/a><\/p>\n<p>Acercarnos a la persona de Edith Stein, Teresa Benedicta de la Cruz, supone encontrarnos con una buscadora apasionada de la Verdad, rasgo que la defini\u00f3 toda su vida. Naci\u00f3 el 12 de octubre de 1891 en el seno de una familia jud\u00eda en Breslau (actual Polonia), donde su madre, mujer fuerte y de fe profunda, educ\u00f3 a sus hijos en un clima de respeto y libertad responsable. La fe de Edith se ir\u00e1 debilitando a medida que quiera hacer suyas las creencias recibidas; al no encontrar respuesta a sus interrogantes, las abandonar\u00e1 en su adolescencia.<\/p>\n<p>Pose\u00eda una inteligencia e intuici\u00f3n extraordinarias, por lo que fue una alumna brillante en todos sus estudios. Movida por un impulso interior de b\u00fasqueda del sentido de la vida, estudi\u00f3 Psicolog\u00eda, materia que le defraud\u00f3. Se siente atra\u00edda por la historia, filosof\u00eda y german\u00edstica, que estudi\u00f3 durante los a\u00f1os universitarios en su ciudad natal.<\/p>\n<p>En su proceso de b\u00fasqueda se encuentra con la obra: <em>Investigaciones l\u00f3gicas<\/em> de quien ser\u00e1 su maestro y admirado fil\u00f3sofo, Edmund Husserl, padre de la fenomenolog\u00eda, ciencia que abrir\u00e1 nuevas perspectivas al conocimiento de la esencia de las cosas. En la universidad de Gotinga se dedicar\u00e1 a la profundizaci\u00f3n de esta ciencia junto a otros fil\u00f3sofos como Scheler, Reinach, el matrimonio Conrad-Martius que ser\u00e1n a la vez, grandes amigos suyos.<\/p>\n<p>Cuando estalla la I Guerra Mundial, se alista como enfermera de la Cruz Roja, pues est\u00e1 convencida de que su vida ya no le pertenece, ha de ser entrega al \u201cgran acontecimiento\u201d. Se encuentra con el misterio del dolor y de la muerte de una manera sumamente real que le llevar\u00e1 a asumir como propios los sufrimientos de los hombres.<\/p>\n<p>Sigue estudiando y preparando la tesis doctoral, en la que recibir\u00e1 la m\u00e1xima distinci\u00f3n, \u201csumma cum laude\u201d, con el tema: <em>Sobre la empat\u00eda<\/em>. Intenta acceder a una c\u00e1tedra universitaria pero se le niega por ser mujer.<\/p>\n<p>Dos hechos la conmover\u00e1n profundamente y ser\u00e1n determinantes para dar el paso a la fe en Cristo: la actitud de serenidad frente a la muerte que apreci\u00f3 en la esposa de Reinach, ca\u00eddo en combate;\u00a0 y la lectura de la <em>Vida<\/em> de Santa Teresa de Jes\u00fas en casa de su amiga H. Conrad-Martius.<\/p>\n<p>A partir de entonces prosigue su particular itinerario de profundizaci\u00f3n en la fe, camino de abandono progresivo y confiado en las manos de quien se le ha revelado como la Verdad y fuente de toda sabidur\u00eda. Su deseo de entrega total al Se\u00f1or en el Carmelo se ver\u00e1 precedido por unos a\u00f1os intensos en que desarrollar\u00e1 su tarea como profesora de alem\u00e1n en las dominicas de Espira, conferenciante en instituciones pedag\u00f3gicas y filos\u00f3ficas, estudiosa y traductora de autores como Sto. Tom\u00e1s de Aquino o el cardenal Newman, profesora en el Instituto de Pedagog\u00eda Cient\u00edfica de M\u00fcnster\u2026 El ambiente de fuerte antisemitismo que se respiraba (1933), la forzar\u00e1 al abandono de la ense\u00f1anza.<\/p>\n<p>Parec\u00eda llegado el tiempo ansiado de iniciar la vida en el Carmelo y tras un doloroso encuentro con su madre, quien no hab\u00eda aceptado la conversi\u00f3n de Edith, ingresa el 14 de octubre de 1933 en el Carmelo de Colonia, donde permaneci\u00f3 hasta el 31 de diciembre de 1938, fecha en que se traslada al Carmelo de Echt (Holanda), por la asfixiante persecuci\u00f3n contra los jud\u00edos y cat\u00f3licos de Alemania. Asumi\u00f3 la \u201cciencia de la cruz\u201d hasta sus \u00faltimas consecuencias; entr\u00f3 en la \u201cVida\u201d el 9 de agosto de 1942 en Auschwitz-Birkenau.<\/p>\n<p>Fue beatificada (1987), canonizada (1998), nombrada copatrona de Europa (1999) quien supo aunar en s\u00ed, la b\u00fasqueda de la Verdad junto al confiado abandono en Dios.<\/p>\n","protected":false},"featured_media":80509,"parent":4550,"menu_order":2,"template":"","format":"standard","meta":{"_acf_changed":false,"footnotes":""},"elemento_chi_siamo":[849],"class_list":["post-4554","chi_siamo","type-chi_siamo","status-publish","format-standard","has-post-thumbnail","hentry","elemento_chi_siamo-nuestros-santos"],"acf":[],"yoast_head":"<!-- This site is optimized with the Yoast SEO plugin v26.3 - https:\/\/yoast.com\/wordpress\/plugins\/seo\/ -->\n<title>Santa Teresa Benedicta de la Cruz - CARMELITAS DESCALZOS<\/title>\n<meta name=\"robots\" content=\"index, follow, max-snippet:-1, max-image-preview:large, max-video-preview:-1\" \/>\n<link rel=\"canonical\" href=\"https:\/\/www.carmelitaniscalzi.com\/es\/quienes-somos\/nuestros-santos\/santa-teresa-benedicta-de-la-cruz\/\" \/>\n<meta property=\"og:locale\" content=\"es_ES\" \/>\n<meta property=\"og:type\" content=\"article\" \/>\n<meta property=\"og:title\" content=\"Santa Teresa Benedicta de la Cruz - CARMELITAS DESCALZOS\" \/>\n<meta property=\"og:description\" content=\"Acercarnos a la persona de Edith Stein, Teresa Benedicta de la Cruz, supone encontrarnos con una buscadora apasionada de la Verdad, rasgo que la defini\u00f3 toda su vida. Naci\u00f3 el 12 de octubre de 1891 en el seno de una familia jud\u00eda en Breslau (actual Polonia), donde su madre, mujer fuerte y de fe profunda, [&hellip;]\" \/>\n<meta property=\"og:url\" content=\"https:\/\/www.carmelitaniscalzi.com\/es\/quienes-somos\/nuestros-santos\/santa-teresa-benedicta-de-la-cruz\/\" \/>\n<meta property=\"og:site_name\" content=\"CARMELITAS DESCALZOS\" \/>\n<meta property=\"article:publisher\" content=\"https:\/\/www.facebook.com\/Curia-Generalizia-Carmelitani-Scalzi-658766940887784\/\" \/>\n<meta property=\"article:modified_time\" content=\"2021-09-19T22:29:54+00:00\" \/>\n<meta property=\"og:image\" content=\"https:\/\/www.carmelitaniscalzi.com\/wp-content\/uploads\/2016\/02\/edith_2.jpg\" \/>\n\t<meta property=\"og:image:width\" content=\"600\" \/>\n\t<meta property=\"og:image:height\" content=\"600\" \/>\n\t<meta property=\"og:image:type\" content=\"image\/jpeg\" \/>\n<meta name=\"twitter:card\" content=\"summary_large_image\" \/>\n<meta name=\"twitter:site\" content=\"@ocdcuria\" \/>\n<meta name=\"twitter:label1\" content=\"Tiempo de lectura\" \/>\n\t<meta name=\"twitter:data1\" content=\"3 minutos\" \/>\n<script type=\"application\/ld+json\" class=\"yoast-schema-graph\">{\"@context\":\"https:\/\/schema.org\",\"@graph\":[{\"@type\":\"WebPage\",\"@id\":\"https:\/\/www.carmelitaniscalzi.com\/es\/quienes-somos\/nuestros-santos\/santa-teresa-benedicta-de-la-cruz\/\",\"url\":\"https:\/\/www.carmelitaniscalzi.com\/es\/quienes-somos\/nuestros-santos\/santa-teresa-benedicta-de-la-cruz\/\",\"name\":\"Santa Teresa Benedicta de la Cruz - CARMELITAS DESCALZOS\",\"isPartOf\":{\"@id\":\"https:\/\/www.carmelitaniscalzi.com\/#website\"},\"primaryImageOfPage\":{\"@id\":\"https:\/\/www.carmelitaniscalzi.com\/es\/quienes-somos\/nuestros-santos\/santa-teresa-benedicta-de-la-cruz\/#primaryimage\"},\"image\":{\"@id\":\"https:\/\/www.carmelitaniscalzi.com\/es\/quienes-somos\/nuestros-santos\/santa-teresa-benedicta-de-la-cruz\/#primaryimage\"},\"thumbnailUrl\":\"https:\/\/www.carmelitaniscalzi.com\/wp-content\/uploads\/2016\/02\/edith_2.jpg\",\"datePublished\":\"2016-06-26T11:03:45+00:00\",\"dateModified\":\"2021-09-19T22:29:54+00:00\",\"breadcrumb\":{\"@id\":\"https:\/\/www.carmelitaniscalzi.com\/es\/quienes-somos\/nuestros-santos\/santa-teresa-benedicta-de-la-cruz\/#breadcrumb\"},\"inLanguage\":\"es\",\"potentialAction\":[{\"@type\":\"ReadAction\",\"target\":[\"https:\/\/www.carmelitaniscalzi.com\/es\/quienes-somos\/nuestros-santos\/santa-teresa-benedicta-de-la-cruz\/\"]}]},{\"@type\":\"ImageObject\",\"inLanguage\":\"es\",\"@id\":\"https:\/\/www.carmelitaniscalzi.com\/es\/quienes-somos\/nuestros-santos\/santa-teresa-benedicta-de-la-cruz\/#primaryimage\",\"url\":\"https:\/\/www.carmelitaniscalzi.com\/wp-content\/uploads\/2016\/02\/edith_2.jpg\",\"contentUrl\":\"https:\/\/www.carmelitaniscalzi.com\/wp-content\/uploads\/2016\/02\/edith_2.jpg\",\"width\":600,\"height\":600},{\"@type\":\"BreadcrumbList\",\"@id\":\"https:\/\/www.carmelitaniscalzi.com\/es\/quienes-somos\/nuestros-santos\/santa-teresa-benedicta-de-la-cruz\/#breadcrumb\",\"itemListElement\":[{\"@type\":\"ListItem\",\"position\":1,\"name\":\"Home\",\"item\":\"https:\/\/www.carmelitaniscalzi.com\/es\/\"},{\"@type\":\"ListItem\",\"position\":2,\"name\":\"Qui\u00e9nes somos\",\"item\":\"https:\/\/www.carmelitaniscalzi.com\/es\/quienes-somos\/\"},{\"@type\":\"ListItem\",\"position\":3,\"name\":\"Nuestros Santos\",\"item\":\"https:\/\/www.carmelitaniscalzi.com\/es\/quienes-somos\/nuestros-santos\/\"},{\"@type\":\"ListItem\",\"position\":4,\"name\":\"Santa Teresa Benedicta de la Cruz\"}]},{\"@type\":\"WebSite\",\"@id\":\"https:\/\/www.carmelitaniscalzi.com\/#website\",\"url\":\"https:\/\/www.carmelitaniscalzi.com\/\",\"name\":\"CARMELITANI SCALZI - Curia Generale del Carmelo Teresiano\",\"description\":\"Curia General del Carmelo Teresiano\",\"publisher\":{\"@id\":\"https:\/\/www.carmelitaniscalzi.com\/#organization\"},\"alternateName\":\"CARMELITANI SCALZI\",\"potentialAction\":[{\"@type\":\"SearchAction\",\"target\":{\"@type\":\"EntryPoint\",\"urlTemplate\":\"https:\/\/www.carmelitaniscalzi.com\/?s={search_term_string}\"},\"query-input\":{\"@type\":\"PropertyValueSpecification\",\"valueRequired\":true,\"valueName\":\"search_term_string\"}}],\"inLanguage\":\"es\"},{\"@type\":\"Organization\",\"@id\":\"https:\/\/www.carmelitaniscalzi.com\/#organization\",\"name\":\"CARMELITANI SCALZI - Curia Generale del Carmelo Teresiano\",\"url\":\"https:\/\/www.carmelitaniscalzi.com\/\",\"logo\":{\"@type\":\"ImageObject\",\"inLanguage\":\"es\",\"@id\":\"https:\/\/www.carmelitaniscalzi.com\/#\/schema\/logo\/image\/\",\"url\":\"https:\/\/www.carmelitaniscalzi.com\/wp-content\/uploads\/2025\/11\/login-logo.png\",\"contentUrl\":\"https:\/\/www.carmelitaniscalzi.com\/wp-content\/uploads\/2025\/11\/login-logo.png\",\"width\":256,\"height\":256,\"caption\":\"CARMELITANI SCALZI - Curia Generale del Carmelo Teresiano\"},\"image\":{\"@id\":\"https:\/\/www.carmelitaniscalzi.com\/#\/schema\/logo\/image\/\"},\"sameAs\":[\"https:\/\/www.facebook.com\/Curia-Generalizia-Carmelitani-Scalzi-658766940887784\/\",\"https:\/\/x.com\/ocdcuria\",\"https:\/\/www.youtube.com\/channel\/UC2J5ZL0ycOY0qBSTCLX_NGQ\/videos\",\"https:\/\/www.instagram.com\/ocdinform\/\"]}]}<\/script>\n<!-- \/ Yoast SEO plugin. -->","yoast_head_json":{"title":"Santa Teresa Benedicta de la Cruz - CARMELITAS DESCALZOS","robots":{"index":"index","follow":"follow","max-snippet":"max-snippet:-1","max-image-preview":"max-image-preview:large","max-video-preview":"max-video-preview:-1"},"canonical":"https:\/\/www.carmelitaniscalzi.com\/es\/quienes-somos\/nuestros-santos\/santa-teresa-benedicta-de-la-cruz\/","og_locale":"es_ES","og_type":"article","og_title":"Santa Teresa Benedicta de la Cruz - CARMELITAS DESCALZOS","og_description":"Acercarnos a la persona de Edith Stein, Teresa Benedicta de la Cruz, supone encontrarnos con una buscadora apasionada de la Verdad, rasgo que la defini\u00f3 toda su vida. Naci\u00f3 el 12 de octubre de 1891 en el seno de una familia jud\u00eda en Breslau (actual Polonia), donde su madre, mujer fuerte y de fe profunda, [&hellip;]","og_url":"https:\/\/www.carmelitaniscalzi.com\/es\/quienes-somos\/nuestros-santos\/santa-teresa-benedicta-de-la-cruz\/","og_site_name":"CARMELITAS DESCALZOS","article_publisher":"https:\/\/www.facebook.com\/Curia-Generalizia-Carmelitani-Scalzi-658766940887784\/","article_modified_time":"2021-09-19T22:29:54+00:00","og_image":[{"width":600,"height":600,"url":"https:\/\/www.carmelitaniscalzi.com\/wp-content\/uploads\/2016\/02\/edith_2.jpg","type":"image\/jpeg"}],"twitter_card":"summary_large_image","twitter_site":"@ocdcuria","twitter_misc":{"Tiempo de lectura":"3 minutos"},"schema":{"@context":"https:\/\/schema.org","@graph":[{"@type":"WebPage","@id":"https:\/\/www.carmelitaniscalzi.com\/es\/quienes-somos\/nuestros-santos\/santa-teresa-benedicta-de-la-cruz\/","url":"https:\/\/www.carmelitaniscalzi.com\/es\/quienes-somos\/nuestros-santos\/santa-teresa-benedicta-de-la-cruz\/","name":"Santa Teresa Benedicta de la Cruz - CARMELITAS DESCALZOS","isPartOf":{"@id":"https:\/\/www.carmelitaniscalzi.com\/#website"},"primaryImageOfPage":{"@id":"https:\/\/www.carmelitaniscalzi.com\/es\/quienes-somos\/nuestros-santos\/santa-teresa-benedicta-de-la-cruz\/#primaryimage"},"image":{"@id":"https:\/\/www.carmelitaniscalzi.com\/es\/quienes-somos\/nuestros-santos\/santa-teresa-benedicta-de-la-cruz\/#primaryimage"},"thumbnailUrl":"https:\/\/www.carmelitaniscalzi.com\/wp-content\/uploads\/2016\/02\/edith_2.jpg","datePublished":"2016-06-26T11:03:45+00:00","dateModified":"2021-09-19T22:29:54+00:00","breadcrumb":{"@id":"https:\/\/www.carmelitaniscalzi.com\/es\/quienes-somos\/nuestros-santos\/santa-teresa-benedicta-de-la-cruz\/#breadcrumb"},"inLanguage":"es","potentialAction":[{"@type":"ReadAction","target":["https:\/\/www.carmelitaniscalzi.com\/es\/quienes-somos\/nuestros-santos\/santa-teresa-benedicta-de-la-cruz\/"]}]},{"@type":"ImageObject","inLanguage":"es","@id":"https:\/\/www.carmelitaniscalzi.com\/es\/quienes-somos\/nuestros-santos\/santa-teresa-benedicta-de-la-cruz\/#primaryimage","url":"https:\/\/www.carmelitaniscalzi.com\/wp-content\/uploads\/2016\/02\/edith_2.jpg","contentUrl":"https:\/\/www.carmelitaniscalzi.com\/wp-content\/uploads\/2016\/02\/edith_2.jpg","width":600,"height":600},{"@type":"BreadcrumbList","@id":"https:\/\/www.carmelitaniscalzi.com\/es\/quienes-somos\/nuestros-santos\/santa-teresa-benedicta-de-la-cruz\/#breadcrumb","itemListElement":[{"@type":"ListItem","position":1,"name":"Home","item":"https:\/\/www.carmelitaniscalzi.com\/es\/"},{"@type":"ListItem","position":2,"name":"Qui\u00e9nes somos","item":"https:\/\/www.carmelitaniscalzi.com\/es\/quienes-somos\/"},{"@type":"ListItem","position":3,"name":"Nuestros Santos","item":"https:\/\/www.carmelitaniscalzi.com\/es\/quienes-somos\/nuestros-santos\/"},{"@type":"ListItem","position":4,"name":"Santa Teresa Benedicta de la Cruz"}]},{"@type":"WebSite","@id":"https:\/\/www.carmelitaniscalzi.com\/#website","url":"https:\/\/www.carmelitaniscalzi.com\/","name":"CARMELITANI SCALZI - Curia Generale del Carmelo Teresiano","description":"Curia General del Carmelo Teresiano","publisher":{"@id":"https:\/\/www.carmelitaniscalzi.com\/#organization"},"alternateName":"CARMELITANI SCALZI","potentialAction":[{"@type":"SearchAction","target":{"@type":"EntryPoint","urlTemplate":"https:\/\/www.carmelitaniscalzi.com\/?s={search_term_string}"},"query-input":{"@type":"PropertyValueSpecification","valueRequired":true,"valueName":"search_term_string"}}],"inLanguage":"es"},{"@type":"Organization","@id":"https:\/\/www.carmelitaniscalzi.com\/#organization","name":"CARMELITANI SCALZI - Curia Generale del Carmelo Teresiano","url":"https:\/\/www.carmelitaniscalzi.com\/","logo":{"@type":"ImageObject","inLanguage":"es","@id":"https:\/\/www.carmelitaniscalzi.com\/#\/schema\/logo\/image\/","url":"https:\/\/www.carmelitaniscalzi.com\/wp-content\/uploads\/2025\/11\/login-logo.png","contentUrl":"https:\/\/www.carmelitaniscalzi.com\/wp-content\/uploads\/2025\/11\/login-logo.png","width":256,"height":256,"caption":"CARMELITANI SCALZI - Curia Generale del Carmelo Teresiano"},"image":{"@id":"https:\/\/www.carmelitaniscalzi.com\/#\/schema\/logo\/image\/"},"sameAs":["https:\/\/www.facebook.com\/Curia-Generalizia-Carmelitani-Scalzi-658766940887784\/","https:\/\/x.com\/ocdcuria","https:\/\/www.youtube.com\/channel\/UC2J5ZL0ycOY0qBSTCLX_NGQ\/videos","https:\/\/www.instagram.com\/ocdinform\/"]}]}},"_links":{"self":[{"href":"https:\/\/www.carmelitaniscalzi.com\/es\/wp-json\/wp\/v2\/chi_siamo\/4554","targetHints":{"allow":["GET"]}}],"collection":[{"href":"https:\/\/www.carmelitaniscalzi.com\/es\/wp-json\/wp\/v2\/chi_siamo"}],"about":[{"href":"https:\/\/www.carmelitaniscalzi.com\/es\/wp-json\/wp\/v2\/types\/chi_siamo"}],"version-history":[{"count":1,"href":"https:\/\/www.carmelitaniscalzi.com\/es\/wp-json\/wp\/v2\/chi_siamo\/4554\/revisions"}],"predecessor-version":[{"id":80513,"href":"https:\/\/www.carmelitaniscalzi.com\/es\/wp-json\/wp\/v2\/chi_siamo\/4554\/revisions\/80513"}],"up":[{"embeddable":true,"href":"https:\/\/www.carmelitaniscalzi.com\/es\/wp-json\/wp\/v2\/chi_siamo\/4550"}],"wp:featuredmedia":[{"embeddable":true,"href":"https:\/\/www.carmelitaniscalzi.com\/es\/wp-json\/wp\/v2\/media\/80509"}],"wp:attachment":[{"href":"https:\/\/www.carmelitaniscalzi.com\/es\/wp-json\/wp\/v2\/media?parent=4554"}],"wp:term":[{"taxonomy":"elemento_chi_siamo","embeddable":true,"href":"https:\/\/www.carmelitaniscalzi.com\/es\/wp-json\/wp\/v2\/elemento_chi_siamo?post=4554"}],"curies":[{"name":"wp","href":"https:\/\/api.w.org\/{rel}","templated":true}]}}