{"id":4538,"date":"2016-06-26T12:43:12","date_gmt":"2016-06-26T10:43:12","guid":{"rendered":"https:\/\/www.carmelitaniscalzi.com\/es\/?page_id=4538"},"modified":"2021-07-14T21:16:19","modified_gmt":"2021-07-14T19:16:19","slug":"espiritualidad","status":"publish","type":"chi_siamo","link":"https:\/\/www.carmelitaniscalzi.com\/es\/quienes-somos\/historia\/espiritualidad\/","title":{"rendered":"Espiritualidad"},"content":{"rendered":"<p><a href=\"https:\/\/www.carmelitaniscalzi.com\/wp-content\/uploads\/2016\/02\/Spiritualita.jpg\"><img loading=\"lazy\" decoding=\"async\" class=\"alignleft size-medium wp-image-3479\" src=\"https:\/\/www.carmelitaniscalzi.com\/wp-content\/uploads\/2016\/02\/Spiritualita-300x248.jpg\" alt=\"Spiritualita\" width=\"300\" height=\"248\" srcset=\"https:\/\/www.carmelitaniscalzi.com\/wp-content\/uploads\/2016\/02\/Spiritualita-300x248.jpg 300w, https:\/\/www.carmelitaniscalzi.com\/wp-content\/uploads\/2016\/02\/Spiritualita-66x55.jpg 66w, https:\/\/www.carmelitaniscalzi.com\/wp-content\/uploads\/2016\/02\/Spiritualita.jpg 500w\" sizes=\"auto, (max-width: 300px) 100vw, 300px\" \/><\/a><\/p>\n<p>Entendemos por espiritualidad carmelitana una forma de sentir y vivir el evangelio desde determinadas premisas que nacen de la experiencia de los \u00abgrandes profetas\u00bb de la familia del Carmelo Descalzo: Teresa de Jes\u00fas, Juan de la Cruz, Teresa del Ni\u00f1o Jes\u00fas,\u00a0 Edith Stein, como son: la experiencia de Dios que lleva a descubrir al Dios interior y a dar un sentido teologal a la vida; la experiencia cristol\u00f3gica, que lleva al Cristo hist\u00f3rico del evangelio; la experiencia de la Iglesia, como pertenencia y preocupaci\u00f3n por el bien de la misma.<\/p>\n<p>&nbsp;<\/p>\n<p>El Cap\u00edtulo General de 1985 hizo suyo el llamamiento del Papa Juan Pablo II a que el evangelio, y por extensi\u00f3n los grandes maestros espirituales, sean fuente de cultura en cuanto que promueven en la persona la sensibilidad por los aut\u00e9nticos valores de libertad, justicia y paz.\u00a0 Ampl\u00eda, tambi\u00e9n, los horizontes para la percepci\u00f3n y degusta\u00adci\u00f3n de los valores religiosos. Introduce en la expe\u00adriencia de lo divino, que es donde puede saciarse el af\u00e1n de nuestro coraz\u00f3n.<\/p>\n<p>&nbsp;<\/p>\n<p>Desde esta invitaci\u00f3n se atrevieron aquellos padres capitulares a destacar una serie de valores propios de nuestro patrimonio com\u00fan que deber\u00edan informar la vida y la actividad de la Orden, \u00abel apostolado espec\u00edfico\u00bb del Carmelo Descalzo.<\/p>\n<p>&nbsp;<\/p>\n<p>La experiencia de Dios y el deseo de comuni\u00f3n con \u00e9l, como testimonio y respuesta a la dimensi\u00f3n religiosa del hom\u00adbre. La experiencia salvadora en Jes\u00fas de una humanidad profun\u00addamente necesitada de purificaci\u00f3n y liberaci\u00f3n. La fraternidad de una comunidad teresiana como aporte caracter\u00edstico a la aspira\u00adci\u00f3n social y relacional del hombre de hoy, siempre en b\u00fasqueda de comunicaci\u00f3n y amistad. La visi\u00f3n teologal y cristol\u00f3gica del hombre. La contemplaci\u00f3n del mundo desde Cristo crucificado y resucitado presente y operante en la historia, como actitud de espe\u00adranza creadora para los hombres comprometidos por un mundo mejor. La vida de oraci\u00f3n como experiencia de la trascendencia, del Dios revelado en Jesucristo. El ascetismo como desprendimiento de lo superfluo y disponibilidad en favor de los seres humanos. Promover en cada persona la capacidad de reflexionar -el esp\u00edritu cr\u00edtico teresiano y que fomentar la convivencia social -el estilo de hermandad teresiana.<\/p>\n<p>&nbsp;<\/p>\n","protected":false},"featured_media":70396,"parent":4532,"menu_order":3,"template":"","format":"standard","meta":{"_acf_changed":false,"footnotes":""},"elemento_chi_siamo":[848],"class_list":["post-4538","chi_siamo","type-chi_siamo","status-publish","format-standard","has-post-thumbnail","hentry","elemento_chi_siamo-historia-es"],"acf":[],"yoast_head":"<!-- This site is optimized with the Yoast SEO plugin v26.3 - https:\/\/yoast.com\/wordpress\/plugins\/seo\/ -->\n<title>Espiritualidad - CARMELITAS DESCALZOS<\/title>\n<meta name=\"robots\" content=\"index, follow, max-snippet:-1, max-image-preview:large, max-video-preview:-1\" \/>\n<link rel=\"canonical\" href=\"https:\/\/www.carmelitaniscalzi.com\/es\/quienes-somos\/historia\/espiritualidad\/\" \/>\n<meta property=\"og:locale\" content=\"es_ES\" \/>\n<meta property=\"og:type\" content=\"article\" \/>\n<meta property=\"og:title\" content=\"Espiritualidad - CARMELITAS DESCALZOS\" \/>\n<meta property=\"og:description\" content=\"Entendemos por espiritualidad carmelitana una forma de sentir y vivir el evangelio desde determinadas premisas que nacen de la experiencia de los \u00abgrandes profetas\u00bb de la familia del Carmelo Descalzo: Teresa de Jes\u00fas, Juan de la Cruz, Teresa del Ni\u00f1o Jes\u00fas,\u00a0 Edith Stein, como son: la experiencia de Dios que lleva a descubrir al Dios [&hellip;]\" \/>\n<meta property=\"og:url\" content=\"https:\/\/www.carmelitaniscalzi.com\/es\/quienes-somos\/historia\/espiritualidad\/\" \/>\n<meta property=\"og:site_name\" content=\"CARMELITAS DESCALZOS\" \/>\n<meta property=\"article:publisher\" content=\"https:\/\/www.facebook.com\/Curia-Generalizia-Carmelitani-Scalzi-658766940887784\/\" \/>\n<meta property=\"article:modified_time\" content=\"2021-07-14T19:16:19+00:00\" \/>\n<meta property=\"og:image\" content=\"https:\/\/www.carmelitaniscalzi.com\/wp-content\/uploads\/2016\/02\/spiritualita-1.jpg\" \/>\n\t<meta property=\"og:image:width\" content=\"625\" \/>\n\t<meta property=\"og:image:height\" content=\"625\" \/>\n\t<meta property=\"og:image:type\" content=\"image\/jpeg\" \/>\n<meta name=\"twitter:card\" content=\"summary_large_image\" \/>\n<meta name=\"twitter:site\" content=\"@ocdcuria\" \/>\n<meta name=\"twitter:label1\" content=\"Tiempo de lectura\" \/>\n\t<meta name=\"twitter:data1\" content=\"2 minutos\" \/>\n<script type=\"application\/ld+json\" class=\"yoast-schema-graph\">{\"@context\":\"https:\/\/schema.org\",\"@graph\":[{\"@type\":\"WebPage\",\"@id\":\"https:\/\/www.carmelitaniscalzi.com\/es\/quienes-somos\/historia\/espiritualidad\/\",\"url\":\"https:\/\/www.carmelitaniscalzi.com\/es\/quienes-somos\/historia\/espiritualidad\/\",\"name\":\"Espiritualidad - CARMELITAS DESCALZOS\",\"isPartOf\":{\"@id\":\"https:\/\/www.carmelitaniscalzi.com\/#website\"},\"primaryImageOfPage\":{\"@id\":\"https:\/\/www.carmelitaniscalzi.com\/es\/quienes-somos\/historia\/espiritualidad\/#primaryimage\"},\"image\":{\"@id\":\"https:\/\/www.carmelitaniscalzi.com\/es\/quienes-somos\/historia\/espiritualidad\/#primaryimage\"},\"thumbnailUrl\":\"https:\/\/www.carmelitaniscalzi.com\/wp-content\/uploads\/2016\/02\/spiritualita-1.jpg\",\"datePublished\":\"2016-06-26T10:43:12+00:00\",\"dateModified\":\"2021-07-14T19:16:19+00:00\",\"breadcrumb\":{\"@id\":\"https:\/\/www.carmelitaniscalzi.com\/es\/quienes-somos\/historia\/espiritualidad\/#breadcrumb\"},\"inLanguage\":\"es\",\"potentialAction\":[{\"@type\":\"ReadAction\",\"target\":[\"https:\/\/www.carmelitaniscalzi.com\/es\/quienes-somos\/historia\/espiritualidad\/\"]}]},{\"@type\":\"ImageObject\",\"inLanguage\":\"es\",\"@id\":\"https:\/\/www.carmelitaniscalzi.com\/es\/quienes-somos\/historia\/espiritualidad\/#primaryimage\",\"url\":\"https:\/\/www.carmelitaniscalzi.com\/wp-content\/uploads\/2016\/02\/spiritualita-1.jpg\",\"contentUrl\":\"https:\/\/www.carmelitaniscalzi.com\/wp-content\/uploads\/2016\/02\/spiritualita-1.jpg\",\"width\":625,\"height\":625},{\"@type\":\"BreadcrumbList\",\"@id\":\"https:\/\/www.carmelitaniscalzi.com\/es\/quienes-somos\/historia\/espiritualidad\/#breadcrumb\",\"itemListElement\":[{\"@type\":\"ListItem\",\"position\":1,\"name\":\"Home\",\"item\":\"https:\/\/www.carmelitaniscalzi.com\/es\/\"},{\"@type\":\"ListItem\",\"position\":2,\"name\":\"Qui\u00e9nes somos\",\"item\":\"https:\/\/www.carmelitaniscalzi.com\/es\/quienes-somos\/\"},{\"@type\":\"ListItem\",\"position\":3,\"name\":\"Historia\",\"item\":\"https:\/\/www.carmelitaniscalzi.com\/es\/quienes-somos\/historia\/\"},{\"@type\":\"ListItem\",\"position\":4,\"name\":\"Espiritualidad\"}]},{\"@type\":\"WebSite\",\"@id\":\"https:\/\/www.carmelitaniscalzi.com\/#website\",\"url\":\"https:\/\/www.carmelitaniscalzi.com\/\",\"name\":\"CARMELITANI SCALZI - Curia Generale del Carmelo Teresiano\",\"description\":\"Curia General del Carmelo Teresiano\",\"publisher\":{\"@id\":\"https:\/\/www.carmelitaniscalzi.com\/#organization\"},\"alternateName\":\"CARMELITANI SCALZI\",\"potentialAction\":[{\"@type\":\"SearchAction\",\"target\":{\"@type\":\"EntryPoint\",\"urlTemplate\":\"https:\/\/www.carmelitaniscalzi.com\/?s={search_term_string}\"},\"query-input\":{\"@type\":\"PropertyValueSpecification\",\"valueRequired\":true,\"valueName\":\"search_term_string\"}}],\"inLanguage\":\"es\"},{\"@type\":\"Organization\",\"@id\":\"https:\/\/www.carmelitaniscalzi.com\/#organization\",\"name\":\"CARMELITANI SCALZI - Curia Generale del Carmelo Teresiano\",\"url\":\"https:\/\/www.carmelitaniscalzi.com\/\",\"logo\":{\"@type\":\"ImageObject\",\"inLanguage\":\"es\",\"@id\":\"https:\/\/www.carmelitaniscalzi.com\/#\/schema\/logo\/image\/\",\"url\":\"https:\/\/www.carmelitaniscalzi.com\/wp-content\/uploads\/2025\/11\/login-logo.png\",\"contentUrl\":\"https:\/\/www.carmelitaniscalzi.com\/wp-content\/uploads\/2025\/11\/login-logo.png\",\"width\":256,\"height\":256,\"caption\":\"CARMELITANI SCALZI - Curia Generale del Carmelo Teresiano\"},\"image\":{\"@id\":\"https:\/\/www.carmelitaniscalzi.com\/#\/schema\/logo\/image\/\"},\"sameAs\":[\"https:\/\/www.facebook.com\/Curia-Generalizia-Carmelitani-Scalzi-658766940887784\/\",\"https:\/\/x.com\/ocdcuria\",\"https:\/\/www.youtube.com\/channel\/UC2J5ZL0ycOY0qBSTCLX_NGQ\/videos\",\"https:\/\/www.instagram.com\/ocdinform\/\"]}]}<\/script>\n<!-- \/ Yoast SEO plugin. -->","yoast_head_json":{"title":"Espiritualidad - CARMELITAS DESCALZOS","robots":{"index":"index","follow":"follow","max-snippet":"max-snippet:-1","max-image-preview":"max-image-preview:large","max-video-preview":"max-video-preview:-1"},"canonical":"https:\/\/www.carmelitaniscalzi.com\/es\/quienes-somos\/historia\/espiritualidad\/","og_locale":"es_ES","og_type":"article","og_title":"Espiritualidad - CARMELITAS DESCALZOS","og_description":"Entendemos por espiritualidad carmelitana una forma de sentir y vivir el evangelio desde determinadas premisas que nacen de la experiencia de los \u00abgrandes profetas\u00bb de la familia del Carmelo Descalzo: Teresa de Jes\u00fas, Juan de la Cruz, Teresa del Ni\u00f1o Jes\u00fas,\u00a0 Edith Stein, como son: la experiencia de Dios que lleva a descubrir al Dios [&hellip;]","og_url":"https:\/\/www.carmelitaniscalzi.com\/es\/quienes-somos\/historia\/espiritualidad\/","og_site_name":"CARMELITAS DESCALZOS","article_publisher":"https:\/\/www.facebook.com\/Curia-Generalizia-Carmelitani-Scalzi-658766940887784\/","article_modified_time":"2021-07-14T19:16:19+00:00","og_image":[{"width":625,"height":625,"url":"https:\/\/www.carmelitaniscalzi.com\/wp-content\/uploads\/2016\/02\/spiritualita-1.jpg","type":"image\/jpeg"}],"twitter_card":"summary_large_image","twitter_site":"@ocdcuria","twitter_misc":{"Tiempo de lectura":"2 minutos"},"schema":{"@context":"https:\/\/schema.org","@graph":[{"@type":"WebPage","@id":"https:\/\/www.carmelitaniscalzi.com\/es\/quienes-somos\/historia\/espiritualidad\/","url":"https:\/\/www.carmelitaniscalzi.com\/es\/quienes-somos\/historia\/espiritualidad\/","name":"Espiritualidad - CARMELITAS DESCALZOS","isPartOf":{"@id":"https:\/\/www.carmelitaniscalzi.com\/#website"},"primaryImageOfPage":{"@id":"https:\/\/www.carmelitaniscalzi.com\/es\/quienes-somos\/historia\/espiritualidad\/#primaryimage"},"image":{"@id":"https:\/\/www.carmelitaniscalzi.com\/es\/quienes-somos\/historia\/espiritualidad\/#primaryimage"},"thumbnailUrl":"https:\/\/www.carmelitaniscalzi.com\/wp-content\/uploads\/2016\/02\/spiritualita-1.jpg","datePublished":"2016-06-26T10:43:12+00:00","dateModified":"2021-07-14T19:16:19+00:00","breadcrumb":{"@id":"https:\/\/www.carmelitaniscalzi.com\/es\/quienes-somos\/historia\/espiritualidad\/#breadcrumb"},"inLanguage":"es","potentialAction":[{"@type":"ReadAction","target":["https:\/\/www.carmelitaniscalzi.com\/es\/quienes-somos\/historia\/espiritualidad\/"]}]},{"@type":"ImageObject","inLanguage":"es","@id":"https:\/\/www.carmelitaniscalzi.com\/es\/quienes-somos\/historia\/espiritualidad\/#primaryimage","url":"https:\/\/www.carmelitaniscalzi.com\/wp-content\/uploads\/2016\/02\/spiritualita-1.jpg","contentUrl":"https:\/\/www.carmelitaniscalzi.com\/wp-content\/uploads\/2016\/02\/spiritualita-1.jpg","width":625,"height":625},{"@type":"BreadcrumbList","@id":"https:\/\/www.carmelitaniscalzi.com\/es\/quienes-somos\/historia\/espiritualidad\/#breadcrumb","itemListElement":[{"@type":"ListItem","position":1,"name":"Home","item":"https:\/\/www.carmelitaniscalzi.com\/es\/"},{"@type":"ListItem","position":2,"name":"Qui\u00e9nes somos","item":"https:\/\/www.carmelitaniscalzi.com\/es\/quienes-somos\/"},{"@type":"ListItem","position":3,"name":"Historia","item":"https:\/\/www.carmelitaniscalzi.com\/es\/quienes-somos\/historia\/"},{"@type":"ListItem","position":4,"name":"Espiritualidad"}]},{"@type":"WebSite","@id":"https:\/\/www.carmelitaniscalzi.com\/#website","url":"https:\/\/www.carmelitaniscalzi.com\/","name":"CARMELITANI SCALZI - Curia Generale del Carmelo Teresiano","description":"Curia General del Carmelo Teresiano","publisher":{"@id":"https:\/\/www.carmelitaniscalzi.com\/#organization"},"alternateName":"CARMELITANI SCALZI","potentialAction":[{"@type":"SearchAction","target":{"@type":"EntryPoint","urlTemplate":"https:\/\/www.carmelitaniscalzi.com\/?s={search_term_string}"},"query-input":{"@type":"PropertyValueSpecification","valueRequired":true,"valueName":"search_term_string"}}],"inLanguage":"es"},{"@type":"Organization","@id":"https:\/\/www.carmelitaniscalzi.com\/#organization","name":"CARMELITANI SCALZI - Curia Generale del Carmelo Teresiano","url":"https:\/\/www.carmelitaniscalzi.com\/","logo":{"@type":"ImageObject","inLanguage":"es","@id":"https:\/\/www.carmelitaniscalzi.com\/#\/schema\/logo\/image\/","url":"https:\/\/www.carmelitaniscalzi.com\/wp-content\/uploads\/2025\/11\/login-logo.png","contentUrl":"https:\/\/www.carmelitaniscalzi.com\/wp-content\/uploads\/2025\/11\/login-logo.png","width":256,"height":256,"caption":"CARMELITANI SCALZI - Curia Generale del Carmelo Teresiano"},"image":{"@id":"https:\/\/www.carmelitaniscalzi.com\/#\/schema\/logo\/image\/"},"sameAs":["https:\/\/www.facebook.com\/Curia-Generalizia-Carmelitani-Scalzi-658766940887784\/","https:\/\/x.com\/ocdcuria","https:\/\/www.youtube.com\/channel\/UC2J5ZL0ycOY0qBSTCLX_NGQ\/videos","https:\/\/www.instagram.com\/ocdinform\/"]}]}},"_links":{"self":[{"href":"https:\/\/www.carmelitaniscalzi.com\/es\/wp-json\/wp\/v2\/chi_siamo\/4538","targetHints":{"allow":["GET"]}}],"collection":[{"href":"https:\/\/www.carmelitaniscalzi.com\/es\/wp-json\/wp\/v2\/chi_siamo"}],"about":[{"href":"https:\/\/www.carmelitaniscalzi.com\/es\/wp-json\/wp\/v2\/types\/chi_siamo"}],"version-history":[{"count":1,"href":"https:\/\/www.carmelitaniscalzi.com\/es\/wp-json\/wp\/v2\/chi_siamo\/4538\/revisions"}],"predecessor-version":[{"id":70400,"href":"https:\/\/www.carmelitaniscalzi.com\/es\/wp-json\/wp\/v2\/chi_siamo\/4538\/revisions\/70400"}],"up":[{"embeddable":true,"href":"https:\/\/www.carmelitaniscalzi.com\/es\/wp-json\/wp\/v2\/chi_siamo\/4532"}],"wp:featuredmedia":[{"embeddable":true,"href":"https:\/\/www.carmelitaniscalzi.com\/es\/wp-json\/wp\/v2\/media\/70396"}],"wp:attachment":[{"href":"https:\/\/www.carmelitaniscalzi.com\/es\/wp-json\/wp\/v2\/media?parent=4538"}],"wp:term":[{"taxonomy":"elemento_chi_siamo","embeddable":true,"href":"https:\/\/www.carmelitaniscalzi.com\/es\/wp-json\/wp\/v2\/elemento_chi_siamo?post=4538"}],"curies":[{"name":"wp","href":"https:\/\/api.w.org\/{rel}","templated":true}]}}