{"id":4536,"date":"2016-06-26T12:37:12","date_gmt":"2016-06-26T10:37:12","guid":{"rendered":"https:\/\/www.carmelitaniscalzi.com\/es\/?page_id=4536"},"modified":"2021-07-14T21:29:08","modified_gmt":"2021-07-14T19:29:08","slug":"historia-del-carmelo-descalzo","status":"publish","type":"chi_siamo","link":"https:\/\/www.carmelitaniscalzi.com\/es\/quienes-somos\/historia\/historia-del-carmelo-descalzo\/","title":{"rendered":"Historia del Carmelo Descalzo"},"content":{"rendered":"<p><a href=\"https:\/\/www.carmelitaniscalzi.com\/wp-content\/uploads\/2016\/02\/01_Storia-del-Carmelo-Scalzo.jpg\"><img loading=\"lazy\" decoding=\"async\" class=\"alignleft size-medium wp-image-3476\" src=\"https:\/\/www.carmelitaniscalzi.com\/wp-content\/uploads\/2016\/02\/01_Storia-del-Carmelo-Scalzo-300x169.jpg\" alt=\"01_Storia del Carmelo Scalzo\" width=\"300\" height=\"169\" srcset=\"https:\/\/www.carmelitaniscalzi.com\/wp-content\/uploads\/2016\/02\/01_Storia-del-Carmelo-Scalzo-300x169.jpg 300w, https:\/\/www.carmelitaniscalzi.com\/wp-content\/uploads\/2016\/02\/01_Storia-del-Carmelo-Scalzo-1024x576.jpg 1024w, https:\/\/www.carmelitaniscalzi.com\/wp-content\/uploads\/2016\/02\/01_Storia-del-Carmelo-Scalzo-98x55.jpg 98w, https:\/\/www.carmelitaniscalzi.com\/wp-content\/uploads\/2016\/02\/01_Storia-del-Carmelo-Scalzo.jpg 1600w, https:\/\/www.carmelitaniscalzi.com\/wp-content\/uploads\/2016\/02\/01_Storia-del-Carmelo-Scalzo-800x450.jpg 800w, https:\/\/www.carmelitaniscalzi.com\/wp-content\/uploads\/2016\/02\/01_Storia-del-Carmelo-Scalzo-270x152.jpg 270w, https:\/\/www.carmelitaniscalzi.com\/wp-content\/uploads\/2016\/02\/01_Storia-del-Carmelo-Scalzo-580x326.jpg 580w\" sizes=\"auto, (max-width: 300px) 100vw, 300px\" \/><\/a><\/p>\n<p>El Carmelo Descalzo reconoce como madre y fundadora a Santa Teresa, y adem\u00e1s con \u00e9l nos encontramos con la \u00fanica Orden que ha tenido por fundadora a una mujer, y, a diferencia de la otras ordenes, con rama masculina y femenina, ha sido la femenina, la que ha precedido a la masculina.<\/p>\n<p>No vamos a entrar en la vieja pol\u00e9mica entre el carisma del reformador y el carisma del fundador. En la Madre Teresa se dio, \u00abquerer conservar la continuidad del Carmelo\u00bb, lo novedoso no es el pasado en s\u00ed, sino el progreso, la mirada al futuro, lo que nos lleva a pensar que Santa Teresa \u00abquiso que naciese un\u00a0 nuevo estilo de vida religiosa\u00bb, y lo hace siempre en fidelidad a la Iglesia.<\/p>\n<p>Lo que acabamos de decir es una afirmaci\u00f3n que pasar\u00e1 a las constituciones donde nos definimos como \u00abuna Orden antigua, que hermana la fidelidad a la tradici\u00f3n espiritual del Carmelo con un af\u00e1n de renovaci\u00f3n permanente\u00bb. Tradici\u00f3n y af\u00e1n de renovaci\u00f3n, dos actitudes legadas al Carmelo Descalzo por su madre y fundadora Santa Teresa.<\/p>\n<p>En el tiempo, siete a\u00f1os,\u00a0 que media entre la visi\u00f3n del infierno, lo que motiva en Santa Teresa el deseo de vivir a mayor perfecci\u00f3n, 1559, y la visita del General de la Orden, P. Rubeo,\u00a0 a \u00c1vila, 1566, se define el ideal teresiano, donde al fin va a predominar lo fundacional sobre los reformador, pues aunque hay en ella un entronque con lo anterior, una b\u00fasqueda de la regla primitiva, un deseo de ir a las fuentes de lo carmelitano, los \u00abpadres nuestros de donde venimos\u00bb, lo novedoso en\u00a0 ella es \u00abla voluntad de autodeterminaci\u00f3n\u00bb a algo, que, vivido interiormente por ella, va a ser transmitido al grupo o familia por ella iniciada.<\/p>\n<p><a href=\"https:\/\/www.carmelitaniscalzi.com\/wp-content\/uploads\/2016\/02\/02_Storia-del-Carmelo-Scalzo.jpg\"><img loading=\"lazy\" decoding=\"async\" class=\"alignleft size-medium wp-image-3475\" src=\"https:\/\/www.carmelitaniscalzi.com\/wp-content\/uploads\/2016\/02\/02_Storia-del-Carmelo-Scalzo-264x300.jpg\" alt=\"02_Storia del Carmelo Scalzo\" width=\"264\" height=\"300\" srcset=\"https:\/\/www.carmelitaniscalzi.com\/wp-content\/uploads\/2016\/02\/02_Storia-del-Carmelo-Scalzo-264x300.jpg 264w, https:\/\/www.carmelitaniscalzi.com\/wp-content\/uploads\/2016\/02\/02_Storia-del-Carmelo-Scalzo-48x55.jpg 48w, https:\/\/www.carmelitaniscalzi.com\/wp-content\/uploads\/2016\/02\/02_Storia-del-Carmelo-Scalzo.jpg 267w\" sizes=\"auto, (max-width: 264px) 100vw, 264px\" \/><\/a><\/p>\n<p>En Santa Teresa hay un crecimiento que va desde su deseo de reformarse a ella, o de reformar su orden, lo que motiva la fundaci\u00f3n de San Jos\u00e9 de \u00c1vila, 1562, a una preocupaci\u00f3n eclesial, el de la unidad de la Iglesia, la vieja cristiandad, y finalmente, la preocupaci\u00f3n apost\u00f3lica al descubrir la misi\u00f3n, los nuevos espacios que se abren para la Iglesia en el Am\u00e9rica, el nuevo mundo.<\/p>\n<p>El final de todo este proceso ser\u00e1 el desarrollo fundacional que se desata y que llenar\u00e1 el resto de su vida, 1567-1582, y el dar a luz a los frailes descalzos, lo que acontece con San Juan de la Cruz y el P. Antonio de Jes\u00fas en Duruelo, 28 de noviembre de 1568, a los que transmite no s\u00f3lo su estilo de vida, sino tambi\u00e9n su pasi\u00f3n o preocupaci\u00f3n por la Iglesia y por la salvaci\u00f3n de las almas, su ideal apost\u00f3lico y misionero.<\/p>\n","protected":false},"featured_media":70438,"parent":4532,"menu_order":2,"template":"","format":"standard","meta":{"_acf_changed":false,"footnotes":""},"elemento_chi_siamo":[848],"class_list":["post-4536","chi_siamo","type-chi_siamo","status-publish","format-standard","has-post-thumbnail","hentry","elemento_chi_siamo-historia-es"],"acf":[],"yoast_head":"<!-- This site is optimized with the Yoast SEO plugin v26.3 - https:\/\/yoast.com\/wordpress\/plugins\/seo\/ -->\n<title>Historia del Carmelo Descalzo - CARMELITAS DESCALZOS<\/title>\n<meta name=\"robots\" content=\"index, follow, max-snippet:-1, max-image-preview:large, max-video-preview:-1\" \/>\n<link rel=\"canonical\" href=\"https:\/\/www.carmelitaniscalzi.com\/es\/quienes-somos\/historia\/historia-del-carmelo-descalzo\/\" \/>\n<meta property=\"og:locale\" content=\"es_ES\" \/>\n<meta property=\"og:type\" content=\"article\" \/>\n<meta property=\"og:title\" content=\"Historia del Carmelo Descalzo - CARMELITAS DESCALZOS\" \/>\n<meta property=\"og:description\" content=\"El Carmelo Descalzo reconoce como madre y fundadora a Santa Teresa, y adem\u00e1s con \u00e9l nos encontramos con la \u00fanica Orden que ha tenido por fundadora a una mujer, y, a diferencia de la otras ordenes, con rama masculina y femenina, ha sido la femenina, la que ha precedido a la masculina. No vamos a [&hellip;]\" \/>\n<meta property=\"og:url\" content=\"https:\/\/www.carmelitaniscalzi.com\/es\/quienes-somos\/historia\/historia-del-carmelo-descalzo\/\" \/>\n<meta property=\"og:site_name\" content=\"CARMELITAS DESCALZOS\" \/>\n<meta property=\"article:publisher\" content=\"https:\/\/www.facebook.com\/Curia-Generalizia-Carmelitani-Scalzi-658766940887784\/\" \/>\n<meta property=\"article:modified_time\" content=\"2021-07-14T19:29:08+00:00\" \/>\n<meta property=\"og:image\" content=\"https:\/\/www.carmelitaniscalzi.com\/wp-content\/uploads\/2021\/07\/Storia.jpg\" \/>\n\t<meta property=\"og:image:width\" content=\"625\" \/>\n\t<meta property=\"og:image:height\" content=\"625\" \/>\n\t<meta property=\"og:image:type\" content=\"image\/jpeg\" \/>\n<meta name=\"twitter:card\" content=\"summary_large_image\" \/>\n<meta name=\"twitter:site\" content=\"@ocdcuria\" \/>\n<meta name=\"twitter:label1\" content=\"Tiempo de lectura\" \/>\n\t<meta name=\"twitter:data1\" content=\"2 minutos\" \/>\n<script type=\"application\/ld+json\" class=\"yoast-schema-graph\">{\"@context\":\"https:\/\/schema.org\",\"@graph\":[{\"@type\":\"WebPage\",\"@id\":\"https:\/\/www.carmelitaniscalzi.com\/es\/quienes-somos\/historia\/historia-del-carmelo-descalzo\/\",\"url\":\"https:\/\/www.carmelitaniscalzi.com\/es\/quienes-somos\/historia\/historia-del-carmelo-descalzo\/\",\"name\":\"Historia del Carmelo Descalzo - CARMELITAS DESCALZOS\",\"isPartOf\":{\"@id\":\"https:\/\/www.carmelitaniscalzi.com\/#website\"},\"primaryImageOfPage\":{\"@id\":\"https:\/\/www.carmelitaniscalzi.com\/es\/quienes-somos\/historia\/historia-del-carmelo-descalzo\/#primaryimage\"},\"image\":{\"@id\":\"https:\/\/www.carmelitaniscalzi.com\/es\/quienes-somos\/historia\/historia-del-carmelo-descalzo\/#primaryimage\"},\"thumbnailUrl\":\"https:\/\/www.carmelitaniscalzi.com\/wp-content\/uploads\/2021\/07\/Storia.jpg\",\"datePublished\":\"2016-06-26T10:37:12+00:00\",\"dateModified\":\"2021-07-14T19:29:08+00:00\",\"breadcrumb\":{\"@id\":\"https:\/\/www.carmelitaniscalzi.com\/es\/quienes-somos\/historia\/historia-del-carmelo-descalzo\/#breadcrumb\"},\"inLanguage\":\"es\",\"potentialAction\":[{\"@type\":\"ReadAction\",\"target\":[\"https:\/\/www.carmelitaniscalzi.com\/es\/quienes-somos\/historia\/historia-del-carmelo-descalzo\/\"]}]},{\"@type\":\"ImageObject\",\"inLanguage\":\"es\",\"@id\":\"https:\/\/www.carmelitaniscalzi.com\/es\/quienes-somos\/historia\/historia-del-carmelo-descalzo\/#primaryimage\",\"url\":\"https:\/\/www.carmelitaniscalzi.com\/wp-content\/uploads\/2021\/07\/Storia.jpg\",\"contentUrl\":\"https:\/\/www.carmelitaniscalzi.com\/wp-content\/uploads\/2021\/07\/Storia.jpg\",\"width\":625,\"height\":625},{\"@type\":\"BreadcrumbList\",\"@id\":\"https:\/\/www.carmelitaniscalzi.com\/es\/quienes-somos\/historia\/historia-del-carmelo-descalzo\/#breadcrumb\",\"itemListElement\":[{\"@type\":\"ListItem\",\"position\":1,\"name\":\"Home\",\"item\":\"https:\/\/www.carmelitaniscalzi.com\/es\/\"},{\"@type\":\"ListItem\",\"position\":2,\"name\":\"Qui\u00e9nes somos\",\"item\":\"https:\/\/www.carmelitaniscalzi.com\/es\/quienes-somos\/\"},{\"@type\":\"ListItem\",\"position\":3,\"name\":\"Historia\",\"item\":\"https:\/\/www.carmelitaniscalzi.com\/es\/quienes-somos\/historia\/\"},{\"@type\":\"ListItem\",\"position\":4,\"name\":\"Historia del Carmelo Descalzo\"}]},{\"@type\":\"WebSite\",\"@id\":\"https:\/\/www.carmelitaniscalzi.com\/#website\",\"url\":\"https:\/\/www.carmelitaniscalzi.com\/\",\"name\":\"CARMELITANI SCALZI - Curia Generale del Carmelo Teresiano\",\"description\":\"Curia General del Carmelo Teresiano\",\"publisher\":{\"@id\":\"https:\/\/www.carmelitaniscalzi.com\/#organization\"},\"alternateName\":\"CARMELITANI SCALZI\",\"potentialAction\":[{\"@type\":\"SearchAction\",\"target\":{\"@type\":\"EntryPoint\",\"urlTemplate\":\"https:\/\/www.carmelitaniscalzi.com\/?s={search_term_string}\"},\"query-input\":{\"@type\":\"PropertyValueSpecification\",\"valueRequired\":true,\"valueName\":\"search_term_string\"}}],\"inLanguage\":\"es\"},{\"@type\":\"Organization\",\"@id\":\"https:\/\/www.carmelitaniscalzi.com\/#organization\",\"name\":\"CARMELITANI SCALZI - Curia Generale del Carmelo Teresiano\",\"url\":\"https:\/\/www.carmelitaniscalzi.com\/\",\"logo\":{\"@type\":\"ImageObject\",\"inLanguage\":\"es\",\"@id\":\"https:\/\/www.carmelitaniscalzi.com\/#\/schema\/logo\/image\/\",\"url\":\"https:\/\/www.carmelitaniscalzi.com\/wp-content\/uploads\/2025\/11\/login-logo.png\",\"contentUrl\":\"https:\/\/www.carmelitaniscalzi.com\/wp-content\/uploads\/2025\/11\/login-logo.png\",\"width\":256,\"height\":256,\"caption\":\"CARMELITANI SCALZI - Curia Generale del Carmelo Teresiano\"},\"image\":{\"@id\":\"https:\/\/www.carmelitaniscalzi.com\/#\/schema\/logo\/image\/\"},\"sameAs\":[\"https:\/\/www.facebook.com\/Curia-Generalizia-Carmelitani-Scalzi-658766940887784\/\",\"https:\/\/x.com\/ocdcuria\",\"https:\/\/www.youtube.com\/channel\/UC2J5ZL0ycOY0qBSTCLX_NGQ\/videos\",\"https:\/\/www.instagram.com\/ocdinform\/\"]}]}<\/script>\n<!-- \/ Yoast SEO plugin. -->","yoast_head_json":{"title":"Historia del Carmelo Descalzo - CARMELITAS DESCALZOS","robots":{"index":"index","follow":"follow","max-snippet":"max-snippet:-1","max-image-preview":"max-image-preview:large","max-video-preview":"max-video-preview:-1"},"canonical":"https:\/\/www.carmelitaniscalzi.com\/es\/quienes-somos\/historia\/historia-del-carmelo-descalzo\/","og_locale":"es_ES","og_type":"article","og_title":"Historia del Carmelo Descalzo - CARMELITAS DESCALZOS","og_description":"El Carmelo Descalzo reconoce como madre y fundadora a Santa Teresa, y adem\u00e1s con \u00e9l nos encontramos con la \u00fanica Orden que ha tenido por fundadora a una mujer, y, a diferencia de la otras ordenes, con rama masculina y femenina, ha sido la femenina, la que ha precedido a la masculina. No vamos a [&hellip;]","og_url":"https:\/\/www.carmelitaniscalzi.com\/es\/quienes-somos\/historia\/historia-del-carmelo-descalzo\/","og_site_name":"CARMELITAS DESCALZOS","article_publisher":"https:\/\/www.facebook.com\/Curia-Generalizia-Carmelitani-Scalzi-658766940887784\/","article_modified_time":"2021-07-14T19:29:08+00:00","og_image":[{"width":625,"height":625,"url":"https:\/\/www.carmelitaniscalzi.com\/wp-content\/uploads\/2021\/07\/Storia.jpg","type":"image\/jpeg"}],"twitter_card":"summary_large_image","twitter_site":"@ocdcuria","twitter_misc":{"Tiempo de lectura":"2 minutos"},"schema":{"@context":"https:\/\/schema.org","@graph":[{"@type":"WebPage","@id":"https:\/\/www.carmelitaniscalzi.com\/es\/quienes-somos\/historia\/historia-del-carmelo-descalzo\/","url":"https:\/\/www.carmelitaniscalzi.com\/es\/quienes-somos\/historia\/historia-del-carmelo-descalzo\/","name":"Historia del Carmelo Descalzo - CARMELITAS DESCALZOS","isPartOf":{"@id":"https:\/\/www.carmelitaniscalzi.com\/#website"},"primaryImageOfPage":{"@id":"https:\/\/www.carmelitaniscalzi.com\/es\/quienes-somos\/historia\/historia-del-carmelo-descalzo\/#primaryimage"},"image":{"@id":"https:\/\/www.carmelitaniscalzi.com\/es\/quienes-somos\/historia\/historia-del-carmelo-descalzo\/#primaryimage"},"thumbnailUrl":"https:\/\/www.carmelitaniscalzi.com\/wp-content\/uploads\/2021\/07\/Storia.jpg","datePublished":"2016-06-26T10:37:12+00:00","dateModified":"2021-07-14T19:29:08+00:00","breadcrumb":{"@id":"https:\/\/www.carmelitaniscalzi.com\/es\/quienes-somos\/historia\/historia-del-carmelo-descalzo\/#breadcrumb"},"inLanguage":"es","potentialAction":[{"@type":"ReadAction","target":["https:\/\/www.carmelitaniscalzi.com\/es\/quienes-somos\/historia\/historia-del-carmelo-descalzo\/"]}]},{"@type":"ImageObject","inLanguage":"es","@id":"https:\/\/www.carmelitaniscalzi.com\/es\/quienes-somos\/historia\/historia-del-carmelo-descalzo\/#primaryimage","url":"https:\/\/www.carmelitaniscalzi.com\/wp-content\/uploads\/2021\/07\/Storia.jpg","contentUrl":"https:\/\/www.carmelitaniscalzi.com\/wp-content\/uploads\/2021\/07\/Storia.jpg","width":625,"height":625},{"@type":"BreadcrumbList","@id":"https:\/\/www.carmelitaniscalzi.com\/es\/quienes-somos\/historia\/historia-del-carmelo-descalzo\/#breadcrumb","itemListElement":[{"@type":"ListItem","position":1,"name":"Home","item":"https:\/\/www.carmelitaniscalzi.com\/es\/"},{"@type":"ListItem","position":2,"name":"Qui\u00e9nes somos","item":"https:\/\/www.carmelitaniscalzi.com\/es\/quienes-somos\/"},{"@type":"ListItem","position":3,"name":"Historia","item":"https:\/\/www.carmelitaniscalzi.com\/es\/quienes-somos\/historia\/"},{"@type":"ListItem","position":4,"name":"Historia del Carmelo Descalzo"}]},{"@type":"WebSite","@id":"https:\/\/www.carmelitaniscalzi.com\/#website","url":"https:\/\/www.carmelitaniscalzi.com\/","name":"CARMELITANI SCALZI - Curia Generale del Carmelo Teresiano","description":"Curia General del Carmelo Teresiano","publisher":{"@id":"https:\/\/www.carmelitaniscalzi.com\/#organization"},"alternateName":"CARMELITANI SCALZI","potentialAction":[{"@type":"SearchAction","target":{"@type":"EntryPoint","urlTemplate":"https:\/\/www.carmelitaniscalzi.com\/?s={search_term_string}"},"query-input":{"@type":"PropertyValueSpecification","valueRequired":true,"valueName":"search_term_string"}}],"inLanguage":"es"},{"@type":"Organization","@id":"https:\/\/www.carmelitaniscalzi.com\/#organization","name":"CARMELITANI SCALZI - Curia Generale del Carmelo Teresiano","url":"https:\/\/www.carmelitaniscalzi.com\/","logo":{"@type":"ImageObject","inLanguage":"es","@id":"https:\/\/www.carmelitaniscalzi.com\/#\/schema\/logo\/image\/","url":"https:\/\/www.carmelitaniscalzi.com\/wp-content\/uploads\/2025\/11\/login-logo.png","contentUrl":"https:\/\/www.carmelitaniscalzi.com\/wp-content\/uploads\/2025\/11\/login-logo.png","width":256,"height":256,"caption":"CARMELITANI SCALZI - Curia Generale del Carmelo Teresiano"},"image":{"@id":"https:\/\/www.carmelitaniscalzi.com\/#\/schema\/logo\/image\/"},"sameAs":["https:\/\/www.facebook.com\/Curia-Generalizia-Carmelitani-Scalzi-658766940887784\/","https:\/\/x.com\/ocdcuria","https:\/\/www.youtube.com\/channel\/UC2J5ZL0ycOY0qBSTCLX_NGQ\/videos","https:\/\/www.instagram.com\/ocdinform\/"]}]}},"_links":{"self":[{"href":"https:\/\/www.carmelitaniscalzi.com\/es\/wp-json\/wp\/v2\/chi_siamo\/4536","targetHints":{"allow":["GET"]}}],"collection":[{"href":"https:\/\/www.carmelitaniscalzi.com\/es\/wp-json\/wp\/v2\/chi_siamo"}],"about":[{"href":"https:\/\/www.carmelitaniscalzi.com\/es\/wp-json\/wp\/v2\/types\/chi_siamo"}],"version-history":[{"count":1,"href":"https:\/\/www.carmelitaniscalzi.com\/es\/wp-json\/wp\/v2\/chi_siamo\/4536\/revisions"}],"predecessor-version":[{"id":70444,"href":"https:\/\/www.carmelitaniscalzi.com\/es\/wp-json\/wp\/v2\/chi_siamo\/4536\/revisions\/70444"}],"up":[{"embeddable":true,"href":"https:\/\/www.carmelitaniscalzi.com\/es\/wp-json\/wp\/v2\/chi_siamo\/4532"}],"wp:featuredmedia":[{"embeddable":true,"href":"https:\/\/www.carmelitaniscalzi.com\/es\/wp-json\/wp\/v2\/media\/70438"}],"wp:attachment":[{"href":"https:\/\/www.carmelitaniscalzi.com\/es\/wp-json\/wp\/v2\/media?parent=4536"}],"wp:term":[{"taxonomy":"elemento_chi_siamo","embeddable":true,"href":"https:\/\/www.carmelitaniscalzi.com\/es\/wp-json\/wp\/v2\/elemento_chi_siamo?post=4536"}],"curies":[{"name":"wp","href":"https:\/\/api.w.org\/{rel}","templated":true}]}}