{"id":4534,"date":"2016-06-26T12:33:58","date_gmt":"2016-06-26T10:33:58","guid":{"rendered":"https:\/\/www.carmelitaniscalzi.com\/es\/?page_id=4534"},"modified":"2021-07-14T21:38:10","modified_gmt":"2021-07-14T19:38:10","slug":"desde-el-monte-carmelo","status":"publish","type":"chi_siamo","link":"https:\/\/www.carmelitaniscalzi.com\/es\/quienes-somos\/historia\/desde-el-monte-carmelo\/","title":{"rendered":"Desde el Monte Carmelo"},"content":{"rendered":"<p>Los Carmelitas nacieron, hacia finales del siglo XII,\u00a0 de un grupo indefinidos, no bien conocido de\u00a0 laicos, peregrinos y cruzados que, cansados de la guerra o deseosos de aguardar la definitiva venida del Se\u00f1or que, seg\u00fan la mentalidad apocal\u00edptica, tendr\u00eda lugar en Jerusal\u00e9n, se retiraron a la monta\u00f1a del Carmelo, donde\u00a0 adoptaron el estilo de\u00a0 vida erem\u00edtico, en boga por aquel entonces, como oposici\u00f3n y reforma al movimiento mon\u00e1stico. Estos primeros Carmelitas se dedicaron\u00a0 a la oraci\u00f3n y la meditaci\u00f3n de la Palabra de Dios.<\/p>\n<p>Aquellos primeros carmelitas, antes de estructurarse en colegio, lo que tendr\u00e1 lugar con la Regla, eran ermita\u00f1os independientes, por libre, que buscan la perfecci\u00f3n\u00a0 a trav\u00e9s de la soledad, en donde tratar de luchar contra el diablo -el combate con el diablo, propio de la espiritualidad del desierto- y contra todos los enemigos del hombre verdaderamente cristianos, las pasiones. Posteriormente,<\/p>\n<p>En un segundo momento, entre 1206-1214, pidieron a Alberto Avrogardo, patriarca de Jerusal\u00e9n, residente en San Juan de Acre que les diese una Regla, una formula de vida, por la que regirse, y en la que define el ideal carmelitano como \u201cvivir en obsequio de Jesucristo, sirvi\u00e9ndole fielmente con coraz\u00f3n puro y buena conciencia\u201d.<\/p>\n<p>La falta de seguridad en Tierra Santa provoca que, a partir de 1220, los Carmelitas comiencen su emigraci\u00f3n hacia Europa estableci\u00e9ndoos en Chipre, Sicilia, Francia, Inglaterra. En 1291, con la ca\u00edda de San Juan de Acre, se acaba con la presencia de los Carmelitas en el Monte Carmelo.<\/p>\n<p>La mitigaci\u00f3n de la Regla, las adaptaci\u00f3n de la misma a las nuevas exigencias de la vida religiosa,\u00a0 por parte de Inocencio IV, 1247, es el punto de partida de la adaptaci\u00f3n de la Orden del Carmen de sus or\u00edgenes erem\u00edticos al esquema de vida mendicante, al permitirse a los Carmelitas fundar sus conventos en las ciudades y dedicarse a predicar y confesar al igual que los otros Men\u00addicantes, aunque no ser\u00e1 hasta el II Concilio de Ly\u00f3n cuando oficialmente sean considerados Mendicantes, al lado de los Dominicos, Franciscanos, y Ermita\u00f1os de San Agus\u00adt\u00edn.<\/p>\n<p>Establecidos en Europa, y buscando se\u00f1as de identidad con las que poder ser reconocido por la gente,\u00a0 desarrollan la devoci\u00f3n al profeta El\u00edas, al que presenta en su doble vertiente, como prototipo de\u00a0 del ermita\u00f1o dedicado por entero a la contemplaci\u00f3n, y por otra parte como modelo\u00a0 de vida mixta en cuanto conjuga la acci\u00f3n y la contemplaci\u00f3n.<\/p>\n<p>Igualmente, desarrollan la piedad mariana que termina por identificarles como la Orden de la Virgen, siendo a partir del establecimiento en Europa cuando se generaliza el t\u00edtulo con el que oficialmente se conoce la Orden. <em>Hermanos de la Bienaventurada Virgen Mar\u00eda del Monte Carmelo<\/em><\/p>\n<p>Aquellos carmelitas de los \u00faltimos tiempos medievales, que\u00a0 pretend\u00edan vivir en\u00a0 obsequio de Jesucristo, se caracterizaron por: La contemplaci\u00f3n, fundamento de la vida y del apostolado del carmelita, la oraci\u00f3n, y con ella la meditaci\u00f3n, el recogimiento y el silencio, la ascesis, que implica la sobriedad de vida, la pobreza, \u00a0que implica la vida humilde y de dependencia de los dem\u00e1s, el apostolado, tanto en sus iglesias como fuera de ellas.<\/p>\n","protected":false},"featured_media":70420,"parent":4532,"menu_order":0,"template":"","format":"standard","meta":{"_acf_changed":false,"footnotes":""},"elemento_chi_siamo":[848],"class_list":["post-4534","chi_siamo","type-chi_siamo","status-publish","format-standard","has-post-thumbnail","hentry","elemento_chi_siamo-historia-es"],"acf":[],"yoast_head":"<!-- This site is optimized with the Yoast SEO plugin v26.3 - https:\/\/yoast.com\/wordpress\/plugins\/seo\/ -->\n<title>Desde el Monte Carmelo - CARMELITAS DESCALZOS<\/title>\n<meta name=\"robots\" content=\"index, follow, max-snippet:-1, max-image-preview:large, max-video-preview:-1\" \/>\n<link rel=\"canonical\" href=\"https:\/\/www.carmelitaniscalzi.com\/es\/quienes-somos\/historia\/desde-el-monte-carmelo\/\" \/>\n<meta property=\"og:locale\" content=\"es_ES\" \/>\n<meta property=\"og:type\" content=\"article\" \/>\n<meta property=\"og:title\" content=\"Desde el Monte Carmelo - CARMELITAS DESCALZOS\" \/>\n<meta property=\"og:description\" content=\"Los Carmelitas nacieron, hacia finales del siglo XII,\u00a0 de un grupo indefinidos, no bien conocido de\u00a0 laicos, peregrinos y cruzados que, cansados de la guerra o deseosos de aguardar la definitiva venida del Se\u00f1or que, seg\u00fan la mentalidad apocal\u00edptica, tendr\u00eda lugar en Jerusal\u00e9n, se retiraron a la monta\u00f1a del Carmelo, donde\u00a0 adoptaron el estilo de\u00a0 [&hellip;]\" \/>\n<meta property=\"og:url\" content=\"https:\/\/www.carmelitaniscalzi.com\/es\/quienes-somos\/historia\/desde-el-monte-carmelo\/\" \/>\n<meta property=\"og:site_name\" content=\"CARMELITAS DESCALZOS\" \/>\n<meta property=\"article:publisher\" content=\"https:\/\/www.facebook.com\/Curia-Generalizia-Carmelitani-Scalzi-658766940887784\/\" \/>\n<meta property=\"article:modified_time\" content=\"2021-07-14T19:38:10+00:00\" \/>\n<meta property=\"og:image\" content=\"https:\/\/www.carmelitaniscalzi.com\/wp-content\/uploads\/2021\/07\/monte_carmelo_profile.jpg\" \/>\n\t<meta property=\"og:image:width\" content=\"625\" \/>\n\t<meta property=\"og:image:height\" content=\"625\" \/>\n\t<meta property=\"og:image:type\" content=\"image\/jpeg\" \/>\n<meta name=\"twitter:card\" content=\"summary_large_image\" \/>\n<meta name=\"twitter:site\" content=\"@ocdcuria\" \/>\n<meta name=\"twitter:label1\" content=\"Tiempo de lectura\" \/>\n\t<meta name=\"twitter:data1\" content=\"3 minutos\" \/>\n<script type=\"application\/ld+json\" class=\"yoast-schema-graph\">{\"@context\":\"https:\/\/schema.org\",\"@graph\":[{\"@type\":\"WebPage\",\"@id\":\"https:\/\/www.carmelitaniscalzi.com\/es\/quienes-somos\/historia\/desde-el-monte-carmelo\/\",\"url\":\"https:\/\/www.carmelitaniscalzi.com\/es\/quienes-somos\/historia\/desde-el-monte-carmelo\/\",\"name\":\"Desde el Monte Carmelo - CARMELITAS DESCALZOS\",\"isPartOf\":{\"@id\":\"https:\/\/www.carmelitaniscalzi.com\/#website\"},\"primaryImageOfPage\":{\"@id\":\"https:\/\/www.carmelitaniscalzi.com\/es\/quienes-somos\/historia\/desde-el-monte-carmelo\/#primaryimage\"},\"image\":{\"@id\":\"https:\/\/www.carmelitaniscalzi.com\/es\/quienes-somos\/historia\/desde-el-monte-carmelo\/#primaryimage\"},\"thumbnailUrl\":\"https:\/\/www.carmelitaniscalzi.com\/wp-content\/uploads\/2021\/07\/monte_carmelo_profile.jpg\",\"datePublished\":\"2016-06-26T10:33:58+00:00\",\"dateModified\":\"2021-07-14T19:38:10+00:00\",\"breadcrumb\":{\"@id\":\"https:\/\/www.carmelitaniscalzi.com\/es\/quienes-somos\/historia\/desde-el-monte-carmelo\/#breadcrumb\"},\"inLanguage\":\"es\",\"potentialAction\":[{\"@type\":\"ReadAction\",\"target\":[\"https:\/\/www.carmelitaniscalzi.com\/es\/quienes-somos\/historia\/desde-el-monte-carmelo\/\"]}]},{\"@type\":\"ImageObject\",\"inLanguage\":\"es\",\"@id\":\"https:\/\/www.carmelitaniscalzi.com\/es\/quienes-somos\/historia\/desde-el-monte-carmelo\/#primaryimage\",\"url\":\"https:\/\/www.carmelitaniscalzi.com\/wp-content\/uploads\/2021\/07\/monte_carmelo_profile.jpg\",\"contentUrl\":\"https:\/\/www.carmelitaniscalzi.com\/wp-content\/uploads\/2021\/07\/monte_carmelo_profile.jpg\",\"width\":625,\"height\":625},{\"@type\":\"BreadcrumbList\",\"@id\":\"https:\/\/www.carmelitaniscalzi.com\/es\/quienes-somos\/historia\/desde-el-monte-carmelo\/#breadcrumb\",\"itemListElement\":[{\"@type\":\"ListItem\",\"position\":1,\"name\":\"Home\",\"item\":\"https:\/\/www.carmelitaniscalzi.com\/es\/\"},{\"@type\":\"ListItem\",\"position\":2,\"name\":\"Qui\u00e9nes somos\",\"item\":\"https:\/\/www.carmelitaniscalzi.com\/es\/quienes-somos\/\"},{\"@type\":\"ListItem\",\"position\":3,\"name\":\"Historia\",\"item\":\"https:\/\/www.carmelitaniscalzi.com\/es\/quienes-somos\/historia\/\"},{\"@type\":\"ListItem\",\"position\":4,\"name\":\"Desde el Monte Carmelo\"}]},{\"@type\":\"WebSite\",\"@id\":\"https:\/\/www.carmelitaniscalzi.com\/#website\",\"url\":\"https:\/\/www.carmelitaniscalzi.com\/\",\"name\":\"CARMELITANI SCALZI - Curia Generale del Carmelo Teresiano\",\"description\":\"Curia General del Carmelo Teresiano\",\"publisher\":{\"@id\":\"https:\/\/www.carmelitaniscalzi.com\/#organization\"},\"alternateName\":\"CARMELITANI SCALZI\",\"potentialAction\":[{\"@type\":\"SearchAction\",\"target\":{\"@type\":\"EntryPoint\",\"urlTemplate\":\"https:\/\/www.carmelitaniscalzi.com\/?s={search_term_string}\"},\"query-input\":{\"@type\":\"PropertyValueSpecification\",\"valueRequired\":true,\"valueName\":\"search_term_string\"}}],\"inLanguage\":\"es\"},{\"@type\":\"Organization\",\"@id\":\"https:\/\/www.carmelitaniscalzi.com\/#organization\",\"name\":\"CARMELITANI SCALZI - Curia Generale del Carmelo Teresiano\",\"url\":\"https:\/\/www.carmelitaniscalzi.com\/\",\"logo\":{\"@type\":\"ImageObject\",\"inLanguage\":\"es\",\"@id\":\"https:\/\/www.carmelitaniscalzi.com\/#\/schema\/logo\/image\/\",\"url\":\"https:\/\/www.carmelitaniscalzi.com\/wp-content\/uploads\/2025\/11\/login-logo.png\",\"contentUrl\":\"https:\/\/www.carmelitaniscalzi.com\/wp-content\/uploads\/2025\/11\/login-logo.png\",\"width\":256,\"height\":256,\"caption\":\"CARMELITANI SCALZI - Curia Generale del Carmelo Teresiano\"},\"image\":{\"@id\":\"https:\/\/www.carmelitaniscalzi.com\/#\/schema\/logo\/image\/\"},\"sameAs\":[\"https:\/\/www.facebook.com\/Curia-Generalizia-Carmelitani-Scalzi-658766940887784\/\",\"https:\/\/x.com\/ocdcuria\",\"https:\/\/www.youtube.com\/channel\/UC2J5ZL0ycOY0qBSTCLX_NGQ\/videos\",\"https:\/\/www.instagram.com\/ocdinform\/\"]}]}<\/script>\n<!-- \/ Yoast SEO plugin. -->","yoast_head_json":{"title":"Desde el Monte Carmelo - CARMELITAS DESCALZOS","robots":{"index":"index","follow":"follow","max-snippet":"max-snippet:-1","max-image-preview":"max-image-preview:large","max-video-preview":"max-video-preview:-1"},"canonical":"https:\/\/www.carmelitaniscalzi.com\/es\/quienes-somos\/historia\/desde-el-monte-carmelo\/","og_locale":"es_ES","og_type":"article","og_title":"Desde el Monte Carmelo - CARMELITAS DESCALZOS","og_description":"Los Carmelitas nacieron, hacia finales del siglo XII,\u00a0 de un grupo indefinidos, no bien conocido de\u00a0 laicos, peregrinos y cruzados que, cansados de la guerra o deseosos de aguardar la definitiva venida del Se\u00f1or que, seg\u00fan la mentalidad apocal\u00edptica, tendr\u00eda lugar en Jerusal\u00e9n, se retiraron a la monta\u00f1a del Carmelo, donde\u00a0 adoptaron el estilo de\u00a0 [&hellip;]","og_url":"https:\/\/www.carmelitaniscalzi.com\/es\/quienes-somos\/historia\/desde-el-monte-carmelo\/","og_site_name":"CARMELITAS DESCALZOS","article_publisher":"https:\/\/www.facebook.com\/Curia-Generalizia-Carmelitani-Scalzi-658766940887784\/","article_modified_time":"2021-07-14T19:38:10+00:00","og_image":[{"width":625,"height":625,"url":"https:\/\/www.carmelitaniscalzi.com\/wp-content\/uploads\/2021\/07\/monte_carmelo_profile.jpg","type":"image\/jpeg"}],"twitter_card":"summary_large_image","twitter_site":"@ocdcuria","twitter_misc":{"Tiempo de lectura":"3 minutos"},"schema":{"@context":"https:\/\/schema.org","@graph":[{"@type":"WebPage","@id":"https:\/\/www.carmelitaniscalzi.com\/es\/quienes-somos\/historia\/desde-el-monte-carmelo\/","url":"https:\/\/www.carmelitaniscalzi.com\/es\/quienes-somos\/historia\/desde-el-monte-carmelo\/","name":"Desde el Monte Carmelo - CARMELITAS DESCALZOS","isPartOf":{"@id":"https:\/\/www.carmelitaniscalzi.com\/#website"},"primaryImageOfPage":{"@id":"https:\/\/www.carmelitaniscalzi.com\/es\/quienes-somos\/historia\/desde-el-monte-carmelo\/#primaryimage"},"image":{"@id":"https:\/\/www.carmelitaniscalzi.com\/es\/quienes-somos\/historia\/desde-el-monte-carmelo\/#primaryimage"},"thumbnailUrl":"https:\/\/www.carmelitaniscalzi.com\/wp-content\/uploads\/2021\/07\/monte_carmelo_profile.jpg","datePublished":"2016-06-26T10:33:58+00:00","dateModified":"2021-07-14T19:38:10+00:00","breadcrumb":{"@id":"https:\/\/www.carmelitaniscalzi.com\/es\/quienes-somos\/historia\/desde-el-monte-carmelo\/#breadcrumb"},"inLanguage":"es","potentialAction":[{"@type":"ReadAction","target":["https:\/\/www.carmelitaniscalzi.com\/es\/quienes-somos\/historia\/desde-el-monte-carmelo\/"]}]},{"@type":"ImageObject","inLanguage":"es","@id":"https:\/\/www.carmelitaniscalzi.com\/es\/quienes-somos\/historia\/desde-el-monte-carmelo\/#primaryimage","url":"https:\/\/www.carmelitaniscalzi.com\/wp-content\/uploads\/2021\/07\/monte_carmelo_profile.jpg","contentUrl":"https:\/\/www.carmelitaniscalzi.com\/wp-content\/uploads\/2021\/07\/monte_carmelo_profile.jpg","width":625,"height":625},{"@type":"BreadcrumbList","@id":"https:\/\/www.carmelitaniscalzi.com\/es\/quienes-somos\/historia\/desde-el-monte-carmelo\/#breadcrumb","itemListElement":[{"@type":"ListItem","position":1,"name":"Home","item":"https:\/\/www.carmelitaniscalzi.com\/es\/"},{"@type":"ListItem","position":2,"name":"Qui\u00e9nes somos","item":"https:\/\/www.carmelitaniscalzi.com\/es\/quienes-somos\/"},{"@type":"ListItem","position":3,"name":"Historia","item":"https:\/\/www.carmelitaniscalzi.com\/es\/quienes-somos\/historia\/"},{"@type":"ListItem","position":4,"name":"Desde el Monte Carmelo"}]},{"@type":"WebSite","@id":"https:\/\/www.carmelitaniscalzi.com\/#website","url":"https:\/\/www.carmelitaniscalzi.com\/","name":"CARMELITANI SCALZI - Curia Generale del Carmelo Teresiano","description":"Curia General del Carmelo Teresiano","publisher":{"@id":"https:\/\/www.carmelitaniscalzi.com\/#organization"},"alternateName":"CARMELITANI SCALZI","potentialAction":[{"@type":"SearchAction","target":{"@type":"EntryPoint","urlTemplate":"https:\/\/www.carmelitaniscalzi.com\/?s={search_term_string}"},"query-input":{"@type":"PropertyValueSpecification","valueRequired":true,"valueName":"search_term_string"}}],"inLanguage":"es"},{"@type":"Organization","@id":"https:\/\/www.carmelitaniscalzi.com\/#organization","name":"CARMELITANI SCALZI - Curia Generale del Carmelo Teresiano","url":"https:\/\/www.carmelitaniscalzi.com\/","logo":{"@type":"ImageObject","inLanguage":"es","@id":"https:\/\/www.carmelitaniscalzi.com\/#\/schema\/logo\/image\/","url":"https:\/\/www.carmelitaniscalzi.com\/wp-content\/uploads\/2025\/11\/login-logo.png","contentUrl":"https:\/\/www.carmelitaniscalzi.com\/wp-content\/uploads\/2025\/11\/login-logo.png","width":256,"height":256,"caption":"CARMELITANI SCALZI - Curia Generale del Carmelo Teresiano"},"image":{"@id":"https:\/\/www.carmelitaniscalzi.com\/#\/schema\/logo\/image\/"},"sameAs":["https:\/\/www.facebook.com\/Curia-Generalizia-Carmelitani-Scalzi-658766940887784\/","https:\/\/x.com\/ocdcuria","https:\/\/www.youtube.com\/channel\/UC2J5ZL0ycOY0qBSTCLX_NGQ\/videos","https:\/\/www.instagram.com\/ocdinform\/"]}]}},"_links":{"self":[{"href":"https:\/\/www.carmelitaniscalzi.com\/es\/wp-json\/wp\/v2\/chi_siamo\/4534","targetHints":{"allow":["GET"]}}],"collection":[{"href":"https:\/\/www.carmelitaniscalzi.com\/es\/wp-json\/wp\/v2\/chi_siamo"}],"about":[{"href":"https:\/\/www.carmelitaniscalzi.com\/es\/wp-json\/wp\/v2\/types\/chi_siamo"}],"version-history":[{"count":1,"href":"https:\/\/www.carmelitaniscalzi.com\/es\/wp-json\/wp\/v2\/chi_siamo\/4534\/revisions"}],"predecessor-version":[{"id":70449,"href":"https:\/\/www.carmelitaniscalzi.com\/es\/wp-json\/wp\/v2\/chi_siamo\/4534\/revisions\/70449"}],"up":[{"embeddable":true,"href":"https:\/\/www.carmelitaniscalzi.com\/es\/wp-json\/wp\/v2\/chi_siamo\/4532"}],"wp:featuredmedia":[{"embeddable":true,"href":"https:\/\/www.carmelitaniscalzi.com\/es\/wp-json\/wp\/v2\/media\/70420"}],"wp:attachment":[{"href":"https:\/\/www.carmelitaniscalzi.com\/es\/wp-json\/wp\/v2\/media?parent=4534"}],"wp:term":[{"taxonomy":"elemento_chi_siamo","embeddable":true,"href":"https:\/\/www.carmelitaniscalzi.com\/es\/wp-json\/wp\/v2\/elemento_chi_siamo?post=4534"}],"curies":[{"name":"wp","href":"https:\/\/api.w.org\/{rel}","templated":true}]}}