{"version":"1.0","provider_name":"CARMELITAS DESCALZOS","provider_url":"https:\/\/www.carmelitaniscalzi.com\/es\/","title":"Espa\u00f1a: apertura del A\u00f1o Jubilar sanjuanista - CARMELITAS DESCALZOS","type":"rich","width":600,"height":338,"html":"<blockquote class=\"wp-embedded-content\" data-secret=\"8U9XEkPUL1\"><a href=\"https:\/\/www.carmelitaniscalzi.com\/es\/2026\/01\/08\/espana-apertura-del-ano-jubilar-sanjuanista\/\">Espa\u00f1a: apertura del A\u00f1o Jubilar sanjuanista<\/a><\/blockquote><iframe sandbox=\"allow-scripts\" security=\"restricted\" src=\"https:\/\/www.carmelitaniscalzi.com\/es\/2026\/01\/08\/espana-apertura-del-ano-jubilar-sanjuanista\/embed\/#?secret=8U9XEkPUL1\" width=\"600\" height=\"338\" title=\"\u00abEspa\u00f1a: apertura del A\u00f1o Jubilar sanjuanista\u00bb \u2014 CARMELITAS DESCALZOS\" data-secret=\"8U9XEkPUL1\" frameborder=\"0\" marginwidth=\"0\" marginheight=\"0\" scrolling=\"no\" class=\"wp-embedded-content\"><\/iframe><script type=\"text\/javascript\">\n\/* <![CDATA[ *\/\n\/*! This file is auto-generated *\/\n!function(d,l){\"use strict\";l.querySelector&&d.addEventListener&&\"undefined\"!=typeof URL&&(d.wp=d.wp||{},d.wp.receiveEmbedMessage||(d.wp.receiveEmbedMessage=function(e){var t=e.data;if((t||t.secret||t.message||t.value)&&!\/[^a-zA-Z0-9]\/.test(t.secret)){for(var s,r,n,a=l.querySelectorAll('iframe[data-secret=\"'+t.secret+'\"]'),o=l.querySelectorAll('blockquote[data-secret=\"'+t.secret+'\"]'),c=new RegExp(\"^https?:$\",\"i\"),i=0;i<o.length;i++)o[i].style.display=\"none\";for(i=0;i<a.length;i++)s=a[i],e.source===s.contentWindow&&(s.removeAttribute(\"style\"),\"height\"===t.message?(1e3<(r=parseInt(t.value,10))?r=1e3:~~r<200&&(r=200),s.height=r):\"link\"===t.message&&(r=new URL(s.getAttribute(\"src\")),n=new URL(t.value),c.test(n.protocol))&&n.host===r.host&&l.activeElement===s&&(d.top.location.href=t.value))}},d.addEventListener(\"message\",d.wp.receiveEmbedMessage,!1),l.addEventListener(\"DOMContentLoaded\",function(){for(var e,t,s=l.querySelectorAll(\"iframe.wp-embedded-content\"),r=0;r<s.length;r++)(t=(e=s[r]).getAttribute(\"data-secret\"))||(t=Math.random().toString(36).substring(2,12),e.src+=\"#?secret=\"+t,e.setAttribute(\"data-secret\",t)),e.contentWindow.postMessage({message:\"ready\",secret:t},\"*\")},!1)))}(window,document);\n\/\/# sourceURL=https:\/\/www.carmelitaniscalzi.com\/wp-includes\/js\/wp-embed.min.js\n\/* ]]> *\/\n<\/script>\n","thumbnail_url":"https:\/\/www.carmelitaniscalzi.com\/wp-content\/uploads\/2026\/01\/cover_spagna_12.2025.jpg","thumbnail_width":1200,"thumbnail_height":800,"description":"El 13 de diciembre, en Segovia, junto al sepulcro de San Juan de la Cruz, se ha celebrado la Eucarist\u00eda solemne y la apertura de la Puerta Santa, signo visible del comienzo oficial de los Centenarios Sanjuanistas. La celebraci\u00f3n fue presidida por el Obispo de Segovia, Mons. Jes\u00fas Vidal Chamorro, acompa\u00f1ado por el Obispo de [&hellip;]"}