{"version":"1.0","provider_name":"CARMELITAS DESCALZOS","provider_url":"https:\/\/www.carmelitaniscalzi.com\/es\/","title":"Muere el hispanista Joseph P\u00e9rez - CARMELITAS DESCALZOS","type":"rich","width":600,"height":338,"html":"<blockquote class=\"wp-embedded-content\" data-secret=\"ADYYCXcfkZ\"><a href=\"https:\/\/www.carmelitaniscalzi.com\/es\/2020\/11\/13\/muere-el-hispanista-joseph-perez\/\">Muere el hispanista Joseph P\u00e9rez<\/a><\/blockquote><iframe sandbox=\"allow-scripts\" security=\"restricted\" src=\"https:\/\/www.carmelitaniscalzi.com\/es\/2020\/11\/13\/muere-el-hispanista-joseph-perez\/embed\/#?secret=ADYYCXcfkZ\" width=\"600\" height=\"338\" title=\"\u00abMuere el hispanista Joseph P\u00e9rez\u00bb \u2014 CARMELITAS DESCALZOS\" data-secret=\"ADYYCXcfkZ\" frameborder=\"0\" marginwidth=\"0\" marginheight=\"0\" scrolling=\"no\" class=\"wp-embedded-content\"><\/iframe><script type=\"text\/javascript\">\n\/* <![CDATA[ *\/\n\/*! This file is auto-generated *\/\n!function(d,l){\"use strict\";l.querySelector&&d.addEventListener&&\"undefined\"!=typeof URL&&(d.wp=d.wp||{},d.wp.receiveEmbedMessage||(d.wp.receiveEmbedMessage=function(e){var t=e.data;if((t||t.secret||t.message||t.value)&&!\/[^a-zA-Z0-9]\/.test(t.secret)){for(var s,r,n,a=l.querySelectorAll('iframe[data-secret=\"'+t.secret+'\"]'),o=l.querySelectorAll('blockquote[data-secret=\"'+t.secret+'\"]'),c=new RegExp(\"^https?:$\",\"i\"),i=0;i<o.length;i++)o[i].style.display=\"none\";for(i=0;i<a.length;i++)s=a[i],e.source===s.contentWindow&&(s.removeAttribute(\"style\"),\"height\"===t.message?(1e3<(r=parseInt(t.value,10))?r=1e3:~~r<200&&(r=200),s.height=r):\"link\"===t.message&&(r=new URL(s.getAttribute(\"src\")),n=new URL(t.value),c.test(n.protocol))&&n.host===r.host&&l.activeElement===s&&(d.top.location.href=t.value))}},d.addEventListener(\"message\",d.wp.receiveEmbedMessage,!1),l.addEventListener(\"DOMContentLoaded\",function(){for(var e,t,s=l.querySelectorAll(\"iframe.wp-embedded-content\"),r=0;r<s.length;r++)(t=(e=s[r]).getAttribute(\"data-secret\"))||(t=Math.random().toString(36).substring(2,12),e.src+=\"#?secret=\"+t,e.setAttribute(\"data-secret\",t)),e.contentWindow.postMessage({message:\"ready\",secret:t},\"*\")},!1)))}(window,document);\n\/\/# sourceURL=https:\/\/www.carmelitaniscalzi.com\/wp-includes\/js\/wp-embed.min.js\n\/* ]]> *\/\n<\/script>\n","thumbnail_url":"https:\/\/www.carmelitaniscalzi.com\/wp-content\/uploads\/2020\/11\/00.jpg","thumbnail_width":1706,"thumbnail_height":960,"description":"El 8 de octubre pasado fallec\u00eda en Burdeos, Francia, el notable hispanista Joseph P\u00e9rez, destacado estudioso de la Historia Moderna de Espa\u00f1a y Premio Pr\u00edncipe de Asturias de Ciencias Sociales en 2014. Contaba 89 a\u00f1os de edad. Especializado en el periodo hist\u00f3rico que abarca desde\u00a0el reinado de los Reyes Cat\u00f3licos hasta el de Felipe II [&hellip;]"}