{"id":3932,"date":"2016-06-16T20:02:41","date_gmt":"2016-06-16T18:02:41","guid":{"rendered":"https:\/\/www.carmelitaniscalzi.com\/?page_id=3932&#038;lang=en"},"modified":"2021-06-21T17:16:53","modified_gmt":"2021-06-21T15:16:53","slug":"st-john-of-the-cross","status":"publish","type":"chi_siamo","link":"https:\/\/www.carmelitaniscalzi.com\/en\/who-we-are\/fondatori\/st-john-of-the-cross\/","title":{"rendered":"St. John of the Cross"},"content":{"rendered":"<p>&nbsp;<\/p>\n<h3>Biography<\/h3>\n<p>John of the Cross (Juan de Yepes \u00c1lvarez) was born in Fontiveros (\u00c1vila) in 1542. There were three brothers: Francisco, Luis, and Juan. His father, Gonzalo, died when Juan was very little. Gonzalo\u2019s relatives from Toledo disinherited Gonzalo because of his marriage to Catalina, who belonged to a lower social class. They were left in poverty because of this, and it became worse when the father died.<\/p>\n<p>Catalina travelled to Toledo to ask for help from Gonzalo\u2019s relatives. She stayed in Torrijos without success. She continued on to G\u00e1lvez and Francisco remained with the town\u2019s doctor. Catalina returned to Fontiveros with little Juan. After a year, she visited G\u00e1lvez and returned to her home with Francisco and little Juan. Things were not going well. They moved to Ar\u00e9valo, from where they probably returned to Fontiveros and then left for Medina del Campo. Because they were so poor, Catalina was able to send her little one to the School of Doctrine. He was also able to work as an infirmarian in the Hospital of Our Lady of the Conception or \u201cof the buboes\u201d and attend the Jesuit College as an extern student from 1559 to 1563.<\/p>\n<p>In 1563 he joined the monastery of Santa Ana of Carmel in Medina as a novice and made his profession the following year. He began studies at the University of Salamanca: three years of philosophy as an ordinary student and one of theology (1567-1568), this last after having been interviewed by Saint Teresa (\u201cLa Santa\u201d) in Medina during his vacation in 1567.<\/p>\n<p>La Santa convinced him not to become a Carthusian. On her request that he join the new Carmelite family she was organizing, he agreed, but under the condition that she would not delay a long time.<\/p>\n<p>On his return from Salamanca in 1568, he continued his dialogue with Teresa about the new Carmelite life. He accompanied her in the founding of the Valladolid community of nuns and duly familiarized himself with all the proceedings. After finishing that novitiate of sorts, Juan left for Duruelo (\u00c1vila) and began to adapt the little house that was gifted to La Santa as the first small convent of friars.<\/p>\n<p>The official inauguration: November 28, 1568. La Santa visited during Lent in 1569.<\/p>\n<p>John of the Cross was named master of novices in Duruelo and in this capacity travelled to Mancera after the move to this nearby location took place in 1570. The duty to organize the novitiate in Pastrana (Guadalajara) fell upon him in 1570. He returned to Mancera. In April 1571 he headed to a new destination: rector of the college in Alcal\u00e1 de Henares. The following year, possibly in May, Saint Teresa requested his presence in \u00c1vila to be the confessor of the great monastery of La Encarnaci\u00f3n, where she was prioress.<\/p>\n<p>He spent five years in \u00c1vila, earning renown for his power against evil spirits and as a notable exorcist and teacher of souls. The Calced Carmelites tore him away from \u00c1vila and took him as a prisoner to the convent of Toledo. Nine months of jail ensued, from which he escaped in August 1578.<\/p>\n<p>In 1578 he attended the small chapter of the Discalced in Almod\u00f3var del Campo (Ciudad Real) in which he was named superior of the convent of El Calvario (Ja\u00e9n). He travelled to Andaluc\u00eda and situated himself in his new location. From there he went to the university city of Baez to found the monastery-college of the Order in 1579, where he was rector.<\/p>\n<p>In January 1582 he moved to Granada. He was prior of the convent of Los Santos M\u00e1rtires in that city three times. In 1585 he was vicar provincial of Andalusia. From Baeza he attended the chapter in Alcal\u00e1 de Henares during which the Discalced formed their own, separate province in 1581. Likewise, he attended all the other chapters: Almod\u00f3var in 1583; Lisbon and Pastrana in 1585; Valladolid in 1587; and Madrid in 1588, 1590, and 1591. From the chapter of 1588 onward, he was the second authority of the Order and in that capacity moved to Segovia as a new member of the general government of the Order, presiding over its sessions when Nicol\u00e1s Doria, the vicar general, was absent. He built the new convent in Segovia, although he did not see it finished. He left Segovia and travelled to La Pe\u00f1uela in August 1591. He became ill and on September 28 moved to \u00dabeda. He suffered considerably under the prior of \u00dabeda, together with the infamous persecution of Diego Evangelista. He died in \u00dabeda on December 14, 1591. His body was transferred to Segovia in 1593.<\/p>\n<h3>Works<\/h3>\n<p>John of the Cross preferred to talk about spiritual matters rather than write about them; his most profound vocation was oral teaching. He spontaneously wrote The Sayings of Light and Love, The Letters, The Precautions, and little more.<\/p>\n<p>His great works: The Ascent of Mount Carmel \/ The Dark Night, The Spiritual Canticle, and The Living Flame of Love, were written on the request of friars and nuns.<\/p>\n<p>The only thing needed to get an idea of the written works of John of the Cross is to look over one of the good editions currently available. They are usually presented divided in two halves: minor writings and major writings.<\/p>\n<p>Minor writings are also called short works. This does not mean they are less important or represent less significant messages than the other writings. They are so called because of their length.<\/p>\n<p>If we include his poetry within the minor writings, particularly the poetry which he comments on in his major works, we gain a better understanding of what the term \u201cminor works\u201d means.<\/p>\n<p>Regarding the old question about where to start when reading Saint John of the Cross, the simplest and most efficient approach is to start with the shorter works. For the most part, these also chronologically precede the major treatises.<\/p>\n<p>Attentive and affectionate reading of the great poems will yield in the reader the desire to know their meaning, the meaning of that whole marvellous world of poems, and will provide the motivation to read the prose commentaries.<\/p>\n<h3>Spirituality<\/h3>\n<p>The spirituality of Saint John of the Cross is wholly theological. From the instance in which the saint presents the theological schema in 2A chapter 6, all his magisterium is perfectly elucidated and organized. This chapter and forward through the end of Ascent is entirely manifest theological doctrine. The Word of God with which John of the Cross is in love permeates that theological substance. In that same framework he presents all the mysteries of the faith, the lamps of fire of the divine attributes, and likewise the entire realm of the reciprocal falling in love of Christ Jesus and the soul, shown in the Ascent \/ Dark Night, as in the Canticle and the Flame. As has been precisely written about St John\u2019s theological magisterium: \u201cBy the theological life, the attitudes and behaviour of the person are carried out and informed by the three theological virtues. They integrate, orient, drive, and transform the person and life, allowing them to be completely directed toward God. A life of faith, hope, and charity, with all its divine demands and human, spiritual, and earthly renunciations\u201d (Isa\u00edas Rodr\u00edguez, \u201cLa vida teologal seg\u00fan el Vaticano II y San Juan de la Cruz,\u201d Revista de Espiritualidad 27 (1968), p. 477).<\/p>\n<p>It is useful to transcribe a letter of Edith Stein written on March 30, 1940, in which she refers to a very important point in the spirituality of John of the Cross. Edith Stein received a letter from Agnella Stadtm\u00fcller, a Dominican nun and doctor of philosophy, well known by her. In the letter she asked what Saint John of the Cross understood as \u201cpure love.\u201d Edith answers exactly what is asked. Her words are: \u201cSaint John of the Cross understands by \u2018pure love\u2019 the love of God for himself; a love free of all attachment to any created thing, but also from all consolation and similar things which God may give to a soul, and any form of special devotion, etc.; the love of a heart that does not desire any other thing but the completion of the will of God and that allows itself to be led by him without any resistance. What a person can do to get to this point is amply explained in The Ascent of Mount Carmel; how God purifies the soul, in The Dark Night; the result, in The Living Flame of Love and in The Spiritual Canticle. Basically, the entire path can be found in each work, but one or another specific stage is highlighted in each case. However, if you want to learn what is essential, compiled in a much briefer way, then you should take up the minor works.\u201d<\/p>\n<h3>Places<\/h3>\n<p>\u201cJohn of the Cross had limited geography: he lived only in Spain and a few days in Portugal. The highest point he reached in the Iberian Peninsula was Valladolid, where he accompanied Saint Teresa in 1568 and where he returned in 1574 to make a declaration before the tribunal of the Inquisition regarding his intervention in the case of the possessed woman of \u00c1vila, Mar\u00eda de Olivares Guillamas. On one other occasion he arrived at this Castilian city in 1587 for the chapter of the new province of the Discalced. The southernmost point he reached on several occasions was the city of M\u00e1laga. To the west, the city of Lisbon in 1585. Caravaca, in the province of Murcia, was the easternmost point, where he visited several times. Within this very limited geography he travelled 27,000 kilometers (over 16,000 miles), mostly on foot or on the back of a humble, little donkey\u201d (Jos\u00e9 Vicente Rodr\u00edguez, San Juan de la Cruz, La Biograf\u00eda, Ed. San Pablo, Madrid 2012, 61).<\/p>\n<p>Among the places to mention and visit:<\/p>\n<p>Fontiveros: His birthplace and place of baptism.<\/p>\n<p>Medina del Campo: He attended the School of Doctrine; assisted the sick in the Hospital; studied in the Jesuit College; entered the Order of Carmel; and made his profession in 1564.<\/p>\n<p>Salamanca: He studied philosophy and theology in the University. He lived in the college of Saint Andrew. He was ordained to the priesthood in 1567. In 1567 and 1568 he met Saint Teresa in Medina. He travelled to Valladolid with her, staying there for more than a month.<\/p>\n<p>Duruelo-Mancera: In Duruelo he prepared the house in which the renewed Carmelite life was inaugurated in November 1568. In Duruelo and Mancera he was Master of Novices.<\/p>\n<p>\u00c1vila: He spent five years here, from 1572 to 1577.<\/p>\n<p>Toledo: He was jailed for nine months and escaped, risking everything.<\/p>\n<p>El Calvario: Prior of the convent.<\/p>\n<p>Baeza: In 1580 he founded the college in this university town. He was rector there.<\/p>\n<p>Granada: He arrived in January 1582 and lived here until the summer of 1588.<\/p>\n<p>Segovia: 1588-1591.<\/p>\n<p>La Pe\u00f1uela: August-September 1591.<\/p>\n<p>\u00dabeda: Where he died. His remains have rested in Segovia since 1593.<\/p>\n","protected":false},"featured_media":68664,"parent":3927,"menu_order":2,"template":"","format":"standard","meta":{"_acf_changed":false,"footnotes":""},"elemento_chi_siamo":[835],"class_list":["post-3932","chi_siamo","type-chi_siamo","status-publish","format-standard","has-post-thumbnail","hentry","elemento_chi_siamo-founders"],"acf":[],"yoast_head":"<!-- This site is optimized with the Yoast SEO plugin v26.3 - https:\/\/yoast.com\/wordpress\/plugins\/seo\/ -->\n<title>St. John of the Cross - DISCALCED CARMELITES<\/title>\n<meta name=\"robots\" content=\"index, follow, max-snippet:-1, max-image-preview:large, max-video-preview:-1\" \/>\n<link rel=\"canonical\" href=\"https:\/\/www.carmelitaniscalzi.com\/en\/who-we-are\/fondatori\/st-john-of-the-cross\/\" \/>\n<meta property=\"og:locale\" content=\"en_US\" \/>\n<meta property=\"og:type\" content=\"article\" \/>\n<meta property=\"og:title\" content=\"St. John of the Cross - DISCALCED CARMELITES\" \/>\n<meta property=\"og:description\" content=\"&nbsp; Biography John of the Cross (Juan de Yepes \u00c1lvarez) was born in Fontiveros (\u00c1vila) in 1542. There were three brothers: Francisco, Luis, and Juan. His father, Gonzalo, died when Juan was very little. Gonzalo\u2019s relatives from Toledo disinherited Gonzalo because of his marriage to Catalina, who belonged to a lower social class. They were [&hellip;]\" \/>\n<meta property=\"og:url\" content=\"https:\/\/www.carmelitaniscalzi.com\/en\/who-we-are\/fondatori\/st-john-of-the-cross\/\" \/>\n<meta property=\"og:site_name\" content=\"DISCALCED CARMELITES\" \/>\n<meta property=\"article:publisher\" content=\"https:\/\/www.facebook.com\/Curia-Generalizia-Carmelitani-Scalzi-658766940887784\/\" \/>\n<meta property=\"article:modified_time\" content=\"2021-06-21T15:16:53+00:00\" \/>\n<meta property=\"og:image\" content=\"https:\/\/www.carmelitaniscalzi.com\/wp-content\/uploads\/2021\/06\/Joannes.jpg\" \/>\n\t<meta property=\"og:image:width\" content=\"600\" \/>\n\t<meta property=\"og:image:height\" content=\"600\" \/>\n\t<meta property=\"og:image:type\" content=\"image\/jpeg\" \/>\n<meta name=\"twitter:card\" content=\"summary_large_image\" \/>\n<meta name=\"twitter:site\" content=\"@ocdcuria\" \/>\n<meta name=\"twitter:label1\" content=\"Est. reading time\" \/>\n\t<meta name=\"twitter:data1\" content=\"9 minutes\" \/>\n<script type=\"application\/ld+json\" class=\"yoast-schema-graph\">{\"@context\":\"https:\/\/schema.org\",\"@graph\":[{\"@type\":\"WebPage\",\"@id\":\"https:\/\/www.carmelitaniscalzi.com\/en\/who-we-are\/fondatori\/st-john-of-the-cross\/\",\"url\":\"https:\/\/www.carmelitaniscalzi.com\/en\/who-we-are\/fondatori\/st-john-of-the-cross\/\",\"name\":\"St. John of the Cross - DISCALCED CARMELITES\",\"isPartOf\":{\"@id\":\"https:\/\/www.carmelitaniscalzi.com\/#website\"},\"primaryImageOfPage\":{\"@id\":\"https:\/\/www.carmelitaniscalzi.com\/en\/who-we-are\/fondatori\/st-john-of-the-cross\/#primaryimage\"},\"image\":{\"@id\":\"https:\/\/www.carmelitaniscalzi.com\/en\/who-we-are\/fondatori\/st-john-of-the-cross\/#primaryimage\"},\"thumbnailUrl\":\"https:\/\/www.carmelitaniscalzi.com\/wp-content\/uploads\/2021\/06\/Joannes.jpg\",\"datePublished\":\"2016-06-16T18:02:41+00:00\",\"dateModified\":\"2021-06-21T15:16:53+00:00\",\"breadcrumb\":{\"@id\":\"https:\/\/www.carmelitaniscalzi.com\/en\/who-we-are\/fondatori\/st-john-of-the-cross\/#breadcrumb\"},\"inLanguage\":\"en-US\",\"potentialAction\":[{\"@type\":\"ReadAction\",\"target\":[\"https:\/\/www.carmelitaniscalzi.com\/en\/who-we-are\/fondatori\/st-john-of-the-cross\/\"]}]},{\"@type\":\"ImageObject\",\"inLanguage\":\"en-US\",\"@id\":\"https:\/\/www.carmelitaniscalzi.com\/en\/who-we-are\/fondatori\/st-john-of-the-cross\/#primaryimage\",\"url\":\"https:\/\/www.carmelitaniscalzi.com\/wp-content\/uploads\/2021\/06\/Joannes.jpg\",\"contentUrl\":\"https:\/\/www.carmelitaniscalzi.com\/wp-content\/uploads\/2021\/06\/Joannes.jpg\",\"width\":600,\"height\":600},{\"@type\":\"BreadcrumbList\",\"@id\":\"https:\/\/www.carmelitaniscalzi.com\/en\/who-we-are\/fondatori\/st-john-of-the-cross\/#breadcrumb\",\"itemListElement\":[{\"@type\":\"ListItem\",\"position\":1,\"name\":\"Home\",\"item\":\"https:\/\/www.carmelitaniscalzi.com\/en\/\"},{\"@type\":\"ListItem\",\"position\":2,\"name\":\"Who we are\",\"item\":\"https:\/\/www.carmelitaniscalzi.com\/en\/who-we-are\/\"},{\"@type\":\"ListItem\",\"position\":3,\"name\":\"Founders\",\"item\":\"https:\/\/www.carmelitaniscalzi.com\/en\/who-we-are\/fondatori\/\"},{\"@type\":\"ListItem\",\"position\":4,\"name\":\"St. John of the Cross\"}]},{\"@type\":\"WebSite\",\"@id\":\"https:\/\/www.carmelitaniscalzi.com\/#website\",\"url\":\"https:\/\/www.carmelitaniscalzi.com\/\",\"name\":\"CARMELITANI SCALZI - Curia Generale del Carmelo Teresiano\",\"description\":\"General Curia of the Teresian Carmel\",\"publisher\":{\"@id\":\"https:\/\/www.carmelitaniscalzi.com\/#organization\"},\"alternateName\":\"CARMELITANI SCALZI\",\"potentialAction\":[{\"@type\":\"SearchAction\",\"target\":{\"@type\":\"EntryPoint\",\"urlTemplate\":\"https:\/\/www.carmelitaniscalzi.com\/?s={search_term_string}\"},\"query-input\":{\"@type\":\"PropertyValueSpecification\",\"valueRequired\":true,\"valueName\":\"search_term_string\"}}],\"inLanguage\":\"en-US\"},{\"@type\":\"Organization\",\"@id\":\"https:\/\/www.carmelitaniscalzi.com\/#organization\",\"name\":\"CARMELITANI SCALZI - Curia Generale del Carmelo Teresiano\",\"url\":\"https:\/\/www.carmelitaniscalzi.com\/\",\"logo\":{\"@type\":\"ImageObject\",\"inLanguage\":\"en-US\",\"@id\":\"https:\/\/www.carmelitaniscalzi.com\/#\/schema\/logo\/image\/\",\"url\":\"https:\/\/www.carmelitaniscalzi.com\/wp-content\/uploads\/2025\/11\/login-logo.png\",\"contentUrl\":\"https:\/\/www.carmelitaniscalzi.com\/wp-content\/uploads\/2025\/11\/login-logo.png\",\"width\":256,\"height\":256,\"caption\":\"CARMELITANI SCALZI - Curia Generale del Carmelo Teresiano\"},\"image\":{\"@id\":\"https:\/\/www.carmelitaniscalzi.com\/#\/schema\/logo\/image\/\"},\"sameAs\":[\"https:\/\/www.facebook.com\/Curia-Generalizia-Carmelitani-Scalzi-658766940887784\/\",\"https:\/\/x.com\/ocdcuria\",\"https:\/\/www.youtube.com\/channel\/UC2J5ZL0ycOY0qBSTCLX_NGQ\/videos\",\"https:\/\/www.instagram.com\/ocdinform\/\"]}]}<\/script>\n<!-- \/ Yoast SEO plugin. -->","yoast_head_json":{"title":"St. John of the Cross - DISCALCED CARMELITES","robots":{"index":"index","follow":"follow","max-snippet":"max-snippet:-1","max-image-preview":"max-image-preview:large","max-video-preview":"max-video-preview:-1"},"canonical":"https:\/\/www.carmelitaniscalzi.com\/en\/who-we-are\/fondatori\/st-john-of-the-cross\/","og_locale":"en_US","og_type":"article","og_title":"St. John of the Cross - DISCALCED CARMELITES","og_description":"&nbsp; Biography John of the Cross (Juan de Yepes \u00c1lvarez) was born in Fontiveros (\u00c1vila) in 1542. There were three brothers: Francisco, Luis, and Juan. His father, Gonzalo, died when Juan was very little. Gonzalo\u2019s relatives from Toledo disinherited Gonzalo because of his marriage to Catalina, who belonged to a lower social class. They were [&hellip;]","og_url":"https:\/\/www.carmelitaniscalzi.com\/en\/who-we-are\/fondatori\/st-john-of-the-cross\/","og_site_name":"DISCALCED CARMELITES","article_publisher":"https:\/\/www.facebook.com\/Curia-Generalizia-Carmelitani-Scalzi-658766940887784\/","article_modified_time":"2021-06-21T15:16:53+00:00","og_image":[{"width":600,"height":600,"url":"https:\/\/www.carmelitaniscalzi.com\/wp-content\/uploads\/2021\/06\/Joannes.jpg","type":"image\/jpeg"}],"twitter_card":"summary_large_image","twitter_site":"@ocdcuria","twitter_misc":{"Est. reading time":"9 minutes"},"schema":{"@context":"https:\/\/schema.org","@graph":[{"@type":"WebPage","@id":"https:\/\/www.carmelitaniscalzi.com\/en\/who-we-are\/fondatori\/st-john-of-the-cross\/","url":"https:\/\/www.carmelitaniscalzi.com\/en\/who-we-are\/fondatori\/st-john-of-the-cross\/","name":"St. John of the Cross - DISCALCED CARMELITES","isPartOf":{"@id":"https:\/\/www.carmelitaniscalzi.com\/#website"},"primaryImageOfPage":{"@id":"https:\/\/www.carmelitaniscalzi.com\/en\/who-we-are\/fondatori\/st-john-of-the-cross\/#primaryimage"},"image":{"@id":"https:\/\/www.carmelitaniscalzi.com\/en\/who-we-are\/fondatori\/st-john-of-the-cross\/#primaryimage"},"thumbnailUrl":"https:\/\/www.carmelitaniscalzi.com\/wp-content\/uploads\/2021\/06\/Joannes.jpg","datePublished":"2016-06-16T18:02:41+00:00","dateModified":"2021-06-21T15:16:53+00:00","breadcrumb":{"@id":"https:\/\/www.carmelitaniscalzi.com\/en\/who-we-are\/fondatori\/st-john-of-the-cross\/#breadcrumb"},"inLanguage":"en-US","potentialAction":[{"@type":"ReadAction","target":["https:\/\/www.carmelitaniscalzi.com\/en\/who-we-are\/fondatori\/st-john-of-the-cross\/"]}]},{"@type":"ImageObject","inLanguage":"en-US","@id":"https:\/\/www.carmelitaniscalzi.com\/en\/who-we-are\/fondatori\/st-john-of-the-cross\/#primaryimage","url":"https:\/\/www.carmelitaniscalzi.com\/wp-content\/uploads\/2021\/06\/Joannes.jpg","contentUrl":"https:\/\/www.carmelitaniscalzi.com\/wp-content\/uploads\/2021\/06\/Joannes.jpg","width":600,"height":600},{"@type":"BreadcrumbList","@id":"https:\/\/www.carmelitaniscalzi.com\/en\/who-we-are\/fondatori\/st-john-of-the-cross\/#breadcrumb","itemListElement":[{"@type":"ListItem","position":1,"name":"Home","item":"https:\/\/www.carmelitaniscalzi.com\/en\/"},{"@type":"ListItem","position":2,"name":"Who we are","item":"https:\/\/www.carmelitaniscalzi.com\/en\/who-we-are\/"},{"@type":"ListItem","position":3,"name":"Founders","item":"https:\/\/www.carmelitaniscalzi.com\/en\/who-we-are\/fondatori\/"},{"@type":"ListItem","position":4,"name":"St. John of the Cross"}]},{"@type":"WebSite","@id":"https:\/\/www.carmelitaniscalzi.com\/#website","url":"https:\/\/www.carmelitaniscalzi.com\/","name":"CARMELITANI SCALZI - Curia Generale del Carmelo Teresiano","description":"General Curia of the Teresian Carmel","publisher":{"@id":"https:\/\/www.carmelitaniscalzi.com\/#organization"},"alternateName":"CARMELITANI SCALZI","potentialAction":[{"@type":"SearchAction","target":{"@type":"EntryPoint","urlTemplate":"https:\/\/www.carmelitaniscalzi.com\/?s={search_term_string}"},"query-input":{"@type":"PropertyValueSpecification","valueRequired":true,"valueName":"search_term_string"}}],"inLanguage":"en-US"},{"@type":"Organization","@id":"https:\/\/www.carmelitaniscalzi.com\/#organization","name":"CARMELITANI SCALZI - Curia Generale del Carmelo Teresiano","url":"https:\/\/www.carmelitaniscalzi.com\/","logo":{"@type":"ImageObject","inLanguage":"en-US","@id":"https:\/\/www.carmelitaniscalzi.com\/#\/schema\/logo\/image\/","url":"https:\/\/www.carmelitaniscalzi.com\/wp-content\/uploads\/2025\/11\/login-logo.png","contentUrl":"https:\/\/www.carmelitaniscalzi.com\/wp-content\/uploads\/2025\/11\/login-logo.png","width":256,"height":256,"caption":"CARMELITANI SCALZI - Curia Generale del Carmelo Teresiano"},"image":{"@id":"https:\/\/www.carmelitaniscalzi.com\/#\/schema\/logo\/image\/"},"sameAs":["https:\/\/www.facebook.com\/Curia-Generalizia-Carmelitani-Scalzi-658766940887784\/","https:\/\/x.com\/ocdcuria","https:\/\/www.youtube.com\/channel\/UC2J5ZL0ycOY0qBSTCLX_NGQ\/videos","https:\/\/www.instagram.com\/ocdinform\/"]}]}},"_links":{"self":[{"href":"https:\/\/www.carmelitaniscalzi.com\/en\/wp-json\/wp\/v2\/chi_siamo\/3932","targetHints":{"allow":["GET"]}}],"collection":[{"href":"https:\/\/www.carmelitaniscalzi.com\/en\/wp-json\/wp\/v2\/chi_siamo"}],"about":[{"href":"https:\/\/www.carmelitaniscalzi.com\/en\/wp-json\/wp\/v2\/types\/chi_siamo"}],"version-history":[{"count":1,"href":"https:\/\/www.carmelitaniscalzi.com\/en\/wp-json\/wp\/v2\/chi_siamo\/3932\/revisions"}],"predecessor-version":[{"id":68706,"href":"https:\/\/www.carmelitaniscalzi.com\/en\/wp-json\/wp\/v2\/chi_siamo\/3932\/revisions\/68706"}],"up":[{"embeddable":true,"href":"https:\/\/www.carmelitaniscalzi.com\/en\/wp-json\/wp\/v2\/chi_siamo\/3927"}],"wp:featuredmedia":[{"embeddable":true,"href":"https:\/\/www.carmelitaniscalzi.com\/en\/wp-json\/wp\/v2\/media\/68664"}],"wp:attachment":[{"href":"https:\/\/www.carmelitaniscalzi.com\/en\/wp-json\/wp\/v2\/media?parent=3932"}],"wp:term":[{"taxonomy":"elemento_chi_siamo","embeddable":true,"href":"https:\/\/www.carmelitaniscalzi.com\/en\/wp-json\/wp\/v2\/elemento_chi_siamo?post=3932"}],"curies":[{"name":"wp","href":"https:\/\/api.w.org\/{rel}","templated":true}]}}